{"id":3669,"date":"2023-06-16T07:41:27","date_gmt":"2023-06-16T07:41:27","guid":{"rendered":"https:\/\/informe-anual-2022.mutualmedica.com\/?page_id=3669"},"modified":"2023-07-04T14:10:00","modified_gmt":"2023-07-04T14:10:00","slug":"informe-del-president","status":"publish","type":"page","link":"https:\/\/informe-anual-2022.mutualmedica.com\/ca\/informe-del-president\/","title":{"rendered":"INFORME DEL PRESIDENT"},"content":{"rendered":"\n<h2>Informe del president<\/h2>\n\n\n\n<p>Estimats mutualistes:<\/p>\n\n\n\n<p>Us saludo un any m\u00e9s en la presentaci\u00f3 de l&#8217;<em>Informe Anual de Mutual M\u00e8dica<\/em>, que recull i posa en valor totes les activitats realitzades al llarg de l&#8217;\u00faltim exercici. Us anticipo la nostra satisfacci\u00f3 general pels reptes aconseguits el 2022, que ens permeten continuar avan\u00e7ant en el nostre objectiu de comptar amb una organitzaci\u00f3 m\u00e9s \u00e0gil i eficient en el servei a un col\u00b7lectiu de mutualistes cada any m\u00e9s nombr\u00f3s i divers.<\/p>\n\n\n\n<p>Abans de comentar les principals fites i l\u00ednies d&#8217;actuaci\u00f3 de l&#8217;entitat, voldria compartir amb vosaltres una breu reflexi\u00f3 sobre l&#8217;exercici. La societat ha convingut de considerar el 2022 com el per\u00edode de \u201ctornada a la normalitat\u201d, despr\u00e9s de dos anys profundament marcats per l&#8217;impacte del coronavirus. Efectivament, en paral\u00b7lel a la remissi\u00f3 de contagis, al llarg de l&#8217;any es van anar relaxant les mesures preventives amb la simb\u00f2lica fi de l&#8217;obligatorietat de les mascaretes a la majoria dels espais p\u00fablics el mes d&#8217;abril. Gaireb\u00e9 en paral\u00b7lel, l&#8217;inici de la guerra a Ucra\u00efna i les seves conseq\u00fc\u00e8ncies econ\u00f2miques (augment de la inflaci\u00f3, crisi energ\u00e8tica, risc de subministrament de mat\u00e8ries primeres, etc.) van desviar l&#8217;atenci\u00f3 medi\u00e0tica i de la poblaci\u00f3 fins pr\u00e0cticament oblidar una pand\u00e8mia que ha transformat \u00e0mbits molt rellevants de la nostra vida quotidiana.<\/p>\n\n\n\n<p>Fins i tot celebrant aquesta progressiva i necess\u00e0ria normalitzaci\u00f3, \u00e9s la nostra obligaci\u00f3 posar el focus una vegada m\u00e9s en les conseq\u00fc\u00e8ncies d&#8217;aquesta situaci\u00f3 extraordin\u00e0ria en els professionals m\u00e8dics. D&#8217;una banda, els nostres indicadors constaten l&#8217;impacte directe que ha continuat tenint el virus en el dia a dia dels hospitals i centres sanitaris: el 2022 vam gestionar m\u00e9s d&#8217;un 90% m\u00e9s de baixes atribu\u00efdes al coronavirus respecte al 2021. Encara m\u00e9s rellev\u00e0ncia t\u00e9 l&#8217;impacte d&#8217;aquesta etapa de m\u00e0xima tensi\u00f3 i exig\u00e8ncia en la salut mental i emocional dels professionals, el reconeixement p\u00fablic i les promeses de millores de les condicions laborals dels quals s&#8217;han anat tamb\u00e9 esvaint amb el pas dels mesos.<\/p>\n\n\n\n<p>Fidels als nostres principis fundacionals, Mutual M\u00e8dica ha estat al costat dels metges al llarg de tot aquest per\u00edode. Com hem comentat en altres ocasions, la pand\u00e8mia ha refor\u00e7at la vig\u00e8ncia de la nostra missi\u00f3 hist\u00f2rica com a entitat \u2014\u201cassegurar els metges perqu\u00e8 puguin exercir la seva professi\u00f3 amb tranquil\u00b7litat\u201d\u2014, al mateix temps que ha obligat a accelerar alguns dels projectes estrat\u00e8gics que ten\u00edem previstos a mitj\u00e0 i llarg termini. Per impulsar l&#8217;adaptaci\u00f3 a aquest nou entorn, el 2022 hem fet una profunda reflexi\u00f3 interna orientada a identificar els principals \u00e0mbits de millora que ens permetin respondre amb la m\u00e0xima efici\u00e8ncia i agilitat a les necessitats reals del col\u00b7lectiu, en l&#8217;actualitat i en el futur.<\/p>\n\n\n\n<p>Fruit d&#8217;aquesta reflexi\u00f3, el 2022 hem progressat en tres l\u00ednies d&#8217;actuaci\u00f3 principals: l&#8217;impuls al projecte de transformaci\u00f3 de Mutual M\u00e8dica, l&#8217;actualitzaci\u00f3 de la cartera de productes i serveis i el desenvolupament del Pla Director de Sostenibilitat.<\/p>\n\n\n\n<p>El <strong>projecte de transformaci\u00f3 de Mutual M\u00e8dica<\/strong> es basa en dos eixos estrat\u00e8gics: la digitalitzaci\u00f3 de processos per a la millora cont\u00ednua del servei als mutualistes (el Portal de Prestacions i l&#8217;\u00c0rea del Mutualista han estat les principals novetats); i la renovaci\u00f3 de l&#8217;aposta pel desenvolupament del talent del nostre equip com a aliat imprescindible per al progr\u00e9s de la mutualitat. Entre les principals fites d&#8217;aquest segon punt, destacaria els avan\u00e7os en formaci\u00f3 i comunicaci\u00f3 com a canals de desenvolupament d&#8217;un nou model de lideratge i la integraci\u00f3 de nous perfils de professionals que permeten aconseguir un grau d&#8217;especialitzaci\u00f3 m\u00e9s gran.<\/p>\n\n\n\n<figure class=\"wp-block-image size-large d w80\"><img loading=\"lazy\" width=\"1024\" height=\"116\" src=\"https:\/\/informe-anual-2022.mutualmedica.com\/wp-content\/uploads\/2023\/06\/Capitulo-1-Informe-del-Presidente_CAT-1024x116.jpg\" alt=\"\" class=\"wp-image-3889\" srcset=\"https:\/\/informe-anual-2022.mutualmedica.com\/wp-content\/uploads\/2023\/06\/Capitulo-1-Informe-del-Presidente_CAT-980x111.jpg 980w, https:\/\/informe-anual-2022.mutualmedica.com\/wp-content\/uploads\/2023\/06\/Capitulo-1-Informe-del-Presidente_CAT-480x54.jpg 480w\" sizes=\"(min-width: 0px) and (max-width: 480px) 480px, (min-width: 481px) and (max-width: 980px) 980px, (min-width: 981px) 1024px, 100vw\" \/><\/figure>\n\n\n\n<div class=\"wp-block-image m\"><figure class=\"aligncenter size-full is-resized\"><img loading=\"lazy\" src=\"https:\/\/informe-anual-2022.mutualmedica.com\/wp-content\/uploads\/2023\/06\/Capitulo-1-Destacado_01_movil_CAT-1.jpg\" alt=\"\" class=\"wp-image-3891\" width=\"407\" height=\"321\"\/><\/figure><\/div>\n\n\n\n<p>La segona l\u00ednia d&#8217;actuaci\u00f3 \u00e9s l&#8217;<strong>actualitzaci\u00f3 de la cartera de productes i serveis<\/strong>, fruit del di\u00e0leg constant amb els nostres mutualistes per con\u00e8ixer i respondre adequadament a les seves inquietuds. Entre les novetats de l&#8217;any, cal destacar la incorporaci\u00f3 de la cobertura de baixes per malalties mentals, efectiva a partir de gener del 2023; l&#8217;aposta pel pr\u00e9stec MIR per a metges joves, amb una gran acceptaci\u00f3 per part d&#8217;aquest col\u00b7lectiu; la contractaci\u00f3 100% digital de l&#8217;Asseguran\u00e7a Mutualista Jove; l&#8217;ampliaci\u00f3 de p\u00f2lisses de la corredoria digital MutualMed, a fi de donar cobertura a totes les necessitats del mutualista; o l&#8217;actualitzaci\u00f3 de condicions del perm\u00eds paternal amb l&#8217;ampliaci\u00f3 de 5 a 16 setmanes.<\/p>\n\n\n\n<p>En tercer lloc, el desenvolupament del<strong> Pla Director de Sostenibilitat<\/strong> s&#8217;orienta a definir el marc d&#8217;actuaci\u00f3 de l&#8217;entitat en els tres \u00e0mbits transversals de la sostenibilitat: ambiental, social i de governan\u00e7a (ASG). Trobareu una informaci\u00f3 detallada sobre aquestes accions a la nostra primera <em>Mem\u00f2ria de sostenibilitat<\/em>, complement\u00e0ria a aquest informe i que constata la rellev\u00e0ncia transversal de la sostenibilitat per a nosaltres. Com a principals avan\u00e7os, destacaria l&#8217;adhesi\u00f3 als Principis per a la Inversi\u00f3 Responsable (PRI) de Nacions Unides; la implicaci\u00f3 de tot l&#8217;equip de la mutualitat en la redefinici\u00f3 dels nostres valors i el marc de gesti\u00f3 \u00e8tica; o el desenvolupament de nous serveis i iniciatives especialment vinculats a la cura de la salut dels metges (entre els quals, les assegurances d&#8217;agressions i de metges cooperants, l&#8217;estudi de les gu\u00e0rdies m\u00e8diques o els nous serveis associats a la salut mental). Com comprovareu en aquest mateix informe, la Fundaci\u00f3 Mutual M\u00e8dica tamb\u00e9 ha replantejat el 2022 el seu rol per a una contribuci\u00f3 encara m\u00e9s directa i efectiva a la societat mitjan\u00e7ant l&#8217;acompanyament i reconeixement a la professi\u00f3 m\u00e8dica.<\/p>\n\n\n\n<p>Totes aquestes iniciatives es completen amb una s\u00e8rie d&#8217;accions de car\u00e0cter institucional que considerem tamb\u00e9 de gran rellev\u00e0ncia per a la consolidaci\u00f3 de Mutual M\u00e8dica com a entitat de refer\u00e8ncia al sector. Entre elles, citaria l&#8217;organitzaci\u00f3 del Xl Trobada de l&#8217;\u00d2rgan Col\u00b7legial Assessor (OCA), que va inaugurar oficialment la nostra nova seu de Madrid, i de la IV Trobada d&#8217;Executius de Col\u00b7legis de Metges (EJECOM).<\/p>\n\n\n\n<p>Finalment, no voldria deixar passar l&#8217;ocasi\u00f3 per donar la benvinguda als nous integrants del Consell d&#8217;Administraci\u00f3, despr\u00e9s de les eleccions celebrades el mes de juny del 2022: la Dra. Mar\u00eda Magdalena Salcedo Plaza i el Dr. Miguel Zabalza Cerdeiri\u00f1a. A la convocat\u00f2ria, tamb\u00e9 van resultar reelegits la Dra. Rosa Mar\u00eda Boy\u00e9 de la Presa, el Dr. Llu\u00eds Castells Fust\u00e9, el Dr. Javier Mareque Bueno, la Dra. M. Asunci\u00f3n Torrents Fern\u00e1ndez i el Dr. Miquel Vilardell Tarr\u00e9s. Com podeu comprovar, el 2022 ha resultat un any de particular activitat, en el qual hem aconseguit avan\u00e7os significatius en aquest ambici\u00f3s proc\u00e9s de transformaci\u00f3 de Mutual M\u00e8dica. Un indicador que ens impulsa a seguir endavant en aquest projecte \u00e9s l&#8217;extraordinari increment del nombre de mutualistes \u2014fins a 82.109, un 22,8% m\u00e9s que el 2021\u2014, que conforma un col\u00b7lectiu cada vegada m\u00e9s divers, tant a nivell de sexe (el percentatge de dones ja se situa en el 53%) com d&#8217;edat (nova rebaixa de l&#8217;edat mitjana, fins als 45,78 anys) i proced\u00e8ncia.<\/p>\n\n\n\n<figure class=\"wp-block-image size-large d w80\"><img loading=\"lazy\" width=\"1024\" height=\"180\" src=\"https:\/\/informe-anual-2022.mutualmedica.com\/wp-content\/uploads\/2023\/06\/Capitulo-1-Informe-del-Presidente_CAT-2-1024x180.jpg\" alt=\"\" class=\"wp-image-3892\" srcset=\"https:\/\/informe-anual-2022.mutualmedica.com\/wp-content\/uploads\/2023\/06\/Capitulo-1-Informe-del-Presidente_CAT-2-980x172.jpg 980w, https:\/\/informe-anual-2022.mutualmedica.com\/wp-content\/uploads\/2023\/06\/Capitulo-1-Informe-del-Presidente_CAT-2-480x84.jpg 480w\" sizes=\"(min-width: 0px) and (max-width: 480px) 480px, (min-width: 481px) and (max-width: 980px) 980px, (min-width: 981px) 1024px, 100vw\" \/><\/figure>\n\n\n\n<div class=\"wp-block-columns\">\n<div class=\"wp-block-column\" style=\"flex-basis:100%\">\n<div class=\"wp-block-image m\"><figure class=\"aligncenter size-large\"><img loading=\"lazy\" width=\"940\" height=\"1024\" src=\"https:\/\/informe-anual-2022.mutualmedica.com\/wp-content\/uploads\/2023\/06\/Capitulo-1-Destacado_02_movil_ES-940x1024.jpg\" alt=\"\" class=\"wp-image-3894\"\/><\/figure><\/div>\n<\/div>\n<\/div>\n\n\n\n<p>L&#8217;augment del nombre de mutualistes permet aconseguir un r\u00e8cord hist\u00f2ric de facturaci\u00f3, amb prop de 148 milions d&#8217;euros, un 9,5% m\u00e9s que el 2021. Entre els indicadors financers, t\u00e9 especial valor la r\u00e0tio de solv\u00e8ncia, que se situa en el 236% com a mostra de la bona salut financera de la mutualitat en un entorn global de gran complexitat i incertesa. Una mostra de l&#8217;efici\u00e8ncia i visi\u00f3 a llarg termini que caracteritza el nostre model de gesti\u00f3 \u00e9s el fet que el 2022 hem ampliat la plantilla amb un 20% m\u00e9s de nous professionals, tot mantenint la r\u00e0tio d&#8217;efici\u00e8ncia per sota del 10%.<\/p>\n\n\n\n<p>Tot aix\u00f2 ha estat possible gr\u00e0cies a la implicaci\u00f3 i l&#8217;esfor\u00e7 de l&#8217;equip de prop de 170 persones que forma actualment l&#8217;entitat i, per descomptat, a la confian\u00e7a que demostra any rere any el col\u00b7lectiu de mutualistes. Junts, avancem en l&#8217;objectiu com\u00fa de consolidar una organitzaci\u00f3 m\u00e9s \u00e0gil, pr\u00f2xima i sostenible, en el nostre comprom\u00eds permanent per la qualitat de vida dels professionals m\u00e8dics i l&#8217;aportaci\u00f3 al conjunt de la societat.<\/p>\n\n\n\n<p>Moltes gr\u00e0cies a tots,<\/p>\n\n\n\n<div class=\"wp-block-columns\">\n<div class=\"wp-block-column\" style=\"flex-basis:100%\">\n<figure class=\"wp-block-image size-full is-resized fotoRounded is-style-rounded\"><img loading=\"lazy\" src=\"https:\/\/informe-anual-2022.mutualmedica.com\/wp-content\/uploads\/2022\/05\/Presidente_MM_Dr_Luis_A_Moralesq.jpg\" alt=\"\" class=\"wp-image-1370\" width=\"174\" height=\"174\"\/><\/figure>\n<\/div>\n<\/div>\n\n\n\n<figure class=\"wp-block-image size-full is-resized\"><img loading=\"lazy\" src=\"https:\/\/informe-anual-2022.mutualmedica.com\/wp-content\/uploads\/2022\/04\/image-106.png\" alt=\"\" class=\"wp-image-839\" width=\"239\" height=\"90\"\/><\/figure>\n\n\n\n<p><strong>Dr. Llu\u00eds A. Morales Fochs <br><\/strong>President<\/p>\n\n\n\n<div style=\"height:50px\" aria-hidden=\"true\" class=\"wp-block-spacer\"><\/div>\n\n\n\n<p><\/p>\n","protected":false},"excerpt":{"rendered":"<p>Informe del president Estimats mutualistes: Us saludo un any m\u00e9s en la presentaci\u00f3 de l&#8217;Informe Anual de Mutual M\u00e8dica, que recull i posa en valor totes les activitats realitzades al llarg de l&#8217;\u00faltim exercici. Us anticipo la nostra satisfacci\u00f3 general pels reptes aconseguits el 2022, que ens permeten continuar avan\u00e7ant en el nostre objectiu de [&hellip;]<\/p>\n","protected":false},"author":1,"featured_media":2851,"parent":0,"menu_order":0,"comment_status":"closed","ping_status":"closed","template":"","meta":{"_et_pb_use_builder":"","_et_pb_old_content":"","_et_gb_content_width":""},"_links":{"self":[{"href":"https:\/\/informe-anual-2022.mutualmedica.com\/wp-json\/wp\/v2\/pages\/3669"}],"collection":[{"href":"https:\/\/informe-anual-2022.mutualmedica.com\/wp-json\/wp\/v2\/pages"}],"about":[{"href":"https:\/\/informe-anual-2022.mutualmedica.com\/wp-json\/wp\/v2\/types\/page"}],"author":[{"embeddable":true,"href":"https:\/\/informe-anual-2022.mutualmedica.com\/wp-json\/wp\/v2\/users\/1"}],"replies":[{"embeddable":true,"href":"https:\/\/informe-anual-2022.mutualmedica.com\/wp-json\/wp\/v2\/comments?post=3669"}],"version-history":[{"count":8,"href":"https:\/\/informe-anual-2022.mutualmedica.com\/wp-json\/wp\/v2\/pages\/3669\/revisions"}],"predecessor-version":[{"id":4137,"href":"https:\/\/informe-anual-2022.mutualmedica.com\/wp-json\/wp\/v2\/pages\/3669\/revisions\/4137"}],"wp:featuredmedia":[{"embeddable":true,"href":"https:\/\/informe-anual-2022.mutualmedica.com\/wp-json\/wp\/v2\/media\/2851"}],"wp:attachment":[{"href":"https:\/\/informe-anual-2022.mutualmedica.com\/wp-json\/wp\/v2\/media?parent=3669"}],"curies":[{"name":"wp","href":"https:\/\/api.w.org\/{rel}","templated":true}]}}