{"id":3665,"date":"2023-06-16T07:39:24","date_gmt":"2023-06-16T07:39:24","guid":{"rendered":"https:\/\/informe-anual-2022.mutualmedica.com\/?page_id=3665"},"modified":"2023-07-05T15:22:11","modified_gmt":"2023-07-05T15:22:11","slug":"informe-de-gestio-de-cartera","status":"publish","type":"page","link":"https:\/\/informe-anual-2022.mutualmedica.com\/ca\/informe-de-gestio-de-cartera\/","title":{"rendered":"INFORME DE GESTI\u00d3 DE CARTERA"},"content":{"rendered":"\n<hr class=\"wp-block-separator ancla-je\" id=\"gestio-de-les-inversions-2022\"\/>\n\n\n\n<h2><strong>Gestions d&#8217;inversi\u00f3 2022<\/strong><\/h2>\n\n\n\n<p>Els objectius estrat\u00e8gics de la Pol\u00edtica d&#8217;Inversions de Mutual M\u00e8dica i de l&#8217;estrat\u00e8gia d&#8217;inversions, en la qual es materialitza anualment, s\u00f3n continuats en el temps, i els principals s\u00f3n els seg\u00fcents: assegurar el compliment dels compromisos assumits amb els mutualistes, assegurar la solv\u00e8ncia de l&#8217;entitat i optimitzar la rendibilitat mantenint aquests par\u00e0metres.<\/p>\n\n\n\n<p>Aquests objectius irrenunciables porten a una Pol\u00edtica d&#8217;Inversi\u00f3 de car\u00e0cter conservador, guiada per una concordan\u00e7a amb els passius assegurats, tant en termini, tipus garantits (Mutual M\u00e8dica no trasllada el risc de mercat als seus mutualistes) i congru\u00e8ncia de divisa. &nbsp;Aix\u00f2 determina que l&#8217;univers d&#8217;inversi\u00f3 i actius adequats a aquests objectius sigui restringit.<\/p>\n\n\n\n<p>La renda fixa, ja sigui p\u00fablica o privada, \u00e9s l&#8217;actiu de refer\u00e8ncia a la cartera de Mutual M\u00e8dica, i \u00e9s el principal factor de mercat que determina la seva estrat\u00e8gia d&#8217;inversi\u00f3, les previsions sobre la possible evoluci\u00f3 dels \u201ctipus d&#8217;inter\u00e8s\u201d i, en menor mesura, els diferencials de cr\u00e8dit.<\/p>\n\n\n\n<p>A l&#8217;inici del 2022, es mantenia una visi\u00f3 una mica m\u00e9s pessimista per a les perspectives d&#8217;inflaci\u00f3 que les que esperaven la majoria dels analistes, on l&#8217;escenari central era que en el curt termini la inflaci\u00f3 seria m\u00e9s persistent i duradora, i en el mitj\u00e0 i llarg termini se situaria per sobre dels objectius fixats per la FED i el BCE del 2%, descartant-se la possibilitat d&#8217;una flexibilitzaci\u00f3 de la pol\u00edtica monet\u00e0ria per al 2022, excepte un empitjorament econ\u00f2mic molt significatiu, escenari que no es considerava com el m\u00e9s probable.<\/p>\n\n\n\n<p>L&#8217;esclat de la guerra d&#8217;Ucra\u00efna el 24 de febrer espatllava totes les previsions, disparava les probabilitats d&#8217;una recessi\u00f3 econ\u00f2mica i agreujava una crisi inflacion\u00e0ria que ja donava mostres d&#8217;haver estat infravalorada sobre el seu manteniment en el temps. El conflicte b\u00e8l\u00b7lic a Ucra\u00efna va desencadenar una crisi als mercats de l&#8217;energia, que ha afectat especialment Europa per la seva depend\u00e8ncia del gas rus, i ha portat els preus a nivells mai vistos en d\u00e8cades.<\/p>\n\n\n\n<div class=\"wp-block-image w60\"><figure class=\"aligncenter size-large\"><img loading=\"lazy\" width=\"1024\" height=\"419\" src=\"https:\/\/informe-anual-2022.mutualmedica.com\/wp-content\/uploads\/2023\/05\/inflacion-eurozona-2022-1024x419.png\" alt=\"\" class=\"wp-image-2647\" srcset=\"https:\/\/informe-anual-2022.mutualmedica.com\/wp-content\/uploads\/2023\/05\/inflacion-eurozona-2022-1024x419.png 1024w, https:\/\/informe-anual-2022.mutualmedica.com\/wp-content\/uploads\/2023\/05\/inflacion-eurozona-2022-300x123.png 300w, https:\/\/informe-anual-2022.mutualmedica.com\/wp-content\/uploads\/2023\/05\/inflacion-eurozona-2022-768x314.png 768w, https:\/\/informe-anual-2022.mutualmedica.com\/wp-content\/uploads\/2023\/05\/inflacion-eurozona-2022-1536x628.png 1536w, https:\/\/informe-anual-2022.mutualmedica.com\/wp-content\/uploads\/2023\/05\/inflacion-eurozona-2022-1080x442.png 1080w, https:\/\/informe-anual-2022.mutualmedica.com\/wp-content\/uploads\/2023\/05\/inflacion-eurozona-2022-1280x524.png 1280w, https:\/\/informe-anual-2022.mutualmedica.com\/wp-content\/uploads\/2023\/05\/inflacion-eurozona-2022-980x401.png 980w, https:\/\/informe-anual-2022.mutualmedica.com\/wp-content\/uploads\/2023\/05\/inflacion-eurozona-2022-480x196.png 480w, https:\/\/informe-anual-2022.mutualmedica.com\/wp-content\/uploads\/2023\/05\/inflacion-eurozona-2022.png 1545w\" sizes=\"(max-width: 1024px) 100vw, 1024px\" \/><figcaption>Inflaci\u00f3 Eurozona 2022<\/figcaption><\/figure><\/div>\n\n\n\n<div class=\"wp-block-image w60\"><figure class=\"aligncenter size-large\"><img loading=\"lazy\" width=\"1024\" height=\"434\" src=\"https:\/\/informe-anual-2022.mutualmedica.com\/wp-content\/uploads\/2023\/05\/Inflacion-global-2022-1024x434.png\" alt=\"\" class=\"wp-image-2648\" srcset=\"https:\/\/informe-anual-2022.mutualmedica.com\/wp-content\/uploads\/2023\/05\/Inflacion-global-2022-1024x434.png 1024w, https:\/\/informe-anual-2022.mutualmedica.com\/wp-content\/uploads\/2023\/05\/Inflacion-global-2022-300x127.png 300w, https:\/\/informe-anual-2022.mutualmedica.com\/wp-content\/uploads\/2023\/05\/Inflacion-global-2022-768x325.png 768w, https:\/\/informe-anual-2022.mutualmedica.com\/wp-content\/uploads\/2023\/05\/Inflacion-global-2022-1080x458.png 1080w, https:\/\/informe-anual-2022.mutualmedica.com\/wp-content\/uploads\/2023\/05\/Inflacion-global-2022-1280x542.png 1280w, https:\/\/informe-anual-2022.mutualmedica.com\/wp-content\/uploads\/2023\/05\/Inflacion-global-2022-980x415.png 980w, https:\/\/informe-anual-2022.mutualmedica.com\/wp-content\/uploads\/2023\/05\/Inflacion-global-2022-480x203.png 480w, https:\/\/informe-anual-2022.mutualmedica.com\/wp-content\/uploads\/2023\/05\/Inflacion-global-2022.png 1482w\" sizes=\"(max-width: 1024px) 100vw, 1024px\" \/><figcaption>Inflaci\u00f3 global 2022<\/figcaption><\/figure><\/div>\n\n\n\n<p>Aix\u00f2 va provocar un major enduriment de la pol\u00edtica monet\u00e0ria per part de molts dels bancs centrals, amb pujades agressives de tipus que va primar la lluita contra la inflaci\u00f3 per davant del suport al creixement.<\/p>\n\n\n\n<div class=\"wp-block-image w60\"><figure class=\"aligncenter size-large\"><img loading=\"lazy\" width=\"1024\" height=\"654\" src=\"https:\/\/informe-anual-2022.mutualmedica.com\/wp-content\/uploads\/2023\/05\/tabla-variacion-2022-1024x654.png\" alt=\"\" class=\"wp-image-2649\" srcset=\"https:\/\/informe-anual-2022.mutualmedica.com\/wp-content\/uploads\/2023\/05\/tabla-variacion-2022-1024x654.png 1024w, https:\/\/informe-anual-2022.mutualmedica.com\/wp-content\/uploads\/2023\/05\/tabla-variacion-2022-300x192.png 300w, https:\/\/informe-anual-2022.mutualmedica.com\/wp-content\/uploads\/2023\/05\/tabla-variacion-2022-768x491.png 768w, https:\/\/informe-anual-2022.mutualmedica.com\/wp-content\/uploads\/2023\/05\/tabla-variacion-2022-1080x690.png 1080w, https:\/\/informe-anual-2022.mutualmedica.com\/wp-content\/uploads\/2023\/05\/tabla-variacion-2022-980x626.png 980w, https:\/\/informe-anual-2022.mutualmedica.com\/wp-content\/uploads\/2023\/05\/tabla-variacion-2022-480x307.png 480w, https:\/\/informe-anual-2022.mutualmedica.com\/wp-content\/uploads\/2023\/05\/tabla-variacion-2022.png 1146w\" sizes=\"(max-width: 1024px) 100vw, 1024px\" \/><\/figure><\/div>\n\n\n\n<p>Aquesta pujada de tipus ha impactat en el preu de tots els actius, especialment la renda fixa. Recordem la relaci\u00f3 inversa entre preu en la renda fixa i nivell de tipus; pujada de tipus implica caiguda de preu. En conseq\u00fc\u00e8ncia, els dos actius de major pes a la cartera de la mutualitat, el deute p\u00fablic espanyol i itali\u00e0, han patit fortes caigudes en la seva valoraci\u00f3.<\/p>\n\n\n\n<div class=\"wp-block-image w60\"><figure class=\"aligncenter size-large\"><img loading=\"lazy\" width=\"1024\" height=\"543\" src=\"https:\/\/informe-anual-2022.mutualmedica.com\/wp-content\/uploads\/2023\/05\/Deuda-publica-1024x543.png\" alt=\"\" class=\"wp-image-2650\" srcset=\"https:\/\/informe-anual-2022.mutualmedica.com\/wp-content\/uploads\/2023\/05\/Deuda-publica-1024x543.png 1024w, https:\/\/informe-anual-2022.mutualmedica.com\/wp-content\/uploads\/2023\/05\/Deuda-publica-300x159.png 300w, https:\/\/informe-anual-2022.mutualmedica.com\/wp-content\/uploads\/2023\/05\/Deuda-publica-768x407.png 768w, https:\/\/informe-anual-2022.mutualmedica.com\/wp-content\/uploads\/2023\/05\/Deuda-publica-1080x572.png 1080w, https:\/\/informe-anual-2022.mutualmedica.com\/wp-content\/uploads\/2023\/05\/Deuda-publica-1280x678.png 1280w, https:\/\/informe-anual-2022.mutualmedica.com\/wp-content\/uploads\/2023\/05\/Deuda-publica-980x519.png 980w, https:\/\/informe-anual-2022.mutualmedica.com\/wp-content\/uploads\/2023\/05\/Deuda-publica-480x254.png 480w, https:\/\/informe-anual-2022.mutualmedica.com\/wp-content\/uploads\/2023\/05\/Deuda-publica.png 1298w\" sizes=\"(max-width: 1024px) 100vw, 1024px\" \/><figcaption>Deute p\u00fablic 30yr Espanya &#8211; It\u00e0lia 2022<\/figcaption><\/figure><\/div>\n\n\n\n<p>Malgrat aquestes circumst\u00e0ncies, que es podrien considerar com a negatives, es pot afirmar que un escenari de pujades de tipus d&#8217;inter\u00e8s com el vist al llarg del 2022 \u00e9s molt positiu per a l&#8217;entitat per diferents efectes:<\/p>\n\n\n\n<ul><li>La major sensibilitat dels passius, amb un <em>gap<\/em> positiu de durades enfront de l&#8217;actiu, fa que la seva caiguda en valor sigui m\u00e9s gran que la dels actius.<\/li><li>Permet la inversi\u00f3 de les noves primes a tipus d&#8217;inter\u00e8s m\u00e9s elevats, amb la qual cosa s&#8217;aconsegueixen els nivells objectiu amb actius de millor qualitat credit\u00edcia.<\/li><li>Possibilita millorar les condicions en els productes per als nostres mutualistes.<\/li><li>Obre una oportunitat per realitzar cobertures que facin disminuir el risc de balan\u00e7 enfront de futurs escenaris de caiguda de tipus d&#8217;inter\u00e8s i tensions a les primes de risc.<\/li><\/ul>\n\n\n\n<p>Com a conseq\u00fc\u00e8ncia, s&#8217;ha aconseguit millorar significativament la r\u00e0tio de solv\u00e8ncia, que ha presentat una disminuci\u00f3 en els fons propis sota Solv\u00e8ncia II, per\u00f2 alhora una disminuci\u00f3 m\u00e9s significativa del consum de capital (SCR), fonamentalment per risc de mercat.<\/p>\n\n\n\n<iframe loading=\"lazy\" class=\"w90\" src=\"https:\/\/informe-anual-2022.mutualmedica.com\/wp-content\/uploads\/anim_img\/0701_ca\/evolucion1_CA.html\" width=\"768\" height=\"466\" marginwidth=\"0\" marginheight=\"0\" frameborder=\"0\" scrolling=\"no\" style=\"display:block; margin: 0 auto;\"><\/iframe>\n\n\n\n<div style=\"height:50px\" aria-hidden=\"true\" class=\"wp-block-spacer\"><\/div>\n\n\n\n<p>La gesti\u00f3 de les inversions al llarg de l&#8217;any 2022 ha estat marcada per l&#8217;adaptaci\u00f3 de l&#8217;estrat\u00e8gia d&#8217;inversi\u00f3 plantejada a l&#8217;inici de l&#8217;any, pel nou escenari d&#8217;intensificaci\u00f3 dels riscos econ\u00f2mics, per la inflaci\u00f3 i creixement, i pels riscos geopol\u00edtics.<\/p>\n\n\n\n<p>Aquest ajust de l&#8217;estrat\u00e8gia d&#8217;inversi\u00f3 ha estat basat en un <strong>gir cap a la qualitat de la cartera, amb una prevalen\u00e7a per la seguretat per sobre de la rendibilitat<\/strong>. Els punts principals d&#8217;aquesta estrat\u00e8gia s\u00f3n els seg\u00fcents:<\/p>\n\n\n\n<ul><li>Una disminuci\u00f3 de la nostra exposici\u00f3 en deute p\u00fablic perif\u00e8ric i un gir cap al deute <em>core<\/em> (Alemanya, Fran\u00e7a i Holanda), que havien aconseguit nivells no vistos des de la crisi de l&#8217;euro.<\/li><\/ul>\n\n\n\n<div class=\"wp-block-image w60\"><figure class=\"aligncenter size-large\"><img loading=\"lazy\" width=\"1024\" height=\"481\" src=\"https:\/\/informe-anual-2022.mutualmedica.com\/wp-content\/uploads\/2023\/05\/Deuda-publica-Core-1024x481.png\" alt=\"\" class=\"wp-image-2651\" srcset=\"https:\/\/informe-anual-2022.mutualmedica.com\/wp-content\/uploads\/2023\/05\/Deuda-publica-Core-1024x481.png 1024w, https:\/\/informe-anual-2022.mutualmedica.com\/wp-content\/uploads\/2023\/05\/Deuda-publica-Core-300x141.png 300w, https:\/\/informe-anual-2022.mutualmedica.com\/wp-content\/uploads\/2023\/05\/Deuda-publica-Core-768x361.png 768w, https:\/\/informe-anual-2022.mutualmedica.com\/wp-content\/uploads\/2023\/05\/Deuda-publica-Core-1080x507.png 1080w, https:\/\/informe-anual-2022.mutualmedica.com\/wp-content\/uploads\/2023\/05\/Deuda-publica-Core-1280x601.png 1280w, https:\/\/informe-anual-2022.mutualmedica.com\/wp-content\/uploads\/2023\/05\/Deuda-publica-Core-980x460.png 980w, https:\/\/informe-anual-2022.mutualmedica.com\/wp-content\/uploads\/2023\/05\/Deuda-publica-Core-480x226.png 480w, https:\/\/informe-anual-2022.mutualmedica.com\/wp-content\/uploads\/2023\/05\/Deuda-publica-Core.png 1392w\" sizes=\"(max-width: 1024px) 100vw, 1024px\" \/><figcaption>Deute p\u00fablic <em>core<\/em> 2013 &#8211; 2022<\/figcaption><\/figure><\/div>\n\n\n\n<figure class=\"wp-block-table w60 is-style-stripes has-small-font-size\"><table><thead><tr><th class=\"has-text-align-left\" data-align=\"left\"> <\/th><th class=\"has-text-align-right\" data-align=\"right\">31-des. 2022<\/th><th class=\"has-text-align-right\" data-align=\"right\">% s\/total<\/th><th class=\"has-text-align-right\" data-align=\"right\">31-des. 2021<\/th><th class=\"has-text-align-right\" data-align=\"right\">% s\/total<\/th><th class=\"has-text-align-right\" data-align=\"right\">Variaci\u00f3<\/th><\/tr><\/thead><tbody><tr><td class=\"has-text-align-left\" data-align=\"left\">Deute p\u00fablic<\/td><td class=\"has-text-align-right\" data-align=\"right\">767.400,00<\/td><td class=\"has-text-align-right\" data-align=\"right\"><\/td><td class=\"has-text-align-right\" data-align=\"right\">592.910,00<\/td><td class=\"has-text-align-right\" data-align=\"right\"><\/td><td class=\"has-text-align-right\" data-align=\"right\"><\/td><\/tr><tr><td class=\"has-text-align-left\" data-align=\"left\"><strong>Espanya<\/strong><\/td><td class=\"has-text-align-right\" data-align=\"right\">285.500,00<\/td><td class=\"has-text-align-right\" data-align=\"right\">37,2%<\/td><td class=\"has-text-align-right\" data-align=\"right\">282.100,00<\/td><td class=\"has-text-align-right\" data-align=\"right\">47,6%<\/td><td class=\"has-text-align-right\" data-align=\"right\"><strong><mark style=\"background-color:#f3c1cd\" class=\"has-inline-color has-vivid-red-color\">-10,4%<\/mark><\/strong><mark style=\"background-color:#f9becd\" class=\"has-inline-color\"> <\/mark><mark style=\"background-color:rgba(0, 0, 0, 0)\" class=\"has-inline-color has-vivid-red-color\"> <\/mark><\/td><\/tr><tr><td class=\"has-text-align-left\" data-align=\"left\"><strong>It\u00e0lia<\/strong><\/td><td class=\"has-text-align-right\" data-align=\"right\">268.600,00<\/td><td class=\"has-text-align-right\" data-align=\"right\">35,2%<\/td><td class=\"has-text-align-right\" data-align=\"right\">267.600,00<\/td><td class=\"has-text-align-right\" data-align=\"right\">45,1,0%<\/td><td class=\"has-text-align-right\" data-align=\"right\"><mark style=\"background-color:#f5bbca\" class=\"has-inline-color has-vivid-red-color\"><strong>-10,1% <\/strong><\/mark> <\/td><\/tr><tr><td class=\"has-text-align-left\" data-align=\"left\"><strong>Fran\u00e7a<\/strong><\/td><td class=\"has-text-align-right\" data-align=\"right\">71.800,00<\/td><td class=\"has-text-align-right\" data-align=\"right\">9,4% <\/td><td class=\"has-text-align-right\" data-align=\"right\">3.600,00 <\/td><td class=\"has-text-align-right\" data-align=\"right\">0,6%<\/td><td class=\"has-text-align-right\" data-align=\"right\">8,7%  <\/td><\/tr><tr><td class=\"has-text-align-left\" data-align=\"left\"><strong>Alemanya<\/strong><\/td><td class=\"has-text-align-right\" data-align=\"right\">64.300,00<\/td><td class=\"has-text-align-right\" data-align=\"right\">8,4%<\/td><td class=\"has-text-align-right\" data-align=\"right\">0,00<\/td><td class=\"has-text-align-right\" data-align=\"right\">0,0%<\/td><td class=\"has-text-align-right\" data-align=\"right\"><strong>8,4%<\/strong>  <\/td><\/tr><tr><td class=\"has-text-align-left\" data-align=\"left\"><strong>Pa\u00efsos Baixos<\/strong><\/td><td class=\"has-text-align-right\" data-align=\"right\">33.700,00<\/td><td class=\"has-text-align-right\" data-align=\"right\">4,4%<\/td><td class=\"has-text-align-right\" data-align=\"right\">0,00<\/td><td class=\"has-text-align-right\" data-align=\"right\">0,0%<\/td><td class=\"has-text-align-right\" data-align=\"right\"><strong>4,4%<\/strong>  <\/td><\/tr><tr><td class=\"has-text-align-left\" data-align=\"left\"><strong>Portugal<\/strong><\/td><td class=\"has-text-align-right\" data-align=\"right\">17.200,00<\/td><td class=\"has-text-align-right\" data-align=\"right\">2,2%<\/td><td class=\"has-text-align-right\" data-align=\"right\">21.400,00<\/td><td class=\"has-text-align-right\" data-align=\"right\">3,6%<\/td><td class=\"has-text-align-right\" data-align=\"right\"><strong><mark style=\"background-color:#f5c1ce\" class=\"has-inline-color has-vivid-red-color\">-1,4%<\/mark><\/strong><mark style=\"background-color:#f9c8d4\" class=\"has-inline-color\"> <\/mark> <\/td><\/tr><tr><td class=\"has-text-align-left\" data-align=\"left\"><strong>Altres<\/strong><\/td><td class=\"has-text-align-right\" data-align=\"right\">26.300,00<\/td><td class=\"has-text-align-right\" data-align=\"right\">3,4%<\/td><td class=\"has-text-align-right\" data-align=\"right\">18.210,00<\/td><td class=\"has-text-align-right\" data-align=\"right\">3,1%<\/td><td class=\"has-text-align-right\" data-align=\"right\">0,4%<\/td><\/tr><\/tbody><\/table><figcaption>Variaci\u00f3 d&#8217;exposici\u00f3 deute p\u00fablic per pa\u00eds 2022<\/figcaption><\/figure>\n\n\n\n<p>La reducci\u00f3 de posicions en deute perif\u00e8ric tamb\u00e9 ha estat motivada pel convenciment que, en una situaci\u00f3 de major incertesa i amb l&#8217;anunciada retirada del BCE com a comprador net de deute, fossin els actius m\u00e9s perjudicats davant escenaris de m\u00e9s incertesa.<\/p>\n\n\n\n<div class=\"wp-block-image w60\"><figure class=\"aligncenter size-large\"><img loading=\"lazy\" width=\"1024\" height=\"539\" src=\"https:\/\/informe-anual-2022.mutualmedica.com\/wp-content\/uploads\/2023\/05\/Primas-de-Riesgo-Espana-1024x539.png\" alt=\"\" class=\"wp-image-2652\" srcset=\"https:\/\/informe-anual-2022.mutualmedica.com\/wp-content\/uploads\/2023\/05\/Primas-de-Riesgo-Espana-1024x539.png 1024w, https:\/\/informe-anual-2022.mutualmedica.com\/wp-content\/uploads\/2023\/05\/Primas-de-Riesgo-Espana-300x158.png 300w, https:\/\/informe-anual-2022.mutualmedica.com\/wp-content\/uploads\/2023\/05\/Primas-de-Riesgo-Espana-768x404.png 768w, https:\/\/informe-anual-2022.mutualmedica.com\/wp-content\/uploads\/2023\/05\/Primas-de-Riesgo-Espana-1080x569.png 1080w, https:\/\/informe-anual-2022.mutualmedica.com\/wp-content\/uploads\/2023\/05\/Primas-de-Riesgo-Espana-1280x674.png 1280w, https:\/\/informe-anual-2022.mutualmedica.com\/wp-content\/uploads\/2023\/05\/Primas-de-Riesgo-Espana-980x516.png 980w, https:\/\/informe-anual-2022.mutualmedica.com\/wp-content\/uploads\/2023\/05\/Primas-de-Riesgo-Espana-480x253.png 480w, https:\/\/informe-anual-2022.mutualmedica.com\/wp-content\/uploads\/2023\/05\/Primas-de-Riesgo-Espana.png 1375w\" sizes=\"(max-width: 1024px) 100vw, 1024px\" \/><figcaption>Primes de risc Espanya &#8211; It\u00e0lia 2013 &#8211; 2022<\/figcaption><\/figure><\/div>\n\n\n\n<div class=\"wp-block-image w60\"><figure class=\"aligncenter size-large\"><img loading=\"lazy\" width=\"1024\" height=\"543\" src=\"https:\/\/informe-anual-2022.mutualmedica.com\/wp-content\/uploads\/2023\/05\/Deuda-publica-1024x543.png\" alt=\"\" class=\"wp-image-2650\" srcset=\"https:\/\/informe-anual-2022.mutualmedica.com\/wp-content\/uploads\/2023\/05\/Deuda-publica-1024x543.png 1024w, https:\/\/informe-anual-2022.mutualmedica.com\/wp-content\/uploads\/2023\/05\/Deuda-publica-300x159.png 300w, https:\/\/informe-anual-2022.mutualmedica.com\/wp-content\/uploads\/2023\/05\/Deuda-publica-768x407.png 768w, https:\/\/informe-anual-2022.mutualmedica.com\/wp-content\/uploads\/2023\/05\/Deuda-publica-1080x572.png 1080w, https:\/\/informe-anual-2022.mutualmedica.com\/wp-content\/uploads\/2023\/05\/Deuda-publica-1280x678.png 1280w, https:\/\/informe-anual-2022.mutualmedica.com\/wp-content\/uploads\/2023\/05\/Deuda-publica-980x519.png 980w, https:\/\/informe-anual-2022.mutualmedica.com\/wp-content\/uploads\/2023\/05\/Deuda-publica-480x254.png 480w, https:\/\/informe-anual-2022.mutualmedica.com\/wp-content\/uploads\/2023\/05\/Deuda-publica.png 1298w\" sizes=\"(max-width: 1024px) 100vw, 1024px\" \/><figcaption>Deute p\u00fablic 30yr Espanya &#8211; It\u00e0lia 2022<\/figcaption><\/figure><\/div>\n\n\n\n<ul><li>Limitar les noves compres i <em>switch<\/em> en renda fixa privada a r\u00e0ting grau d&#8217;inversi\u00f3, preferentment m\u00ednim grau \u201cA\u201d, davant dels nivells aconseguits pels <em>spreads<\/em> de cr\u00e8dit dels emissors de millor qualitat credit\u00edcia similars als dels pitjors anys de l&#8217;euro i crisi de la Covid.<\/li><\/ul>\n\n\n\n<p><\/p>\n\n\n\n<div class=\"wp-block-image w60\"><figure class=\"aligncenter size-large\"><img loading=\"lazy\" width=\"1024\" height=\"490\" src=\"https:\/\/informe-anual-2022.mutualmedica.com\/wp-content\/uploads\/2023\/05\/Indices-de-credito-1024x490.png\" alt=\"\" class=\"wp-image-2653\" srcset=\"https:\/\/informe-anual-2022.mutualmedica.com\/wp-content\/uploads\/2023\/05\/Indices-de-credito-1024x490.png 1024w, https:\/\/informe-anual-2022.mutualmedica.com\/wp-content\/uploads\/2023\/05\/Indices-de-credito-300x143.png 300w, https:\/\/informe-anual-2022.mutualmedica.com\/wp-content\/uploads\/2023\/05\/Indices-de-credito-768x367.png 768w, https:\/\/informe-anual-2022.mutualmedica.com\/wp-content\/uploads\/2023\/05\/Indices-de-credito-1080x516.png 1080w, https:\/\/informe-anual-2022.mutualmedica.com\/wp-content\/uploads\/2023\/05\/Indices-de-credito-980x469.png 980w, https:\/\/informe-anual-2022.mutualmedica.com\/wp-content\/uploads\/2023\/05\/Indices-de-credito-480x229.png 480w, https:\/\/informe-anual-2022.mutualmedica.com\/wp-content\/uploads\/2023\/05\/Indices-de-credito.png 1278w\" sizes=\"(max-width: 1024px) 100vw, 1024px\" \/><figcaption>\u00cdndexs de cr\u00e8dit 2012 &#8211; 2023<\/figcaption><\/figure><\/div>\n\n\n\n<figure class=\"wp-block-table w60 is-style-stripes has-small-font-size\"><table><thead><tr><th class=\"has-text-align-left\" data-align=\"left\"> <\/th><th class=\"has-text-align-right\" data-align=\"right\">31-des. 2022<\/th><th class=\"has-text-align-right\" data-align=\"right\">% s\/total<\/th><th class=\"has-text-align-right\" data-align=\"right\">31-des. 2021<\/th><th class=\"has-text-align-right\" data-align=\"right\">% s\/total<\/th><th class=\"has-text-align-right\" data-align=\"right\">Variaci\u00f3<\/th><\/tr><\/thead><tbody><tr><td class=\"has-text-align-left\" data-align=\"left\"><\/td><td class=\"has-text-align-right\" data-align=\"right\">1.192.200,00<\/td><td class=\"has-text-align-right\" data-align=\"right\"><\/td><td class=\"has-text-align-right\" data-align=\"right\">977.900,00<\/td><td class=\"has-text-align-right\" data-align=\"right\"><\/td><td class=\"has-text-align-right\" data-align=\"right\"><\/td><\/tr><tr><td class=\"has-text-align-left\" data-align=\"left\"><strong>AAA<\/strong><\/td><td class=\"has-text-align-right\" data-align=\"right\">119.800,00<\/td><td class=\"has-text-align-right\" data-align=\"right\">10,0%<\/td><td class=\"has-text-align-right\" data-align=\"right\">1.200,00<\/td><td class=\"has-text-align-right\" data-align=\"right\">0,1%<\/td><td class=\"has-text-align-right\" data-align=\"right\">9,9%  <\/td><\/tr><tr><td class=\"has-text-align-left\" data-align=\"left\"><strong>AA<\/strong><\/td><td class=\"has-text-align-right\" data-align=\"right\">107.000,00<\/td><td class=\"has-text-align-right\" data-align=\"right\">9,0%<\/td><td class=\"has-text-align-right\" data-align=\"right\">10.000,00<\/td><td class=\"has-text-align-right\" data-align=\"right\">1,0%<\/td><td class=\"has-text-align-right\" data-align=\"right\">8,0%  <\/td><\/tr><tr><td class=\"has-text-align-left\" data-align=\"left\"><strong>A<\/strong><\/td><td class=\"has-text-align-right\" data-align=\"right\">373.000,00<\/td><td class=\"has-text-align-right\" data-align=\"right\">31,3% <\/td><td class=\"has-text-align-right\" data-align=\"right\">270.600,00 <\/td><td class=\"has-text-align-right\" data-align=\"right\">27,7%<\/td><td class=\"has-text-align-right\" data-align=\"right\">3,6%  <\/td><\/tr><tr><td class=\"has-text-align-left\" data-align=\"left\"><strong>BBB<\/strong><\/td><td class=\"has-text-align-right\" data-align=\"right\">532.500,00<\/td><td class=\"has-text-align-right\" data-align=\"right\">44,7%<\/td><td class=\"has-text-align-right\" data-align=\"right\">638.800,00<\/td><td class=\"has-text-align-right\" data-align=\"right\">65,3%<\/td><td class=\"has-text-align-right\" data-align=\"right\"><strong><mark style=\"background-color:#f5d2da\" class=\"has-inline-color has-vivid-red-color\">-20,7%<\/mark><\/strong>  <\/td><\/tr><tr><td class=\"has-text-align-left\" data-align=\"left\"><strong>BB<\/strong><\/td><td class=\"has-text-align-right\" data-align=\"right\">51.600,00<\/td><td class=\"has-text-align-right\" data-align=\"right\">4,3%<\/td><td class=\"has-text-align-right\" data-align=\"right\">50.400,00<\/td><td class=\"has-text-align-right\" data-align=\"right\">5,2%<\/td><td class=\"has-text-align-right\" data-align=\"right\"><strong><mark style=\"background-color:#f7cbd6\" class=\"has-inline-color has-vivid-red-color\">-0,8%<\/mark><\/strong>  <\/td><\/tr><tr><td class=\"has-text-align-left\" data-align=\"left\"><strong>B<\/strong><\/td><td class=\"has-text-align-right\" data-align=\"right\">0,00<\/td><td class=\"has-text-align-right\" data-align=\"right\">0,0%<\/td><td class=\"has-text-align-right\" data-align=\"right\">1.600,00<\/td><td class=\"has-text-align-right\" data-align=\"right\">0,2%<\/td><td class=\"has-text-align-right\" data-align=\"right\"><strong><mark style=\"background-color:#f5c1ce\" class=\"has-inline-color has-vivid-red-color\">-0,2%<\/mark><\/strong>  <\/td><\/tr><tr><td class=\"has-text-align-left\" data-align=\"left\"><strong>SENSE R\u00c0TING<\/strong><\/td><td class=\"has-text-align-right\" data-align=\"right\">8.300,00<\/td><td class=\"has-text-align-right\" data-align=\"right\">0,7%<\/td><td class=\"has-text-align-right\" data-align=\"right\">5.300,00<\/td><td class=\"has-text-align-right\" data-align=\"right\">0,5%<\/td><td class=\"has-text-align-right\" data-align=\"right\">0,2%<\/td><\/tr><\/tbody><\/table><figcaption>Variaci\u00f3 d&#8217;exposici\u00f3 per r\u00e0ting 2022<\/figcaption><\/figure>\n\n\n\n<ul><li>No augmentar l&#8217;exposici\u00f3 a actius il\u00b7l\u00edquids, per no incrementar posicions en emissions <em>Private Placement<\/em> i ajornar el pla d&#8217;inversions en actius alternatius, davant d&#8217;una previsi\u00f3 d&#8217;empitjorament de les condicions financeres, que afecta m\u00e9s les companyies de menor grand\u00e0ria, igual que una deterioraci\u00f3 de les condicions econ\u00f2miques, les probabilitats d&#8217;ocurr\u00e8ncia de les quals est\u00e0vem veient que s&#8217;incrementaven.<\/li><\/ul>\n\n\n\n<ul><li>Mantenir els nivells en renda variable, per aquest posicionament d&#8217;aversi\u00f3 al risc i per no ser un dels actius de refer\u00e8ncia per a la cobertura dels nostres passius.<\/li><\/ul>\n\n\n\n<p>Un altre dels grans objectius en mat\u00e8ria d&#8217;inversions \u00e9s la gesti\u00f3 del risc de reinversi\u00f3 de primes futures als tipus garantits. El 2022 s&#8217;ha ent\u00e8s que en les rendibilitats aconseguides amb el deute p\u00fablic de m\u00e9s qualitat hi havia una clara oportunitat, i s&#8217;ha tornat a activar una estrat\u00e8gia de cobertura de primes futures per als anys 2023\u20132025, per un import de 163 milions d&#8217;euros. Aquesta estrat\u00e8gia s&#8217;ha fet de manera gradual davant la volatilitat del mercat. El 2023 s&#8217;avan\u00e7ar\u00e0 en la immunitzaci\u00f3 d&#8217;una major part de la cartera, davant del convenciment que el mercat est\u00e0 donant una oportunitat mai vista en anys per anar cobrint aquest risc.<\/p>\n\n\n\n<p>Estem conven\u00e7uts que aquesta estrat\u00e8gia de fer prevaler seguretat per sobre de rendibilitat ha estat la m\u00e9s adequada per al context d&#8217;augment dels riscos econ\u00f2mics, creixement i inflaci\u00f3 i tensi\u00f3 geopol\u00edtica que ha dominat el 2022 i que s&#8217;estendran almenys al llarg del 2023, tot millorant el risc de balan\u00e7 en disminuir-se el \u201c<em>gap<\/em> de durades d&#8217;actiu-passiu i mantenint-se el marge financer.<\/p>\n\n\n\n\n\n<hr class=\"wp-block-separator ancla-je\" id=\"cartera-d-inversions-2022\"\/>\n\n\n\n<h2><strong>Cartera d&#8217;inversions 2022<\/strong><\/h2>\n\n\n\n<p>Les inversions de Mutual M\u00e8dica a valor de mercat han experimentat una disminuci\u00f3, en el context del que pot ser considerat el pitjor any als mercats financers des de la crisi del 1929, cosa que ha provocat una caiguda del valor de mercat de la cartera de la mutualitat d&#8217;un -20%, en l\u00ednia amb el que ha passat al mercat. Cal assenyalar que aquesta caiguda es tracta de minusv\u00e0lues latents, \u00e9s a dir, no realitzades, ja que la major part de l&#8217;actiu es mant\u00e9 fins a venciment. Aix\u00ed mateix,&nbsp;un descens dels tipus suposaria una reversi\u00f3 d&#8217;aquestes minusv\u00e0lues, com s&#8217;espera parcialment el 2023.<\/p>\n\n\n\n<figure class=\"wp-block-video w70 d\"><video autoplay muted src=\"https:\/\/informe-anual-2022.mutualmedica.com\/wp-content\/uploads\/2023\/06\/07-03-cartera-a-valor-de-mercado_CA.mp4\" playsinline><\/video><\/figure>\n\n\n\n<div class=\"wp-block-image m\"><figure class=\"aligncenter size-full\"><img loading=\"lazy\" width=\"894\" height=\"1024\" src=\"https:\/\/informe-anual-2022.mutualmedica.com\/wp-content\/uploads\/2023\/06\/Cartera-a-valor-de-mercado_movil_CA.jpg\" alt=\"\" class=\"wp-image-3954\" srcset=\"https:\/\/informe-anual-2022.mutualmedica.com\/wp-content\/uploads\/2023\/06\/Cartera-a-valor-de-mercado_movil_CA.jpg 894w, https:\/\/informe-anual-2022.mutualmedica.com\/wp-content\/uploads\/2023\/06\/Cartera-a-valor-de-mercado_movil_CA-480x550.jpg 480w\" sizes=\"(min-width: 0px) and (max-width: 480px) 480px, (min-width: 481px) 894px, 100vw\" \/><\/figure><\/div>\n\n\n\n<p>L&#8217;al\u00e7a generalitzada dels tipus d&#8217;inter\u00e8s ha impactat especialment en la renda fixa, principal actiu en les inversions de la mutualitat, ja que representen el 90,10% (bons+SPVs) de les inversions financeres, i el 79,5% sobre la totalitat de les inversions, atesa la gesti\u00f3 d&#8217;ALM realitzada per assegurar la concordan\u00e7a d&#8217;actiu i passiu que fa Mutual M\u00e8dica, encaminada a assegurar el compliment de les obligacions amb els nostres mutualistes.<\/p>\n\n\n\n<figure class=\"wp-block-video w70 d\"><video autoplay muted src=\"https:\/\/informe-anual-2022.mutualmedica.com\/wp-content\/uploads\/2023\/06\/07-04-inersiones-financieras_CA.mp4\" playsinline><\/video><\/figure>\n\n\n\n<div class=\"wp-block-image m\"><figure class=\"aligncenter size-full\"><img loading=\"lazy\" width=\"730\" height=\"1024\" src=\"https:\/\/informe-anual-2022.mutualmedica.com\/wp-content\/uploads\/2023\/06\/Inversiones-financieras_movil_CA.jpg\" alt=\"\" class=\"wp-image-3956\" srcset=\"https:\/\/informe-anual-2022.mutualmedica.com\/wp-content\/uploads\/2023\/06\/Inversiones-financieras_movil_CA.jpg 730w, https:\/\/informe-anual-2022.mutualmedica.com\/wp-content\/uploads\/2023\/06\/Inversiones-financieras_movil_CA-480x673.jpg 480w\" sizes=\"(min-width: 0px) and (max-width: 480px) 480px, (min-width: 481px) 730px, 100vw\" \/><\/figure><\/div>\n\n\n\n<p>Com a actiu de menor risc i \u00f2ptim des del costat del consum de capital, dins de la renda fixa, l&#8217;exposici\u00f3 al deute p\u00fablic continua sent l&#8217;actiu amb m\u00e9s pes, amb el 71,07% de les inversions en renda fixa i el 69,20% de la totalitat del balan\u00e7. La renda fixa privada representa el 28,93% i el 27,17%, respectivament.<\/p>\n\n\n\n<figure class=\"wp-block-video w70 d\"><video autoplay muted src=\"https:\/\/informe-anual-2022.mutualmedica.com\/wp-content\/uploads\/2023\/06\/07-05-renta-fija-por-tipo-de-emisor_CA.mp4\" playsinline><\/video><\/figure>\n\n\n\n<div class=\"wp-block-image m\"><figure class=\"aligncenter size-full\"><img loading=\"lazy\" width=\"878\" height=\"1024\" src=\"https:\/\/informe-anual-2022.mutualmedica.com\/wp-content\/uploads\/2023\/06\/Renta-fija-por-tipo-de-emisor_movil_ca.jpg\" alt=\"\" class=\"wp-image-3959\" srcset=\"https:\/\/informe-anual-2022.mutualmedica.com\/wp-content\/uploads\/2023\/06\/Renta-fija-por-tipo-de-emisor_movil_ca.jpg 878w, https:\/\/informe-anual-2022.mutualmedica.com\/wp-content\/uploads\/2023\/06\/Renta-fija-por-tipo-de-emisor_movil_ca-480x560.jpg 480w\" sizes=\"(min-width: 0px) and (max-width: 480px) 480px, (min-width: 481px) 878px, 100vw\" \/><\/figure><\/div>\n\n\n\n<p>Dins de l&#8217;exposici\u00f3 per pa\u00efsos cal destacar, com s&#8217;ha assenyalat anteriorment, l&#8217;augment de la diversificaci\u00f3 amb la incorporaci\u00f3 de pa\u00efsos <em>core<\/em>, amb el 19,18% de la cartera, on destaquen Alemanya i Fran\u00e7a.<\/p>\n\n\n\n<figure class=\"wp-block-video w70 d\"><video autoplay muted src=\"https:\/\/informe-anual-2022.mutualmedica.com\/wp-content\/uploads\/2023\/06\/07-06-exposicion-paises_CA.mp4\" playsinline><\/video><\/figure>\n\n\n\n<div class=\"wp-block-image m\"><figure class=\"aligncenter size-full\"><img loading=\"lazy\" width=\"841\" height=\"1024\" src=\"https:\/\/informe-anual-2022.mutualmedica.com\/wp-content\/uploads\/2023\/06\/Exposicion-paises_movil_CA.jpg\" alt=\"\" class=\"wp-image-3961\" srcset=\"https:\/\/informe-anual-2022.mutualmedica.com\/wp-content\/uploads\/2023\/06\/Exposicion-paises_movil_CA.jpg 841w, https:\/\/informe-anual-2022.mutualmedica.com\/wp-content\/uploads\/2023\/06\/Exposicion-paises_movil_CA-480x584.jpg 480w\" sizes=\"(min-width: 0px) and (max-width: 480px) 480px, (min-width: 481px) 841px, 100vw\" \/><\/figure><\/div>\n\n\n\n<p>Com sabem, el \u201cr\u00e0ting\u201d \u00e9s una mesura de la qualitat credit\u00edcia, \u00e9s a dir, de la capacitat de repagament del deute d&#8217;un emissor, i per tant, nom\u00e9s aplicable a la renda fixa. Mutual M\u00e8dica continua mantenint el r\u00e0ting mitj\u00e0 de la seva cartera de renda fixa en el grau d&#8217;inversi\u00f3 <strong>A<\/strong>. Cal insistir en l&#8217;important augment en l&#8217;exposici\u00f3 a emissors de la m\u00e0xima qualificaci\u00f3, AAA-A. El 4,69% de \u201cNo aplica\u201d correspon a les inversions en pagar\u00e9s, que pel seu curt venciment, en aquest cas 3 mesos, no se&#8217;ls aplica aquesta mesura i l&#8217;\u00fanic emissor sense r\u00e0ting correspon a AIR FRANCE-KLM, que es troba participada pels estats franc\u00e8s i holand\u00e8s.<\/p>\n\n\n\n<figure class=\"wp-block-video aligncenter w70 d\"><video autoplay muted src=\"https:\/\/informe-anual-2022.mutualmedica.com\/wp-content\/uploads\/2023\/06\/07-07-rating-emisores-renta-fija_CA.mp4\" playsinline><\/video><\/figure>\n\n\n\n<div class=\"wp-block-image m\"><figure class=\"aligncenter size-full\"><img loading=\"lazy\" width=\"701\" height=\"1024\" src=\"https:\/\/informe-anual-2022.mutualmedica.com\/wp-content\/uploads\/2023\/06\/Rating-emisores-renta-fija_movil_CA.jpg\" alt=\"\" class=\"wp-image-3963\" srcset=\"https:\/\/informe-anual-2022.mutualmedica.com\/wp-content\/uploads\/2023\/06\/Rating-emisores-renta-fija_movil_CA.jpg 701w, https:\/\/informe-anual-2022.mutualmedica.com\/wp-content\/uploads\/2023\/06\/Rating-emisores-renta-fija_movil_CA-480x701.jpg 480w\" sizes=\"(min-width: 0px) and (max-width: 480px) 480px, (min-width: 481px) 701px, 100vw\" \/><\/figure><\/div>\n\n\n\n<p>Les inversions immobili\u00e0ries ascendeixen a 95,5 milions, un 8% de les inversions de la mutualitat. El 70,55% es realitza en inversi\u00f3 directa i un 29,45% via diferents vehicles buscant una diversificaci\u00f3 geogr\u00e0fica i d&#8217;\u00fas. El 2022 no s&#8217;han fet inversions significatives, ja que s&#8217;ha estimat que l&#8217;entorn de pujada de tipus i possible deterioraci\u00f3 econ\u00f2mica exerciran pressi\u00f3 sobre un mercat en tensi\u00f3 davant del molt important augment de les valoracions vist des de la fi de la pand\u00e8mia. El 2023, les principals inversions immobili\u00e0ries se centraran en les importants obres de rehabilitaci\u00f3 de la seu de Mutual M\u00e8dica, el Casal del Metge, a Barcelona, i en la construcci\u00f3 d&#8217;un immoble d&#8217;apartaments de lloguer per a metges a Lleida.<\/p>\n\n\n\n<figure class=\"wp-block-video w70 d\"><video autoplay muted src=\"https:\/\/informe-anual-2022.mutualmedica.com\/wp-content\/uploads\/2023\/06\/07-08-inversiones-inmobiliarias_CA.mp4\" playsinline><\/video><\/figure>\n\n\n\n<div class=\"wp-block-image m\"><figure class=\"aligncenter size-full\"><img loading=\"lazy\" width=\"889\" height=\"1024\" src=\"https:\/\/informe-anual-2022.mutualmedica.com\/wp-content\/uploads\/2023\/06\/Inversiones-inmobiliarias_movil_CA.jpg\" alt=\"\" class=\"wp-image-3965\" srcset=\"https:\/\/informe-anual-2022.mutualmedica.com\/wp-content\/uploads\/2023\/06\/Inversiones-inmobiliarias_movil_CA.jpg 889w, https:\/\/informe-anual-2022.mutualmedica.com\/wp-content\/uploads\/2023\/06\/Inversiones-inmobiliarias_movil_CA-480x553.jpg 480w\" sizes=\"(min-width: 0px) and (max-width: 480px) 480px, (min-width: 481px) 889px, 100vw\" \/><\/figure><\/div>\n\n\n\n<p>Pel que fa a actius alternatius, durant el 2022 i, en concret, a partir de l&#8217;esclat de la guerra, es va decidir la paralitzaci\u00f3 del pressupost d&#8217;inversi\u00f3 previst,&nbsp;davant l&#8217;augment de la incertesa i dins del gir cap als actius m\u00e9s segurs comentat anteriorment. \u00danicament es va fer la inversi\u00f3 a l&#8217;ARDIAN Private Debt V, ja aprovada a la fi del 2021, i es van aconseguir els 84 milions de capital comprom\u00e8s, el 7,30% de la cartera, amb un desemborsament fins al moment a valor de mercat de 59,9 milions, el 5,3%, despr\u00e9s de la devoluci\u00f3 del principal. Perqu\u00e8 \u00e9s important assenyalar que ja molts dels fons, especialment els fons de <em>Direct Lending<\/em>, la nostra principal exposici\u00f3 i l&#8217;estrat\u00e8gia amb m\u00e9s recurr\u00e8ncia de rendiments, han comen\u00e7at a amortitzar anticipadament davant de la pujada dels tipus d&#8217;inter\u00e8s.<\/p>\n\n\n\n<figure class=\"wp-block-video w70 d\"><video autoplay muted src=\"https:\/\/informe-anual-2022.mutualmedica.com\/wp-content\/uploads\/2023\/06\/07-09-inversiones-alternativas_CA.mp4\" playsinline><\/video><\/figure>\n\n\n\n<div class=\"wp-block-image m\"><figure class=\"aligncenter size-full\"><img loading=\"lazy\" width=\"869\" height=\"1024\" src=\"https:\/\/informe-anual-2022.mutualmedica.com\/wp-content\/uploads\/2023\/06\/Inversiones-alternativas_movil_CA.jpg\" alt=\"\" class=\"wp-image-3967\" srcset=\"https:\/\/informe-anual-2022.mutualmedica.com\/wp-content\/uploads\/2023\/06\/Inversiones-alternativas_movil_CA.jpg 869w, https:\/\/informe-anual-2022.mutualmedica.com\/wp-content\/uploads\/2023\/06\/Inversiones-alternativas_movil_CA-480x566.jpg 480w\" sizes=\"(min-width: 0px) and (max-width: 480px) 480px, (min-width: 481px) 869px, 100vw\" \/><\/figure><\/div>\n\n\n\n<hr class=\"wp-block-separator has-text-color has-background has-white-background-color has-white-color\"\/>\n\n\n\n<h2><strong>Inversi\u00f3 socialment responsable<\/strong><\/h2>\n\n\n\n<p>El 2022 s&#8217;ha materialitzat la incorporaci\u00f3 de Mutual M\u00e8dica als Principis d&#8217;Inversi\u00f3 Responsable (PRI) de l&#8217;ONU. S&#8217;ha continuat avan\u00e7ant en la integraci\u00f3 dels riscos ASG dins de la presa de decisions d&#8217;inversi\u00f3, amb el desenvolupament de m\u00e8triques pr\u00f2pies que complementin la informaci\u00f3 ASG p\u00fablica. En aquesta l\u00ednia, s&#8217;ha modificat la Pol\u00edtica d&#8217;Inversi\u00f3 per incloure els factors d&#8217;exclusi\u00f3 que ja figuraven (tabac, alcohol, armament) i l&#8217;exposici\u00f3 a pa\u00efsos o companyies que incompleixin amb les directrius marcades pel Pacte Mundial de les Nacions Unides en relaci\u00f3 amb els drets humans, drets del treballador, pol\u00edtiques de medi ambient i corrupci\u00f3.<\/p>\n\n\n\n<p>Per la part quantitativa, al llarg del 2022 Mutual M\u00e8dica va llan\u00e7ar el seu primer producte d&#8217;estalvi totalment cobert amb bons amb la qualificaci\u00f3 de <em>green bond<\/em>, <em>social bond <\/em>o <em>sustaninability bond<\/em>. La xifra aconseguida d&#8217;emissions que compleixen aquestes caracter\u00edstiques ascendeix a 88 milions d&#8217;euros a valor de mercat, el 9,41% de la posici\u00f3 en bons. El compliment de la Pol\u00edtica d&#8217;Inversi\u00f3 en mat\u00e8ria de sostenibilitat i dels procediments d&#8217;integraci\u00f3 de riscos ASG \u00e9s auditat de manera externa per Analistas Financieros Internacionales, que informa trimestralment la Comissi\u00f3 d&#8217;Inversions.<\/p>\n\n\n\n<div class=\"wp-block-image\"><figure class=\"aligncenter size-large\"><img loading=\"lazy\" width=\"1024\" height=\"458\" src=\"https:\/\/informe-anual-2022.mutualmedica.com\/wp-content\/uploads\/2023\/05\/Conclusiones-1-1024x458.png\" alt=\"\" class=\"wp-image-2659\" srcset=\"https:\/\/informe-anual-2022.mutualmedica.com\/wp-content\/uploads\/2023\/05\/Conclusiones-1-1024x458.png 1024w, https:\/\/informe-anual-2022.mutualmedica.com\/wp-content\/uploads\/2023\/05\/Conclusiones-1-300x134.png 300w, https:\/\/informe-anual-2022.mutualmedica.com\/wp-content\/uploads\/2023\/05\/Conclusiones-1-768x344.png 768w, https:\/\/informe-anual-2022.mutualmedica.com\/wp-content\/uploads\/2023\/05\/Conclusiones-1-1536x687.png 1536w, https:\/\/informe-anual-2022.mutualmedica.com\/wp-content\/uploads\/2023\/05\/Conclusiones-1-1080x483.png 1080w, https:\/\/informe-anual-2022.mutualmedica.com\/wp-content\/uploads\/2023\/05\/Conclusiones-1-1280x573.png 1280w, https:\/\/informe-anual-2022.mutualmedica.com\/wp-content\/uploads\/2023\/05\/Conclusiones-1-980x438.png 980w, https:\/\/informe-anual-2022.mutualmedica.com\/wp-content\/uploads\/2023\/05\/Conclusiones-1-480x215.png 480w, https:\/\/informe-anual-2022.mutualmedica.com\/wp-content\/uploads\/2023\/05\/Conclusiones-1.png 1661w\" sizes=\"(max-width: 1024px) 100vw, 1024px\" \/><\/figure><\/div>\n\n\n\n<div style=\"height:50px\" aria-hidden=\"true\" class=\"wp-block-spacer\"><\/div>\n\n\n\n<div class=\"wp-block-columns w75\">\n<div class=\"wp-block-column\">\n<figure class=\"wp-block-image size-full is-resized fotoRounded is-style-rounded\"><img loading=\"lazy\" src=\"https:\/\/informe-anual-2022.mutualmedica.com\/wp-content\/uploads\/2022\/04\/Tesorero_Dr_Lluis_Castells-q.jpg\" alt=\"\" class=\"wp-image-1016\" width=\"189\" height=\"189\"\/><\/figure>\n\n\n\n<figure class=\"wp-block-image size-full is-resized\"><img loading=\"lazy\" src=\"https:\/\/informe-anual-2022.mutualmedica.com\/wp-content\/uploads\/2022\/04\/image-94.png\" alt=\"\" class=\"wp-image-749\" width=\"152\" height=\"127\"\/><\/figure>\n\n\n\n<p><strong>Dr. Llu\u00eds Castells Fust\u00e9<br><\/strong>Tresorer<\/p>\n<\/div>\n\n\n\n<div class=\"wp-block-column\">\n<figure class=\"wp-block-image size-full is-resized fotoRounded is-style-rounded\"><img loading=\"lazy\" src=\"https:\/\/informe-anual-2022.mutualmedica.com\/wp-content\/uploads\/2022\/04\/Contador_Dr_Javier_Mareque-q.jpg\" alt=\"\" class=\"wp-image-1020\" width=\"190\" height=\"190\"\/><\/figure>\n\n\n\n<figure class=\"wp-block-image size-full is-resized\"><img loading=\"lazy\" src=\"https:\/\/informe-anual-2022.mutualmedica.com\/wp-content\/uploads\/2022\/04\/image-95.png\" alt=\"\" class=\"wp-image-750\" width=\"229\" height=\"96\"\/><\/figure>\n\n\n\n<p><\/p>\n\n\n\n<p><strong>Dr. Javier Mareque Bueno<br><\/strong>Comptador<\/p>\n<\/div>\n<\/div>\n\n\n\n<div style=\"height:50px\" aria-hidden=\"true\" class=\"wp-block-spacer\"><\/div>\n","protected":false},"excerpt":{"rendered":"<p>Gestions d&#8217;inversi\u00f3 2022 Els objectius estrat\u00e8gics de la Pol\u00edtica d&#8217;Inversions de Mutual M\u00e8dica i de l&#8217;estrat\u00e8gia d&#8217;inversions, en la qual es materialitza anualment, s\u00f3n continuats en el temps, i els principals s\u00f3n els seg\u00fcents: assegurar el compliment dels compromisos assumits amb els mutualistes, assegurar la solv\u00e8ncia de l&#8217;entitat i optimitzar la rendibilitat mantenint aquests par\u00e0metres. [&hellip;]<\/p>\n","protected":false},"author":1,"featured_media":3455,"parent":0,"menu_order":0,"comment_status":"closed","ping_status":"closed","template":"","meta":{"_et_pb_use_builder":"","_et_pb_old_content":"","_et_gb_content_width":""},"_links":{"self":[{"href":"https:\/\/informe-anual-2022.mutualmedica.com\/wp-json\/wp\/v2\/pages\/3665"}],"collection":[{"href":"https:\/\/informe-anual-2022.mutualmedica.com\/wp-json\/wp\/v2\/pages"}],"about":[{"href":"https:\/\/informe-anual-2022.mutualmedica.com\/wp-json\/wp\/v2\/types\/page"}],"author":[{"embeddable":true,"href":"https:\/\/informe-anual-2022.mutualmedica.com\/wp-json\/wp\/v2\/users\/1"}],"replies":[{"embeddable":true,"href":"https:\/\/informe-anual-2022.mutualmedica.com\/wp-json\/wp\/v2\/comments?post=3665"}],"version-history":[{"count":11,"href":"https:\/\/informe-anual-2022.mutualmedica.com\/wp-json\/wp\/v2\/pages\/3665\/revisions"}],"predecessor-version":[{"id":4140,"href":"https:\/\/informe-anual-2022.mutualmedica.com\/wp-json\/wp\/v2\/pages\/3665\/revisions\/4140"}],"wp:featuredmedia":[{"embeddable":true,"href":"https:\/\/informe-anual-2022.mutualmedica.com\/wp-json\/wp\/v2\/media\/3455"}],"wp:attachment":[{"href":"https:\/\/informe-anual-2022.mutualmedica.com\/wp-json\/wp\/v2\/media?parent=3665"}],"curies":[{"name":"wp","href":"https:\/\/api.w.org\/{rel}","templated":true}]}}