{"id":3663,"date":"2023-06-16T07:38:45","date_gmt":"2023-06-16T07:38:45","guid":{"rendered":"https:\/\/informe-anual-2022.mutualmedica.com\/?page_id=3663"},"modified":"2023-07-04T16:40:26","modified_gmt":"2023-07-04T16:40:26","slug":"informe-dactivitat","status":"publish","type":"page","link":"https:\/\/informe-anual-2022.mutualmedica.com\/ca\/informe-dactivitat\/","title":{"rendered":"INFORME D\u2019ACTIVITAT"},"content":{"rendered":"\n<hr class=\"wp-block-separator ancla-je\" id=\"dades-de-mutualistes\"\/>\n\n\n\n<h2><strong>Dades de mutualistes<\/strong><\/h2>\n\n\n\n<h3>Distribuci\u00f3 de mutualistes per prov\u00edncies<\/h3>\n\n\n\n<figure class=\"wp-block-video w75 d\"><video autoplay muted src=\"https:\/\/informe-anual-2022.mutualmedica.com\/wp-content\/uploads\/2023\/06\/05-01_CA.mp4\" playsinline><\/video><\/figure>\n\n\n\n<div class=\"wp-block-image m\"><figure class=\"aligncenter size-full\"><img loading=\"lazy\" width=\"1024\" height=\"563\" src=\"https:\/\/informe-anual-2022.mutualmedica.com\/wp-content\/uploads\/2023\/06\/Distribucion-de-mutualistas-por-provincias_CA.jpg\" alt=\"\" class=\"wp-image-3925\" srcset=\"https:\/\/informe-anual-2022.mutualmedica.com\/wp-content\/uploads\/2023\/06\/Distribucion-de-mutualistas-por-provincias_CA.jpg 1024w, https:\/\/informe-anual-2022.mutualmedica.com\/wp-content\/uploads\/2023\/06\/Distribucion-de-mutualistas-por-provincias_CA-980x539.jpg 980w, https:\/\/informe-anual-2022.mutualmedica.com\/wp-content\/uploads\/2023\/06\/Distribucion-de-mutualistas-por-provincias_CA-480x264.jpg 480w\" sizes=\"(min-width: 0px) and (max-width: 480px) 480px, (min-width: 481px) and (max-width: 980px) 980px, (min-width: 981px) 1024px, 100vw\" \/><\/figure><\/div>\n\n\n\n\n\n<div class=\"wp-block-columns\">\n<div class=\"wp-block-column\" style=\"flex-basis:100%\">\n<div class=\"wp-block-columns\">\n<div class=\"wp-block-column\" style=\"flex-basis:100%\">\n<div class=\"wp-container-69f4dcc71caf0 wp-block-group\"><div class=\"wp-block-group__inner-container\">\n<div class=\"wp-block-columns\">\n<div class=\"wp-block-column\" style=\"flex-basis:100%\">\n<div class=\"wp-block-columns\">\n<div class=\"wp-block-column is-vertically-aligned-center\" style=\"flex-basis:100%\">\n<h3><strong>Distribuci\u00f3 de mutualistes per sexes<\/strong><\/h3>\n\n\n\n<p>La feminitzaci\u00f3 de la professi\u00f3 entre les noves generacions de metges ens porta al fet que per quart any consecutiu la proporci\u00f3 global de metgesses mutualistes (53%) sigui superior a la de metges (47%), en sis punts, un m\u00e9s que l&#8217;any anterior.<\/p>\n\n\n\n<figure class=\"wp-block-image size-full w40\"><img loading=\"lazy\" width=\"1024\" height=\"790\" src=\"https:\/\/informe-anual-2022.mutualmedica.com\/wp-content\/uploads\/2023\/06\/Capitulo-5-Grafico_02_CA.jpg\" alt=\"\" class=\"wp-image-3926\" srcset=\"https:\/\/informe-anual-2022.mutualmedica.com\/wp-content\/uploads\/2023\/06\/Capitulo-5-Grafico_02_CA.jpg 1024w, https:\/\/informe-anual-2022.mutualmedica.com\/wp-content\/uploads\/2023\/06\/Capitulo-5-Grafico_02_CA-980x756.jpg 980w, https:\/\/informe-anual-2022.mutualmedica.com\/wp-content\/uploads\/2023\/06\/Capitulo-5-Grafico_02_CA-480x370.jpg 480w\" sizes=\"(min-width: 0px) and (max-width: 480px) 480px, (min-width: 481px) and (max-width: 980px) 980px, (min-width: 981px) 1024px, 100vw\" \/><\/figure>\n<\/div>\n<\/div>\n<\/div>\n<\/div>\n<\/div><\/div>\n<\/div>\n<\/div>\n<\/div>\n<\/div>\n\n\n\n<h3><strong>Distribuci\u00f3 de mutualistes per edats<\/strong> <\/h3>\n\n\n\n<p>La franja d&#8217;edat que es mant\u00e9 amb el major percentatge de mutualistes \u00e9s la de fins als 35 anys, que representa un 30% dels mutualistes a tancament del 2022, cosa que significa un increment de tres punts en relaci\u00f3 amb l&#8217;any anterior. En segon lloc, tenim la franja de 35 a 44 anys, que representa el 23% del total de mutualistes. Les seg\u00fcents dues franges d&#8217;edat, 45-54 anys i 55-64 anys, estan repartides per igual, amb un 17%. Els m\u00e9s grans de 65 anys arriben a ser un 13% dels mutualistes actuals.<\/p>\n\n\n\n<figure class=\"wp-block-video w60 d\"><video autoplay muted src=\"https:\/\/informe-anual-2022.mutualmedica.com\/wp-content\/uploads\/2023\/05\/05-02_ES.mp4\" playsinline><\/video><\/figure>\n\n\n\n<div class=\"wp-block-image m\"><figure class=\"aligncenter size-large\"><img loading=\"lazy\" width=\"1024\" height=\"215\" src=\"https:\/\/informe-anual-2022.mutualmedica.com\/wp-content\/uploads\/2023\/05\/Distribucion-de-mutualistas-por-edades-1024x215.jpg\" alt=\"\" class=\"wp-image-2765\" srcset=\"https:\/\/informe-anual-2022.mutualmedica.com\/wp-content\/uploads\/2023\/05\/Distribucion-de-mutualistas-por-edades-980x206.jpg 980w, https:\/\/informe-anual-2022.mutualmedica.com\/wp-content\/uploads\/2023\/05\/Distribucion-de-mutualistas-por-edades-480x101.jpg 480w\" sizes=\"(min-width: 0px) and (max-width: 480px) 480px, (min-width: 481px) and (max-width: 980px) 980px, (min-width: 981px) 1024px, 100vw\" \/><\/figure><\/div>\n\n\n\n\n\n<p>L&#8217;edat mitjana dels mutualistes \u00e9s de 45,78 anys. Les dones mutualistes s\u00f3n bastant m\u00e9s joves: 42 anys de mitjana, mentre que la dels homes \u00e9s de 50 anys.<\/p>\n\n\n\n<figure class=\"wp-block-image size-full w50\"><img loading=\"lazy\" width=\"1024\" height=\"582\" src=\"https:\/\/informe-anual-2022.mutualmedica.com\/wp-content\/uploads\/2023\/06\/Capitulo-5-Grafico_04_CA.jpg\" alt=\"\" class=\"wp-image-3928\" srcset=\"https:\/\/informe-anual-2022.mutualmedica.com\/wp-content\/uploads\/2023\/06\/Capitulo-5-Grafico_04_CA.jpg 1024w, https:\/\/informe-anual-2022.mutualmedica.com\/wp-content\/uploads\/2023\/06\/Capitulo-5-Grafico_04_CA-980x557.jpg 980w, https:\/\/informe-anual-2022.mutualmedica.com\/wp-content\/uploads\/2023\/06\/Capitulo-5-Grafico_04_CA-480x273.jpg 480w\" sizes=\"(min-width: 0px) and (max-width: 480px) 480px, (min-width: 481px) and (max-width: 980px) 980px, (min-width: 981px) 1024px, 100vw\" \/><\/figure>\n\n\n\n\n\n<hr class=\"wp-block-separator has-text-color has-background has-white-background-color has-white-color ancla-je\" id=\"cobertures-de-previsio-social-mes-solicitades\"\/>\n\n\n\n<h2><strong>Cobertures de previsi\u00f3 social m\u00e9s sol\u00b7licitades<\/strong><\/h2>\n\n\n\n<h3><strong>Jubilaci\u00f3 complement\u00e0ria<\/strong><\/h3>\n\n\n\n\n\n<p>El 86,5% dels mutualistes, un total de 70.978 metges, disposaven, a tancament del 2022, una cobertura de jubilaci\u00f3 a Mutual M\u00e8dica. Aquesta xifra significa un increment de mutualistes d&#8217;un punt i mig percentual respecte a l&#8217;any anterior, la qual cosa constata que cada vegada s\u00f3n m\u00e9s els metges que planifiquen un complement a la pensi\u00f3 p\u00fablica per al futur. No obstant aix\u00f2, encara no dediquen l&#8217;estalvi suficient recomanat per la mutualitat dels metges perqu\u00e8 el seu nivell d&#8217;ingressos no es vegi redu\u00eft considerablement en el moment de la seva jubilaci\u00f3.<\/p>\n\n\n\n<div class=\"wp-block-columns\">\n<div class=\"wp-block-column\">\n<p>Per tercer any consecutiu, el nombre de dones mutualistes que planifiquen la seva jubilaci\u00f3 amb l&#8217;entitat (53%) \u00e9s superior al d&#8217;homes (47%), amb un punt percentual m\u00e9s que el 2021.<\/p>\n\n\n\n<p>A m\u00e9s, al gr\u00e0fic d&#8217;edats de contractaci\u00f3 d&#8217;una asseguran\u00e7a de jubilaci\u00f3 per sexe, s&#8217;evidencia que les dones s\u00f3n m\u00e9s previsores de cara a la seva futura jubilaci\u00f3 a edats m\u00e9s joves. Aquesta dada es deu tamb\u00e9 al fet que el nombre de dones mutualistes \u00e9s molt superior al d&#8217;homes en edats m\u00e9s joves, seguint la tend\u00e8ncia de la feminitzaci\u00f3 de la professi\u00f3 m\u00e8dica.<\/p>\n\n\n\n<p>Aquest gr\u00e0fic constata que l&#8217;objectiu de conscienciar els m\u00e9s joves sobre el fet que com m\u00e9s aviat comencin a estalviar per preparar el seu futur menys esfor\u00e7 econ\u00f2mic hauran de realitzar per obtenir un capital m\u00e9s elevat en el moment de la jubilaci\u00f3, est\u00e0 fent efecte, i la feina de la mutualitat est\u00e0 donant els seus fruits en benefici de tots els metges.<\/p>\n<\/div>\n\n\n\n<div class=\"wp-block-column\">\n<div class=\"wp-block-image w80\"><figure class=\"aligncenter size-full\"><img loading=\"lazy\" width=\"1024\" height=\"768\" src=\"https:\/\/informe-anual-2022.mutualmedica.com\/wp-content\/uploads\/2023\/06\/Capitulo-5-Grafico_05_CA.jpg\" alt=\"\" class=\"wp-image-3929\" srcset=\"https:\/\/informe-anual-2022.mutualmedica.com\/wp-content\/uploads\/2023\/06\/Capitulo-5-Grafico_05_CA.jpg 1024w, https:\/\/informe-anual-2022.mutualmedica.com\/wp-content\/uploads\/2023\/06\/Capitulo-5-Grafico_05_CA-980x735.jpg 980w, https:\/\/informe-anual-2022.mutualmedica.com\/wp-content\/uploads\/2023\/06\/Capitulo-5-Grafico_05_CA-480x360.jpg 480w\" sizes=\"(min-width: 0px) and (max-width: 480px) 480px, (min-width: 481px) and (max-width: 980px) 980px, (min-width: 981px) 1024px, 100vw\" \/><\/figure><\/div>\n<\/div>\n<\/div>\n\n\n\n<figure class=\"wp-block-video w75 d\"><video autoplay muted src=\"https:\/\/informe-anual-2022.mutualmedica.com\/wp-content\/uploads\/2023\/06\/05-03_CA.mp4\" playsinline><\/video><\/figure>\n\n\n\n<div class=\"wp-block-image m\"><figure class=\"aligncenter size-full\"><img loading=\"lazy\" width=\"1024\" height=\"527\" src=\"https:\/\/informe-anual-2022.mutualmedica.com\/wp-content\/uploads\/2023\/06\/Numero-de-mutualistas-con-seguros-de-jubilacion-por-edades_ca.jpg\" alt=\"\" class=\"wp-image-3931\" srcset=\"https:\/\/informe-anual-2022.mutualmedica.com\/wp-content\/uploads\/2023\/06\/Numero-de-mutualistas-con-seguros-de-jubilacion-por-edades_ca.jpg 1024w, https:\/\/informe-anual-2022.mutualmedica.com\/wp-content\/uploads\/2023\/06\/Numero-de-mutualistas-con-seguros-de-jubilacion-por-edades_ca-980x504.jpg 980w, https:\/\/informe-anual-2022.mutualmedica.com\/wp-content\/uploads\/2023\/06\/Numero-de-mutualistas-con-seguros-de-jubilacion-por-edades_ca-480x247.jpg 480w\" sizes=\"(min-width: 0px) and (max-width: 480px) 480px, (min-width: 481px) and (max-width: 980px) 980px, (min-width: 981px) 1024px, 100vw\" \/><\/figure><\/div>\n\n\n\n<h3><strong>Mutualista Jove<\/strong><\/h3>\n\n\n\n\n\n<p>El metge jove \u00e9s una de les prioritats de Mutual M\u00e8dica. L&#8217;entitat ofereix el m\u00e0xim suport als metges durant els primers anys d&#8217;exercici de la professi\u00f3 i fins i tot abans de convertir-se en metges, durant el seu per\u00edode d&#8217;estudiants de Medicina. Pel que fa a cobertures asseguradores, l&#8217;entitat disposa de l&#8217;Asseguran\u00e7a Mutualista Jove, especialment pensada per oferir solucions a les necessitats dels metges de fins a 35 anys. Est\u00e0 adaptada a la seva butxaca, amb quotes molt econ\u00f2miques, assequibles durant els primers anys de traject\u00f2ria professional. A m\u00e9s, \u00e9s gratu\u00efta durant el primer any de contractaci\u00f3.<\/p>\n\n\n\n<figure class=\"wp-block-image size-full w50\"><img loading=\"lazy\" width=\"980\" height=\"875\" src=\"https:\/\/informe-anual-2022.mutualmedica.com\/wp-content\/uploads\/2023\/06\/Imatge-MJ-cat-980x875-1.jpg\" alt=\"\" class=\"wp-image-3993\" srcset=\"https:\/\/informe-anual-2022.mutualmedica.com\/wp-content\/uploads\/2023\/06\/Imatge-MJ-cat-980x875-1.jpg 980w, https:\/\/informe-anual-2022.mutualmedica.com\/wp-content\/uploads\/2023\/06\/Imatge-MJ-cat-980x875-1-480x429.jpg 480w\" sizes=\"(min-width: 0px) and (max-width: 480px) 480px, (min-width: 481px) 980px, 100vw\" \/><\/figure>\n\n\n\n\n\n<div style=\"height:50px\" aria-hidden=\"true\" class=\"wp-block-spacer\"><\/div>\n\n\n\n<p>L&#8217;Asseguran\u00e7a Mutualista Jove inclou:<\/p>\n\n\n\n<ul><li><a rel=\"noreferrer noopener\" href=\"https:\/\/www.mutualmedica.com\/es\/seguro-de-guardias-medicas-mir\" target=\"_blank\">Asseguran\u00e7a de Gu\u00e0rdies M\u00e8diques<\/a><\/li><li><a rel=\"noreferrer noopener\" href=\"https:\/\/www.mutualmedica.com\/es\/seguro-mutualista-joven\" target=\"_blank\">Asseguran\u00e7a de Jubilaci\u00f3<\/a><\/li><li><a rel=\"noreferrer noopener\" href=\"https:\/\/www.mutualmedica.com\/es\/asistencia-en-viajes\" target=\"_blank\">Assist\u00e8ncia en Viatge<\/a><\/li><\/ul>\n\n\n\n<p>A tancament de l&#8217;exercici 2022, Mutual M\u00e8dica comptava amb 5.833 mutualistes joves, la qual cosa representa un 7,10% sobre el total de mutualistes.<\/p>\n\n\n\n<p>Aix\u00ed mateix, observem que el percentatge de dones mutualistes joves (67%) \u00e9s molt superior al d&#8217;homes mutualistes joves (33%), la qual cosa no es correspon encara amb el total de mutualistes, encara que \u00e9s la tend\u00e8ncia de futur.<\/p>\n\n\n\n<figure class=\"wp-block-image size-full w50\"><img loading=\"lazy\" width=\"1024\" height=\"728\" src=\"https:\/\/informe-anual-2022.mutualmedica.com\/wp-content\/uploads\/2023\/06\/Capitulo-5-Grafico_07_CA.jpg\" alt=\"\" class=\"wp-image-3932\" srcset=\"https:\/\/informe-anual-2022.mutualmedica.com\/wp-content\/uploads\/2023\/06\/Capitulo-5-Grafico_07_CA.jpg 1024w, https:\/\/informe-anual-2022.mutualmedica.com\/wp-content\/uploads\/2023\/06\/Capitulo-5-Grafico_07_CA-980x697.jpg 980w, https:\/\/informe-anual-2022.mutualmedica.com\/wp-content\/uploads\/2023\/06\/Capitulo-5-Grafico_07_CA-480x341.jpg 480w\" sizes=\"(min-width: 0px) and (max-width: 480px) 480px, (min-width: 481px) and (max-width: 980px) 980px, (min-width: 981px) 1024px, 100vw\" \/><figcaption>Distribuci\u00f3 de mutualistes joves per sexe<\/figcaption><\/figure>\n\n\n\n<h3><strong>Alternativa a aut\u00f2noms<\/strong><\/h3>\n\n\n\n\n\n<p>Mutual M\u00e8dica \u00e9s l&#8217;\u00fanica mutualitat de previsi\u00f3 social alternativa al R\u00e8gim Especial de Treballadors Aut\u00f2noms (RETA) per als metges que exerceixen la seva professi\u00f3 per compte propi, des del 1995. Aquesta alternativa a aut\u00f2noms es va consolidar definitivament el 24 de juliol de 2007, quan la normativa va fer extensiva aquesta alternativa a tots els metges d&#8217;Espanya, ja que fins al moment nom\u00e9s abastava Catalunya, Balears i Cant\u00e0bria.<\/p>\n\n\n\n<div class=\"wp-block-image w90\"><figure class=\"aligncenter size-full\"><img loading=\"lazy\" width=\"1024\" height=\"496\" src=\"https:\/\/informe-anual-2022.mutualmedica.com\/wp-content\/uploads\/2023\/06\/image-3-1024x496-1.png\" alt=\"\" class=\"wp-image-3994\" srcset=\"https:\/\/informe-anual-2022.mutualmedica.com\/wp-content\/uploads\/2023\/06\/image-3-1024x496-1.png 1024w, https:\/\/informe-anual-2022.mutualmedica.com\/wp-content\/uploads\/2023\/06\/image-3-1024x496-1-980x475.png 980w, https:\/\/informe-anual-2022.mutualmedica.com\/wp-content\/uploads\/2023\/06\/image-3-1024x496-1-480x233.png 480w\" sizes=\"(min-width: 0px) and (max-width: 480px) 480px, (min-width: 481px) and (max-width: 980px) 980px, (min-width: 981px) 1024px, 100vw\" \/><\/figure><\/div>\n\n\n\n<p>L&#8217;Asseguran\u00e7a del Metge d&#8217;Exercici Lliure (MEL) \u00e9s un conjunt de cobertures dissenyades en exclusiva i a mida per cobrir les necessitats dels metges que exerceixen a la privada per compte propi:<\/p>\n\n\n\n<ul><li><a rel=\"noreferrer noopener\" href=\"https:\/\/www.mutualmedica.com\/es\/seguro-mel\" target=\"_blank\">Incapacitat Laboral (30 Primers Dies + invalidesa)<\/a><\/li><li><a rel=\"noreferrer noopener\" href=\"https:\/\/www.mutualmedica.com\/es\/seguro-mel\" target=\"_blank\">Depend\u00e8ncia<\/a><\/li><li><a rel=\"noreferrer noopener\" href=\"https:\/\/www.mutualmedica.com\/es\/seguro-mel\" target=\"_blank\">Vida Estalvi<\/a><\/li><li><a rel=\"noreferrer noopener\" href=\"https:\/\/www.mutualmedica.com\/es\/seguro-mel\" target=\"_blank\">Pla d&#8217;Estalvi i Jubilaci\u00f3<\/a><\/li><\/ul>\n\n\n\n<p>El nombre de mutualistes amb l&#8217;Asseguran\u00e7a MEL a 31 de desembre de 2022 era de 28.523, la qual cosa representa un 34,76% del total de mutualistes.<\/p>\n\n\n\n<figure class=\"wp-block-video w80 d\"><video autoplay muted src=\"https:\/\/informe-anual-2022.mutualmedica.com\/wp-content\/uploads\/2023\/06\/05-04_CA.mp4\" playsinline><\/video><\/figure>\n\n\n\n<div class=\"wp-block-image m\"><figure class=\"aligncenter size-full\"><img loading=\"lazy\" width=\"1024\" height=\"538\" src=\"https:\/\/informe-anual-2022.mutualmedica.com\/wp-content\/uploads\/2023\/06\/Mutualistas-con-Seguro-MEL-Distribucion-por-provincias_Ca.jpg\" alt=\"\" class=\"wp-image-3934\" srcset=\"https:\/\/informe-anual-2022.mutualmedica.com\/wp-content\/uploads\/2023\/06\/Mutualistas-con-Seguro-MEL-Distribucion-por-provincias_Ca.jpg 1024w, https:\/\/informe-anual-2022.mutualmedica.com\/wp-content\/uploads\/2023\/06\/Mutualistas-con-Seguro-MEL-Distribucion-por-provincias_Ca-980x515.jpg 980w, https:\/\/informe-anual-2022.mutualmedica.com\/wp-content\/uploads\/2023\/06\/Mutualistas-con-Seguro-MEL-Distribucion-por-provincias_Ca-480x252.jpg 480w\" sizes=\"(min-width: 0px) and (max-width: 480px) 480px, (min-width: 481px) and (max-width: 980px) 980px, (min-width: 981px) 1024px, 100vw\" \/><\/figure><\/div>\n\n\n\n\n\n<hr class=\"wp-block-separator has-text-color has-background has-white-background-color has-white-color ancla-je\" id=\"novetats-asseguradores\"\/>\n\n\n\n<h2>N<strong>ovetats asseguradores<\/strong><\/h2>\n\n\n\n<p>Durant l&#8217;any 2022 hem pogut constatar els avantatges que ens aporta el nou CRM implementat el 2021 i que continua evolucionant i millorant funcionalitats. Els avantatges que ofereix a nivell de campanyes s\u00f3n les seg\u00fcents:<\/p>\n\n\n\n<ul><li>Permet obtenir m\u00e8triques de resultats, informaci\u00f3 molt rellevant als enviaments d&#8217;<em>email marketing<\/em> de les campanyes.<\/li><li>Ajuda a optimitzar les comunicacions, ja que troba les hores i els dies m\u00e9s adequats per al mutualista i de m\u00e9s impacte.<\/li><li>Contribueix a la millora dels resultats previstos, tot augmentant la satisfacci\u00f3 del mutualista.<\/li><li>Fomenta el comprom\u00eds o <em>engagement<\/em> entre el mutualista i la mutualitat.<\/li><li>Ens permet maximitzar els resultats de l&#8217;equip comercial a les campanyes d&#8217;assegurances, per con\u00e8ixer quins mutualistes han mostrat m\u00e9s inter\u00e8s en la informaci\u00f3.<\/li><\/ul>\n\n\n\n<p>Les campanyes dutes a terme durant el 2022 van ser les seg\u00fcents:<\/p>\n\n\n\n<h3><strong>Campanya Asseguran\u00e7a Mutualista Jove<\/strong><\/h3>\n\n\n\n<p>El 2022, s&#8217;ha aconseguit incrementar el nombre d&#8217;altes de l&#8217;Asseguran\u00e7a Mutualista Jove, adre\u00e7ada a nous col\u00b7legiats metges, i potenciar aix\u00ed la contractaci\u00f3 a trav\u00e9s de la p\u00e0gina web de Mutual M\u00e8dica. S&#8217;han dissenyat accions de m\u00e0rqueting digital espec\u00edfiques per fomentar la contractaci\u00f3 en l\u00ednia, a m\u00e9s d&#8217;accions a les delegacions de l&#8217;entitat, amb l&#8217;objectiu d&#8217;agilitzar els tr\u00e0mits d&#8217;alta d&#8217;aquesta asseguran\u00e7a, per fer costat a l&#8217;equip comercial de Mutual M\u00e8dica.<\/p>\n\n\n\n<p>A m\u00e9s, com a incentiu, tots els professionals m\u00e8dics que van contractar l&#8217;Asseguran\u00e7a Mutualista Jove a trav\u00e9s del formulari en l\u00ednia entre l&#8217;1 d&#8217;abril i el 15 de juliol de 2022 optaven a guanyar per sorteig un bitllet de transport en el territori nacional.<\/p>\n\n\n\n<p>Els resultats van ser molt positius, ja que van superar amb m\u00e9s del 34% les altes de mutualistes joves respecte a l&#8217;any anterior.<\/p>\n\n\n\n<h3><strong>Llan\u00e7ament de la primera edici\u00f3 de Mutuarts<\/strong><\/h3>\n\n\n\n<p>Com a novetat de l&#8217;any 2022, des de Mutual M\u00e8dica es va llan\u00e7ar una acci\u00f3 de gamificaci\u00f3 adre\u00e7ada als metges m\u00e9s joves, amb edats compreses entre 25 i 35 anys.<\/p>\n\n\n\n<p>L&#8217;objectiu de la campanya era fidelitzar el metge jove en un context l\u00fadic i utilitzant una refer\u00e8ncia cultural de la seva generaci\u00f3.<\/p>\n\n\n\n<p>Per aconseguir-ho, es va emmarcar tot el joc amb refer\u00e8ncies verbals i visuals relacionades amb el m\u00f3n m\u00e0gic de Harry Potter, i es va crear un joc digital i en l\u00ednia denominat \u201cCol\u00b7legi de Medicina Mutuarts\u201d.<\/p>\n\n\n\n<p>El joc es va dur a terme en una plataforma que va estar activa durant tres mesos, des de l&#8217;abril fins al juny. Es va treballar amb un fil argumental que simulava un curs de medicina i cada mes es va activar un joc per imitar una assignatura del curs. El guanyador de cada mes va rebre una subscripci\u00f3 de sis mesos a la plataforma Netflix. Al final del curs, es va celebrar un sorteig per als participants mutualistes, en el qual van optar per un dels tres premis: un viatge a Londres per visitar els estudis de la Warner Bros, on es troben els escenaris de la pel\u00b7l\u00edcula; un fonendo Litmann personalitzat, i una col\u00b7lecci\u00f3 especial dels llibres de Harry Potter.<\/p>\n\n\n\n<p>El resultat d&#8217;aquesta acci\u00f3 va ser un gran \u00e8xit, que va superar amb escreix les expectatives establertes, amb m\u00e9s de 1.300 inscripcions.<\/p>\n\n\n\n<h3><strong>Asseguran\u00e7a de Jubilaci\u00f3 Estalvi Fiscal 105<\/strong><\/h3>\n\n\n\n<p>Com \u00e9s habitual, en l&#8217;\u00faltim trimestre de l&#8217;any s&#8217;ha potenciat la contractaci\u00f3 de l&#8217;Asseguran\u00e7a de Jubilaci\u00f3 Estalvi Fiscal 105 mitjan\u00e7ant una campanya de m\u00e0rqueting i l&#8217;acci\u00f3 dels delegats comercials.<\/p>\n\n\n\n<p>Enguany a la campanya s&#8217;han distingit els seg\u00fcents perfils:<\/p>\n\n\n\n<ul><li>Els metges que habitualment fan alguna aportaci\u00f3 a aquesta asseguran\u00e7a d&#8217;estalvi.<\/li><li>Els metges que no han fet aportacions anteriorment.<\/li><\/ul>\n\n\n\n<p>Al missatge principal de la campanya, s&#8217;ha transm\u00e8s un doble benefici per al mutualista: d&#8217;una banda, el benefici a llarg termini, pensant a preparar el futur amb els recursos necessaris per fer front a la jubilaci\u00f3 i, d&#8217;altra banda, la rendibilitat fiscal que ofereix aquesta asseguran\u00e7a, pensant a obtenir beneficis a curt termini.<\/p>\n\n\n\n<p>L&#8217;Asseguran\u00e7a de Jubilaci\u00f3 Estalvi Fiscal 105 nom\u00e9s admet aportacions \u00faniques fetes abans d&#8217;acabar l&#8217;any i \u00e9s 100% desgravable, amb la garantia de solv\u00e8ncia de Mutual M\u00e8dica i un tipus d&#8217;inter\u00e8s garantit molt competitiu, del 2,60% en aquest 2022. Les aportacions no s\u00f3n rescatables, excepte per les conting\u00e8ncies previstes a la llei de plans de pensions.<\/p>\n\n\n\n<h3><strong>Asseguran\u00e7a d&#8217;Estalvi Inversi\u00f3 2022<\/strong><\/h3>\n\n\n\n<p>Mutual M\u00e8dica ha dissenyat, un any m\u00e9s, una asseguran\u00e7a per maximitzar els estalvis dels mutualistes que ofereix una rendibilitat garantida i bonifica la perman\u00e8ncia amb un inter\u00e8s superior.<\/p>\n\n\n\n<p>L&#8217;Asseguran\u00e7a d&#8217;Estalvi Inversi\u00f3 2022 garanteix:<\/p>\n\n\n\n<ul><li>Un 2,40% d&#8217;inter\u00e8s t\u00e8cnic brut anual garantit quan finalitzi el contracte.<\/li><li>Una vegada transcorregut l&#8217;any des de l&#8217;inici de la cobertura, el mutualista pot exercir el dret a rescat i disposar del capital consolidat amb la garantia d&#8217;un 1% d&#8217;inter\u00e8s brut anual.<\/li><\/ul>\n\n\n\n<p>Com \u00e9s una asseguran\u00e7a d&#8217;estalvi, en el moment de cobrar, nom\u00e9s tributaran els beneficis obtinguts i ho faran com a rendiments del capital mobiliari; l&#8217;aportaci\u00f3 realitzada quedar\u00e0 exempta de tributaci\u00f3.<\/p>\n\n\n\n<h3><strong>Campanya informativa sobre l&#8217;alternativa al RETA<\/strong><\/h3>\n\n\n\n<p>Durant el 2022 es va treballar amb una acci\u00f3 per donar a con\u00e8ixer a tots els mutualistes que tenien contractada l&#8217;Asseguran\u00e7a del Metge d&#8217;Exercici Lliure (MEL) les prestacions que inclou aquesta asseguran\u00e7a.<\/p>\n\n\n\n<p>En aquest sentit, es va dur a terme una acci\u00f3 d&#8217;<em>email marketing<\/em> amb l&#8217;estrat\u00e8gia d&#8217;informar de quines s\u00f3n les conting\u00e8ncies que estan cobertes per tenir contractada l&#8217;Asseguran\u00e7a MEL, l&#8217;alternativa al RETA.<\/p>\n\n\n\n<p>Es va informar de la prestaci\u00f3 que est\u00e0 coberta per causar una Incapacitat Laboral; es va informar que part de la quota abonada per l&#8217;Asseguran\u00e7a MEL \u00e9s directa al capital d&#8217;estalvi per jubilaci\u00f3, i que tenir contractada l&#8217;Asseguran\u00e7a MEL ofereix una garantia amb la prestaci\u00f3 de depend\u00e8ncia que, a m\u00e9s, inclou els serveis de PensiumTeGu\u00eda per al mutualista i els familiars de fins a 3r grau.<\/p>\n\n\n\n<h3><strong>Campanya de llan\u00e7ament de la nova \u00c0rea del Mutualista<\/strong><\/h3>\n\n\n\n<p>El desembre del 2022 es va llan\u00e7ar la nova \u00c0rea del Mutualista, una iniciativa emmarcada dins del proc\u00e9s de transformaci\u00f3 digital que est\u00e0 duent a terme l&#8217;entitat.<\/p>\n\n\n\n<p>La nova \u00e0rea projecta un nou disseny m\u00e9s visual, amb pantalles renovades perqu\u00e8 sigui molt m\u00e9s f\u00e0cil navegar i adaptable a qualsevol dispositiu, sigui m\u00f2bil, tauleta o ordinador.<\/p>\n\n\n\n<p>A m\u00e9s, es van efectuar nous protocols de seguretat per enfortir la seguretat implementada anteriorment.<br>Ha estat una fita important que els mutualistes demanaven i ha fet tangible la transformaci\u00f3 de l&#8217;entitat.<\/p>\n\n\n\n<div style=\"height:50px\" aria-hidden=\"true\" class=\"wp-block-spacer\"><\/div>\n\n\n\n<hr class=\"wp-block-separator has-text-color has-background has-white-background-color has-white-color ancla-je\" id=\"les-nostres-assegurances-solucions-a-les-necessitats-asseguradores-dels-metges\"\/>\n\n\n\n<h2><strong>Les nostres assegurances: solucions a les necessitats asseguradores dels metges<\/strong><\/h2>\n\n\n\n<p>Mutual M\u00e8dica \u00e9s especialista a oferir assegurances pensades nom\u00e9s per als metges.<\/p>\n\n\n\n<h3><strong>ASSEGURANCES<\/strong><\/h3>\n\n\n\n<h3><a href=\"https:\/\/www.mutualmedica.com\/es\/seguro-mel\">Asseguran\u00e7a del Metge d&#8217;Exercici Lliure (MEL)<\/a><\/h3>\n\n\n\n<div class=\"wp-block-columns\">\n<div class=\"wp-block-column\">\n<figure class=\"wp-block-image size-full\"><img loading=\"lazy\" width=\"1000\" height=\"388\" src=\"https:\/\/informe-anual-2022.mutualmedica.com\/wp-content\/uploads\/2023\/05\/Seguro_MEL-1.jpg\" alt=\"\" class=\"wp-image-2872\" srcset=\"https:\/\/informe-anual-2022.mutualmedica.com\/wp-content\/uploads\/2023\/05\/Seguro_MEL-1.jpg 1000w, https:\/\/informe-anual-2022.mutualmedica.com\/wp-content\/uploads\/2023\/05\/Seguro_MEL-1-980x380.jpg 980w, https:\/\/informe-anual-2022.mutualmedica.com\/wp-content\/uploads\/2023\/05\/Seguro_MEL-1-480x186.jpg 480w\" sizes=\"(min-width: 0px) and (max-width: 480px) 480px, (min-width: 481px) and (max-width: 980px) 980px, (min-width: 981px) 1000px, 100vw\" \/><\/figure>\n\n\n\n<p>Mutual M\u00e8dica \u00e9s l&#8217;\u00fanica alternativa al RETA dels metges. Amb aquesta asseguran\u00e7a, el metge t\u00e9 la protecci\u00f3 que necessita per comen\u00e7ar a treballar per compte propi, ja que est\u00e0 format per un conjunt de cobertures que actuen com a alternativa a aut\u00f2noms.<\/p>\n\n\n\n<div class=\"wp-container-69f4dcc71dc08 wp-block-buttons\">\n<div class=\"wp-block-button aligncenter\"><a class=\"wp-block-button__link\" href=\"https:\/\/www.mutualmedica.com\/es\/seguro-mel\">M\u00e9s informaci\u00f3<\/a><\/div>\n<\/div>\n<\/div>\n\n\n\n<div class=\"wp-block-column\">\n<p><\/p>\n\n\n\n<p><\/p>\n<\/div>\n<\/div>\n\n\n\n<div class=\"wp-block-columns\">\n<div class=\"wp-block-column\">\n<h3><a rel=\"noreferrer noopener\" href=\"https:\/\/www.mutualmedica.com\/es\/seguro-mel\" target=\"_blank\"><\/a><a rel=\"noreferrer noopener\" href=\"https:\/\/www.mutualmedica.com\/es\/seguro-de-incapacidad-laboral-temporal\" target=\"_blank\"><\/a><a rel=\"noreferrer noopener\" href=\"https:\/\/www.mutualmedica.com\/es\/seguro-de-incapacidad-laboral-permanente\" target=\"_blank\"><\/a><a rel=\"noreferrer noopener\" href=\"https:\/\/www.mutualmedica.com\/es\/seguro-de-orfandad1\" target=\"_blank\"><\/a><a rel=\"noreferrer noopener\" href=\"https:\/\/www.mutualmedica.com\/es\/seguro-multi-vida\" target=\"_blank\"><\/a><a rel=\"noreferrer noopener\" href=\"https:\/\/www.mutualmedica.com\/es\/seguro-de-jubilacion-mutual\" target=\"_blank\"><\/a><a rel=\"noreferrer noopener\" href=\"https:\/\/www.mutualmedica.com\/es\/seguro-de-ahorro-garantizado\" target=\"_blank\"><\/a><a rel=\"noreferrer noopener\" href=\"https:\/\/www.mutualmedica.com\/es\/seguro-mutualista-joven\" target=\"_blank\">Asseguran\u00e7a Mutualista Jove<\/a><\/h3>\n\n\n\n<figure class=\"wp-block-image size-full\"><img loading=\"lazy\" width=\"1000\" height=\"388\" src=\"https:\/\/informe-anual-2022.mutualmedica.com\/wp-content\/uploads\/2023\/06\/Seguro_MJ_1.jpg\" alt=\"\" class=\"wp-image-3453\" srcset=\"https:\/\/informe-anual-2022.mutualmedica.com\/wp-content\/uploads\/2023\/06\/Seguro_MJ_1.jpg 1000w, https:\/\/informe-anual-2022.mutualmedica.com\/wp-content\/uploads\/2023\/06\/Seguro_MJ_1-980x380.jpg 980w, https:\/\/informe-anual-2022.mutualmedica.com\/wp-content\/uploads\/2023\/06\/Seguro_MJ_1-480x186.jpg 480w\" sizes=\"(min-width: 0px) and (max-width: 480px) 480px, (min-width: 481px) and (max-width: 980px) 980px, (min-width: 981px) 1000px, 100vw\" \/><\/figure>\n\n\n\n<p>Una asseguran\u00e7a pensada per a metges com tu, a l&#8217;inici de la teva carrera professional. Prova sense cost la protecci\u00f3 m\u00e9s ajustada a les teves necessitats \u2014de franc el primer any de contractaci\u00f3\u2014. L&#8217;Asseguran\u00e7a Mutualista Jove compta amb totes les cobertures que necessites des del primer dia que comences a exercir.<\/p>\n\n\n\n<p><\/p>\n\n\n\n<div class=\"wp-container-69f4dcc71df44 wp-block-buttons\">\n<div class=\"wp-block-button aligncenter\"><a class=\"wp-block-button__link\" href=\"https:\/\/www.mutualmedica.com\/es\/seguro-mutualista-joven\" target=\"_blank\" rel=\"noreferrer noopener\">M\u00e9s informaci\u00f3<\/a><\/div>\n<\/div>\n<\/div>\n\n\n\n<div class=\"wp-block-column\">\n<p><\/p>\n\n\n\n<div class=\"wp-container-69f4dcc71e1db wp-block-buttons\"><\/div>\n<\/div>\n<\/div>\n\n\n\n<h3><strong><a rel=\"noreferrer noopener\" href=\"https:\/\/www.mutualmedica.com\/seguros\/seguros-particulares\" target=\"_blank\">Assegurances particulars<\/a><\/strong><\/h3>\n\n\n\n<p>Assegura l&#8217;estabilitat econ\u00f2mica de la teva fam\u00edlia per si algun dia faltes o et trobes en una situaci\u00f3 d&#8217;incapacitat o invalidesa.<\/p>\n\n\n\n<h4><strong><u><a rel=\"noreferrer noopener\" href=\"https:\/\/www.mutualmedica.com\/seguros\/seguros-particulares\/seguros-de-vida\" target=\"_blank\">Assegurances de Vida<\/a><\/u><\/strong><\/h4>\n\n\n\n<div class=\"wp-container-69f4dcc71ea91 wp-block-group d\"><div class=\"wp-block-group__inner-container\">\n<div class=\"wp-block-columns\">\n<div class=\"wp-block-column\">\n<h4><a rel=\"noreferrer noopener\" href=\"https:\/\/www.mutualmedica.com\/es\/seguro-mel\" target=\"_blank\"><\/a><a rel=\"noreferrer noopener\" href=\"https:\/\/www.mutualmedica.com\/es\/seguro-de-incapacidad-laboral-temporal\" target=\"_blank\"><\/a><a rel=\"noreferrer noopener\" href=\"https:\/\/www.mutualmedica.com\/es\/seguro-de-incapacidad-laboral-permanente\" target=\"_blank\"><\/a><a rel=\"noreferrer noopener\" href=\"https:\/\/www.mutualmedica.com\/es\/seguro-de-orfandad1\" target=\"_blank\"><\/a><a rel=\"noreferrer noopener\" href=\"https:\/\/www.mutualmedica.com\/es\/seguro-multi-vida\" target=\"_blank\">Asseguran\u00e7a Multi-Vida<\/a><\/h4>\n\n\n\n<figure class=\"wp-block-image size-full\"><img loading=\"lazy\" width=\"1000\" height=\"388\" src=\"https:\/\/informe-anual-2022.mutualmedica.com\/wp-content\/uploads\/2023\/05\/03.1.1-seguros_particulares_seguros_vida_multi_vida_mutual_medica-1.jpg\" alt=\"\" class=\"wp-image-2874\" srcset=\"https:\/\/informe-anual-2022.mutualmedica.com\/wp-content\/uploads\/2023\/05\/03.1.1-seguros_particulares_seguros_vida_multi_vida_mutual_medica-1.jpg 1000w, https:\/\/informe-anual-2022.mutualmedica.com\/wp-content\/uploads\/2023\/05\/03.1.1-seguros_particulares_seguros_vida_multi_vida_mutual_medica-1-980x380.jpg 980w, https:\/\/informe-anual-2022.mutualmedica.com\/wp-content\/uploads\/2023\/05\/03.1.1-seguros_particulares_seguros_vida_multi_vida_mutual_medica-1-480x186.jpg 480w\" sizes=\"(min-width: 0px) and (max-width: 480px) 480px, (min-width: 481px) and (max-width: 980px) 980px, (min-width: 981px) 1000px, 100vw\" \/><\/figure>\n\n\n\n<p>Viu amb la tranquil\u00b7litat de tenir assegurada la teva estabilitat econ\u00f2mica i la de la teva fam\u00edlia en cas de defunci\u00f3, situaci\u00f3 d&#8217;Invalidesa Permanent Absoluta o Incapacitat Professional Permanent. Multi-Vida \u00e9s una asseguran\u00e7a que garanteix un capital en tots aquests casos.<\/p>\n<\/div>\n\n\n\n<div class=\"wp-block-column\">\n<h4><a rel=\"noreferrer noopener\" href=\"https:\/\/www.mutualmedica.com\/es\/seguro-de-dependencia\" target=\"_blank\"><\/a><a rel=\"noreferrer noopener\" href=\"https:\/\/www.mutualmedica.com\/es\/seguro-de-guardias-medicas\" target=\"_blank\"><\/a><a rel=\"noreferrer noopener\" href=\"https:\/\/www.mutualmedica.com\/es\/seguro-de-estudios-garantizados\" target=\"_blank\"><\/a><a rel=\"noreferrer noopener\" href=\"https:\/\/www.mutualmedica.com\/es\/seguro-vida-ahorro\" target=\"_blank\">Asseguran\u00e7a Vida-Estalvi<\/a><\/h4>\n\n\n\n<figure class=\"wp-block-image size-full\"><img loading=\"lazy\" width=\"1000\" height=\"388\" src=\"https:\/\/informe-anual-2022.mutualmedica.com\/wp-content\/uploads\/2023\/05\/03.1.2-seguros_particulares_seguros_vida_vida_ahorro_mutual_medica.jpg\" alt=\"\" class=\"wp-image-2875\" srcset=\"https:\/\/informe-anual-2022.mutualmedica.com\/wp-content\/uploads\/2023\/05\/03.1.2-seguros_particulares_seguros_vida_vida_ahorro_mutual_medica.jpg 1000w, https:\/\/informe-anual-2022.mutualmedica.com\/wp-content\/uploads\/2023\/05\/03.1.2-seguros_particulares_seguros_vida_vida_ahorro_mutual_medica-980x380.jpg 980w, https:\/\/informe-anual-2022.mutualmedica.com\/wp-content\/uploads\/2023\/05\/03.1.2-seguros_particulares_seguros_vida_vida_ahorro_mutual_medica-480x186.jpg 480w\" sizes=\"(min-width: 0px) and (max-width: 480px) 480px, (min-width: 481px) and (max-width: 980px) 980px, (min-width: 981px) 1000px, 100vw\" \/><\/figure>\n\n\n\n<p>Deixa tot lligat perqu\u00e8 la teva fam\u00edlia pugui disposar dels recursos econ\u00f2mics que garanteix l&#8217;asseguran\u00e7a Vida-Estalvi en cas que algun dia no hi siguis, a trav\u00e9s d&#8217;un capital i oferint-te, a m\u00e9s, una participaci\u00f3 en beneficis que incrementa aquest capital garantit.<\/p>\n<\/div>\n<\/div>\n\n\n\n<div class=\"wp-block-columns\">\n<div class=\"wp-block-column\">\n<div class=\"wp-container-69f4dcc71e587 wp-block-buttons\">\n<div class=\"wp-block-button aligncenter\"><a class=\"wp-block-button__link\" href=\"https:\/\/www.mutualmedica.com\/es\/seguro-multi-vida\" target=\"_blank\" rel=\"noreferrer noopener\">M\u00e9s informaci\u00f3<\/a><\/div>\n<\/div>\n<\/div>\n\n\n\n<div class=\"wp-block-column\">\n<div class=\"wp-container-69f4dcc71e829 wp-block-buttons\">\n<div class=\"wp-block-button aligncenter\"><a class=\"wp-block-button__link\" href=\"https:\/\/www.mutualmedica.com\/es\/seguro-vida-ahorro\" target=\"_blank\" rel=\"noreferrer noopener\">M\u00e9s informaci\u00f3<\/a><\/div>\n<\/div>\n<\/div>\n<\/div>\n<\/div><\/div>\n\n\n\n<div class=\"wp-container-69f4dcc71f083 wp-block-group m\"><div class=\"wp-block-group__inner-container\">\n<div class=\"wp-block-columns\">\n<div class=\"wp-block-column\">\n<h4><a rel=\"noreferrer noopener\" href=\"https:\/\/www.mutualmedica.com\/es\/seguro-mel\" target=\"_blank\"><\/a><a rel=\"noreferrer noopener\" href=\"https:\/\/www.mutualmedica.com\/es\/seguro-de-incapacidad-laboral-temporal\" target=\"_blank\"><\/a><a rel=\"noreferrer noopener\" href=\"https:\/\/www.mutualmedica.com\/es\/seguro-de-incapacidad-laboral-permanente\" target=\"_blank\"><\/a><a rel=\"noreferrer noopener\" href=\"https:\/\/www.mutualmedica.com\/es\/seguro-de-orfandad1\" target=\"_blank\"><\/a><a rel=\"noreferrer noopener\" href=\"https:\/\/www.mutualmedica.com\/es\/seguro-multi-vida\" target=\"_blank\">Asseguran\u00e7a Multi-Vida<\/a><\/h4>\n\n\n\n<figure class=\"wp-block-image size-full\"><img loading=\"lazy\" width=\"1000\" height=\"388\" src=\"https:\/\/informe-anual-2022.mutualmedica.com\/wp-content\/uploads\/2023\/05\/03.1.1-seguros_particulares_seguros_vida_multi_vida_mutual_medica-1.jpg\" alt=\"\" class=\"wp-image-2874\" srcset=\"https:\/\/informe-anual-2022.mutualmedica.com\/wp-content\/uploads\/2023\/05\/03.1.1-seguros_particulares_seguros_vida_multi_vida_mutual_medica-1.jpg 1000w, https:\/\/informe-anual-2022.mutualmedica.com\/wp-content\/uploads\/2023\/05\/03.1.1-seguros_particulares_seguros_vida_multi_vida_mutual_medica-1-980x380.jpg 980w, https:\/\/informe-anual-2022.mutualmedica.com\/wp-content\/uploads\/2023\/05\/03.1.1-seguros_particulares_seguros_vida_multi_vida_mutual_medica-1-480x186.jpg 480w\" sizes=\"(min-width: 0px) and (max-width: 480px) 480px, (min-width: 481px) and (max-width: 980px) 980px, (min-width: 981px) 1000px, 100vw\" \/><\/figure>\n\n\n\n<p>Viu amb la tranquil\u00b7litat de tenir assegurada la teva estabilitat econ\u00f2mica i la de la teva fam\u00edlia en cas de defunci\u00f3, situaci\u00f3 d&#8217;Invalidesa Permanent Absoluta o Incapacitat Professional Permanent. Multi-Vida \u00e9s una asseguran\u00e7a que garanteix un capital en tots aquests casos.<\/p>\n<\/div>\n\n\n\n<div class=\"wp-block-column\"><\/div>\n<\/div>\n\n\n\n<div class=\"wp-block-columns\">\n<div class=\"wp-block-column\">\n<div class=\"wp-container-69f4dcc71edd5 wp-block-buttons\">\n<div class=\"wp-block-button aligncenter\"><a class=\"wp-block-button__link\" href=\"https:\/\/www.mutualmedica.com\/es\/seguro-multi-vida\" target=\"_blank\" rel=\"noreferrer noopener\">M\u00e9s informaci\u00f3<\/a><\/div>\n<\/div>\n<\/div>\n\n\n\n<div class=\"wp-block-column\"><\/div>\n<\/div>\n<\/div><\/div>\n\n\n\n<div class=\"wp-container-69f4dcc71f631 wp-block-group m\"><div class=\"wp-block-group__inner-container\">\n<div class=\"wp-block-columns\">\n<div class=\"wp-block-column\">\n<h4><a rel=\"noreferrer noopener\" href=\"https:\/\/www.mutualmedica.com\/es\/seguro-de-dependencia\" target=\"_blank\"><\/a><a rel=\"noreferrer noopener\" href=\"https:\/\/www.mutualmedica.com\/es\/seguro-de-guardias-medicas\" target=\"_blank\"><\/a><a rel=\"noreferrer noopener\" href=\"https:\/\/www.mutualmedica.com\/es\/seguro-de-estudios-garantizados\" target=\"_blank\"><\/a><a rel=\"noreferrer noopener\" href=\"https:\/\/www.mutualmedica.com\/es\/seguro-vida-ahorro\" target=\"_blank\">Asseguran\u00e7a Vida-Estalvi<\/a><\/h4>\n\n\n\n<figure class=\"wp-block-image size-full\"><img loading=\"lazy\" width=\"1000\" height=\"388\" src=\"https:\/\/informe-anual-2022.mutualmedica.com\/wp-content\/uploads\/2023\/05\/03.1.2-seguros_particulares_seguros_vida_vida_ahorro_mutual_medica.jpg\" alt=\"\" class=\"wp-image-2875\" srcset=\"https:\/\/informe-anual-2022.mutualmedica.com\/wp-content\/uploads\/2023\/05\/03.1.2-seguros_particulares_seguros_vida_vida_ahorro_mutual_medica.jpg 1000w, https:\/\/informe-anual-2022.mutualmedica.com\/wp-content\/uploads\/2023\/05\/03.1.2-seguros_particulares_seguros_vida_vida_ahorro_mutual_medica-980x380.jpg 980w, https:\/\/informe-anual-2022.mutualmedica.com\/wp-content\/uploads\/2023\/05\/03.1.2-seguros_particulares_seguros_vida_vida_ahorro_mutual_medica-480x186.jpg 480w\" sizes=\"(min-width: 0px) and (max-width: 480px) 480px, (min-width: 481px) and (max-width: 980px) 980px, (min-width: 981px) 1000px, 100vw\" \/><\/figure>\n\n\n\n<p>Deixa tot lligat perqu\u00e8 la teva fam\u00edlia pugui disposar dels recursos econ\u00f2mics que garanteix l&#8217;asseguran\u00e7a Vida-Estalvi en cas que algun dia no hi siguis, a trav\u00e9s d&#8217;un capital i oferint-te, a m\u00e9s, una participaci\u00f3 en beneficis que incrementa aquest capital garantit.<\/p>\n<\/div>\n\n\n\n<div class=\"wp-block-column\"><\/div>\n<\/div>\n\n\n\n<div class=\"wp-block-columns\">\n<div class=\"wp-block-column\">\n<div class=\"wp-container-69f4dcc71f3b7 wp-block-buttons\">\n<div class=\"wp-block-button aligncenter\"><a class=\"wp-block-button__link\" href=\"https:\/\/www.mutualmedica.com\/es\/seguro-vida-ahorro\" target=\"_blank\" rel=\"noreferrer noopener\">M\u00e9s informaci\u00f3<\/a><\/div>\n<\/div>\n<\/div>\n\n\n\n<div class=\"wp-block-column\"><\/div>\n<\/div>\n<\/div><\/div>\n\n\n\n<h4><strong><u><a rel=\"noreferrer noopener\" href=\"https:\/\/www.mutualmedica.com\/seguros\/seguros-particulares\/seguros-de-estudios-y-orfandad\" target=\"_blank\">Assegurances d&#8217;Orfenesa<\/a><\/u><\/strong><\/h4>\n\n\n\n<div class=\"wp-block-columns\">\n<div class=\"wp-block-column\">\n<h4><a rel=\"noreferrer noopener\" href=\"https:\/\/www.mutualmedica.com\/es\/seguro-mel\" target=\"_blank\"><\/a><a rel=\"noreferrer noopener\" href=\"https:\/\/www.mutualmedica.com\/es\/seguro-de-incapacidad-laboral-temporal\" target=\"_blank\"><\/a><a rel=\"noreferrer noopener\" href=\"https:\/\/www.mutualmedica.com\/es\/seguro-de-incapacidad-laboral-permanente\" target=\"_blank\"><\/a><a rel=\"noreferrer noopener\" href=\"https:\/\/www.mutualmedica.com\/es\/seguro-de-orfandad1\" target=\"_blank\">Asseguran\u00e7a d&#8217;Orfenesa<\/a><\/h4>\n\n\n\n<figure class=\"wp-block-image size-full\"><img loading=\"lazy\" width=\"1000\" height=\"388\" src=\"https:\/\/informe-anual-2022.mutualmedica.com\/wp-content\/uploads\/2023\/05\/seguro_orfandad_mutual_medica.jpg\" alt=\"\" class=\"wp-image-3243\" srcset=\"https:\/\/informe-anual-2022.mutualmedica.com\/wp-content\/uploads\/2023\/05\/seguro_orfandad_mutual_medica.jpg 1000w, https:\/\/informe-anual-2022.mutualmedica.com\/wp-content\/uploads\/2023\/05\/seguro_orfandad_mutual_medica-980x380.jpg 980w, https:\/\/informe-anual-2022.mutualmedica.com\/wp-content\/uploads\/2023\/05\/seguro_orfandad_mutual_medica-480x186.jpg 480w\" sizes=\"(min-width: 0px) and (max-width: 480px) 480px, (min-width: 481px) and (max-width: 980px) 980px, (min-width: 981px) 1000px, 100vw\" \/><\/figure>\n\n\n\n<p>Una asseguran\u00e7a que garanteix una renda mensual als teus fills fins als 24 anys en cas de defunci\u00f3 o d&#8217;Invalidesa Permanent Absoluta. Si acabes de ser pare o mare, tens el primer any gratu\u00eft.<\/p>\n<\/div>\n\n\n\n<div class=\"wp-block-column\"><\/div>\n<\/div>\n\n\n\n<div class=\"wp-block-columns\">\n<div class=\"wp-block-column\">\n<div class=\"wp-container-69f4dcc71f96d wp-block-buttons\">\n<div class=\"wp-block-button aligncenter\"><a class=\"wp-block-button__link\" href=\"https:\/\/www.mutualmedica.com\/es\/seguro-de-orfandad1\" target=\"_blank\" rel=\"noreferrer noopener\">M\u00e9s informaci\u00f3<\/a><\/div>\n<\/div>\n<\/div>\n\n\n\n<div class=\"wp-block-column\">\n<div class=\"wp-container-69f4dcc71fc08 wp-block-buttons\"><\/div>\n<\/div>\n<\/div>\n\n\n\n<div class=\"wp-block-columns\">\n<div class=\"wp-block-column\">\n<h4><u><a rel=\"noreferrer noopener\" href=\"https:\/\/www.mutualmedica.com\/es\/seguro-de-dependencia\" target=\"_blank\">Asseguran\u00e7a de Depend\u00e8ncia<\/a><\/u><\/h4>\n\n\n\n<figure class=\"wp-block-image size-full\"><img loading=\"lazy\" width=\"1000\" height=\"388\" src=\"https:\/\/informe-anual-2022.mutualmedica.com\/wp-content\/uploads\/2023\/05\/seguro_dependencia_mutual_medica.jpg\" alt=\"\" class=\"wp-image-2877\" srcset=\"https:\/\/informe-anual-2022.mutualmedica.com\/wp-content\/uploads\/2023\/05\/seguro_dependencia_mutual_medica.jpg 1000w, https:\/\/informe-anual-2022.mutualmedica.com\/wp-content\/uploads\/2023\/05\/seguro_dependencia_mutual_medica-980x380.jpg 980w, https:\/\/informe-anual-2022.mutualmedica.com\/wp-content\/uploads\/2023\/05\/seguro_dependencia_mutual_medica-480x186.jpg 480w\" sizes=\"(min-width: 0px) and (max-width: 480px) 480px, (min-width: 481px) and (max-width: 980px) 980px, (min-width: 981px) 1000px, 100vw\" \/><\/figure>\n\n\n\n<p>Una asseguran\u00e7a que garanteix una renda vital\u00edcia en cas de p\u00e8rdua d&#8217;autonomia personal, sigui per edat, malaltia o discapacitat, perqu\u00e8 tinguis m\u00e9s qualitat de vida.<\/p>\n\n\n\n<p><\/p>\n\n\n\n<div class=\"wp-container-69f4dcc71ff3a wp-block-buttons\">\n<div class=\"wp-block-button aligncenter\"><a class=\"wp-block-button__link\" href=\"https:\/\/www.mutualmedica.com\/es\/seguro-de-dependencia\" target=\"_blank\" rel=\"noreferrer noopener\">M\u00e9s informaci\u00f3<\/a><\/div>\n<\/div>\n<\/div>\n\n\n\n<div class=\"wp-block-column\">\n<p><\/p>\n\n\n\n<p><\/p>\n\n\n\n<div class=\"wp-container-69f4dcc72021c wp-block-buttons\"><\/div>\n<\/div>\n<\/div>\n\n\n\n<div class=\"wp-block-columns\">\n<div class=\"wp-block-column\">\n<h4><u><a rel=\"noreferrer noopener\" href=\"https:\/\/www.mutualmedica.com\/seguros\/seguros-particulares\/seguro-de-hogar\" target=\"_blank\">Asseguran\u00e7a de la Llar<\/a><\/u><\/h4>\n\n\n\n<figure class=\"wp-block-image size-full\"><img loading=\"lazy\" width=\"1000\" height=\"388\" src=\"https:\/\/informe-anual-2022.mutualmedica.com\/wp-content\/uploads\/2023\/05\/seguro_hogar.jpg\" alt=\"\" class=\"wp-image-3245\" srcset=\"https:\/\/informe-anual-2022.mutualmedica.com\/wp-content\/uploads\/2023\/05\/seguro_hogar.jpg 1000w, https:\/\/informe-anual-2022.mutualmedica.com\/wp-content\/uploads\/2023\/05\/seguro_hogar-980x380.jpg 980w, https:\/\/informe-anual-2022.mutualmedica.com\/wp-content\/uploads\/2023\/05\/seguro_hogar-480x186.jpg 480w\" sizes=\"(min-width: 0px) and (max-width: 480px) 480px, (min-width: 481px) and (max-width: 980px) 980px, (min-width: 981px) 1000px, 100vw\" \/><\/figure>\n\n\n\n<p>Protegeix els teus b\u00e9ns i el teu patrimoni, enfront de danys i desperfectes. El nostre equip especialitzat en assegurances per al col\u00b7lectiu m\u00e8dic tria entre les millors companyies i et recomana la millor asseguran\u00e7a de la llar segons les teves necessitats. T&#8217;atenem i acompanyem durant tot el proc\u00e9s.<\/p>\n\n\n\n<p><\/p>\n\n\n\n<div class=\"wp-container-69f4dcc72050e wp-block-buttons\">\n<div class=\"wp-block-button aligncenter\"><a class=\"wp-block-button__link\" href=\"https:\/\/www.mutualmedica.com\/seguros\/seguros-particulares\/seguro-de-hogar\" target=\"_blank\" rel=\"noreferrer noopener\">M\u00e9s informaci\u00f3<\/a><\/div>\n<\/div>\n<\/div>\n\n\n\n<div class=\"wp-block-column\">\n<p><\/p>\n\n\n\n<p><\/p>\n\n\n\n<div class=\"wp-container-69f4dcc7207b8 wp-block-buttons\"><\/div>\n<\/div>\n<\/div>\n\n\n\n<div class=\"wp-block-columns\">\n<div class=\"wp-block-column\">\n<h4><u><a rel=\"noreferrer noopener\" href=\"https:\/\/www.mutualmedica.com\/seguros\/seguros-particulares\/seguro-de-coche-y-moto\" target=\"_blank\">Asseguran\u00e7a de Cotxe i Moto<\/a><\/u><\/h4>\n\n\n\n<figure class=\"wp-block-image size-full\"><img loading=\"lazy\" width=\"1000\" height=\"388\" src=\"https:\/\/informe-anual-2022.mutualmedica.com\/wp-content\/uploads\/2023\/05\/seguro_coche_moto_mutual_medica.jpg\" alt=\"\" class=\"wp-image-2879\" srcset=\"https:\/\/informe-anual-2022.mutualmedica.com\/wp-content\/uploads\/2023\/05\/seguro_coche_moto_mutual_medica.jpg 1000w, https:\/\/informe-anual-2022.mutualmedica.com\/wp-content\/uploads\/2023\/05\/seguro_coche_moto_mutual_medica-980x380.jpg 980w, https:\/\/informe-anual-2022.mutualmedica.com\/wp-content\/uploads\/2023\/05\/seguro_coche_moto_mutual_medica-480x186.jpg 480w\" sizes=\"(min-width: 0px) and (max-width: 480px) 480px, (min-width: 481px) and (max-width: 980px) 980px, (min-width: 981px) 1000px, 100vw\" \/><\/figure>\n\n\n\n<p>Triar entre les millors companyies i negociar la millor asseguran\u00e7a per a tu.<\/p>\n\n\n\n<p><\/p>\n\n\n\n<div class=\"wp-container-69f4dcc720a9e wp-block-buttons\">\n<div class=\"wp-block-button aligncenter\"><a class=\"wp-block-button__link\" href=\"https:\/\/www.mutualmedica.com\/seguros\/seguros-particulares\/seguro-de-coche-y-moto\" target=\"_blank\" rel=\"noreferrer noopener\">M\u00e9s informaci\u00f3<\/a><\/div>\n<\/div>\n<\/div>\n\n\n\n<div class=\"wp-block-column\">\n<p><\/p>\n\n\n\n<p><\/p>\n\n\n\n<div class=\"wp-container-69f4dcc720dd2 wp-block-buttons\"><\/div>\n<\/div>\n<\/div>\n\n\n\n<div class=\"wp-block-columns\">\n<div class=\"wp-block-column\">\n<h4><u><a rel=\"noreferrer noopener\" href=\"https:\/\/mutualmed.es\/es\/seguro-salud-para-medicos\" target=\"_blank\">Asseguran\u00e7a de Salut<\/a><\/u><\/h4>\n\n\n\n<figure class=\"wp-block-image size-full\"><img loading=\"lazy\" width=\"1000\" height=\"388\" src=\"https:\/\/informe-anual-2022.mutualmedica.com\/wp-content\/uploads\/2023\/05\/seguro_salud_mutual_medica.jpg\" alt=\"\" class=\"wp-image-2880\" srcset=\"https:\/\/informe-anual-2022.mutualmedica.com\/wp-content\/uploads\/2023\/05\/seguro_salud_mutual_medica.jpg 1000w, https:\/\/informe-anual-2022.mutualmedica.com\/wp-content\/uploads\/2023\/05\/seguro_salud_mutual_medica-980x380.jpg 980w, https:\/\/informe-anual-2022.mutualmedica.com\/wp-content\/uploads\/2023\/05\/seguro_salud_mutual_medica-480x186.jpg 480w\" sizes=\"(min-width: 0px) and (max-width: 480px) 480px, (min-width: 481px) and (max-width: 980px) 980px, (min-width: 981px) 1000px, 100vw\" \/><\/figure>\n\n\n\n<p>La salut \u00e9s la teva especialitat, assegurar-la per a tu \u00e9s el nostre comprom\u00eds. Posa&#8217;t en mans de la millor cobertura m\u00e8dica, per a tu i els teus. L&#8217;Asseguran\u00e7a de Salut t&#8217;ofereix els millors facultatius negociats especialment per a tu, a les asseguradores m\u00e9s ben valorades.<\/p>\n\n\n\n<p><\/p>\n\n\n\n<div class=\"wp-container-69f4dcc721289 wp-block-buttons\">\n<div class=\"wp-block-button aligncenter\"><a class=\"wp-block-button__link\" href=\"https:\/\/mutualmed.es\/es\/seguro-salud-para-medicos\" target=\"_blank\" rel=\"noreferrer noopener\">M\u00e9s informaci\u00f3<\/a><\/div>\n<\/div>\n<\/div>\n\n\n\n<div class=\"wp-block-column\">\n<p><\/p>\n\n\n\n<p><\/p>\n\n\n\n<div class=\"wp-container-69f4dcc721566 wp-block-buttons\"><\/div>\n<\/div>\n<\/div>\n\n\n\n<h3><strong><a rel=\"noreferrer noopener\" href=\"https:\/\/www.mutualmedica.com\/seguros\/seguros-profesionales\" target=\"_blank\">Assegurances professionals<\/a><\/strong><\/h3>\n\n\n\n<h4><u><a rel=\"noreferrer noopener\" href=\"https:\/\/www.mutualmedica.com\/seguros\/seguros-profesionales\/seguros-de-incapacidad-laboral\" target=\"_blank\">Assegurances d&#8217;Incapacitat<\/a><\/u><\/h4>\n\n\n\n<div class=\"wp-container-69f4dcc721dd4 wp-block-group d\"><div class=\"wp-block-group__inner-container\">\n<div class=\"wp-block-columns\">\n<div class=\"wp-block-column\">\n<h4><a rel=\"noreferrer noopener\" href=\"https:\/\/www.mutualmedica.com\/es\/seguro-de-dependencia\" target=\"_blank\"><\/a><a rel=\"noreferrer noopener\" href=\"https:\/\/www.mutualmedica.com\/es\/seguro-de-guardias-medicas\" target=\"_blank\">Asseguran\u00e7a de Gu\u00e0rdies M\u00e8diques<\/a><\/h4>\n\n\n\n<figure class=\"wp-block-image size-full\"><img loading=\"lazy\" width=\"1000\" height=\"388\" src=\"https:\/\/informe-anual-2022.mutualmedica.com\/wp-content\/uploads\/2023\/05\/Seguro_guardias.jpg\" alt=\"\" class=\"wp-image-3246\" srcset=\"https:\/\/informe-anual-2022.mutualmedica.com\/wp-content\/uploads\/2023\/05\/Seguro_guardias.jpg 1000w, https:\/\/informe-anual-2022.mutualmedica.com\/wp-content\/uploads\/2023\/05\/Seguro_guardias-980x380.jpg 980w, https:\/\/informe-anual-2022.mutualmedica.com\/wp-content\/uploads\/2023\/05\/Seguro_guardias-480x186.jpg 480w\" sizes=\"(min-width: 0px) and (max-width: 480px) 480px, (min-width: 481px) and (max-width: 980px) 980px, (min-width: 981px) 1000px, 100vw\" \/><\/figure>\n\n\n\n<p>Una asseguran\u00e7a que et cobreix des del primer dia quan no puguis fer les teves gu\u00e0rdies m\u00e8diques, assegurant-te una renda di\u00e0ria per la p\u00e8rdua d&#8217;ingressos en cas de baixa laboral per malaltia o accident.<\/p>\n<\/div>\n\n\n\n<div class=\"wp-block-column\">\n<h4><a rel=\"noreferrer noopener\" href=\"https:\/\/www.mutualmedica.com\/es\/seguro-mel\" target=\"_blank\"><\/a><a rel=\"noreferrer noopener\" href=\"https:\/\/www.mutualmedica.com\/es\/seguro-de-incapacidad-laboral-temporal\" target=\"_blank\">Asseguran\u00e7a d&#8217;Incapacitat Laboral<\/a><\/h4>\n\n\n\n<figure class=\"wp-block-image size-full\"><img loading=\"lazy\" width=\"1000\" height=\"388\" src=\"https:\/\/informe-anual-2022.mutualmedica.com\/wp-content\/uploads\/2023\/05\/seguros_incapacidad_laboral_mutual_medica.jpg\" alt=\"\" class=\"wp-image-2881\" srcset=\"https:\/\/informe-anual-2022.mutualmedica.com\/wp-content\/uploads\/2023\/05\/seguros_incapacidad_laboral_mutual_medica.jpg 1000w, https:\/\/informe-anual-2022.mutualmedica.com\/wp-content\/uploads\/2023\/05\/seguros_incapacidad_laboral_mutual_medica-980x380.jpg 980w, https:\/\/informe-anual-2022.mutualmedica.com\/wp-content\/uploads\/2023\/05\/seguros_incapacidad_laboral_mutual_medica-480x186.jpg 480w\" sizes=\"(min-width: 0px) and (max-width: 480px) 480px, (min-width: 481px) and (max-width: 980px) 980px, (min-width: 981px) 1000px, 100vw\" \/><\/figure>\n\n\n\n<p>Un accident o malaltia inesperats poden posar en perill els teus ingressos. Amb aquesta asseguran\u00e7a tindr\u00e0s la tranquil\u00b7litat de cobrar una renda mensual durant la baixa laboral, fins i tot si passa a ser permanent. Cobreix la incapacitat laboral fins als 70 anys.<\/p>\n<\/div>\n<\/div>\n\n\n\n<div class=\"wp-block-columns\">\n<div class=\"wp-block-column\">\n<div class=\"wp-container-69f4dcc7218e2 wp-block-buttons\">\n<div class=\"wp-block-button aligncenter\"><a class=\"wp-block-button__link\" href=\"https:\/\/www.mutualmedica.com\/es\/seguro-de-guardias-medicas\" target=\"_blank\" rel=\"noreferrer noopener\">M\u00e9s informaci\u00f3<\/a><\/div>\n<\/div>\n<\/div>\n\n\n\n<div class=\"wp-block-column\">\n<div class=\"wp-container-69f4dcc721b72 wp-block-buttons\">\n<div class=\"wp-block-button aligncenter\"><a class=\"wp-block-button__link\" href=\"https:\/\/www.mutualmedica.com\/seguros\/seguros-profesionales\/seguros-de-incapacidad-laboral\" target=\"_blank\" rel=\"noreferrer noopener\">M\u00e9s informaci\u00f3<\/a><\/div>\n<\/div>\n<\/div>\n<\/div>\n<\/div><\/div>\n\n\n\n<div class=\"wp-container-69f4dcc722383 wp-block-group m\"><div class=\"wp-block-group__inner-container\">\n<div class=\"wp-block-columns\">\n<div class=\"wp-block-column\">\n<h4><a rel=\"noreferrer noopener\" href=\"https:\/\/www.mutualmedica.com\/es\/seguro-de-dependencia\" target=\"_blank\"><\/a><a rel=\"noreferrer noopener\" href=\"https:\/\/www.mutualmedica.com\/es\/seguro-de-guardias-medicas\" target=\"_blank\">Asseguran\u00e7a de Gu\u00e0rdies M\u00e8diques<\/a><\/h4>\n\n\n\n<figure class=\"wp-block-image size-full\"><img loading=\"lazy\" width=\"1000\" height=\"388\" src=\"https:\/\/informe-anual-2022.mutualmedica.com\/wp-content\/uploads\/2023\/05\/Seguro_guardias.jpg\" alt=\"\" class=\"wp-image-3246\" srcset=\"https:\/\/informe-anual-2022.mutualmedica.com\/wp-content\/uploads\/2023\/05\/Seguro_guardias.jpg 1000w, https:\/\/informe-anual-2022.mutualmedica.com\/wp-content\/uploads\/2023\/05\/Seguro_guardias-980x380.jpg 980w, https:\/\/informe-anual-2022.mutualmedica.com\/wp-content\/uploads\/2023\/05\/Seguro_guardias-480x186.jpg 480w\" sizes=\"(min-width: 0px) and (max-width: 480px) 480px, (min-width: 481px) and (max-width: 980px) 980px, (min-width: 981px) 1000px, 100vw\" \/><\/figure>\n\n\n\n<p>Una asseguran\u00e7a que et cobreix des del primer dia quan no puguis fer les teves gu\u00e0rdies m\u00e8diques, assegurant-te una renda di\u00e0ria per la p\u00e8rdua d&#8217;ingressos en cas de baixa laboral per malaltia o accident.<\/p>\n<\/div>\n\n\n\n<div class=\"wp-block-column\"><\/div>\n<\/div>\n\n\n\n<div class=\"wp-block-columns\">\n<div class=\"wp-block-column\">\n<div class=\"wp-container-69f4dcc7220e3 wp-block-buttons\">\n<div class=\"wp-block-button aligncenter\"><a class=\"wp-block-button__link\" href=\"https:\/\/www.mutualmedica.com\/es\/seguro-de-guardias-medicas\" target=\"_blank\" rel=\"noreferrer noopener\">M\u00e9s informaci\u00f3<\/a><\/div>\n<\/div>\n<\/div>\n\n\n\n<div class=\"wp-block-column\"><\/div>\n<\/div>\n<\/div><\/div>\n\n\n\n<div class=\"wp-container-69f4dcc72290c wp-block-group m\"><div class=\"wp-block-group__inner-container\">\n<div class=\"wp-block-columns\">\n<div class=\"wp-block-column\">\n<h4><a rel=\"noreferrer noopener\" href=\"https:\/\/www.mutualmedica.com\/es\/seguro-mel\" target=\"_blank\"><\/a><a rel=\"noreferrer noopener\" href=\"https:\/\/www.mutualmedica.com\/es\/seguro-de-incapacidad-laboral-temporal\" target=\"_blank\">Asseguran\u00e7a d&#8217;Incapacitat Laboral<\/a><\/h4>\n\n\n\n<figure class=\"wp-block-image size-full\"><img loading=\"lazy\" width=\"1000\" height=\"388\" src=\"https:\/\/informe-anual-2022.mutualmedica.com\/wp-content\/uploads\/2023\/05\/seguros_incapacidad_laboral_mutual_medica.jpg\" alt=\"\" class=\"wp-image-2881\" srcset=\"https:\/\/informe-anual-2022.mutualmedica.com\/wp-content\/uploads\/2023\/05\/seguros_incapacidad_laboral_mutual_medica.jpg 1000w, https:\/\/informe-anual-2022.mutualmedica.com\/wp-content\/uploads\/2023\/05\/seguros_incapacidad_laboral_mutual_medica-980x380.jpg 980w, https:\/\/informe-anual-2022.mutualmedica.com\/wp-content\/uploads\/2023\/05\/seguros_incapacidad_laboral_mutual_medica-480x186.jpg 480w\" sizes=\"(min-width: 0px) and (max-width: 480px) 480px, (min-width: 481px) and (max-width: 980px) 980px, (min-width: 981px) 1000px, 100vw\" \/><\/figure>\n\n\n\n<p>Un accident o malaltia inesperats poden posar en perill els teus ingressos. Amb aquesta asseguran\u00e7a tindr\u00e0s la tranquil\u00b7litat de cobrar una renda mensual durant la baixa laboral, fins i tot si passa a ser permanent. Cobreix la incapacitat laboral fins als 70 anys.<\/p>\n<\/div>\n\n\n\n<div class=\"wp-block-column\"><\/div>\n<\/div>\n\n\n\n<div class=\"wp-block-columns\">\n<div class=\"wp-block-column\">\n<div class=\"wp-container-69f4dcc72268a wp-block-buttons\">\n<div class=\"wp-block-button aligncenter\"><a class=\"wp-block-button__link\" href=\"https:\/\/www.mutualmedica.com\/seguros\/seguros-profesionales\/seguros-de-incapacidad-laboral\" target=\"_blank\" rel=\"noreferrer noopener\">M\u00e9s informaci\u00f3<\/a><\/div>\n<\/div>\n<\/div>\n\n\n\n<div class=\"wp-block-column\"><\/div>\n<\/div>\n<\/div><\/div>\n\n\n\n<div class=\"wp-block-columns\">\n<div class=\"wp-block-column\">\n<h4><a rel=\"noreferrer noopener\" href=\"https:\/\/www.mutualmedica.com\/es\/seguro-mel\" target=\"_blank\"><\/a><a rel=\"noreferrer noopener\" href=\"https:\/\/www.mutualmedica.com\/es\/seguro-de-incapacidad-laboral-temporal\" target=\"_blank\"><\/a><a rel=\"noreferrer noopener\" href=\"https:\/\/www.mutualmedica.com\/es\/seguro-de-incapacidad-laboral-permanente\" target=\"_blank\">Asseguran\u00e7a d&#8217;Incapacitat Professional Permanent<\/a><\/h4>\n\n\n\n<figure class=\"wp-block-image size-full\"><img loading=\"lazy\" width=\"1000\" height=\"388\" src=\"https:\/\/informe-anual-2022.mutualmedica.com\/wp-content\/uploads\/2023\/05\/segurIncapacida_Profesional_permanente.jpg\" alt=\"\" class=\"wp-image-3247\" srcset=\"https:\/\/informe-anual-2022.mutualmedica.com\/wp-content\/uploads\/2023\/05\/segurIncapacida_Profesional_permanente.jpg 1000w, https:\/\/informe-anual-2022.mutualmedica.com\/wp-content\/uploads\/2023\/05\/segurIncapacida_Profesional_permanente-980x380.jpg 980w, https:\/\/informe-anual-2022.mutualmedica.com\/wp-content\/uploads\/2023\/05\/segurIncapacida_Profesional_permanente-480x186.jpg 480w\" sizes=\"(min-width: 0px) and (max-width: 480px) 480px, (min-width: 481px) and (max-width: 980px) 980px, (min-width: 981px) 1000px, 100vw\" \/><\/figure>\n\n\n\n<p>Una asseguran\u00e7a que et garanteix un capital en cas d&#8217;estar incapacitat per continuar exercint la teva especialitat m\u00e8dica, perqu\u00e8 puguis centrar-te a reorientar la teva professi\u00f3.<\/p>\n\n\n\n<div class=\"wp-container-69f4dcc722be7 wp-block-buttons\">\n<div class=\"wp-block-button aligncenter\"><a class=\"wp-block-button__link\" href=\"https:\/\/www.mutualmedica.com\/es\/seguro-de-incapacidad-laboral-permanente\" target=\"_blank\" rel=\"noreferrer noopener\">M\u00e9s informaci\u00f3<\/a><\/div>\n<\/div>\n<\/div>\n\n\n\n<div class=\"wp-block-column\">\n<p><\/p>\n\n\n\n<div class=\"wp-container-69f4dcc722e7f wp-block-buttons\"><\/div>\n<\/div>\n<\/div>\n\n\n\n<div class=\"wp-block-columns\">\n<div class=\"wp-block-column\">\n<h4><u><a rel=\"noreferrer noopener\" href=\"https:\/\/www.mutualmedica.com\/seguros\/seguros-profesionales\/seguros-de-responsabilidad-civil\" target=\"_blank\">Asseguran\u00e7a de Responsabilitat Civil<\/a><\/u><\/h4>\n\n\n\n<figure class=\"wp-block-image size-full\"><img loading=\"lazy\" width=\"1000\" height=\"388\" src=\"https:\/\/informe-anual-2022.mutualmedica.com\/wp-content\/uploads\/2023\/05\/seguro_responsabilidad_civil_mutual_medica.jpg\" alt=\"\" class=\"wp-image-2882\" srcset=\"https:\/\/informe-anual-2022.mutualmedica.com\/wp-content\/uploads\/2023\/05\/seguro_responsabilidad_civil_mutual_medica.jpg 1000w, https:\/\/informe-anual-2022.mutualmedica.com\/wp-content\/uploads\/2023\/05\/seguro_responsabilidad_civil_mutual_medica-980x380.jpg 980w, https:\/\/informe-anual-2022.mutualmedica.com\/wp-content\/uploads\/2023\/05\/seguro_responsabilidad_civil_mutual_medica-480x186.jpg 480w\" sizes=\"(min-width: 0px) and (max-width: 480px) 480px, (min-width: 481px) and (max-width: 980px) 980px, (min-width: 981px) 1000px, 100vw\" \/><\/figure>\n\n\n\n<p>Exerceix la teva carrera protegint-te davant qualsevol reclamaci\u00f3 futura. L&#8217;Asseguran\u00e7a de Responsabilitat Civil est\u00e0 especialment recomanada per a metges i et cobreix en cas d&#8217;ocasionar danys a tercers. Una asseguran\u00e7a amb la qual rebr\u00e0s assessorament d&#8217;un expert que analitzar\u00e0 les teves necessitats i et guiar\u00e0 en l&#8217;elecci\u00f3.<\/p>\n\n\n\n<p><\/p>\n\n\n\n<div class=\"wp-container-69f4dcc72314c wp-block-buttons\">\n<div class=\"wp-block-button aligncenter\"><a class=\"wp-block-button__link\" href=\"https:\/\/www.mutualmedica.com\/seguros\/seguros-profesionales\/seguros-de-responsabilidad-civil\">M\u00e9s informaci\u00f3<\/a><\/div>\n<\/div>\n<\/div>\n\n\n\n<div class=\"wp-block-column\">\n<p><\/p>\n\n\n\n<p><\/p>\n\n\n\n<div class=\"wp-container-69f4dcc723419 wp-block-buttons\"><\/div>\n<\/div>\n<\/div>\n\n\n\n<div class=\"wp-block-columns\">\n<div class=\"wp-block-column\">\n<h4><u><a rel=\"noreferrer noopener\" href=\"https:\/\/www.mutualmedica.com\/seguros\/seguros-profesionales\/seguro-de-ciberseguridad-y-proteccion-de-datos\" target=\"_blank\">Asseguran\u00e7a de Ciberseguretat i Protecci\u00f3 de Dades<\/a><\/u><\/h4>\n\n\n\n<figure class=\"wp-block-image size-full\"><img loading=\"lazy\" width=\"1000\" height=\"388\" src=\"https:\/\/informe-anual-2022.mutualmedica.com\/wp-content\/uploads\/2023\/05\/ciberseguridad_preteccion_datos.jpg\" alt=\"\" class=\"wp-image-3248\" srcset=\"https:\/\/informe-anual-2022.mutualmedica.com\/wp-content\/uploads\/2023\/05\/ciberseguridad_preteccion_datos.jpg 1000w, https:\/\/informe-anual-2022.mutualmedica.com\/wp-content\/uploads\/2023\/05\/ciberseguridad_preteccion_datos-980x380.jpg 980w, https:\/\/informe-anual-2022.mutualmedica.com\/wp-content\/uploads\/2023\/05\/ciberseguridad_preteccion_datos-480x186.jpg 480w\" sizes=\"(min-width: 0px) and (max-width: 480px) 480px, (min-width: 481px) and (max-width: 980px) 980px, (min-width: 981px) 1000px, 100vw\" \/><\/figure>\n\n\n\n<p>Les dades dels teus pacients s\u00f3n informaci\u00f3 sensible que tamb\u00e9 has de cuidar. Protegeix-les i protegeix-te davant qualsevol contratemps, sigui ciberatac o reclamaci\u00f3 per RGPD, i assegura que la teva activitat professional no es vegi alterada. Enfront de l&#8217;increment de ciberatacs especialment perjudicials per a les consultes i cl\u00edniques privades, aquesta asseguran\u00e7a sempre est\u00e0 de gu\u00e0rdia.<\/p>\n\n\n\n<p><\/p>\n\n\n\n<div class=\"wp-container-69f4dcc723707 wp-block-buttons\">\n<div class=\"wp-block-button aligncenter\"><a class=\"wp-block-button__link\" href=\"https:\/\/www.mutualmedica.com\/seguros\/seguros-profesionales\/seguro-de-ciberseguridad-y-proteccion-de-datos\" target=\"_blank\" rel=\"noreferrer noopener\">M\u00e9s informaci\u00f3<\/a><\/div>\n<\/div>\n<\/div>\n\n\n\n<div class=\"wp-block-column\">\n<p><\/p>\n\n\n\n<p><\/p>\n\n\n\n<div class=\"wp-container-69f4dcc7239a6 wp-block-buttons\"><\/div>\n<\/div>\n<\/div>\n\n\n\n<div class=\"wp-block-columns\">\n<div class=\"wp-block-column\">\n<h4><u><a rel=\"noreferrer noopener\" href=\"https:\/\/www.mutualmedica.com\/seguros\/seguros-profesionales\/seguros-de-consulta\" target=\"_blank\">Asseguran\u00e7a de Consulta<\/a><\/u><\/h4>\n\n\n\n<figure class=\"wp-block-image size-full\"><img loading=\"lazy\" width=\"1000\" height=\"388\" src=\"https:\/\/informe-anual-2022.mutualmedica.com\/wp-content\/uploads\/2023\/05\/seguro_consulta.jpg\" alt=\"\" class=\"wp-image-3249\" srcset=\"https:\/\/informe-anual-2022.mutualmedica.com\/wp-content\/uploads\/2023\/05\/seguro_consulta.jpg 1000w, https:\/\/informe-anual-2022.mutualmedica.com\/wp-content\/uploads\/2023\/05\/seguro_consulta-980x380.jpg 980w, https:\/\/informe-anual-2022.mutualmedica.com\/wp-content\/uploads\/2023\/05\/seguro_consulta-480x186.jpg 480w\" sizes=\"(min-width: 0px) and (max-width: 480px) 480px, (min-width: 481px) and (max-width: 980px) 980px, (min-width: 981px) 1000px, 100vw\" \/><\/figure>\n\n\n\n<p>Protegir la teva activitat professional tamb\u00e9 \u00e9s protegir el lloc on la duus a terme: la teva consulta. Assegurar-la no sols \u00e9s protegir tot el que has invertit, sin\u00f3 assegurar poder exercir la teva activitat passi el que passi, enfront de qualsevol tipus de sinistre.<\/p>\n\n\n\n<p><\/p>\n\n\n\n<div class=\"wp-container-69f4dcc723c78 wp-block-buttons\">\n<div class=\"wp-block-button aligncenter\"><a class=\"wp-block-button__link\" href=\"https:\/\/www.mutualmedica.com\/seguros\/seguros-profesionales\/seguros-de-consulta\" target=\"_blank\" rel=\"noreferrer noopener\">M\u00e9s informaci\u00f3<\/a><\/div>\n<\/div>\n<\/div>\n\n\n\n<div class=\"wp-block-column\">\n<p><\/p>\n\n\n\n<p><\/p>\n\n\n\n<div class=\"wp-container-69f4dcc723f17 wp-block-buttons\"><\/div>\n<\/div>\n<\/div>\n\n\n\n<h3><strong><a rel=\"noreferrer noopener\" href=\"https:\/\/www.mutualmedica.com\/ahorro-inversion\" target=\"_blank\">ESTALVI INVERSI\u00d3<\/a><\/strong><\/h3>\n\n\n\n<h3><a rel=\"noreferrer noopener\" href=\"https:\/\/www.mutualmedica.com\/ahorro-inversion\/seguros-de-ahorro-inversion\" target=\"_blank\">Assegurances per a l&#8217;estalvi<\/a><\/h3>\n\n\n\n<div class=\"wp-block-columns\">\n<div class=\"wp-block-column\">\n<h4><u><a rel=\"noreferrer noopener\" href=\"https:\/\/www.mutualmedica.com\/es\/seguro-mel\" target=\"_blank\"><\/a><a rel=\"noreferrer noopener\" href=\"https:\/\/www.mutualmedica.com\/es\/seguro-de-incapacidad-laboral-temporal\" target=\"_blank\"><\/a><a rel=\"noreferrer noopener\" href=\"https:\/\/www.mutualmedica.com\/es\/seguro-de-incapacidad-laboral-permanente\" target=\"_blank\"><\/a><a rel=\"noreferrer noopener\" href=\"https:\/\/www.mutualmedica.com\/es\/seguro-de-orfandad1\" target=\"_blank\"><\/a><a rel=\"noreferrer noopener\" href=\"https:\/\/www.mutualmedica.com\/es\/seguro-multi-vida\" target=\"_blank\"><\/a><a rel=\"noreferrer noopener\" href=\"https:\/\/www.mutualmedica.com\/es\/seguro-de-jubilacion-mutual\" target=\"_blank\"><\/a><a rel=\"noreferrer noopener\" href=\"https:\/\/www.mutualmedica.com\/es\/seguro-de-ahorro-garantizado\" target=\"_blank\">Asseguran\u00e7a d&#8217;Estalvi Garantit<\/a><\/u><\/h4>\n\n\n\n<figure class=\"wp-block-image size-full\"><img loading=\"lazy\" width=\"1000\" height=\"388\" src=\"https:\/\/informe-anual-2022.mutualmedica.com\/wp-content\/uploads\/2023\/05\/Seguros_Ahorro_Garantizado-1.jpg\" alt=\"\" class=\"wp-image-2883\" srcset=\"https:\/\/informe-anual-2022.mutualmedica.com\/wp-content\/uploads\/2023\/05\/Seguros_Ahorro_Garantizado-1.jpg 1000w, https:\/\/informe-anual-2022.mutualmedica.com\/wp-content\/uploads\/2023\/05\/Seguros_Ahorro_Garantizado-1-980x380.jpg 980w, https:\/\/informe-anual-2022.mutualmedica.com\/wp-content\/uploads\/2023\/05\/Seguros_Ahorro_Garantizado-1-480x186.jpg 480w\" sizes=\"(min-width: 0px) and (max-width: 480px) 480px, (min-width: 481px) and (max-width: 980px) 980px, (min-width: 981px) 1000px, 100vw\" \/><\/figure>\n\n\n\n<p>Per als metges que volen estalviar, per\u00f2 tamb\u00e9 disposar dels diners quan ho desitgin, disposem de l&#8217;Asseguran\u00e7a d&#8217;Estalvi Garantit, que ofereix rendibilitat i disponibilitat.<\/p>\n\n\n\n<div class=\"wp-container-69f4dcc724214 wp-block-buttons\">\n<div class=\"wp-block-button aligncenter\"><a class=\"wp-block-button__link\" href=\"https:\/\/www.mutualmedica.com\/es\/seguro-de-ahorro-garantizado\" target=\"_blank\" rel=\"noreferrer noopener\">M\u00e9s informaci\u00f3<\/a><\/div>\n<\/div>\n<\/div>\n\n\n\n<div class=\"wp-block-column\">\n<p><\/p>\n\n\n\n<div class=\"wp-container-69f4dcc724496 wp-block-buttons\"><\/div>\n<\/div>\n<\/div>\n\n\n\n<div class=\"wp-block-columns\">\n<div class=\"wp-block-column\">\n<h4><u><a rel=\"noreferrer noopener\" href=\"https:\/\/www.mutualmedica.com\/es\/seguro-de-dependencia\" target=\"_blank\"><\/a><a rel=\"noreferrer noopener\" href=\"https:\/\/www.mutualmedica.com\/es\/seguro-de-guardias-medicas\" target=\"_blank\"><\/a><a rel=\"noreferrer noopener\" href=\"https:\/\/www.mutualmedica.com\/es\/seguro-de-estudios-garantizados\" target=\"_blank\"><\/a><a rel=\"noreferrer noopener\" href=\"https:\/\/www.mutualmedica.com\/es\/seguro-vida-ahorro\" target=\"_blank\"><\/a><a rel=\"noreferrer noopener\" href=\"https:\/\/www.mutualmedica.com\/es\/plan-prevision-asegurado-mutual\" target=\"_blank\"><\/a><a rel=\"noreferrer noopener\" href=\"https:\/\/www.mutualmedica.com\/es\/seguro-ahorro-inversion\" target=\"_blank\">Asseguran\u00e7a d&#8217;Estalvi-Inversi\u00f3<\/a><\/u><\/h4>\n\n\n\n<figure class=\"wp-block-image size-full\"><img loading=\"lazy\" width=\"1000\" height=\"388\" src=\"https:\/\/informe-anual-2022.mutualmedica.com\/wp-content\/uploads\/2023\/05\/Seguro_Ahorro_Inversion.jpg\" alt=\"\" class=\"wp-image-3250\" srcset=\"https:\/\/informe-anual-2022.mutualmedica.com\/wp-content\/uploads\/2023\/05\/Seguro_Ahorro_Inversion.jpg 1000w, https:\/\/informe-anual-2022.mutualmedica.com\/wp-content\/uploads\/2023\/05\/Seguro_Ahorro_Inversion-980x380.jpg 980w, https:\/\/informe-anual-2022.mutualmedica.com\/wp-content\/uploads\/2023\/05\/Seguro_Ahorro_Inversion-480x186.jpg 480w\" sizes=\"(min-width: 0px) and (max-width: 480px) 480px, (min-width: 481px) and (max-width: 980px) 980px, (min-width: 981px) 1000px, 100vw\" \/><\/figure>\n\n\n\n<p>L&#8217;Asseguran\u00e7a d&#8217;Estalvi-Inversi\u00f3 et dona estalvi m\u00e9s inversi\u00f3, amb un inter\u00e8s t\u00e8cnic anual i bonificant la perman\u00e8ncia fins a venciment de contracte amb un sobre tipus d&#8217;inter\u00e8s.<\/p>\n\n\n\n<div class=\"wp-container-69f4dcc72477b wp-block-buttons\">\n<div class=\"wp-block-button aligncenter\"><a class=\"wp-block-button__link\" href=\"https:\/\/www.mutualmedica.com\/es\/seguro-ahorro-inversion\" target=\"_blank\" rel=\"noreferrer noopener\">M\u00e9s informaci\u00f3<\/a><\/div>\n<\/div>\n<\/div>\n\n\n\n<div class=\"wp-block-column\">\n<p><\/p>\n\n\n\n<div class=\"wp-container-69f4dcc724a0a wp-block-buttons\"><\/div>\n<\/div>\n<\/div>\n\n\n\n<div class=\"wp-block-columns\">\n<div class=\"wp-block-column\">\n<h4><u><a rel=\"noreferrer noopener\" href=\"https:\/\/www.mutualmedica.com\/es\/seguro-de-dependencia\" target=\"_blank\"><\/a><a rel=\"noreferrer noopener\" href=\"https:\/\/www.mutualmedica.com\/es\/seguro-de-guardias-medicas\" target=\"_blank\"><\/a><a rel=\"noreferrer noopener\" href=\"https:\/\/www.mutualmedica.com\/ahorro-inversion\/seguros-de-ahorro-inversion\" target=\"_blank\">Asseguran\u00e7a d&#8217;Estudis Garantits<\/a><\/u><\/h4>\n\n\n\n<figure class=\"wp-block-image size-full\"><img loading=\"lazy\" width=\"1000\" height=\"388\" src=\"https:\/\/informe-anual-2022.mutualmedica.com\/wp-content\/uploads\/2023\/05\/03.2.2-estudios_orfandad_mutual_medica.jpg\" alt=\"\" class=\"wp-image-2876\" srcset=\"https:\/\/informe-anual-2022.mutualmedica.com\/wp-content\/uploads\/2023\/05\/03.2.2-estudios_orfandad_mutual_medica.jpg 1000w, https:\/\/informe-anual-2022.mutualmedica.com\/wp-content\/uploads\/2023\/05\/03.2.2-estudios_orfandad_mutual_medica-980x380.jpg 980w, https:\/\/informe-anual-2022.mutualmedica.com\/wp-content\/uploads\/2023\/05\/03.2.2-estudios_orfandad_mutual_medica-480x186.jpg 480w\" sizes=\"(min-width: 0px) and (max-width: 480px) 480px, (min-width: 481px) and (max-width: 980px) 980px, (min-width: 981px) 1000px, 100vw\" \/><\/figure>\n\n\n\n<p>Estudis Garantits \u00e9s la suma de les nostres assegurances d&#8217;Orfenesa i d&#8217;Estalvi Garantit, amb la finalitat de garantir un capital per als estudis dels teus fills i assegurar el seu futur amb una renda mensual fins als 24 anys davant defunci\u00f3 o Invalidesa Permanent Absoluta de l&#8217;assegurat.<\/p>\n\n\n\n<div class=\"wp-container-69f4dcc724d1a wp-block-buttons\">\n<div class=\"wp-block-button aligncenter\"><a class=\"wp-block-button__link\" href=\"https:\/\/www.mutualmedica.com\/es\/seguro-de-ahorro-garantizado\" target=\"_blank\" rel=\"noreferrer noopener\">M\u00e9s informaci\u00f3<\/a><\/div>\n<\/div>\n<\/div>\n\n\n\n<div class=\"wp-block-column\"><\/div>\n<\/div>\n\n\n\n<div class=\"wp-block-columns\">\n<div class=\"wp-block-column\">\n<h4><u><a rel=\"noreferrer noopener\" href=\"https:\/\/www.mutualmedica.com\/es\/seguro-mel\" target=\"_blank\"><\/a><a rel=\"noreferrer noopener\" href=\"https:\/\/www.mutualmedica.com\/es\/seguro-de-incapacidad-laboral-temporal\" target=\"_blank\"><\/a><a rel=\"noreferrer noopener\" href=\"https:\/\/www.mutualmedica.com\/es\/seguro-de-incapacidad-laboral-permanente\" target=\"_blank\"><\/a><a rel=\"noreferrer noopener\" href=\"https:\/\/www.mutualmedica.com\/es\/seguro-de-orfandad1\" target=\"_blank\"><\/a><a rel=\"noreferrer noopener\" href=\"https:\/\/www.mutualmedica.com\/es\/seguro-multi-vida\" target=\"_blank\"><\/a><a rel=\"noreferrer noopener\" href=\"https:\/\/www.mutualmedica.com\/es\/seguro-de-jubilacion-mutual\" target=\"_blank\"><\/a><a rel=\"noreferrer noopener\" href=\"https:\/\/www.mutualmedica.com\/es\/seguro-de-ahorro-garantizado\" target=\"_blank\"><\/a><a rel=\"noreferrer noopener\" href=\"https:\/\/www.mutualmedica.com\/es\/seguro-mutualista-joven\" target=\"_blank\"><\/a><a rel=\"noreferrer noopener\" href=\"https:\/\/www.mutualmedica.com\/ahorro-inversion\/seguros-de-ahorro-inversion\" target=\"_blank\">Pla InbestMe<\/a><\/u><\/h4>\n\n\n\n<figure class=\"wp-block-image size-full\"><img loading=\"lazy\" width=\"1000\" height=\"388\" src=\"https:\/\/informe-anual-2022.mutualmedica.com\/wp-content\/uploads\/2023\/05\/Plan_InbestMe.jpg\" alt=\"\" class=\"wp-image-3251\" srcset=\"https:\/\/informe-anual-2022.mutualmedica.com\/wp-content\/uploads\/2023\/05\/Plan_InbestMe.jpg 1000w, https:\/\/informe-anual-2022.mutualmedica.com\/wp-content\/uploads\/2023\/05\/Plan_InbestMe-980x380.jpg 980w, https:\/\/informe-anual-2022.mutualmedica.com\/wp-content\/uploads\/2023\/05\/Plan_InbestMe-480x186.jpg 480w\" sizes=\"(min-width: 0px) and (max-width: 480px) 480px, (min-width: 481px) and (max-width: 980px) 980px, (min-width: 981px) 1000px, 100vw\" \/><\/figure>\n\n\n\n<p>Rendibilitza els teus estalvis sense renunciar als teus valors i obre el teu compte inbestME 100% en l\u00ednia per descobrir la inversi\u00f3 socialment responsable (ISR). La teva mutualitat et regala 50 \u20ac en un fons ISR per donar-te la benvinguda.<\/p>\n\n\n\n<div class=\"wp-container-69f4dcc725032 wp-block-buttons\">\n<div class=\"wp-block-button aligncenter\"><a class=\"wp-block-button__link\" href=\"https:\/\/www.mutualmedica.com\/ahorro-inversion\/seguros-de-ahorro-inversion\" target=\"_blank\" rel=\"noreferrer noopener\">M\u00e9s informaci\u00f3<\/a><\/div>\n<\/div>\n<\/div>\n\n\n\n<div class=\"wp-block-column\">\n<h4><\/h4>\n\n\n\n<iframe class=\"w100\" src=\"https:\/\/www.youtube.com\/embed\/RKE4rQJuL2A?rel=0\" title=\"YouTube video player\" frameborder=\"0\" allow=\"accelerometer; autoplay; clipboard-write; encrypted-media; gyroscope; picture-in-picture\" allowfullscreen=\"\"><\/iframe>\n<\/div>\n<\/div>\n\n\n\n\n\n<h3><a rel=\"noreferrer noopener\" href=\"https:\/\/www.mutualmedica.com\/ahorro-inversion\/seguros-de-jubilacion\" target=\"_blank\">Assegurances per a la Jubilaci\u00f3<\/a><\/h3>\n\n\n\n<div class=\"wp-block-columns\">\n<div class=\"wp-block-column\">\n<h4><u><a rel=\"noreferrer noopener\" href=\"https:\/\/www.mutualmedica.com\/es\/seguro-mel\" target=\"_blank\"><\/a><a rel=\"noreferrer noopener\" href=\"https:\/\/www.mutualmedica.com\/es\/seguro-de-incapacidad-laboral-temporal\" target=\"_blank\"><\/a><a rel=\"noreferrer noopener\" href=\"https:\/\/www.mutualmedica.com\/es\/seguro-de-incapacidad-laboral-permanente\" target=\"_blank\"><\/a><a rel=\"noreferrer noopener\" href=\"https:\/\/www.mutualmedica.com\/es\/seguro-de-orfandad1\" target=\"_blank\"><\/a><a rel=\"noreferrer noopener\" href=\"https:\/\/www.mutualmedica.com\/es\/seguro-multi-vida\" target=\"_blank\"><\/a><a rel=\"noreferrer noopener\" href=\"https:\/\/www.mutualmedica.com\/es\/seguro-de-jubilacion-mutual\" target=\"_blank\">Asseguran\u00e7a de Jubilaci\u00f3 Mutual<\/a><\/u><\/h4>\n\n\n\n<figure class=\"wp-block-image size-full\"><img loading=\"lazy\" width=\"1000\" height=\"388\" src=\"https:\/\/informe-anual-2022.mutualmedica.com\/wp-content\/uploads\/2023\/05\/segurpos_jubilacion_mutual_medica-1.jpg\" alt=\"\" class=\"wp-image-2884\" srcset=\"https:\/\/informe-anual-2022.mutualmedica.com\/wp-content\/uploads\/2023\/05\/segurpos_jubilacion_mutual_medica-1.jpg 1000w, https:\/\/informe-anual-2022.mutualmedica.com\/wp-content\/uploads\/2023\/05\/segurpos_jubilacion_mutual_medica-1-980x380.jpg 980w, https:\/\/informe-anual-2022.mutualmedica.com\/wp-content\/uploads\/2023\/05\/segurpos_jubilacion_mutual_medica-1-480x186.jpg 480w\" sizes=\"(min-width: 0px) and (max-width: 480px) 480px, (min-width: 481px) and (max-width: 980px) 980px, (min-width: 981px) 1000px, 100vw\" \/><\/figure>\n\n\n\n<p>Aquesta asseguran\u00e7a et permet agrupar el capital necessari per viure els anys de jubilat com sempre t&#8217;ho has imaginat. Una asseguran\u00e7a de jubilaci\u00f3 amb un tipus d&#8217;inter\u00e8s garantit i una desgravaci\u00f3 fiscal del 100% a la teva declaraci\u00f3 de la renda.<\/p>\n\n\n\n<div class=\"wp-container-69f4dcc725546 wp-block-buttons\">\n<div class=\"wp-block-button aligncenter\"><a class=\"wp-block-button__link\" href=\"https:\/\/www.mutualmedica.com\/es\/seguro-de-jubilacion-mutual\" target=\"_blank\" rel=\"noreferrer noopener\">M\u00e9s informaci\u00f3<\/a><\/div>\n<\/div>\n<\/div>\n\n\n\n<div class=\"wp-block-column\">\n<p><\/p>\n\n\n\n<div class=\"wp-container-69f4dcc7257f1 wp-block-buttons\"><\/div>\n<\/div>\n<\/div>\n\n\n\n<div class=\"wp-block-columns\">\n<div class=\"wp-block-column\">\n<h4><u><a rel=\"noreferrer noopener\" href=\"https:\/\/www.mutualmedica.com\/es\/seguro-de-jubilacion-ahorro-fiscal-105\" target=\"_blank\">Asseguran\u00e7a de Jubilaci\u00f3 Estalvi Fiscal 105<\/a><\/u><\/h4>\n\n\n\n<figure class=\"wp-block-image size-large\"><img loading=\"lazy\" width=\"1024\" height=\"340\" src=\"https:\/\/informe-anual-2022.mutualmedica.com\/wp-content\/uploads\/2022\/04\/Seguro_Jubilacion_Ahorro_Fisca_105_cabecerab-1024x340.jpg\" alt=\"\" class=\"wp-image-421\" srcset=\"https:\/\/informe-anual-2022.mutualmedica.com\/wp-content\/uploads\/2022\/04\/Seguro_Jubilacion_Ahorro_Fisca_105_cabecerab-980x325.jpg 980w, https:\/\/informe-anual-2022.mutualmedica.com\/wp-content\/uploads\/2022\/04\/Seguro_Jubilacion_Ahorro_Fisca_105_cabecerab-480x159.jpg 480w\" sizes=\"(min-width: 0px) and (max-width: 480px) 480px, (min-width: 481px) and (max-width: 980px) 980px, (min-width: 981px) 1024px, 100vw\" \/><\/figure>\n\n\n\n<p>Inverteix el capital que decideixis en una Asseguran\u00e7a de Jubilaci\u00f3 d&#8217;aportaci\u00f3 \u00fanica a un inter\u00e8s brut anual garantit. Nom\u00e9s es comercialitza a final d&#8217;any. Grans avantatges fiscals.<\/p>\n\n\n\n<div class=\"wp-container-69f4dcc725ae9 wp-block-buttons\">\n<div class=\"wp-block-button aligncenter\"><a class=\"wp-block-button__link\" href=\"https:\/\/www.mutualmedica.com\/es\/seguro-de-jubilacion-ahorro-fiscal-105\" target=\"_blank\" rel=\"noreferrer noopener\">M\u00e9s informaci\u00f3<\/a><\/div>\n<\/div>\n<\/div>\n\n\n\n<div class=\"wp-block-column\">\n<p><\/p>\n<\/div>\n<\/div>\n\n\n\n<div class=\"wp-block-columns\">\n<div class=\"wp-block-column\">\n<h4><u><a rel=\"noreferrer noopener\" href=\"https:\/\/www.mutualmedica.com\/es\/seguro-de-dependencia\" target=\"_blank\"><\/a><a rel=\"noreferrer noopener\" href=\"https:\/\/www.mutualmedica.com\/es\/seguro-de-guardias-medicas\" target=\"_blank\"><\/a><a rel=\"noreferrer noopener\" href=\"https:\/\/www.mutualmedica.com\/es\/seguro-de-estudios-garantizados\" target=\"_blank\"><\/a><a rel=\"noreferrer noopener\" href=\"https:\/\/www.mutualmedica.com\/es\/seguro-vida-ahorro\" target=\"_blank\"><\/a><a rel=\"noreferrer noopener\" href=\"https:\/\/www.mutualmedica.com\/es\/plan-prevision-asegurado-mutual\" target=\"_blank\">Pla de Previsi\u00f3 Assegurat Mutual<\/a><\/u><\/h4>\n\n\n\n<figure class=\"wp-block-image size-full\"><img loading=\"lazy\" width=\"1000\" height=\"388\" src=\"https:\/\/informe-anual-2022.mutualmedica.com\/wp-content\/uploads\/2023\/05\/Plan_Prevision_Asegurado_Mutual.jpg\" alt=\"\" class=\"wp-image-3253\" srcset=\"https:\/\/informe-anual-2022.mutualmedica.com\/wp-content\/uploads\/2023\/05\/Plan_Prevision_Asegurado_Mutual.jpg 1000w, https:\/\/informe-anual-2022.mutualmedica.com\/wp-content\/uploads\/2023\/05\/Plan_Prevision_Asegurado_Mutual-980x380.jpg 980w, https:\/\/informe-anual-2022.mutualmedica.com\/wp-content\/uploads\/2023\/05\/Plan_Prevision_Asegurado_Mutual-480x186.jpg 480w\" sizes=\"(min-width: 0px) and (max-width: 480px) 480px, (min-width: 481px) and (max-width: 980px) 980px, (min-width: 981px) 1000px, 100vw\" \/><\/figure>\n\n\n\n<p>El Pla de Previsi\u00f3 Assegurat (PPA) Mutual \u00e9s una asseguran\u00e7a de jubilaci\u00f3 que permet traspassar i mobilitzar capitals d&#8217;altres plans de pensions o de plans de previsi\u00f3 assegurat, a m\u00e9s de realitzar aportacions peri\u00f2diques amb els m\u00e0xims avantatges fiscals.<\/p>\n\n\n\n<div class=\"wp-container-69f4dcc725de6 wp-block-buttons\">\n<div class=\"wp-block-button aligncenter\"><a class=\"wp-block-button__link\" href=\"https:\/\/www.mutualmedica.com\/es\/plan-prevision-asegurado-mutual\" target=\"_blank\" rel=\"noreferrer noopener\">M\u00e9s informaci\u00f3<\/a><\/div>\n<\/div>\n<\/div>\n\n\n\n<div class=\"wp-block-column\">\n<p><\/p>\n\n\n\n<div class=\"wp-container-69f4dcc726074 wp-block-buttons\"><\/div>\n<\/div>\n<\/div>\n\n\n\n<div class=\"wp-block-columns\">\n<div class=\"wp-block-column\">\n<h3><a rel=\"noreferrer noopener\" href=\"https:\/\/www.mutualmedica.com\/es\/seguro-de-dependencia\" target=\"_blank\"><\/a><a rel=\"noreferrer noopener\" href=\"https:\/\/www.mutualmedica.com\/es\/seguro-de-guardias-medicas\" target=\"_blank\"><\/a><a rel=\"noreferrer noopener\" href=\"https:\/\/www.mutualmedica.com\/es\/seguro-de-estudios-garantizados\" target=\"_blank\"><\/a><a rel=\"noreferrer noopener\" href=\"https:\/\/www.mutualmedica.com\/es\/seguro-vida-ahorro\" target=\"_blank\"><\/a><a rel=\"noreferrer noopener\" href=\"https:\/\/www.mutualmedica.com\/es\/plan-prevision-asegurado-mutual\" target=\"_blank\"><\/a><a rel=\"noreferrer noopener\" href=\"https:\/\/www.mutualmedica.com\/es\/seguro-ahorro-inversion\" target=\"_blank\"><\/a><a rel=\"noreferrer noopener\" href=\"https:\/\/www.mutualmedica.com\/es\/prestamo-mir\" target=\"_blank\">Pr\u00e9stec MIR<\/a><\/h3>\n\n\n\n<figure class=\"wp-block-image size-large\"><img loading=\"lazy\" width=\"1024\" height=\"340\" src=\"https:\/\/informe-anual-2022.mutualmedica.com\/wp-content\/uploads\/2022\/04\/Nuestros_Seguros_20-1024x340.png\" alt=\"\" class=\"wp-image-425\" srcset=\"https:\/\/informe-anual-2022.mutualmedica.com\/wp-content\/uploads\/2022\/04\/Nuestros_Seguros_20-980x325.png 980w, https:\/\/informe-anual-2022.mutualmedica.com\/wp-content\/uploads\/2022\/04\/Nuestros_Seguros_20-480x159.png 480w\" sizes=\"(min-width: 0px) and (max-width: 480px) 480px, (min-width: 481px) and (max-width: 980px) 980px, (min-width: 981px) 1024px, 100vw\" \/><\/figure>\n\n\n\n<p>Tenim la soluci\u00f3 financera a les teves necessitats de disposici\u00f3 de capital, entre 2.000 i 30.000 \u20ac, per fer realitat els teus projectes del moment. Amb unes condicions molt avantatjoses, com el tipus d&#8217;inter\u00e8s i els terminis de devoluci\u00f3.<\/p>\n\n\n\n<div class=\"wp-container-69f4dcc726339 wp-block-buttons\">\n<div class=\"wp-block-button aligncenter\"><a class=\"wp-block-button__link\" href=\"https:\/\/www.mutualmedica.com\/es\/prestamo-mir\" target=\"_blank\" rel=\"noreferrer noopener\">M\u00e9s informaci\u00f3<\/a><\/div>\n<\/div>\n<\/div>\n\n\n\n<div class=\"wp-block-column\">\n<p><\/p>\n\n\n\n<div class=\"wp-container-69f4dcc7265c7 wp-block-buttons\"><\/div>\n<\/div>\n<\/div>\n\n\n\n<div class=\"wp-block-columns\">\n<div class=\"wp-block-column\">\n<p><\/p>\n<\/div>\n<\/div>\n\n\n\n\n\n<hr class=\"wp-block-separator has-text-color has-background has-white-background-color has-white-color ancla-je\" id=\"desenvolupament-de-negoci\"\/>\n\n\n\n<h2><strong>Desenvolupament de negoci<\/strong><\/h2>\n\n\n\n<h3><strong>Accions comercials<\/strong><\/h3>\n\n\n\n<p>Al llarg del 2022, l&#8217;equip d&#8217;assessors de Mutual M\u00e8dica ha posat el focus en diferents accions de previsi\u00f3 social:<\/p>\n\n\n\n<ul><li>Asseguran\u00e7a Mutualista Jove.<\/li><li>Asseguran\u00e7a d&#8217;Estalvi-Inversi\u00f3, primes peri\u00f2diques.<\/li><li>Asseguran\u00e7a de Jubilaci\u00f3 Estalvi Fiscal 105.<\/li><\/ul>\n\n\n\n<p>A m\u00e9s, es va mantenir el model comercial dels \u00faltims anys, que fa <strong>\u00e8mfasi en la captaci\u00f3 de nous mutualistes basant-se en l&#8217;an\u00e0lisi de necessitats asseguradores<\/strong>.<\/p>\n\n\n\n<p>Tamb\u00e9 s&#8217;ha refermat el m\u00e8tode establert amb la <strong>digitalitzaci\u00f3 del proc\u00e9s d&#8217;assessorament i venda de les nostres assegurances<\/strong>, que posa a la disposici\u00f3 dels assessors comercials recursos que permeten con\u00e8ixer millor les necessitats del metge i oferir els productes adequats a cadascun d&#8217;ells de manera personalitzada. En aquest sentit, s&#8217;ha implementat un nou CRM per a l&#8217;equip comercial.<\/p>\n\n\n\n<p><strong>Millores aconseguides despr\u00e9s de la implementaci\u00f3 del nou CRM:<\/strong><\/p>\n\n\n\n<ul><li>Proc\u00e9s de vendes estandarditzat.<\/li><li>Millora del servei, per augmentar l&#8217;efici\u00e8ncia en la gesti\u00f3 comercial.<\/li><li>Millora de la qualitat de l&#8217;assessorament, amb informaci\u00f3 visible i a la disposici\u00f3 de tot l&#8217;equip.<\/li><li>Millora de l&#8217;experi\u00e8ncia del mutualista, amb el registre de l&#8217;hist\u00f2ric de totes les relacions establertes.<\/li><li>Visi\u00f3 integral del mutualista a l&#8217;eina, que et permet no tenir impactes despr\u00e9s de les relacions de l&#8217;equip comercial.<\/li><li>Integraci\u00f3 del proc\u00e9s de vendes i de m\u00e0rqueting, que agilitza el proc\u00e9s de captaci\u00f3 de noves oportunitats.<\/li><li>Visualitzaci\u00f3 d&#8217;informes senzills per al seguiment de la gesti\u00f3 comercial des de la mateixa eina.<\/li><\/ul>\n\n\n\n<p><\/p>\n\n\n\n<h3><strong>Aposta estrat\u00e8gica en previsi\u00f3 social<\/strong><\/h3>\n\n\n\n<h4>Xarxa territorial<\/h4>\n\n\n\n<p><strong>Total 82.109 mutualistes<\/strong><\/p>\n\n\n\n<iframe loading=\"lazy\" src=\"https:\/\/informe-anual-2022.mutualmedica.com\/wp-content\/uploads\/anim_img\/05_mapa_CA\/05-mapa-ca.html\" width=\"1024\" height=\"538\" marginwidth=\"0\" marginheight=\"0\" frameborder=\"0\" scrolling=\"no\" style=\"display:block; margin: 0 auto;\"><\/iframe>\n\n\n\n<div style=\"height:50px\" aria-hidden=\"true\" class=\"wp-block-spacer\"><\/div>\n\n\n\n<hr class=\"wp-block-separator has-text-color has-background has-white-background-color has-white-color ancla-je\" id=\"atencio-al-mutualista\"\/>\n\n\n\n<h2>Atenci\u00f3 al mutualista<\/h2>\n\n\n\n<p>El metge \u00e9s el centre de tota l&#8217;activitat de Mutual M\u00e8dica, i molt especialment el metge mutualista, la qual cosa ha portat l&#8217;entitat a dissenyar una atenci\u00f3 basada en la proximitat i en la millora de la seva experi\u00e8ncia en la relaci\u00f3 amb la mutualitat a trav\u00e9s dels diferents canals de comunicaci\u00f3 disponibles:<\/p>\n\n\n\n<h3><strong>Canal <em>online<\/em><\/strong><\/h3>\n\n\n\n<h4>Web corporatiu<\/h4>\n\n\n\n<p>La p\u00e0gina <strong><a rel=\"noreferrer noopener\" href=\"https:\/\/www.mutualmedica.com\/es\" target=\"_blank\">mutualmedica.com<\/a><\/strong>, on es troba la informaci\u00f3 sobre assegurances i serveis de la mutualitat i informaci\u00f3 corporativa. Tamb\u00e9 trobar\u00e0s les nostres dades de contacte i la ubicaci\u00f3 de totes les nostres oficines.<\/p>\n\n\n\n<p>Tens a la teva disposici\u00f3 el <strong><a rel=\"noreferrer noopener\" href=\"https:\/\/www.mutualmedica.com\/es\/atencion-personalizada\" target=\"_blank\">Formulari web de contacte<\/a><\/strong> per fer les teves consultes i plantejar-nos els teus dubtes.<\/p>\n\n\n\n<h4>Blog<\/h4>\n\n\n\n<div class=\"wp-block-columns\">\n<div class=\"wp-block-column\" style=\"flex-basis:100%\">\n<p>Trobar\u00e0s tota l&#8217;actualitat i les \u00faltimes tend\u00e8ncies relacionades amb la professi\u00f3 m\u00e8dica al <a href=\"https:\/\/www.mutualmedica.com\/blog\">blog de la mutualitat dels metges<\/a>. Tamb\u00e9 difonem a trav\u00e9s d&#8217;aquest canal qu\u00e8 \u00e9s el mutualisme i com acompanya el metge al llarg de tota la seva traject\u00f2ria professional.<\/p>\n<\/div>\n<\/div>\n\n\n\n<p><\/p>\n\n\n\n<h4><a rel=\"noreferrer noopener\" href=\"https:\/\/mmcb.net\/gestiommcb\/identificacio.asp?Procedencia=2\" target=\"_blank\">\u00c0rea del Mutualista<\/a><\/h4>\n\n\n\n<p>Seguint amb la transformaci\u00f3 digital que est\u00e0 duent a terme l&#8217;entitat, el 2022 es va llan\u00e7ar la nova \u00c0rea del Mutualista, completament actualitzada.<\/p>\n\n\n\n<p>T\u00e9 un disseny m\u00e9s visual, amb pantalles renovades perqu\u00e8 sigui molt m\u00e9s f\u00e0cil navegar i adaptable a qualsevol dispositiu, sigui m\u00f2bil, tauleta o ordinador. A m\u00e9s, s&#8217;han establert nous protocols de seguretat per enfortir la seguretat implementada anteriorment.<\/p>\n\n\n\n<p>Per poder accedir a aquest espai digital dedicat al mutualista, et recomanem que entris en aquest enlla\u00e7, on trobar\u00e0s v\u00eddeos tutorials que te l&#8217;expliquen amb detall.<\/p>\n\n\n\n<h4>Portal de Gesti\u00f3 de Prestacions<\/h4>\n\n\n\n<p>Per al cobrament de la teva baixa laboral, la teva jubilaci\u00f3, el teu perm\u00eds de maternitat\u2026 pots realitzar la sol\u00b7licitud de la teva prestaci\u00f3 a trav\u00e9s del <strong><a rel=\"noreferrer noopener\" href=\"https:\/\/mutualmedica.atlassian.net\/servicedesk\/customer\/portal\/18\/user\/login?destination=portal%2F18\" target=\"_blank\">Portal de Gesti\u00f3 de Prestacions<\/a><\/strong>, que et permet contactar directament amb la persona responsable de la teva sol\u00b7licitud per atendre els teus dubtes o enviar documentaci\u00f3 i on pots con\u00e8ixer l&#8217;estat de la teva sol\u00b7licitud a cada moment.<\/p>\n\n\n\n<div class=\"wp-block-image w75\"><figure class=\"aligncenter size-full\"><img loading=\"lazy\" width=\"980\" height=\"293\" src=\"https:\/\/informe-anual-2022.mutualmedica.com\/wp-content\/uploads\/2023\/06\/Avantatges_2-980x293-1.png\" alt=\"\" class=\"wp-image-3995\" srcset=\"https:\/\/informe-anual-2022.mutualmedica.com\/wp-content\/uploads\/2023\/06\/Avantatges_2-980x293-1.png 980w, https:\/\/informe-anual-2022.mutualmedica.com\/wp-content\/uploads\/2023\/06\/Avantatges_2-980x293-1-480x144.png 480w\" sizes=\"(min-width: 0px) and (max-width: 480px) 480px, (min-width: 481px) 980px, 100vw\" \/><\/figure><\/div>\n\n\n\n<p><\/p>\n\n\n\n<h4>Visites virtuals<\/h4>\n\n\n\n<p>La pand\u00e8mia de la COVID i les restriccions que ha comportat van suposar un fort impuls en la digitalitzaci\u00f3 dels recursos del nostre equip d&#8217;assessors comercials. Les noves eines digitals han vingut per quedar-se, aix\u00ed que les videotrucades amb el teu assessor en previsi\u00f3 social ja formen part del dia a dia de la nostra relaci\u00f3 amb el metge i els mutualistes.<\/p>\n\n\n\n<h4><em>Mutual Informa<\/em><\/h4>\n\n\n\n<p>Aix\u00ed mateix, peri\u00f2dicament, Mutual M\u00e8dica informa de les novetats i de les accions que duu a terme la mutualitat per mitj\u00e0 del seu butllet\u00ed d&#8217;informaci\u00f3 <strong><em><a rel=\"noreferrer noopener\" href=\"https:\/\/www.mutualmedica.com\/es\/mutual-informa-v1\" target=\"_blank\">Mutual Informa<\/a><\/em><\/strong>, que s&#8217;envia en format digital i amb periodicitat bimestral a tots els mutualistes.<\/p>\n\n\n\n<h4>Xarxes socials<\/h4>\n\n\n\n<div class=\"wp-block-columns\">\n<div class=\"wp-block-column\" style=\"flex-basis:65%\">\n<p>Amb la finalitat de donar servei al creixent nombre de metges que es comuniquen a trav\u00e9s dels nous canals que representen les xarxes socials, Mutual M\u00e8dica posa a la disposici\u00f3 dels metges un servei d&#8217;atenci\u00f3 mitjan\u00e7ant perfil a <a rel=\"noreferrer noopener\" href=\"https:\/\/twitter.com\/MutualMedica?lang=es\" target=\"_blank\"><strong>Twitter<\/strong><\/a>. A trav\u00e9s d&#8217;aquest perfil, l&#8217;entitat ofereix informaci\u00f3 \u00fatil per al mutualista sobre previsi\u00f3 social, assessorament com a alternativa al RETA, normativa legal relativa, avantatges fiscals i avantatges socials, sempre pensant en els mutualistes i en tot el col\u00b7lectiu m\u00e8dic.<\/p>\n\n\n\n<p>L&#8217;entitat tamb\u00e9 t\u00e9 perfil a <strong><a rel=\"noreferrer noopener\" href=\"https:\/\/www.linkedin.com\/company\/mutual-medica\/\" target=\"_blank\">LinkedIn<\/a><\/strong>, on disposa del grup d&#8217;<strong><a rel=\"noreferrer noopener\" href=\"https:\/\/www.linkedin.com\/groups\/4906351\/\" target=\"_blank\">Alternativa a Aut\u00f2noms<\/a><\/strong>.<\/p>\n\n\n\n<p>Els metges tamb\u00e9 ens trobaran a <a rel=\"noreferrer noopener\" href=\"https:\/\/www.instagram.com\/mutualmedica\/\" target=\"_blank\"><strong>Instagram<\/strong><\/a>, un perfil pensat per informar el metge jove, fins i tot des de la seva etapa d&#8217;estudiant de Medicina, i a <a href=\"https:\/\/www.youtube.com\/channel\/UCG-nhUKpPfSfexSj4WpRe_g\"><strong>Youtube<\/strong><\/a>.<\/p>\n\n\n\n<p>Tamb\u00e9 compta amb una aplicaci\u00f3 m\u00f2bil denominada <strong><a rel=\"noreferrer noopener\" href=\"https:\/\/mirial.es\/\" target=\"_blank\">MIRIAL<\/a><\/strong>, un joc basat en les preguntes de l&#8217;examen MIR.<\/p>\n\n\n\n<p>L&#8217;aplicaci\u00f3 t\u00e9 perfil a <strong><a rel=\"noreferrer noopener\" href=\"https:\/\/es-es.facebook.com\/MirialApp\/\" target=\"_blank\">Facebook<\/a><\/strong>, a Twitter, <strong><a rel=\"noreferrer noopener\" href=\"https:\/\/mobile.twitter.com\/MirialApp\/status\/1498614567567597568\" target=\"_blank\">@MIRIAL_ES<\/a><\/strong> i a <strong><a rel=\"noreferrer noopener\" href=\"http:\/\/www.instagram.com\/mirialapp\" target=\"_blank\">Instagram<\/a><\/strong>.<\/p>\n<\/div>\n\n\n\n<div class=\"wp-block-column\" style=\"flex-basis:35%\">\n<figure class=\"wp-block-image size-full\"><img loading=\"lazy\" width=\"800\" height=\"800\" src=\"https:\/\/informe-anual-2022.mutualmedica.com\/wp-content\/uploads\/2023\/06\/RRSS.png\" alt=\"\" class=\"wp-image-3418\" srcset=\"https:\/\/informe-anual-2022.mutualmedica.com\/wp-content\/uploads\/2023\/06\/RRSS.png 800w, https:\/\/informe-anual-2022.mutualmedica.com\/wp-content\/uploads\/2023\/06\/RRSS-480x480.png 480w\" sizes=\"(min-width: 0px) and (max-width: 480px) 480px, (min-width: 481px) 800px, 100vw\" \/><\/figure>\n<\/div>\n<\/div>\n\n\n\n<h3><strong>\u00c0rea d&#8217;Experi\u00e8ncia al Mutualista<\/strong><\/h3>\n\n\n\n<p>El mutualista \u00e9s la nostra prioritat, est\u00e0 al centre de les nostres accions; per aquesta ra\u00f3, el 2021 es va crear l&#8217;\u00e0rea d&#8217;Experi\u00e8ncia al Mutualista, que t\u00e9 la funci\u00f3 d&#8217;escoltar la veu de tots aquells metges mutualistes que tinguin dubtes, consultes, suggeriments i fins i tot queixes o reclamacions relacionades amb les assegurances o el cobrament d&#8217;alguna prestaci\u00f3.<\/p>\n\n\n\n<p><\/p>\n\n\n\n<h4>Centre d&#8217;Informaci\u00f3 al Mutualista<\/h4>\n\n\n\n<p>El Centre d&#8217;Informaci\u00f3 al Mutualista ens permet transmetre els valors de l&#8217;entitat, a m\u00e9s de proporcionar una gesti\u00f3 efica\u00e7 de totes les assegurances i serveis que ofereix la mutualitat.<\/p>\n\n\n\n<p>T&#8217;atendrem a la l\u00ednia gratu\u00efta 900 82 88 99, la qual cosa comporta un benefici per al mutualista i el metge interessat a contactar amb la seva mutualitat.<\/p>\n\n\n\n<p>El metge tamb\u00e9 pot posar-se en contacte amb el Centre d&#8217;Informaci\u00f3 al Mutualista a trav\u00e9s de l&#8217;adre\u00e7a de correu electr\u00f2nic <a href=\"mailto:infomutual@mutualmedica.com\">infomutual@mutualmedica.com<\/a>, amb una r\u00e0tio de resposta \u00e0gil i efectiva.<\/p>\n\n\n\n<h3><strong>Oficines<\/strong><\/h3>\n\n\n\n<p>Si el metge desitja una atenci\u00f3 presencial, t\u00e9 l&#8217;opci\u00f3 de visitar les nostres oficines, on atendrem totes les seves demandes.<\/p>\n\n\n\n<p>Disposem d&#8217;oficines per tot Espanya<a>. <\/a><strong><a rel=\"noreferrer noopener\" href=\"https:\/\/www.mutualmedica.com\/es\/atencion-personalizada\" target=\"_blank\">Consulta on pots trobar-nos<\/a><\/strong>.<\/p>\n\n\n\n<h3><strong>Visites concertades a domicili<\/strong><\/h3>\n\n\n\n<p>Els nostres assessors comercials es desplacen en funci\u00f3 de les necessitats del metge. Veurem el metge a la seva consulta o domicili particular, pr\u00e8via reserva de cita.<\/p>\n\n\n\n<div style=\"height:50px\" aria-hidden=\"true\" class=\"wp-block-spacer\"><\/div>\n","protected":false},"excerpt":{"rendered":"<p>Dades de mutualistes Distribuci\u00f3 de mutualistes per prov\u00edncies Distribuci\u00f3 de mutualistes per sexes La feminitzaci\u00f3 de la professi\u00f3 entre les noves generacions de metges ens porta al fet que per quart any consecutiu la proporci\u00f3 global de metgesses mutualistes (53%) sigui superior a la de metges (47%), en sis punts, un m\u00e9s que l&#8217;any anterior. [&hellip;]<\/p>\n","protected":false},"author":1,"featured_media":3456,"parent":0,"menu_order":0,"comment_status":"closed","ping_status":"closed","template":"","meta":{"_et_pb_use_builder":"","_et_pb_old_content":"","_et_gb_content_width":""},"_links":{"self":[{"href":"https:\/\/informe-anual-2022.mutualmedica.com\/wp-json\/wp\/v2\/pages\/3663"}],"collection":[{"href":"https:\/\/informe-anual-2022.mutualmedica.com\/wp-json\/wp\/v2\/pages"}],"about":[{"href":"https:\/\/informe-anual-2022.mutualmedica.com\/wp-json\/wp\/v2\/types\/page"}],"author":[{"embeddable":true,"href":"https:\/\/informe-anual-2022.mutualmedica.com\/wp-json\/wp\/v2\/users\/1"}],"replies":[{"embeddable":true,"href":"https:\/\/informe-anual-2022.mutualmedica.com\/wp-json\/wp\/v2\/comments?post=3663"}],"version-history":[{"count":19,"href":"https:\/\/informe-anual-2022.mutualmedica.com\/wp-json\/wp\/v2\/pages\/3663\/revisions"}],"predecessor-version":[{"id":4138,"href":"https:\/\/informe-anual-2022.mutualmedica.com\/wp-json\/wp\/v2\/pages\/3663\/revisions\/4138"}],"wp:featuredmedia":[{"embeddable":true,"href":"https:\/\/informe-anual-2022.mutualmedica.com\/wp-json\/wp\/v2\/media\/3456"}],"wp:attachment":[{"href":"https:\/\/informe-anual-2022.mutualmedica.com\/wp-json\/wp\/v2\/media?parent=3663"}],"curies":[{"name":"wp","href":"https:\/\/api.w.org\/{rel}","templated":true}]}}