{"id":3656,"date":"2023-06-15T16:07:25","date_gmt":"2023-06-15T16:07:25","guid":{"rendered":"https:\/\/informe-anual-2022.mutualmedica.com\/?page_id=3656"},"modified":"2023-07-06T10:07:46","modified_gmt":"2023-07-06T10:07:46","slug":"programa-impulsarme-el-nostre-compromis-amb-la-formacio-i-la-investigacio-medica","status":"publish","type":"page","link":"https:\/\/informe-anual-2022.mutualmedica.com\/ca\/la-fundacio\/programa-impulsarme-el-nostre-compromis-amb-la-formacio-i-la-investigacio-medica\/","title":{"rendered":"PROGRAMA IMPULSAR(ME): el nostre comprom\u00eds amb la formaci\u00f3 i la recerca m\u00e8dica"},"content":{"rendered":"\n<hr class=\"wp-block-separator has-text-color has-background has-white-background-color has-white-color ancla-je\" id=\"compromiso-de-mutual-medica-con-los-ods\"\/>\n\n\n\n<div style=\"height:50px\" aria-hidden=\"true\" class=\"wp-block-spacer\"><\/div>\n\n\n\n<p>El Programa Impulsar(Me) de la Fundaci\u00f3 Mutual M\u00e8dica promou una tasca de recerca per generar i compartir coneixement entre el sector m\u00e8dic. \u00c9s la recerca la que permet realitzar activitats intel\u00b7lectuals i experimentals de manera sistem\u00e0tica amb el prop\u00f2sit d&#8217;augmentar els coneixements del col\u00b7lectiu: recerca, formaci\u00f3 d&#8217;excel\u00b7l\u00e8ncia i educaci\u00f3.<\/p>\n\n\n\n<p>A trav\u00e9s del Programa Impulsar(Me), promovem 4 grans projectes:<\/p>\n\n\n\n<ul><li>Premis a la Recerca Mutual M\u00e8dica<\/li><li>Premis Cient\u00edfics i ajudes a la formaci\u00f3 (en col\u00b7laboraci\u00f3 amb altres entitats)<\/li><li>Plataformes formatives<\/li><li>MIRIAL<\/li><\/ul>\n\n\n\n<h4>Premis a la Recerca Mutual M\u00e8dica<\/h4>\n\n\n\n<iframe class=\"w40\" src=\"https:\/\/www.youtube.com\/embed\/PaTH_rwg_Hg?rel=0\" title=\"YouTube video player\" frameborder=\"0\" allow=\"accelerometer; autoplay; clipboard-write; encrypted-media; gyroscope; picture-in-picture\" allowfullscreen=\"\"><\/iframe>\n\n\n\n<div style=\"height:50px\" aria-hidden=\"true\" class=\"wp-block-spacer\"><\/div>\n\n\n\n<div class=\"wp-block-columns\">\n<div class=\"wp-block-column\">\n<p>Aquests guardons que concedeix <strong>la Fundaci\u00f3 Mutual M\u00e8dica a trav\u00e9s del seu programa Impulsar(Me) reconeixen el desenvolupament i la tasca de metges, residents i estudiants<\/strong> en l&#8217;impuls de noves vies de recerca entorn del desenvolupament de ter\u00e0pies innovadores, eines diagn\u00f2stiques o la cura i tractament de malalties.<\/p>\n\n\n\n<p>Els Premis a la Recerca Mutual M\u00e8dica van mantenir el 2022 les tres novetats introdu\u00efdes l&#8217;any anterior, el 2021. La primera, la realitzaci\u00f3 de l&#8217;acte de lliurament dels premis fora del \u201cCasal del Metge\u201d, el nostre edifici hist\u00f2ric a Barcelona. El 2021 vam celebrar aquest esdeveniment a Santander i el 2022 el lliurament de premis va tenir lloc al magn\u00edfic Palau Casa Villa Luisa de Sevilla.<\/p>\n<\/div>\n\n\n\n<div class=\"wp-block-column\">\n<div class=\"wp-block-image w75\"><figure class=\"alignleft size-large\"><img loading=\"lazy\" width=\"1024\" height=\"768\" src=\"https:\/\/informe-anual-2022.mutualmedica.com\/wp-content\/uploads\/2023\/05\/MUTUAL-MEDICA4197-1024x768.jpg\" alt=\"\" class=\"wp-image-3088\" srcset=\"https:\/\/informe-anual-2022.mutualmedica.com\/wp-content\/uploads\/2023\/05\/MUTUAL-MEDICA4197-980x735.jpg 980w, https:\/\/informe-anual-2022.mutualmedica.com\/wp-content\/uploads\/2023\/05\/MUTUAL-MEDICA4197-480x360.jpg 480w\" sizes=\"(min-width: 0px) and (max-width: 480px) 480px, (min-width: 481px) and (max-width: 980px) 980px, (min-width: 981px) 1024px, 100vw\" \/><\/figure><\/div>\n<\/div>\n<\/div>\n\n\n\n<p>La segona novetat del 2021 va ser la creaci\u00f3 del Premi TFG-Fundaci\u00f3 Mutual M\u00e8dica al millor treball fi de grau presentat per un estudiant en acabar la seva diplomatura. El primer any vam fer una prova pilot amb quatre facultats, per\u00f2 el projecte es va consolidar el 2022 amb la participaci\u00f3 de 23 facultats de Medicina.<\/p>\n\n\n\n<p>La tercera novetat que s&#8217;ha mantingut ha estat un nou reconeixement, el Premi Menci\u00f3 Especial del Patronat de la Fundaci\u00f3 Mutual M\u00e8dica, que es pot atorgar a un projecte o article de recerca finalista de la Beca Mutual M\u00e8dica o del Premi Dr. Font, que no hagi acabat premiat pel jurat i que estigui alineat amb els valors i les l\u00ednies estrat\u00e8giques de la Fundaci\u00f3.<\/p>\n\n\n\n<div style=\"height:50px\" aria-hidden=\"true\" class=\"wp-block-spacer\"><\/div>\n\n\n\n<h5><strong>Beca Mutual M\u00e8dica<\/strong><\/h5>\n\n\n\n<p>Premiem els projectes de recerca de metges joves perqu\u00e8 puguin fer-los realitat. Trobar recursos i finan\u00e7ament per a la recerca m\u00e8dica resulta dif\u00edcil si est\u00e0s comen\u00e7ant a exercir.<\/p>\n\n\n\n<p>Per contribuir a resoldre aquesta situaci\u00f3, vam crear aquest premi nom\u00e9s per a metges MIR d&#8217;\u00faltim any de la resid\u00e8ncia o que l&#8217;hagin acabat en els \u00faltims tres anys anteriors a la convocat\u00f2ria.<\/p>\n\n\n\n<p>El 2020, amb motiu del centenari de l&#8217;entitat, es va dotar la Beca Mutual M\u00e8dica amb 25.000 \u20ac per al guanyador i 5.000 \u20ac per als dos acc\u00e8ssits; el 2021 es va aprovar mantenir aquestes quantitats en totes les edicions posteriors. A continuaci\u00f3, us presentem al guanyador i els acc\u00e8ssits de l&#8217;edici\u00f3 2022:<\/p>\n\n\n\n<div class=\"wp-block-columns\">\n<div class=\"wp-block-column\">\n<p><strong>Guanyador de la Beca Mutual M\u00e8dica<\/strong><\/p>\n\n\n\n<figure class=\"wp-block-image size-full imgCol100\"><img loading=\"lazy\" width=\"422\" height=\"280\" src=\"https:\/\/informe-anual-2022.mutualmedica.com\/wp-content\/uploads\/2023\/05\/RV1_6782_2.jpg\" alt=\"\" class=\"wp-image-3354\" srcset=\"https:\/\/informe-anual-2022.mutualmedica.com\/wp-content\/uploads\/2023\/05\/RV1_6782_2.jpg 422w, https:\/\/informe-anual-2022.mutualmedica.com\/wp-content\/uploads\/2023\/05\/RV1_6782_2-300x199.jpg 300w\" sizes=\"(max-width: 422px) 100vw, 422px\" \/><figcaption><strong><strong>Dra. Emilie Anderssen Nordahl<\/strong> <\/strong><br><strong>25.000 \u20ac<\/strong><\/figcaption><\/figure>\n\n\n\n<p><strong>Projecte<\/strong>: \u201cOptimitzaci\u00f3 del tractament farmacol\u00f2gic en pacients institucionalitzats en resid\u00e8ncies de Catalunya. Estudi quasiexperimental abans i despr\u00e9s\u201d.<\/p>\n\n\n\n<p><strong>Especialitat<\/strong>: Farmacologia Cl\u00ednica.<\/p>\n\n\n\n<p>\u00c0rea del Medicament del SAP Muntanya de Barcelona, juntament amb l&#8217;Hospital Vall d&#8217;Hebron (Barcelona).<\/p>\n\n\n\n<div class=\"wp-container-69f4dce31262f wp-block-buttons m\">\n<div class=\"wp-block-button\"><a class=\"wp-block-button__link\" href=\"https:\/\/youtu.be\/kEEPL8YhYc8\" target=\"_blank\" rel=\"noreferrer noopener\">Veure v\u00eddeo<\/a><\/div>\n<\/div>\n<\/div>\n\n\n\n<div class=\"wp-block-column\">\n<p><strong>Acc\u00e8ssit Beca Mutual M\u00e8dica<\/strong><\/p>\n\n\n\n<figure class=\"wp-block-image size-full imgCol100\"><img loading=\"lazy\" width=\"422\" height=\"280\" src=\"https:\/\/informe-anual-2022.mutualmedica.com\/wp-content\/uploads\/2023\/05\/RV1_6729_2.jpg\" alt=\"\" class=\"wp-image-3355\" srcset=\"https:\/\/informe-anual-2022.mutualmedica.com\/wp-content\/uploads\/2023\/05\/RV1_6729_2.jpg 422w, https:\/\/informe-anual-2022.mutualmedica.com\/wp-content\/uploads\/2023\/05\/RV1_6729_2-300x199.jpg 300w\" sizes=\"(max-width: 422px) 100vw, 422px\" \/><figcaption><strong><strong>Dra. Ver\u00f3nica Polaino Moreno<\/strong> <\/strong><br><strong>5.000 \u20ac<\/strong><\/figcaption><\/figure>\n\n\n\n<p><strong><strong>Projecte<\/strong><\/strong>: \u201cAssaig cl\u00ednic, multic\u00e8ntric, randomitzat, doble cec, controlat amb placebo, per avaluar l&#8217;efic\u00e0cia de l&#8217;antibioter\u00e0pia amb amoxicilina\/clavul\u00e0nic despr\u00e9s del drenatge quir\u00fargic de l&#8217;absc\u00e9s perianal en la prevenci\u00f3 del desenvolupament de f\u00edstula perianal\u201d.<\/p>\n\n\n\n<p><strong><strong>Especialitat<\/strong><\/strong>: Cirurgia General i Aparell Digestiu.<\/p>\n\n\n\n<p>Hospital Universitari Puerta De Hierro Majadahonda (Madrid).<\/p>\n\n\n\n<p><\/p>\n\n\n\n<div class=\"wp-container-69f4dce312a38 wp-block-buttons m\">\n<div class=\"wp-block-button\"><a class=\"wp-block-button__link\" href=\"https:\/\/youtu.be\/6QJQ1mecmKg\" target=\"_blank\" rel=\"noreferrer noopener\">Veure v\u00eddeo<\/a><\/div>\n<\/div>\n<\/div>\n\n\n\n<div class=\"wp-block-column\">\n<p><strong>Acc\u00e8ssit Beca Mutual M\u00e8dica<\/strong><\/p>\n\n\n\n<figure class=\"wp-block-image size-full imgCol100\"><img loading=\"lazy\" width=\"422\" height=\"280\" src=\"https:\/\/informe-anual-2022.mutualmedica.com\/wp-content\/uploads\/2023\/05\/RV1_6671_2.jpg\" alt=\"\" class=\"wp-image-3356\" srcset=\"https:\/\/informe-anual-2022.mutualmedica.com\/wp-content\/uploads\/2023\/05\/RV1_6671_2.jpg 422w, https:\/\/informe-anual-2022.mutualmedica.com\/wp-content\/uploads\/2023\/05\/RV1_6671_2-300x199.jpg 300w\" sizes=\"(max-width: 422px) 100vw, 422px\" \/><figcaption><strong><strong>Dra. Sara de la Mata Navazo<\/strong> <\/strong><br><strong>5.000 \u20ac<\/strong><\/figcaption><\/figure>\n\n\n\n<p><strong><strong>Projecte<\/strong><\/strong>: \u201cAvaluaci\u00f3 de la utilitat de l&#8217;ecografia integrada a peu de llit com a predictor d&#8217;\u00e8xit d&#8217;extubaci\u00f3\u201d.<\/p>\n\n\n\n<p><strong><strong>Especialitat<\/strong><\/strong>: Pediatria \/ Cures intensives Pedi\u00e0triques.<\/p>\n\n\n\n<p>Hospital Universitari Gregorio Mara\u00f1\u00f3n (Madrid).<\/p>\n\n\n\n<div class=\"wp-container-69f4dce312d7b wp-block-buttons m\">\n<div class=\"wp-block-button\"><a class=\"wp-block-button__link\" href=\"https:\/\/youtu.be\/OVkiICIfI24\" target=\"_blank\" rel=\"noreferrer noopener\">Veure v\u00eddeo<\/a><\/div>\n<\/div>\n<\/div>\n<\/div>\n\n\n\n<div class=\"wp-block-columns d\">\n<div class=\"wp-block-column\">\n<div class=\"wp-container-69f4dce3130d7 wp-block-buttons\">\n<div class=\"wp-block-button\"><a class=\"wp-block-button__link\" href=\"https:\/\/youtu.be\/kEEPL8YhYc8\" target=\"_blank\" rel=\"noreferrer noopener\">Veure v\u00eddeo<\/a><\/div>\n<\/div>\n<\/div>\n\n\n\n<div class=\"wp-block-column\">\n<div class=\"wp-container-69f4dce3133dd wp-block-buttons\">\n<div class=\"wp-block-button\"><a class=\"wp-block-button__link\" href=\"https:\/\/youtu.be\/6QJQ1mecmKg\" target=\"_blank\" rel=\"noreferrer noopener\">Veure v\u00eddeo<\/a><\/div>\n<\/div>\n<\/div>\n\n\n\n<div class=\"wp-block-column\">\n<div class=\"wp-container-69f4dce3136fa wp-block-buttons\">\n<div class=\"wp-block-button\"><a class=\"wp-block-button__link\" href=\"https:\/\/youtu.be\/OVkiICIfI24\" target=\"_blank\" rel=\"noreferrer noopener\">Veure v\u00eddeo<\/a><\/div>\n<\/div>\n<\/div>\n<\/div>\n\n\n\n<h5><strong>Premi Dr. J. Font<\/strong><\/h5>\n\n\n\n<p>Premiem autors d&#8217;articles sobre recerca m\u00e8dica. Si el teu treball de recerca ha despertat inter\u00e8s en publicar-se, t\u00e9 moltes possibilitats de guanyar el Premi Dr. J. Font. Hi poden participar tots els articles originals sobre recerca m\u00e8dica amb aplicaci\u00f3 a la pr\u00e0ctica cl\u00ednica i que hagin estat publicats en una revista indexada durant l&#8217;any anterior a la convocat\u00f2ria.<\/p>\n\n\n\n<p>Es premia l&#8217;autor primer signant de l&#8217;article guanyador amb 3.000 \u20ac. I contempla dos possibles acc\u00e8ssits de 1.000 \u20ac cadascun.<\/p>\n\n\n\n<div class=\"wp-block-columns\">\n<div class=\"wp-block-column\">\n<div class=\"wp-block-columns\">\n<div class=\"wp-block-column\">\n<p class=\"has-text-align-left\"><strong>Guanyador del Premi <\/strong><strong>Dr. J. Font<\/strong><\/p>\n\n\n\n<figure class=\"wp-block-image size-full imgCol100\"><img loading=\"lazy\" width=\"422\" height=\"280\" src=\"https:\/\/informe-anual-2022.mutualmedica.com\/wp-content\/uploads\/2023\/05\/RV1_6568_2.jpg\" alt=\"\" class=\"wp-image-3351\" srcset=\"https:\/\/informe-anual-2022.mutualmedica.com\/wp-content\/uploads\/2023\/05\/RV1_6568_2.jpg 422w, https:\/\/informe-anual-2022.mutualmedica.com\/wp-content\/uploads\/2023\/05\/RV1_6568_2-300x199.jpg 300w\" sizes=\"(max-width: 422px) 100vw, 422px\" \/><figcaption><strong><strong>Dr. Manuel Requena Ruiz<\/strong><\/strong><br><strong>3.000 \u20ac<\/strong><\/figcaption><\/figure>\n\n\n\n<p><strong>Article<\/strong>: \u201cDirect to angiography suite without stopping for computed tomography imaging for patients with acute stroke: a randomized clinical trial\u201d.<\/p>\n\n\n\n<p><strong><strong>Especialitat<\/strong><\/strong>: Neurologia.<\/p>\n\n\n\n<p>Hospital de la Vall d\u2019Hebron (Barcelona).<\/p>\n\n\n\n<p><strong>Revista<\/strong>: <em><em>American Medical Association<\/em><\/em>.<\/p>\n\n\n\n<div class=\"wp-container-69f4dce313af7 wp-block-buttons m\">\n<div class=\"wp-block-button aligncenter\"><a class=\"wp-block-button__link\" href=\"https:\/\/youtu.be\/w8BYiBr6GHA\" target=\"_blank\" rel=\"noreferrer noopener\">Veure v\u00eddeo<\/a><\/div>\n<\/div>\n<\/div>\n\n\n\n<div class=\"wp-block-column\">\n<p class=\"has-text-align-left\"><strong>Acc\u00e8ssit Premi <\/strong><strong>Dr. J. Font<\/strong><\/p>\n\n\n\n<figure class=\"wp-block-image size-full imgCol100\"><img loading=\"lazy\" width=\"422\" height=\"280\" src=\"https:\/\/informe-anual-2022.mutualmedica.com\/wp-content\/uploads\/2023\/05\/RV1_6500_2.jpg\" alt=\"\" class=\"wp-image-3352\" srcset=\"https:\/\/informe-anual-2022.mutualmedica.com\/wp-content\/uploads\/2023\/05\/RV1_6500_2.jpg 422w, https:\/\/informe-anual-2022.mutualmedica.com\/wp-content\/uploads\/2023\/05\/RV1_6500_2-300x199.jpg 300w\" sizes=\"(max-width: 422px) 100vw, 422px\" \/><figcaption><strong><strong>Dr. Noel Pin-Vieito<\/strong><\/strong><br><strong>1.000 \u20ac<\/strong><\/figcaption><\/figure>\n\n\n\n<p><strong><strong>Article<\/strong><\/strong>: \u201cFaecal immunochemical tests safely enhance rational use of resources during the assessment of suspected symptomatic colorectal cancer in primary care: systematic review and meta-analysis\u201d.<\/p>\n\n\n\n<p><strong><strong>Especialitat<\/strong><\/strong>: Aparell Digestiu.<\/p>\n\n\n\n<p>Complexo Hospitalario Universitario Ourense.<\/p>\n\n\n\n<p><strong>Revista<\/strong>: <em><em>British Medical Journal<\/em><\/em>.<\/p>\n\n\n\n<div class=\"wp-container-69f4dce313e29 wp-block-buttons m\">\n<div class=\"wp-block-button aligncenter\"><a class=\"wp-block-button__link\" href=\"https:\/\/youtu.be\/a6RrC3BT8H4\" target=\"_blank\" rel=\"noreferrer noopener\">Veure v\u00eddeo<\/a><\/div>\n<\/div>\n<\/div>\n\n\n\n<div class=\"wp-block-column\">\n<p class=\"has-text-align-left\"><strong>Acc\u00e8ssit Premi <\/strong><strong>Dr. J. Font<\/strong><\/p>\n\n\n\n<figure class=\"wp-block-image size-full imgCol100\"><img loading=\"lazy\" width=\"422\" height=\"280\" src=\"https:\/\/informe-anual-2022.mutualmedica.com\/wp-content\/uploads\/2023\/05\/RV1_6414_2.jpg\" alt=\"\" class=\"wp-image-3353\" srcset=\"https:\/\/informe-anual-2022.mutualmedica.com\/wp-content\/uploads\/2023\/05\/RV1_6414_2.jpg 422w, https:\/\/informe-anual-2022.mutualmedica.com\/wp-content\/uploads\/2023\/05\/RV1_6414_2-300x199.jpg 300w\" sizes=\"(max-width: 422px) 100vw, 422px\" \/><figcaption><strong><strong>Dra. Patricia Palau Sampio<\/strong><\/strong><br><strong>1.000 \u20ac<\/strong><\/figcaption><\/figure>\n\n\n\n<p><strong><strong>Article<\/strong><\/strong>: \u201cEffect of B-Blocker Withdrawal on Functional Capacity in Heart Failure and Preserved Ejection Fraction\u201d.<\/p>\n\n\n\n<p><strong><strong>Especialitat<\/strong><\/strong>: Cardiologia.<\/p>\n\n\n\n<p>Hospital Cl\u00ednic de Val\u00e8ncia.<\/p>\n\n\n\n<p><strong>Revista<\/strong>: <em><em>Journal of The American College of Cardiology<\/em><\/em>.<\/p>\n\n\n\n<div class=\"wp-container-69f4dce314170 wp-block-buttons m\">\n<div class=\"wp-block-button aligncenter\"><a class=\"wp-block-button__link\" href=\"https:\/\/youtu.be\/DVywFVtRi58\" target=\"_blank\" rel=\"noreferrer noopener\">Veure v\u00eddeo<\/a><\/div>\n<\/div>\n<\/div>\n<\/div>\n\n\n\n<div class=\"wp-block-columns d\">\n<div class=\"wp-block-column\">\n<div class=\"wp-container-69f4dce31446f wp-block-buttons\">\n<div class=\"wp-block-button aligncenter\"><a class=\"wp-block-button__link\" href=\"https:\/\/youtu.be\/w8BYiBr6GHA\" target=\"_blank\" rel=\"noreferrer noopener\">Veure v\u00eddeo<\/a><\/div>\n<\/div>\n<\/div>\n\n\n\n<div class=\"wp-block-column\">\n<div class=\"wp-container-69f4dce3147c1 wp-block-buttons\">\n<div class=\"wp-block-button aligncenter\"><a class=\"wp-block-button__link\" href=\"https:\/\/youtu.be\/a6RrC3BT8H4\" target=\"_blank\" rel=\"noreferrer noopener\">Veure v\u00eddeo<\/a><\/div>\n<\/div>\n<\/div>\n\n\n\n<div class=\"wp-block-column\">\n<div class=\"wp-container-69f4dce314a6f wp-block-buttons\">\n<div class=\"wp-block-button aligncenter\"><a class=\"wp-block-button__link\" href=\"https:\/\/youtu.be\/DVywFVtRi58\" target=\"_blank\" rel=\"noreferrer noopener\">Veure v\u00eddeo<\/a><\/div>\n<\/div>\n<\/div>\n<\/div>\n<\/div>\n<\/div>\n\n\n\n<h5><strong>Menci\u00f3 Especial Patronat Fundaci\u00f3 Mutual M\u00e8dica<\/strong><\/h5>\n\n\n\n<p>El 2021 el Patronat de la Fundaci\u00f3 Mutual M\u00e8dica va atorgar per primera vegada el Premi Menci\u00f3 Especial del Patronat de la Fundaci\u00f3 Mutual M\u00e8dica, que poden atorgar sota el seu criteri a qualsevol finalista de la Beca Mutual M\u00e8dica o del Premi Dr. J. Font no premiat pel jurat i que estigui alineat amb els valors i les l\u00ednies estrat\u00e8giques de la Fundaci\u00f3.<\/p>\n\n\n\n<p>El 2022 el Patronat va tornar a atorgar aquest Premi Menci\u00f3 Especial, en aquesta ocasi\u00f3, a un projecte basat en les noves tecnologies.<\/p>\n\n\n\n<p> <\/p>\n\n\n\n<div class=\"wp-block-columns\">\n<div class=\"wp-block-column\"><\/div>\n\n\n\n<div class=\"wp-block-column\">\n<figure class=\"wp-block-image size-full imgCol100\"><img loading=\"lazy\" width=\"422\" height=\"280\" src=\"https:\/\/informe-anual-2022.mutualmedica.com\/wp-content\/uploads\/2023\/05\/Dra.-Ines-Rivero-Belenchon.jpg\" alt=\"\" class=\"wp-image-2971\" srcset=\"https:\/\/informe-anual-2022.mutualmedica.com\/wp-content\/uploads\/2023\/05\/Dra.-Ines-Rivero-Belenchon.jpg 422w, https:\/\/informe-anual-2022.mutualmedica.com\/wp-content\/uploads\/2023\/05\/Dra.-Ines-Rivero-Belenchon-300x199.jpg 300w\" sizes=\"(max-width: 422px) 100vw, 422px\" \/><figcaption><strong><strong>Dra. In\u00e9s Rivero Belench\u00f3n<\/strong> <\/strong><br><strong>3.000 \u20ac<\/strong><\/figcaption><\/figure>\n\n\n\n<p><strong>Article<\/strong>: \u201cMyKidneyCare: plataforma digital per a pacients amb c\u00e0ncer renal metast\u00e0sic en tractament\u201d.<\/p>\n\n\n\n<p>Hospital Universitari Virgen Macarena i Virgen del Roc\u00edo (Sevilla).<\/p>\n\n\n\n<div class=\"wp-container-69f4dce314e58 wp-block-buttons\">\n<div class=\"wp-block-button\"><a class=\"wp-block-button__link\" href=\"https:\/\/youtu.be\/_o9IUKmQa3o\" target=\"_blank\" rel=\"noreferrer noopener\">Veure v\u00eddeo<\/a><\/div>\n<\/div>\n<\/div>\n\n\n\n<div class=\"wp-block-column\"><\/div>\n<\/div>\n\n\n\n<h5><strong>Premi TFG-Fundaci\u00f3 Mutual M\u00e8dica<\/strong><\/h5>\n\n\n\n<p>La Fundaci\u00f3 Mutual M\u00e8dica, a trav\u00e9s del programa Impulsar(Me), t\u00e9 com a objectiu el suport a la formaci\u00f3 dels metges i a la recerca m\u00e8dica. Amb el Premi TFG es pret\u00e9n estimular el treball dels estudiants de Medicina i recon\u00e8ixer aix\u00ed mateix la tasca de formaci\u00f3 de les facultats de Medicina i\/o Ci\u00e8ncies de la Salut.<\/p>\n\n\n\n<p>La Fundaci\u00f3 Mutual M\u00e8dica ha celebrat la segona convocat\u00f2ria del Premi TFG-Fundaci\u00f3 Mutual M\u00e8dica per premiar els millors TFG que hagin tingut una aplicaci\u00f3 potencial a la pr\u00e0ctica m\u00e8dica.<\/p>\n\n\n\n<p>Enguany hem augmentat a 38 els participants al premi TFG-Fundaci\u00f3 Mutual M\u00e8dica amb 23 universitats diferents.<\/p>\n\n\n\n<p>El jurat dels Premis a la Recerca Mutual M\u00e8dica es va sorprendre i va felicitar tots els candidats per la qualitat dels seus Treballs de Fi de Grau.<\/p>\n\n\n\n<div class=\"wp-block-columns\">\n<div class=\"wp-block-column\" style=\"flex-basis:33.34%\">\n<p class=\"has-text-align-left\"><strong>Guanyador<\/strong><\/p>\n<\/div>\n\n\n\n<div class=\"wp-block-column\" style=\"flex-basis:33.34%\">\n<p><strong>Finalista<\/strong><\/p>\n<\/div>\n\n\n\n<div class=\"wp-block-column\" style=\"flex-basis:33.33%\">\n<p><strong>Finalista<\/strong><\/p>\n<\/div>\n<\/div>\n\n\n\n<div class=\"wp-block-columns\">\n<div class=\"wp-block-column\">\n<figure class=\"wp-block-image size-full imgCol100\"><img loading=\"lazy\" width=\"422\" height=\"280\" src=\"https:\/\/informe-anual-2022.mutualmedica.com\/wp-content\/uploads\/2023\/05\/RV1_6278_2.jpg\" alt=\"\" class=\"wp-image-3350\" srcset=\"https:\/\/informe-anual-2022.mutualmedica.com\/wp-content\/uploads\/2023\/05\/RV1_6278_2.jpg 422w, https:\/\/informe-anual-2022.mutualmedica.com\/wp-content\/uploads\/2023\/05\/RV1_6278_2-300x199.jpg 300w\" sizes=\"(max-width: 422px) 100vw, 422px\" \/><figcaption><strong><strong>Dr. H\u00e9ctor Calduch<\/strong> <\/strong><br><strong>3.000 \u20ac<\/strong><\/figcaption><\/figure>\n\n\n\n<p><strong>Treball Fi de Grau<\/strong>: \u201cAdequaci\u00f3 a les guies cl\u00edniques de la indicaci\u00f3 de l&#8217;estudi diagn\u00f2stic d&#8217;<em>Helicobacter pylori<\/em> en una consulta de digestiu\u201d.<\/p>\n\n\n\n<p>Universitat Miguel Hern\u00e1ndez d&#8217;Alacant.<\/p>\n\n\n\n<div class=\"wp-container-69f4dce315221 wp-block-buttons m\">\n<div class=\"wp-block-button\"><a class=\"wp-block-button__link\" href=\"https:\/\/youtu.be\/DH8y911zOTI\" target=\"_blank\" rel=\"noreferrer noopener\">Veure v\u00eddeo<\/a><\/div>\n<\/div>\n<\/div>\n\n\n\n<div class=\"wp-block-column\">\n<figure class=\"wp-block-image size-full imgCol100\"><img loading=\"lazy\" width=\"422\" height=\"280\" src=\"https:\/\/informe-anual-2022.mutualmedica.com\/wp-content\/uploads\/2023\/05\/RV1_6227_2.jpg\" alt=\"\" class=\"wp-image-3348\" srcset=\"https:\/\/informe-anual-2022.mutualmedica.com\/wp-content\/uploads\/2023\/05\/RV1_6227_2.jpg 422w, https:\/\/informe-anual-2022.mutualmedica.com\/wp-content\/uploads\/2023\/05\/RV1_6227_2-300x199.jpg 300w\" sizes=\"(max-width: 422px) 100vw, 422px\" \/><figcaption><strong><strong><strong>Dra. Georgina Sim\u00f3<\/strong><\/strong> <\/strong><br><strong>1.000 \u20ac<\/strong><\/figcaption><\/figure>\n\n\n\n<p><strong><strong>Treball Fi de Grau<\/strong><\/strong>: \u201cAtropina en combinaci\u00f3 amb ortoqueratologia per frenar la progressi\u00f3 de la miopia infantil. Assaig cl\u00ednic aleatoritzat\u201d.<\/p>\n\n\n\n<p>Universitat Internacional de Catalunya.<\/p>\n\n\n\n<div class=\"wp-container-69f4dce315565 wp-block-buttons m\">\n<div class=\"wp-block-button\"><a class=\"wp-block-button__link\" href=\"https:\/\/youtu.be\/Ym_mfBxSpxA\" target=\"_blank\" rel=\"noreferrer noopener\">Veure v\u00eddeo<\/a><\/div>\n<\/div>\n<\/div>\n\n\n\n<div class=\"wp-block-column\">\n<figure class=\"wp-block-image size-full imgCol100\"><img loading=\"lazy\" width=\"422\" height=\"280\" src=\"https:\/\/informe-anual-2022.mutualmedica.com\/wp-content\/uploads\/2023\/05\/Dra.-Carlota-Montes-de-Oca.jpg\" alt=\"\" class=\"wp-image-3151\" srcset=\"https:\/\/informe-anual-2022.mutualmedica.com\/wp-content\/uploads\/2023\/05\/Dra.-Carlota-Montes-de-Oca.jpg 422w, https:\/\/informe-anual-2022.mutualmedica.com\/wp-content\/uploads\/2023\/05\/Dra.-Carlota-Montes-de-Oca-300x199.jpg 300w\" sizes=\"(max-width: 422px) 100vw, 422px\" \/><figcaption><strong><strong><strong>Dra. Carlota Montes de Oca<\/strong><\/strong> <\/strong><br><strong>1.000 \u20ac<\/strong><\/figcaption><\/figure>\n\n\n\n<p><strong><strong>Treball Fi de Grau<\/strong><\/strong>: \u201cUtilitat del sistema d&#8217;intel\u00b7lig\u00e8ncia artificial Endo_AID en la detecci\u00f3 d&#8217;adenomes colorectals\u201d.<\/p>\n\n\n\n<p>Universitat de La Laguna. Complex Hospitalari Universitari de Can\u00e0ries.<\/p>\n\n\n\n<div class=\"wp-container-69f4dce315855 wp-block-buttons m\">\n<div class=\"wp-block-button\"><a class=\"wp-block-button__link\" href=\"https:\/\/youtu.be\/qTYqoi1yEEc\" target=\"_blank\" rel=\"noreferrer noopener\">Veure v\u00eddeo<\/a><\/div>\n<\/div>\n<\/div>\n<\/div>\n\n\n\n<div class=\"wp-block-columns d\">\n<div class=\"wp-block-column\">\n<div class=\"wp-container-69f4dce315b19 wp-block-buttons\">\n<div class=\"wp-block-button\"><a class=\"wp-block-button__link\" href=\"https:\/\/youtu.be\/DH8y911zOTI\" target=\"_blank\" rel=\"noreferrer noopener\">Veure v\u00eddeo<\/a><\/div>\n<\/div>\n<\/div>\n\n\n\n<div class=\"wp-block-column\">\n<div class=\"wp-container-69f4dce315d92 wp-block-buttons\">\n<div class=\"wp-block-button\"><a class=\"wp-block-button__link\" href=\"https:\/\/youtu.be\/Ym_mfBxSpxA\" target=\"_blank\" rel=\"noreferrer noopener\">Veure v\u00eddeo<\/a><\/div>\n<\/div>\n<\/div>\n\n\n\n<div class=\"wp-block-column\">\n<div class=\"wp-container-69f4dce316039 wp-block-buttons\">\n<div class=\"wp-block-button\"><a class=\"wp-block-button__link\" href=\"https:\/\/youtu.be\/qTYqoi1yEEc\" target=\"_blank\" rel=\"noreferrer noopener\">Veure v\u00eddeo<\/a><\/div>\n<\/div>\n<\/div>\n<\/div>\n\n\n\n<h4><strong>Premis Cient\u00edfics i ajudes a la formaci\u00f3<\/strong><\/h4>\n\n\n\n<h5>Premis en col\u00b7laboraci\u00f3 amb els col\u00b7legis de metges<\/h5>\n\n\n\n<h6><strong>Premis a la traject\u00f2ria formativa i cient\u00edfica dels residents de M\u00e0laga<\/strong><\/h6>\n\n\n\n<p>La convocat\u00f2ria dels Premis Fi de Resid\u00e8ncia de M\u00e0laga anava adre\u00e7ada als residents dels hospitals de la prov\u00edncia de M\u00e0laga que havien finalitzat el seu per\u00edode de formaci\u00f3 especialitzada en l&#8217;exercici 2022 i que estaven col\u00b7legiats al <strong><a rel=\"noreferrer noopener\" href=\"https:\/\/commalaga.com\/\" target=\"_blank\">Col\u00b7legi de Metges de M\u00e0laga<\/a><\/strong> (COM M\u00c0LAGA).<\/p>\n\n\n\n<p>L&#8217;acte es va celebrar el 15 de juliol en la celebraci\u00f3 de la Patrona del COM M\u00c0LAGA, i l&#8217;assessor comercial de Mutual M\u00e8dica, el Sr. Ignacio Esteban, va ser l&#8217;encarregat d&#8217;atorgar els nostres premis.<\/p>\n\n\n\n<p>La finalitat de la convocat\u00f2ria era premiar la traject\u00f2ria formativa i cient\u00edfica dels residents dels hospitals. Aquest acte compta des dels seus inicis amb la col\u00b7laboraci\u00f3 de la Fundaci\u00f3 Mutual M\u00e8dica.<\/p>\n\n\n\n<p>Per al premi s&#8217;estableixen dues categories: residents amb especialitats de 5 anys i residents amb especialitats de 4 anys. Despr\u00e9s de la valoraci\u00f3 de totes les sol\u00b7licituds presentades, es premia amb 400 \u20ac els guanyadors i amb 200 \u20ac els segons guardonats.<\/p>\n\n\n\n<p>El 2022 els afortunats van ser els seg\u00fcents:<\/p>\n\n\n\n<ul><li>Primer premi categoria 5 anys: Dr. Javier D\u00edaz Santos, metge especialista en Oncologia M\u00e8dica.<\/li><li>Segon premi categoria 5 anys: Dra. Jesica Mart\u00edn Carmona, metgessa especialista en Medicina Interna.<\/li><li>Primer premi categoria 4 anys: Dr. Francisco Zamorano Mart\u00edn, metge especialista en Oftalmologia.<\/li><li>Segon premi categoria 4 anys: Dr. Alejandro Mart\u00ednez Rico, metge especialista en Psiquiatria.<\/li><\/ul>\n\n\n\n<h6><strong>Premi M\u00aa Eugenia Moreno a la Millor Nota MIR de la Regi\u00f3 de M\u00farcia<\/strong><\/h6>\n\n\n\n<div class=\"wp-block-columns alignwide are-vertically-aligned-top\">\n<div class=\"wp-block-column\" style=\"flex-basis:55%\">\n<p>El Premi Mar\u00eda Eugenia Moreno porta aquest nom en honor i record de la metgessa resident de Medicina de Fam\u00edlia, assassinada el 2009 al centre de salut Moratalla, a mans d&#8217;un pacient, la qual cosa va suposar un dels episodis m\u00e9s tr\u00e0gics d&#8217;agressions a personal sanitari.<\/p>\n\n\n\n<p>En aquesta ocasi\u00f3, aquest premi \u2014patrocinat per Mutual M\u00e8dica des del primer lliurament el 2009 i, des del passat 2016, per la Fundaci\u00f3 Mutual M\u00e8dica\u2014 ha recaigut en el Dr. Alberto G\u00f3mez G\u00f3mez.<\/p>\n<\/div>\n\n\n\n<div class=\"wp-block-column\" style=\"flex-basis:45%\">\n<figure class=\"wp-block-image size-full imgCol100\"><img loading=\"lazy\" width=\"422\" height=\"280\" src=\"https:\/\/informe-anual-2022.mutualmedica.com\/wp-content\/uploads\/2023\/05\/Dr.-Alberto-Gomez-Gomez.jpg\" alt=\"\" class=\"wp-image-2978\" srcset=\"https:\/\/informe-anual-2022.mutualmedica.com\/wp-content\/uploads\/2023\/05\/Dr.-Alberto-Gomez-Gomez.jpg 422w, https:\/\/informe-anual-2022.mutualmedica.com\/wp-content\/uploads\/2023\/05\/Dr.-Alberto-Gomez-Gomez-300x199.jpg 300w\" sizes=\"(max-width: 422px) 100vw, 422px\" \/><figcaption>Dr. Alberto G\u00f3mez G\u00f3mez, resident que va rebre el Premi Mar\u00eda Eugenia Moreno 2022 del Col\u00b7legi de Metges de la Regi\u00f3 de M\u00farcia.<\/figcaption><\/figure>\n<\/div>\n<\/div>\n\n\n\n<h6><strong>Premi Mutual M\u00e8dica al Millor Projecte de Tesi Doctoral a les Illes Balears<\/strong><\/h6>\n\n\n\n<div class=\"wp-block-columns alignwide are-vertically-aligned-top\">\n<div class=\"wp-block-column\" style=\"flex-basis:55%\">\n<p>El Premi Fundaci\u00f3 Mutual M\u00e8dica al Millor Projecte de Tesi Doctoral t\u00e9 com a objectiu facilitar als metges col\u00b7legiats a les Illes Balears l&#8217;obtenci\u00f3 del t\u00edtol de doctor.<\/p>\n\n\n\n<div class=\"wp-block-columns\">\n<div class=\"wp-block-column\" style=\"flex-basis:100%\">\n<p>Aquest premi est\u00e0 dotat amb 2.000 \u20ac, i el 2022 es va concedir al treball presentat per la Dra. Isabel Mar\u00eda Ruiz Hern\u00e1ndez, metgessa especialista en Traumatologia i Cirurgia Ortop\u00e8dica (\u00c0rea del Peu i Turmell) a la Cl\u00ednica Rotger i FEA en Cirurgia Ortop\u00e8dica i Traumatologia a l&#8217;Hospital Universitari Son Ll\u00e0tzer, pel projecte titulat: \u00abResultats de la infiltraci\u00f3 de toxina botul\u00ednica (BTX-A) VS Plasma Ric en Plaquetes (PRP) en el tractament de la fasci\u00eftis plantar\u00bb.<\/p>\n<\/div>\n<\/div>\n\n\n\n<p><\/p>\n<\/div>\n\n\n\n<div class=\"wp-block-column\" style=\"flex-basis:45%\">\n<figure class=\"wp-block-image size-full imgCol100\"><img loading=\"lazy\" width=\"422\" height=\"280\" src=\"https:\/\/informe-anual-2022.mutualmedica.com\/wp-content\/uploads\/2023\/05\/Mejor-Proyecto-de-Tesis-Doctoral-en-Islas-Baleares.jpg\" alt=\"\" class=\"wp-image-2981\" srcset=\"https:\/\/informe-anual-2022.mutualmedica.com\/wp-content\/uploads\/2023\/05\/Mejor-Proyecto-de-Tesis-Doctoral-en-Islas-Baleares.jpg 422w, https:\/\/informe-anual-2022.mutualmedica.com\/wp-content\/uploads\/2023\/05\/Mejor-Proyecto-de-Tesis-Doctoral-en-Islas-Baleares-300x199.jpg 300w\" sizes=\"(max-width: 422px) 100vw, 422px\" \/><figcaption>D&#8217;esq. a dta., el Dr. Recasens, president del Col\u00b7legi de Metges de Balears, la guanyadora Dra. Isabel Mar\u00eda Ruiz, el Dr. Sala, secretari del patronat de la Fundaci\u00f3 Mutual M\u00e8dica, i el Dr. Antoni Bennasar, director de la Fundaci\u00f3 Patronat Cient\u00edfic.<\/figcaption><\/figure>\n<\/div>\n<\/div>\n\n\n\n<h6><strong>Beques de Formaci\u00f3 a Ciudad Real<\/strong><\/h6>\n\n\n\n<div class=\"wp-block-columns alignwide are-vertically-aligned-top\">\n<div class=\"wp-block-column\" style=\"flex-basis:55%\">\n<p><strong>Francisco Javier Caballero Plaza, Luc\u00eda S\u00e1nchez Rodr\u00edguez i Marta Fern\u00e1ndez Moreno, <\/strong>alumnes de la Facultat de Medicina de Ciudad Real, van rebre les tres ajudes corresponents a la setena edici\u00f3 de les Beques de Formaci\u00f3 per a estades estivals a hospitals i centres de recerca biom\u00e8dica que promou el Col\u00b7legi de Metges de Ciudad Real. Amb aquestes beques, dotades amb 1.500 euros cadascuna, es pret\u00e9n donar suport a la seva formaci\u00f3 en diferents centres m\u00e8dics durant el per\u00edode d&#8217;estiu.<\/p>\n\n\n\n<div class=\"wp-block-columns\">\n<div class=\"wp-block-column\" style=\"flex-basis:100%\">\n<p>Enguany, el <strong>Francisco Javier<\/strong> participar\u00e0 en un projecte solidari al Complex Hospitalari Le Bon Samaritain, a N\u2019damena-Goundi (\u00c0frica). \u201c\u00c9s un pa\u00eds molt deprimit \u2014va explicar\u2014, per la qual cosa no \u00e9s una beca de recerca biom\u00e8dica a l&#8217;\u00fas, per\u00f2 s\u00ed que servir\u00e0 per con\u00e8ixer aquestes realitats i malalties infeccioses que aqu\u00ed donem per oblidades\u201d.&nbsp; Va agrair a la facultat la seva proximitat malgrat ser uns anys durs, als seus pares, que sempre estan al darrere, i al Col\u00b7legi per l&#8217;oportunitat\u201d. La <strong>Luc\u00eda<\/strong>, que no va poder assistir a l&#8217;acte, completar\u00e0 la seva formaci\u00f3 a l&#8217;Hospital Biom\u00e8dic de Roma, i la <strong>Marta<\/strong> realitzar\u00e0 la seva estada a l&#8217;Hospital Universitari de Milton Keynes (Anglaterra), al Servei d&#8217;Urg\u00e8ncies, on espera \u201caprendre molt en un altre sistema sanitari i amb un altre idioma i participar, a m\u00e9s, en un projecte de recerca que es fa all\u00e0\u201d. Els alumnes van rebre les seves beques de mans dels representants dels patrocinadors d&#8217;aquestes ajudes, Fundaci\u00f3 Mutual M\u00e8dica, AMA i Globalcaja.<\/p>\n<\/div>\n<\/div>\n\n\n\n<p><\/p>\n<\/div>\n\n\n\n<div class=\"wp-block-column\" style=\"flex-basis:45%\">\n<figure class=\"wp-block-image size-full imgCol100\"><img loading=\"lazy\" width=\"422\" height=\"280\" src=\"https:\/\/informe-anual-2022.mutualmedica.com\/wp-content\/uploads\/2023\/05\/Becas-de-Formacion-en-Ciudad-Real.jpg\" alt=\"\" class=\"wp-image-2983\" srcset=\"https:\/\/informe-anual-2022.mutualmedica.com\/wp-content\/uploads\/2023\/05\/Becas-de-Formacion-en-Ciudad-Real.jpg 422w, https:\/\/informe-anual-2022.mutualmedica.com\/wp-content\/uploads\/2023\/05\/Becas-de-Formacion-en-Ciudad-Real-300x199.jpg 300w\" sizes=\"(max-width: 422px) 100vw, 422px\" \/><figcaption>Guanyadors, membres de la junta del col\u00b7legi de metges i representants de les tres entitats col\u00b7laboradores.<\/figcaption><\/figure>\n<\/div>\n<\/div>\n\n\n\n<h6><strong><strong>A les IX Jornades de Divulgaci\u00f3 Cient\u00edfica a C\u00e0ceres, premiem els millors casos cl\u00ednics<\/strong><\/strong><\/h6>\n\n\n\n<div class=\"wp-block-columns alignwide are-vertically-aligned-top\">\n<div class=\"wp-block-column\" style=\"flex-basis:55%\">\n<p>El <strong><a rel=\"noreferrer noopener\" href=\"https:\/\/comeca.org\/\" target=\"_blank\">Col\u00b7legi de Metges de C\u00e0ceres<\/a><\/strong>  va lliurar els premis de la IX Jornada de Divulgaci\u00f3 per a Metges Interns Residents, que cada any organitza la Vocalia de Metges Tutors en col\u00b7laboraci\u00f3 amb la Fundaci\u00f3 Mutual M\u00e8dica.<\/p>\n\n\n\n<p>El cas cl\u00ednic titulat \u201cEdema agut hemorr\u00e0gic del lactant. La import\u00e0ncia de la cl\u00ednica\u201d, de la Dra. Julia \u00c1lvarez Fern\u00e1ndez, resident de Pediatria a l&#8217;Hospital Universitari de C\u00e0ceres, va guanyar aquesta edici\u00f3.<\/p>\n\n\n\n<p>El Dr. Antonio Gallardo Pizarro, resident de Medicina Interna de l&#8217;Hospital Virgen del Puerto de Plas\u00e8ncia, va obtenir el segon premi amb el seu cas cl\u00ednic \u201cPresentaci\u00f3 at\u00edpica de la s\u00edndrome Men1: hip\u00f2fisi, p\u00e0ncrees\u2026 i per a tiroides?\u201d. Mentre que el tercer premi ha recaigut en el cas \u201cUn virus simple no \u00e9s un simple virus\u201d, del Dr. Jaime Duarte Torres, MIR de Medicina Interna a C\u00e0ceres.<\/p>\n\n\n\n<div style=\"height:50px\" aria-hidden=\"true\" class=\"wp-block-spacer\"><\/div>\n<\/div>\n\n\n\n<div class=\"wp-block-column\" style=\"flex-basis:45%\">\n<figure class=\"wp-block-image size-full imgCol100\"><img loading=\"lazy\" width=\"422\" height=\"280\" src=\"https:\/\/informe-anual-2022.mutualmedica.com\/wp-content\/uploads\/2023\/05\/IX-Jornadas-de-Divulgacion-Cientifica-en-Caceres.jpg\" alt=\"\" class=\"wp-image-2984\" srcset=\"https:\/\/informe-anual-2022.mutualmedica.com\/wp-content\/uploads\/2023\/05\/IX-Jornadas-de-Divulgacion-Cientifica-en-Caceres.jpg 422w, https:\/\/informe-anual-2022.mutualmedica.com\/wp-content\/uploads\/2023\/05\/IX-Jornadas-de-Divulgacion-Cientifica-en-Caceres-300x199.jpg 300w\" sizes=\"(max-width: 422px) 100vw, 422px\" \/><figcaption>Guanyadors i membres de la junta del Col\u00b7legi de Metges de C\u00e0ceres.<\/figcaption><\/figure>\n<\/div>\n<\/div>\n\n\n\n<h6><strong>Premis Cient\u00edfics San Lucas a Sevilla<\/strong><\/h6>\n\n\n\n<div class=\"wp-block-columns alignwide are-vertically-aligned-top\">\n<div class=\"wp-block-column\" style=\"flex-basis:100%\">\n<p>El <strong><a rel=\"noreferrer noopener\" href=\"https:\/\/www.comsevilla.org\/\" target=\"_blank\">Col\u00b7legi de Metges de Sevilla<\/a><\/strong> va celebrar un programa complet d&#8217;activitats institucionals, esportives i culturals entorn de la commemoraci\u00f3 de Sant Lluc, que s&#8217;organitza en honor al patr\u00f3 del col\u00b7lectiu m\u00e8dic a Sevilla. Dins d&#8217;aquests actes, la festivitat va comptar amb una eucaristia i amb el lliurament dels Premis Cient\u00edfics San Lucas, a m\u00e9s del lliurament de diplomes als col\u00b7legiats que passen a ser honor\u00edfics. Com tots els anys, els Premis Cient\u00edfics van comptar amb la col\u00b7laboraci\u00f3 de la Fundaci\u00f3 Mutual M\u00e8dica.<\/p>\n\n\n\n<p>L&#8217;acte es va inaugurar amb el lliurament dels Premis Cient\u00edfics 2022, que va destacar els treballs de la Dra. Mercedes Send\u00edn Mart\u00edn titulat \u201cClassification of Basal Cell Carcinoma in Ex Vivo Confocal Microscopy Images from Freshly Excised Tissues Using a Deep Learning Algorithm\u201d, com a primer premi; del Dr. Jes\u00fas Sojo Dorado pel seu treball \u201cEffectiveness of fosfomycin for the treatment of multidrug-resistant Escherichia coli bacteremic urinary tract infections\u201d, com a segon premi; &nbsp;i de la Dra. Rosa Mar\u00eda Jim\u00e9nez Rodr\u00edguez, pel seu treball titulat \u201cOrgan Preservation in Patients with Rectal Cancer Treated with Total Neoadjuvant Therapy\u201d, com a tercer premi.<\/p>\n\n\n\n<p>El Sr. Javier Crespo, delegat territorial de Mutual M\u00e8dica, va ser l&#8217;encarregat de lliurar el premi en representaci\u00f3 de la Fundaci\u00f3 Mutual M\u00e8dica, juntament amb el Dr. Alfonso Carmona, president del RICOM Sevilla.<\/p>\n\n\n\n<div style=\"height:50px\" aria-hidden=\"true\" class=\"wp-block-spacer\"><\/div>\n<\/div>\n<\/div>\n\n\n\n<h6><strong>Beques de Mobilitat del Col\u00b7legi de Metges de La Rioja<\/strong><\/h6>\n\n\n\n<div class=\"wp-block-columns alignwide\">\n<div class=\"wp-block-column\" style=\"flex-basis:55%\">\n<p>El <strong><a rel=\"noreferrer noopener\" href=\"https:\/\/medicosrioja.com\/\" target=\"_blank\">Col\u00b7legi de Metges de La Rioja<\/a><\/strong> va lliurar 17 beques de mobilitat als metges residents que van ser seleccionats l&#8217;any 2022 per optar a aquesta ajuda.<\/p>\n\n\n\n<p>La Fundaci\u00f3 Mutual M\u00e8dica va concedir tres beques de mobilitat, per la qual cosa el representant de Mutual M\u00e8dica, el Sr. Garikoitz Aizpuru Fern\u00e1ndez, va lliurar xec i diploma a dues de les becades, ja que la tercera no va poder assistir a l&#8217;acte.<\/p>\n<\/div>\n\n\n\n<div class=\"wp-block-column is-vertically-aligned-top\" style=\"flex-basis:45%\">\n<figure class=\"wp-block-image size-full imgCol100\"><img loading=\"lazy\" width=\"565\" height=\"280\" src=\"https:\/\/informe-anual-2022.mutualmedica.com\/wp-content\/uploads\/2023\/05\/Becas-de-Movilidad-del-Colegio-de-Medicos-de-La-Rioja-1.jpg\" alt=\"\" class=\"wp-image-2991\" srcset=\"https:\/\/informe-anual-2022.mutualmedica.com\/wp-content\/uploads\/2023\/05\/Becas-de-Movilidad-del-Colegio-de-Medicos-de-La-Rioja-1.jpg 565w, https:\/\/informe-anual-2022.mutualmedica.com\/wp-content\/uploads\/2023\/05\/Becas-de-Movilidad-del-Colegio-de-Medicos-de-La-Rioja-1-480x238.jpg 480w\" sizes=\"(min-width: 0px) and (max-width: 480px) 480px, (min-width: 481px) 565px, 100vw\" \/><figcaption>Guanyadors i membres de la junta del Col\u00b7legi.<\/figcaption><\/figure>\n<\/div>\n<\/div>\n\n\n\n<ul id=\"block-3e8dd5f0-d901-4d23-9306-d051171cbfb3\"><li><strong>Dra. Mar\u00eda Mu\u00f1oz Olarte. N\u00fam. Col\u00b7legiada 26\/2603680 \u2013 MIR OBSTETR\u00cdCIA I GINECOLOGIA (R4). <em>Logro\u00f1o, La Rioja.<\/em><\/strong><br>Rotaci\u00f3 Externa a l&#8217;Hospital Universitari de Bellvitge, <strong>l&#8217;Hospitalet de Llobregat, Barcelona<\/strong>, en l&#8217;Especialitat d&#8217;Obstetr\u00edcia i Ginecologia (Unitat d&#8217;Oncologia i Mama) de l&#8217;1 de febrer al 31 de mar\u00e7 de 2022, <strong>dos mesos<\/strong>.<\/li><li><strong>Dra. Silvia Aguas Blasco. <strong>N\u00fam. Col\u00b7legiada<\/strong> 26\/2603594 \u2013 MIR CIRURGIA GENERAL I DE L&#8217;APARELL DIGESTIU (F.E.A. Cirurgia General i Ap. Digestiu). <em>Saragossa.<\/em><\/strong> Rotaci\u00f3 Externa al Complex Hospitalari Universitari de Getafe, <strong>Madrid<\/strong>, a l&#8217;Especialitat de Cirurgia General i de l&#8217;Aparell Digestiu (Unitat de Cirurgia Bari\u00e0trica) de l&#8217;1 de febrer al 28 de febrer de 2022, <strong>un mes.<\/strong><\/li><li><strong>Dra. Ana Llantero Garc\u00eda. <strong>N\u00fam. Col\u00b7legiada<\/strong> 26\/2603645 \u2013 MIR <strong>CIRURGIA<\/strong> GENERAL <strong>I DE L&#8217;APARELL DIGESTIU<\/strong> (R5). <em>Logro\u00f1o, La Rioja<\/em><\/strong>. Rotaci\u00f3 Externa a l&#8217;Hospital Universitari Virgen del Roc\u00edo, <strong>Sevilla<\/strong>, a l&#8217;Especialitat de Cirurgia General (Unitat de Cirurgia Hepatobiliopancre\u00e0tica i Trasplantament Hep\u00e0tic) de l&#8217;1 de novembre al 31 de desembre de 2022, <strong>dos mesos.<\/strong><\/li><\/ul>\n\n\n\n<div style=\"height:50px\" aria-hidden=\"true\" class=\"wp-block-spacer\"><\/div>\n\n\n\n<div class=\"wp-block-columns alignwide are-vertically-aligned-top\">\n<div class=\"wp-block-column\" style=\"flex-basis:100%\"><\/div>\n<\/div>\n\n\n\n<h6><strong>Beques de Formaci\u00f3 al Col\u00b7legi de Metges de Zamora<\/strong><\/h6>\n\n\n\n<div class=\"wp-block-columns alignwide are-vertically-aligned-top\">\n<div class=\"wp-block-column\" style=\"flex-basis:55%\">\n<div class=\"wp-block-columns\">\n<div class=\"wp-block-column\" style=\"flex-basis:100%\">\n<p>Gr\u00e0cies a la Fundaci\u00f3 Mutual M\u00e8dica, i a altres col\u00b7laboradors, el <strong><a rel=\"noreferrer noopener\" href=\"https:\/\/www.colmeza.com\/\" target=\"_blank\">Col\u00b7legi de Metges de Zamora<\/a><\/strong> va convocar les Beques de Formaci\u00f3 per potenciar l&#8217;adquisici\u00f3 de coneixements per part dels residents col\u00b7legiats, b\u00e9 sigui mitjan\u00e7ant la realitzaci\u00f3 d&#8217;estudis de postgrau (m\u00e0sters, doctorats) o mitjan\u00e7ant l&#8217;estada en institucions que permetin l&#8217;ampliaci\u00f3 de coneixements en relaci\u00f3 amb l&#8217;especialitat triada, contribuint al pagament de matr\u00edcules, despeses de viatge i allotjament. <\/p>\n\n\n\n<p>Aquest 2022, els becats van ser els seg\u00fcents:<\/p>\n<\/div>\n<\/div>\n\n\n\n<ul><li>Yaiza Beatriz Molero Diez (resident de quart any d&#8217;Anestesiologia).<\/li><li>Mar\u00eda Carrillo S\u00e1nchez (resident de quart any de Ginecologia i Obstetr\u00edcia).<\/li><li>Pedro Luis Vaca Fern\u00e1ndez (resident de cinqu\u00e8 any de Traumatologia).<\/li><li>Carlota Tu\u00f1\u00f3n de Almeida (resident de quart any de Medicina Interna).<\/li><\/ul>\n\n\n\n<p>Tamb\u00e9 col\u00b7laborem amb el COM Zamora i participem en la seva Jornada d&#8217;Orientaci\u00f3 Post-MIR, on el Sr. Ian Bachs, cap de Relacions Institucionals de Mutual M\u00e8dica, va explicar els tr\u00e0mits i circuits per iniciar l&#8217;activitat per compte propi. Mutual M\u00e8dica, com l&#8217;\u00fanica alternativa al R\u00e8gim d&#8217;Aut\u00f2noms per als metges, i les activitats de la Fundaci\u00f3 Mutual M\u00e8dica van ser de gran inter\u00e8s per als metges joves.<\/p>\n<\/div>\n\n\n\n<div class=\"wp-block-column\" style=\"flex-basis:45%\">\n<figure class=\"wp-block-image size-full imgCol100\"><img loading=\"lazy\" width=\"422\" height=\"280\" src=\"https:\/\/informe-anual-2022.mutualmedica.com\/wp-content\/uploads\/2023\/05\/Becas-de-Formacion-en-el-Colegio-de-Medicos-de-Zamora.jpg\" alt=\"\" class=\"wp-image-2996\" srcset=\"https:\/\/informe-anual-2022.mutualmedica.com\/wp-content\/uploads\/2023\/05\/Becas-de-Formacion-en-el-Colegio-de-Medicos-de-Zamora.jpg 422w, https:\/\/informe-anual-2022.mutualmedica.com\/wp-content\/uploads\/2023\/05\/Becas-de-Formacion-en-el-Colegio-de-Medicos-de-Zamora-300x199.jpg 300w\" sizes=\"(max-width: 422px) 100vw, 422px\" \/><figcaption>Guanyadors del premi, el president i la junta del Col\u00b7legi de Metges de Zamora.<\/figcaption><\/figure>\n<\/div>\n<\/div>\n\n\n\n<div style=\"height:50px\" aria-hidden=\"true\" class=\"wp-block-spacer\"><\/div>\n\n\n\n<h6><strong>Millors Casos Cl\u00ednics de Metges Residents de Valladolid<\/strong><\/h6>\n\n\n\n<div class=\"wp-block-columns alignwide are-vertically-aligned-top\">\n<div class=\"wp-block-column\" style=\"flex-basis:55%\">\n<div class=\"wp-block-columns\">\n<div class=\"wp-block-column\" style=\"flex-basis:100%\">\n<p>El <strong><a rel=\"noreferrer noopener\" href=\"https:\/\/medicosva.com\/\" target=\"_blank\">Col\u00b7legi de Metges de Valladolid<\/a><\/strong> va celebrar el lliurament dels premis de la X convocat\u00f2ria als Millors Casos Cl\u00ednics de Metges Residents de Valladolid, coneguts amb el nom de Premi Dr. Miguel Garc\u00eda Mu\u00f1oz. <\/p>\n\n\n\n<p>Un any m\u00e9s, el Col\u00b7legi de Metges de Valladolid i el seu president, el Dr. Jos\u00e9 Luis Almud\u00ed, han volgut aprofitar aquest acte per recon\u00e8ixer la v\u00e0lua dels treballs presentats en aquesta edici\u00f3 i agrair la col\u00b7laboraci\u00f3 de la Fundaci\u00f3 Mutual M\u00e8dica.<\/p>\n<\/div>\n<\/div>\n<\/div>\n\n\n\n<div class=\"wp-block-column\" style=\"flex-basis:45%\">\n<figure class=\"wp-block-image size-full imgCol100\"><img loading=\"lazy\" width=\"422\" height=\"280\" src=\"https:\/\/informe-anual-2022.mutualmedica.com\/wp-content\/uploads\/2023\/05\/Casos-Clinicos-de-Medicos-Residentes-de-Valladolid.jpg\" alt=\"\" class=\"wp-image-2998\" srcset=\"https:\/\/informe-anual-2022.mutualmedica.com\/wp-content\/uploads\/2023\/05\/Casos-Clinicos-de-Medicos-Residentes-de-Valladolid.jpg 422w, https:\/\/informe-anual-2022.mutualmedica.com\/wp-content\/uploads\/2023\/05\/Casos-Clinicos-de-Medicos-Residentes-de-Valladolid-300x199.jpg 300w\" sizes=\"(max-width: 422px) 100vw, 422px\" \/><figcaption>Guanyadors, membres de la junta del col\u00b7legi i el Sr. Juan Merino, assessor comercial de Mutual M\u00e8dica.<\/figcaption><\/figure>\n<\/div>\n<\/div>\n\n\n\n<h6><strong><strong>Col\u00b7laboraci\u00f3 amb el Col\u00b7legi de Metges de Cant\u00e0bria<\/strong><\/strong><\/h6>\n\n\n\n<p>Per segona vegada, la Fundaci\u00f3 Mutual M\u00e8dica va col\u00b7laborar en l&#8217;acte de celebraci\u00f3 de la Mare de D\u00e9u del Perpetu Socors a Cant\u00e0bria, on va lliurar una de les beques de formaci\u00f3 d&#8217;estiu a hospitals o centres de recerca biom\u00e8dica per a alumnes de la facultat de Medicina de Cant\u00e0bria. El premi el va concedir el president del COM Cant\u00e0bria, el Dr. Francisco Javier Hern\u00e1ndez de Sande, com a conseller de Mutual M\u00e8dica i en nom de la Fundaci\u00f3 de la mutualitat.<\/p>\n\n\n\n<div style=\"height:50px\" aria-hidden=\"true\" class=\"wp-block-spacer\"><\/div>\n\n\n\n<h6><strong>Complementar la formaci\u00f3 MIR a Salamanca<\/strong><\/h6>\n\n\n\n<div class=\"wp-block-columns alignwide\">\n<div class=\"wp-block-column is-vertically-aligned-top\" style=\"flex-basis:55%\">\n<div class=\"wp-block-columns are-vertically-aligned-top\">\n<div class=\"wp-block-column is-vertically-aligned-top\" style=\"flex-basis:100%\">\n<p>El <strong><a rel=\"noreferrer noopener\" href=\"https:\/\/comsalamanca.es\/\" target=\"_blank\">Col\u00b7legi de Metges de Salamanca<\/a><\/strong>, en col\u00b7laboraci\u00f3 amb la Fundaci\u00f3 Mutual M\u00e8dica, va convocar 14 beques de suport econ\u00f2mic per fer estades o rotacions en centres nacionals o internacionals o per cursar activitats de formaci\u00f3 dins de l&#8217;especialitat corresponent, amb la finalitat de complementar la formaci\u00f3 rebuda a la via MIR.<\/p>\n<\/div>\n<\/div>\n<\/div>\n\n\n\n<div class=\"wp-block-column\" style=\"flex-basis:45%\">\n<figure class=\"wp-block-image size-full imgCol100\"><img loading=\"lazy\" width=\"422\" height=\"280\" src=\"https:\/\/informe-anual-2022.mutualmedica.com\/wp-content\/uploads\/2023\/05\/COM-Salamanca-1.jpg\" alt=\"\" class=\"wp-image-3141\" srcset=\"https:\/\/informe-anual-2022.mutualmedica.com\/wp-content\/uploads\/2023\/05\/COM-Salamanca-1.jpg 422w, https:\/\/informe-anual-2022.mutualmedica.com\/wp-content\/uploads\/2023\/05\/COM-Salamanca-1-300x199.jpg 300w\" sizes=\"(max-width: 422px) 100vw, 422px\" \/><figcaption>El Sr. Ian Bachs, cap de Relacions Institucionals, amb els 3 guanyadors de la competici\u00f3 MIRIAL al Congr\u00e9s d&#8217;Educaci\u00f3 M\u00e8dica al COM de Salamanca.<\/figcaption><\/figure>\n<\/div>\n<\/div>\n\n\n\n<h6><strong>Premi Millor MIR COM Albacete<\/strong><\/h6>\n\n\n\n<div class=\"wp-block-columns alignwide are-vertically-aligned-top\">\n<div class=\"wp-block-column\" style=\"flex-basis:55%\">\n<div class=\"wp-block-columns\">\n<div class=\"wp-block-column\" style=\"flex-basis:100%\">\n<p>La Fundaci\u00f3 Mutual M\u00e8dica i el <strong><a rel=\"noreferrer noopener\" href=\"https:\/\/www.comalbacete.net\/portal\/portada\/index.aspx\" target=\"_blank\">Col\u00b7legi de Metges d&#8217;Albacete<\/a><\/strong> van fer lliurament del Premi al Millor n\u00famero MIR 2022, que ha triat formar-se a l&#8217;\u00e0rea sanit\u00e0ria d&#8217;Albacete, patrocinat per la Fundaci\u00f3 Mutual M\u00e8dica. La premiada va ser Mar\u00eda de la Encarnaci\u00f3n Alfaro Mart\u00ednez, n\u00famero 583 en l&#8217;\u00faltima convocat\u00f2ria. Natural de Tobarra (Albacete), s&#8217;ha graduat a la Universitat de Castella-la Manxa i ha triat l&#8217;especialitat de Dermatologia M\u00e8dico-Quir\u00fargica. Va rebre el premi de mans de l&#8217;assessor de Mutual M\u00e8dica, Francisco Mart\u00ednez, i el cap del Servei de Dermatologia de la Ger\u00e8ncia Integrada d&#8217;Albacete i tresorer del Col\u00b7legi, el Dr. Eduardo Escario Travesedo. <\/p>\n<\/div>\n<\/div>\n<\/div>\n\n\n\n<div class=\"wp-block-column\" style=\"flex-basis:45%\">\n<figure class=\"wp-block-image size-full imgCol100\"><img loading=\"lazy\" width=\"422\" height=\"280\" src=\"https:\/\/informe-anual-2022.mutualmedica.com\/wp-content\/uploads\/2023\/05\/Premio-Mejor-MIR-COM-Albacete.jpg\" alt=\"\" class=\"wp-image-2999\" srcset=\"https:\/\/informe-anual-2022.mutualmedica.com\/wp-content\/uploads\/2023\/05\/Premio-Mejor-MIR-COM-Albacete.jpg 422w, https:\/\/informe-anual-2022.mutualmedica.com\/wp-content\/uploads\/2023\/05\/Premio-Mejor-MIR-COM-Albacete-300x199.jpg 300w\" sizes=\"(max-width: 422px) 100vw, 422px\" \/><figcaption>Dr. Eduardo Escario, tresorer del COM Albacete; la guanyadora, la Dra. Mar\u00eda Encarnaci\u00f3n Alfaro, i el Sr. Francisco Jos\u00e9 G\u00f3mez Mart\u00ednez, delegat comercial de Mutual M\u00e8dica a la zona.<\/figcaption><\/figure>\n<\/div>\n<\/div>\n\n\n\n<h6><strong>Premiem casos cl\u00ednics a Ceuta<\/strong><\/h6>\n\n\n\n<div class=\"wp-block-columns alignwide are-vertically-aligned-top\">\n<div class=\"wp-block-column\" style=\"flex-basis:55%\">\n<div class=\"wp-block-columns\">\n<div class=\"wp-block-column\" style=\"flex-basis:100%\">\n<p>El desembre del 2022, el <a rel=\"noreferrer noopener\" href=\"https:\/\/comceuta.es\/\" target=\"_blank\"><strong>Col\u00b7legi de Metges de Ceuta<\/strong><\/a><strong> <\/strong>lliurava els premis de la V Edici\u00f3 del Concurs Casos Cl\u00ednics Dra. Manuela G\u00f3mez G\u00f3mez, amb la col\u00b7laboraci\u00f3 de la Fundaci\u00f3 Mutual M\u00e8dica.<\/p>\n\n\n\n<p>Els guardonats van ser els seg\u00fcents:<\/p>\n\n\n\n<ul><li>Primer premi per a la Dra. Mar\u00eda Guerrero Fort, que ha presentat al certamen un cas que tenia com a t\u00edtol \u201cDoctora, qu\u00e8 em passa?\u00bb.<\/li><li>Segon premi per a Laura Delgado Vicario, amb el treball cl\u00ednic titulat \u201cOligoartritis at\u00edpica per s\u00edndrome Post-Lyme\u00bb.<\/li><li>El tercer premi per a Al-Anbar Cherti, pel seu informe \u201cMalaltia d&#8217;Addison, infecci\u00f3 per Sars-Cov2: Per qu\u00e8 estic cansada i amb les mans fosques?\u00bb.<\/li><\/ul>\n<\/div>\n<\/div>\n<\/div>\n\n\n\n<div class=\"wp-block-column\" style=\"flex-basis:45%\">\n<figure class=\"wp-block-image size-full imgCol100\"><img loading=\"lazy\" width=\"422\" height=\"280\" src=\"https:\/\/informe-anual-2022.mutualmedica.com\/wp-content\/uploads\/2023\/05\/Premiamos-casos-clinicos-en-Ceuta.jpg\" alt=\"\" class=\"wp-image-3000\" srcset=\"https:\/\/informe-anual-2022.mutualmedica.com\/wp-content\/uploads\/2023\/05\/Premiamos-casos-clinicos-en-Ceuta.jpg 422w, https:\/\/informe-anual-2022.mutualmedica.com\/wp-content\/uploads\/2023\/05\/Premiamos-casos-clinicos-en-Ceuta-300x199.jpg 300w\" sizes=\"(max-width: 422px) 100vw, 422px\" \/><figcaption>Foto de la guanyadora del premi \u201cDra. Manuela G\u00f3mez G\u00f3mez\u201d, la Dra. Mar\u00eda Guerrero Fort.<\/figcaption><\/figure>\n<\/div>\n<\/div>\n\n\n\n<div class=\"wp-block-columns\">\n<div class=\"wp-block-column\" style=\"flex-basis:100%\"><\/div>\n<\/div>\n\n\n\n<div class=\"wp-container-69f4dce3169ef wp-block-group\"><div class=\"wp-block-group__inner-container\">\n<h6><strong>Beques MIR de Girona<\/strong><\/h6>\n<\/div><\/div>\n\n\n\n<div class=\"wp-block-columns alignwide are-vertically-aligned-top\">\n<div class=\"wp-block-column\" style=\"flex-basis:55%\">\n<div class=\"wp-block-columns\">\n<div class=\"wp-block-column\" style=\"flex-basis:100%\">\n<p>La Fundaci\u00f3 Mutual M\u00e8dica va entregar, juntament amb el <a rel=\"noreferrer noopener\" href=\"https:\/\/www.comg.cat\/ca\" target=\"_blank\"><strong>Col\u00b7legi de Metges de Girona<\/strong><\/a> (COMG), dues Beques MIR 2022 a la Dra. Julia Irigoyen, especialitat en Obstetr\u00edcia i Ginecologia, que far\u00e0 la seva rotaci\u00f3 en dos centres: el Royal Surrey Country Hospital a Guildford (el Regne Unit) i el Centre Hospitalier Universitaire Estaing, a Clermont Ferrand (Fran\u00e7a); i la Dra. Carla Vera, neur\u00f2loga, que far\u00e0 la seva rotaci\u00f3 a la Cl\u00ednica Sagrada Familia, al Servei de Neuroradiologia Intervencionista, a Buenos Aires.<\/p>\n\n\n\n<p>Les doctores han rebut les beques de la m\u00e0 del Sr. Ian Bachs, cap de Relacions Institucionals de Mutual M\u00e8dica, acompanyat del Dr. Josep Vilaplana i de la Dra. Carme Busquets, president i secret\u00e0ria del COMG.<\/p>\n\n\n\n<p>Les beques MIR fan possible, anualment, l&#8217;estada de metges (col\u00b7legiats al COMG) a l&#8217;estranger per realitzar la seva rotaci\u00f3 en algun hospital de refer\u00e8ncia per completar la seva formaci\u00f3.<\/p>\n<\/div>\n<\/div>\n<\/div>\n\n\n\n<div class=\"wp-block-column\" style=\"flex-basis:45%\">\n<figure class=\"wp-block-image size-full imgCol100\"><img loading=\"lazy\" width=\"422\" height=\"280\" src=\"https:\/\/informe-anual-2022.mutualmedica.com\/wp-content\/uploads\/2023\/05\/Becas-MIR-de-Girona-1.jpg\" alt=\"\" class=\"wp-image-3006\" srcset=\"https:\/\/informe-anual-2022.mutualmedica.com\/wp-content\/uploads\/2023\/05\/Becas-MIR-de-Girona-1.jpg 422w, https:\/\/informe-anual-2022.mutualmedica.com\/wp-content\/uploads\/2023\/05\/Becas-MIR-de-Girona-1-300x199.jpg 300w\" sizes=\"(max-width: 422px) 100vw, 422px\" \/><figcaption>El Dr. Vilaplana, president del COM, i les guanyadores, la Dra. Irigoyen i la Dra. Vera, la Dra. Busquets, secret\u00e0ria del COM, i el Sr. Ian Bachs, cap de Relacions Institucionals de Mutual M\u00e8dica.<\/figcaption><\/figure>\n<\/div>\n<\/div>\n\n\n\n<div class=\"wp-container-69f4dce316d1c wp-block-group\"><div class=\"wp-block-group__inner-container\">\n<h6><strong>Beques MIR a <\/strong>Granada<\/h6>\n<\/div><\/div>\n\n\n\n<div class=\"wp-block-columns alignwide are-vertically-aligned-top\">\n<div class=\"wp-block-column\" style=\"flex-basis:55%\">\n<div class=\"wp-block-columns\">\n<div class=\"wp-block-column\" style=\"flex-basis:100%\">\n<p>El juny del 2022, va tenir lloc el lliurament de la Beca MIR per a rotaci\u00f3 externa corresponent al 2n semestre del 2022, que es va concedir al Dr. Manuel S\u00e1nchez D\u00edaz a la categoria de rotaci\u00f3 en \u00e0mbit nacional, beca convocada en col\u00b7laboraci\u00f3 amb la Fundaci\u00f3 Mutual M\u00e8dica.<\/p>\n<\/div>\n<\/div>\n<\/div>\n\n\n\n<div class=\"wp-block-column\" style=\"flex-basis:45%\">\n<figure class=\"wp-block-image size-full imgCol100\"><img loading=\"lazy\" width=\"422\" height=\"280\" src=\"https:\/\/informe-anual-2022.mutualmedica.com\/wp-content\/uploads\/2023\/05\/Becas-MIR-en-Granada.jpg\" alt=\"\" class=\"wp-image-3002\" srcset=\"https:\/\/informe-anual-2022.mutualmedica.com\/wp-content\/uploads\/2023\/05\/Becas-MIR-en-Granada.jpg 422w, https:\/\/informe-anual-2022.mutualmedica.com\/wp-content\/uploads\/2023\/05\/Becas-MIR-en-Granada-300x199.jpg 300w\" sizes=\"(max-width: 422px) 100vw, 422px\" \/><figcaption>D&#8217;esq. a dta.: el Dr. Jorge Fern\u00e1ndez Parra, president del Col\u00b7legi de Metges de Granada, el guanyador, el Dr. Manuel S\u00e1nchez, i el Dr. Alejandro Andreu, president de la Fundaci\u00f3 Mutual M\u00e8dica.<\/figcaption><\/figure>\n<\/div>\n<\/div>\n\n\n\n<h4>Formaci\u00f3 i desenvolupament professional del metge<\/h4>\n\n\n\n<h5>Amb els col\u00b7legis de metges<\/h5>\n\n\n\n<p>La Fundaci\u00f3 Mutual M\u00e8dica tamb\u00e9 destina aportacions econ\u00f2miques per subvencionar diferents cursos formatius que organitzen les respectives fundacions dels col\u00b7legis, per als seus corresponents col\u00b7legiats, dels seg\u00fcents col\u00b7legis de metges:<\/p>\n\n\n\n<div class=\"wp-block-columns\">\n<div class=\"wp-block-column\" style=\"flex-basis:100%\">\n<div class=\"wp-block-columns\">\n<div class=\"wp-block-column\">\n<ul><li><a rel=\"noreferrer noopener\" href=\"https:\/\/www.icomem.es\/\" target=\"_blank\">Col\u00b7legi de Metges de Madrid<\/a><\/li><li><a rel=\"noreferrer noopener\" href=\"https:\/\/medicostenerife.es\/\" target=\"_blank\">Col\u00b7legi de Metges de Tenerife<\/a><\/li><li><a rel=\"noreferrer noopener\" href=\"https:\/\/www.comc.es\/es\/\" target=\"_blank\">Col\u00b7legi de Metges de la Corunya<\/a><\/li><li><a rel=\"noreferrer noopener\" href=\"https:\/\/www.comcantabria.es\/\" target=\"_blank\">Col\u00b7legi de Metges de Cant\u00e0bria<\/a><\/li><li><a rel=\"noreferrer noopener\" href=\"https:\/\/www.cmb.eus\/inicio\" target=\"_blank\">Col\u00b7legi de Metges de Biscaia<\/a><\/li><li><a rel=\"noreferrer noopener\" href=\"https:\/\/www.comgi.eus\/Default.aspx?lng=ES\" target=\"_blank\">Col\u00b7legi de Metges de Guip\u00fascoa<\/a><\/li><li><a rel=\"noreferrer noopener\" href=\"https:\/\/www.comv.es\/\" target=\"_blank\">Col\u00b7legi de Metges de Val\u00e8ncia<\/a><\/li><\/ul>\n<\/div>\n\n\n\n<div class=\"wp-block-column\">\n<ul id=\"block-22a6fac0-5353-4078-9327-75770d10d1c7\"><li><a rel=\"noreferrer noopener\" href=\"https:\/\/www.comz.org\/\" target=\"_blank\">Col\u00b7legi de Metges de Saragossa<\/a><\/li><li><a rel=\"noreferrer noopener\" href=\"https:\/\/coma.es\/\" target=\"_blank\">Col\u00b7legi de Metges d&#8217;Alacant<\/a><\/li><li><a rel=\"noreferrer noopener\" href=\"https:\/\/comhuesca.es\/\" target=\"_blank\">Col\u00b7legi de Metges d&#8217;Osca<\/a><\/li><li><a rel=\"noreferrer noopener\" href=\"https:\/\/www.commurcia.es\/\" target=\"_blank\">Col\u00b7legi de Metges de M\u00farcia<\/a><\/li><li><a rel=\"noreferrer noopener\" href=\"https:\/\/www.comteruel.es\/\" target=\"_blank\">Col\u00b7legi de Metges de Terol<\/a><\/li><li><a rel=\"noreferrer noopener\" href=\"https:\/\/cacm.es\/\" target=\"_blank\">Consell Andal\u00fas de Col\u00b7legis de Metges<\/a><\/li><li><a rel=\"noreferrer noopener\" href=\"https:\/\/www.cgcom.es\/\" target=\"_blank\">Organitzaci\u00f3 M\u00e8dica Col\u00b7legial (OMC)<\/a><\/li><\/ul>\n<\/div>\n<\/div>\n<\/div>\n<\/div>\n\n\n\n<h6><strong>Fundaci\u00f3 per a la Formaci\u00f3 de l&#8217;OMC<\/strong><\/h6>\n\n\n\n<p>Com en els darrers anys, la Fundaci\u00f3 Mutual M\u00e8dica i la Fundaci\u00f3 per a la Formaci\u00f3 de l&#8217;OMC col\u00b7laboren en diferents projectes formatius per als metges residents, per als tutors MIR i la formaci\u00f3 gen\u00e8rica per a la prevenci\u00f3 de les agressions.<\/p>\n\n\n\n<ul><li><strong>Cursos de formaci\u00f3 \u00abResponsabilitat del MIR: Marc legal<\/strong>\u00ab<br>El 2018, Mutual M\u00e8dica va iniciar una col\u00b7laboraci\u00f3 amb l&#8217;OMC en l&#8217;edici\u00f3 del llibre \u201cResponsabilitat del MIR\u201d per regalar a tots els nous residents quan es col\u00b7legiessin. Al llibre es recollia tota la legislaci\u00f3 que afecta els residents perqu\u00e8 puguin saber i consultar els seus drets i deures durant els seus anys MIR.<br><br>I des del 2019 la Fundaci\u00f3 Mutual M\u00e8dica va col\u00b7laborar amb la FFOMC per subvencionar el 100% del curs en l\u00ednia \u201cResponsabilitat del MIR: Marc legal\u201d, sobre el llibre. El curs es va iniciar a l&#8217;agost del 2019 i est\u00e0 obert tot l&#8217;any per fer-lo; \u00e9s de 22 hores lectives. En acabar el 2022, m\u00e9s de 2.500 residents havien fet el curs.&nbsp;<\/li><\/ul>\n\n\n\n<ul><li><strong>Cursos de formaci\u00f3 per als tutors MIR<\/strong><br>Des del 2015 hi ha un conveni de col\u00b7laboraci\u00f3 amb la Fundaci\u00f3 per a la Formaci\u00f3 de l&#8217;Organitzaci\u00f3 M\u00e8dica Col\u00b7legial (FFOMC) per a la impartici\u00f3 d&#8217;un curs innovador per dotar aquests professionals d&#8217;un programa de formaci\u00f3 estructurat, did\u00e0ctic i pr\u00e0ctic perqu\u00e8 puguin donar una assist\u00e8ncia integral als MIR. <br><br>El sistema p\u00fablic de formaci\u00f3 d&#8217;especialistes espanyol \u00e9s tot un referent per a la resta dels pa\u00efsos del nostre entorn. Aix\u00f2 \u00e9s aix\u00ed gr\u00e0cies a la figura del tutor MIR, que volunt\u00e0riament dedica part del seu temps a formar els seus companys metges que estan especialitzats en hospitals i altres centres de salut. Malgrat tot aix\u00f2, els tutors MIR s\u00f3n els m\u00e9s desatesos del sistema pel que fa a la formaci\u00f3 destinada a adquirir compet\u00e8ncies pedag\u00f2giques per exercir les seves funcions. Per aix\u00f2 aquest \u00e9s el vuit\u00e8 any dels cursos de formaci\u00f3 per als tutors MIR organitzat per la Fundaci\u00f3 per a la Formaci\u00f3 de l&#8217;OMC (FFOMC) i la Fundaci\u00f3 Mutual M\u00e8dica.<\/li><\/ul>\n\n\n\n<p><\/p>\n\n\n\n<p><\/p>\n\n\n\n<h5>Amb els estudiants de Medicina<\/h5>\n\n\n\n<iframe class=\"w40\" src=\"https:\/\/www.youtube.com\/embed\/F4hvq4RO37g?rel=0\" title=\"YouTube video player\" frameborder=\"0\" allow=\"accelerometer; autoplay; clipboard-write; encrypted-media; gyroscope; picture-in-picture\" allowfullscreen=\"\"><\/iframe>\n\n\n\n<h6>Actes de graduaci\u00f3<\/h6>\n\n\n\n<p>Cada any s\u00f3n m\u00e9s els que s&#8217;acaben de llicenciar en Medicina que compten amb el suport de la Fundaci\u00f3 Mutual M\u00e8dica a l&#8217;hora d&#8217;organitzar l&#8217;acte de graduaci\u00f3 de la seva promoci\u00f3.<\/p>\n\n\n\n<p>Amb ells, l&#8217;entitat ha mantingut reunions per estr\u00e8nyer vincles i con\u00e8ixer de primera m\u00e0 les seves necessitats i inquietuds. El 2022, vam col\u00b7laborar amb 24 facultats de Medicina de tot Espanya i vam acompanyar el 52% dels estudiants de Medicina graduats.<\/p>\n\n\n\n<iframe loading=\"lazy\" class=\"d\" src=\"https:\/\/informe-anual-2022.mutualmedica.com\/wp-content\/uploads\/anim_img\/09-actos-de-graduacion-ca\/actos-graduacion_CA.html\" width=\"768\" height=\"666\" marginwidth=\"0\" marginheight=\"0\" frameborder=\"0\" scrolling=\"no\" style=\"display:block; margin: 0 auto;\"><\/iframe>\n\n\n\n<div class=\"wp-block-image m\"><figure class=\"aligncenter size-large\"><img loading=\"lazy\" width=\"295\" height=\"1024\" src=\"https:\/\/informe-anual-2022.mutualmedica.com\/wp-content\/uploads\/2023\/07\/Capitulo-9_Grafic_CAT-295x1024.jpg\" alt=\"\" class=\"wp-image-4141\"\/><\/figure><\/div>\n\n\n\n<div class=\"wp-block-columns m\">\n<div class=\"wp-block-column\" style=\"flex-basis:100%\"><\/div>\n<\/div>\n\n\n\n<h6><strong>Consell Estatal d&#8217;Estudiants de Medicina<\/strong><\/h6>\n\n\n\n<p>La Fundaci\u00f3 Mutual M\u00e8dica ha continuat col\u00b7laborant amb el Consell Estatal d&#8217;Estudiants de Medicina (CEEM) durant el 2022.<\/p>\n\n\n\n<p>Destaca la nostra participaci\u00f3 al Congr\u00e9s de l&#8217;Educaci\u00f3 M\u00e8dica, celebrat al Col\u00b7legi de Metges de Cant\u00e0bria, que organitza el CEEM. L&#8217;any passat es va poder tornar a realitzar el congr\u00e9s amb l&#8217;aflu\u00e8ncia d&#8217;abans de la pand\u00e8mia, uns 1.000 estudiants van assistir de manera presencial. Mutual M\u00e8dica va ser a Salamanca fent costat als futurs metges.<\/p>\n\n\n\n<p>Tamb\u00e9 hem col\u00b7laborat en moltes altres activitats del CEEM, no sols assegurant els assistents als seus congressos, sin\u00f3 tamb\u00e9 participant en la seva assemblea anual i en altres reunions, on hem donat a con\u00e8ixer com poden beneficiar-se de la mutualitat dels metges i hem secundat diferents iniciatives. Durant el congr\u00e9s, com en les anteriors ocasions, tamb\u00e9 es va organitzar de la m\u00e0 de la Fundaci\u00f3 un torneig <a href=\"https:\/\/mirial.es\/\"><strong>MIRIAL<\/strong><\/a>, l&#8217;app de Mutual M\u00e8dica per als m\u00e9s joves, un joc que consisteix a competir amb un altre company responent preguntes de l&#8217;examen MIR de les \u00faltimes edicions.<\/p>\n\n\n\n<div class=\"wp-block-columns\">\n<div class=\"wp-block-column\" style=\"flex-basis:100%\">\n<div class=\"wp-container-69f4dce317486 wp-block-group\"><div class=\"wp-block-group__inner-container\">\n<h5>Amb els metges MIR, en col\u00b7laboraci\u00f3 amb els hospitals universitaris<\/h5>\n\n\n\n<p>L&#8217;etapa de formaci\u00f3 del metge no s&#8217;acaba amb els estudis universitaris, sin\u00f3 que continua formant-se en l&#8217;especialitat triada a trav\u00e9s del MIR (Metge Intern Resident). Aix\u00ed que, quan inicien la seva activitat professional, ara ja com a metges residents, continuen amb el seu per\u00edode de formaci\u00f3, cosa que els suposa un gran esfor\u00e7, ja que han de dedicar-se a la seva tasca assistencial com a metges, alhora que continuen formant-se com a especialistes.<\/p>\n\n\n\n<p>La Fundaci\u00f3 Mutual M\u00e8dica col\u00b7labora amb els departaments de Doc\u00e8ncia de nombrosos hospitals, en l\u00ednia amb el seu comprom\u00eds amb la formaci\u00f3 del metge i, molt especialment, amb el metge jove.<\/p>\n\n\n\n<h6><strong>Hospital Cl\u00ednic de Barcelona<\/strong><\/h6>\n\n\n\n<div class=\"wp-block-columns\">\n<div class=\"wp-block-column\" style=\"flex-basis:50%\">\n<p>Col\u00b7laborem amb l&#8217;<a rel=\"noreferrer noopener\" href=\"https:\/\/www.clinicbarcelona.org\/\" target=\"_blank\"><strong>Hospital Cl\u00ednic de Barcelona<\/strong><\/a> en cursos destinats als residents. Aquesta col\u00b7laboraci\u00f3 es tradueix en ajudes a l&#8217;organitzaci\u00f3 de cursos espec\u00edfics per als MIR. A m\u00e9s, la Fundaci\u00f3 Mutual M\u00e8dica cada any col\u00b7labora tamb\u00e9 lliurant el Premi Cl\u00ednic-Mutual M\u00e8dica al Millor Expedient MIR, que el 2022 va recaure en la Dra. Elena Cuadrado Pay\u00e1n, nefr\u00f2loga.<\/p>\n<\/div>\n\n\n\n<div class=\"wp-block-column\" style=\"flex-basis:50%\">\n<figure class=\"wp-block-image size-full imgCol100\"><img loading=\"lazy\" width=\"422\" height=\"280\" src=\"https:\/\/informe-anual-2022.mutualmedica.com\/wp-content\/uploads\/2023\/05\/Hospital-Clinic-de-Barcelona.jpg\" alt=\"\" class=\"wp-image-3052\" srcset=\"https:\/\/informe-anual-2022.mutualmedica.com\/wp-content\/uploads\/2023\/05\/Hospital-Clinic-de-Barcelona.jpg 422w, https:\/\/informe-anual-2022.mutualmedica.com\/wp-content\/uploads\/2023\/05\/Hospital-Clinic-de-Barcelona-300x199.jpg 300w\" sizes=\"(max-width: 422px) 100vw, 422px\" \/><figcaption>El Sr. Enric Tornos, vocal del patronat de la Fundaci\u00f3 Mutual M\u00e8dica, i la guanyadora, la Dra. Elena Cuadrado.<\/figcaption><\/figure>\n<\/div>\n<\/div>\n\n\n\n<h6><strong>Hospital de Bellvitge<\/strong><\/h6>\n\n\n\n<div class=\"wp-block-columns\">\n<div class=\"wp-block-column\" style=\"flex-basis:50%\">\n<p>Per donar suport als metges residents a l&#8217;<strong><a rel=\"noreferrer noopener\" href=\"https:\/\/bellvitgehospital.cat\/es\" target=\"_blank\">Hospital de Bellvitge<\/a><\/strong>, fa anys que subvencionem la compra de material per a la formaci\u00f3 dels seus residents.<\/p>\n\n\n\n<p>El 2019, vam ampliar el conveni per crear el Premi Mutual M\u00e8dica al Millor MIR\u2013Bellvitge, que a la convocat\u00f2ria 2022 va premiar la Dra. Miriam Casellas Gibert i com a acc\u00e8ssits va premiar la Dra. Carmen Castillo Manzano i la Dra. Claudia Llobera Ris.<\/p>\n\n\n\n<p>A l&#8217;acte va assistir el Sr. Enric Tornos, patr\u00f3 de la Fundaci\u00f3 Mutual M\u00e8dica, que va poder explicar els projectes que est\u00e0 desenvolupant la Fundaci\u00f3 Mutual M\u00e8dica.<\/p>\n<\/div>\n\n\n\n<div class=\"wp-block-column\" style=\"flex-basis:50%\">\n<figure class=\"wp-block-image size-full imgCol100\"><img loading=\"lazy\" width=\"422\" height=\"280\" src=\"https:\/\/informe-anual-2022.mutualmedica.com\/wp-content\/uploads\/2023\/05\/Hospital-de-Bellvitge.jpg\" alt=\"\" class=\"wp-image-3053\" srcset=\"https:\/\/informe-anual-2022.mutualmedica.com\/wp-content\/uploads\/2023\/05\/Hospital-de-Bellvitge.jpg 422w, https:\/\/informe-anual-2022.mutualmedica.com\/wp-content\/uploads\/2023\/05\/Hospital-de-Bellvitge-300x199.jpg 300w\" sizes=\"(max-width: 422px) 100vw, 422px\" \/><figcaption>El Sr. Enric Tornos, patr\u00f3 de la Fundaci\u00f3 Mutual M\u00e8dica, amb les tres guanyadores i la gerent de l&#8217;Hospital de Bellvitge.<\/figcaption><\/figure>\n<\/div>\n<\/div>\n\n\n\n<h6><strong>Hospital Pr\u00edncipe de Asturias<\/strong><\/h6>\n\n\n\n<div class=\"wp-block-columns\">\n<div class=\"wp-block-column\" style=\"flex-basis:50%\">\n<p>Un any m\u00e9s, la Fundaci\u00f3 Mutual M\u00e8dica va col\u00b7laborar amb l&#8217;<a rel=\"noreferrer noopener\" href=\"https:\/\/www.comunidad.madrid\/hospital\/principeasturias\/\" target=\"_blank\"><strong>Hospital Pr\u00edncipe de Asturias<\/strong><\/a> a la Jornada de Recerca\u2013Beques Mutual M\u00e8dica. <\/p>\n\n\n\n<p>Els premiats el 2022 han estat el Dr. Manuel de la Mata, la Dra. Mar\u00eda Ortiz Garc\u00eda, la Dra. Elsa Gonz\u00e1lez Basti\u00e1n, la Dra. Isabel Rodr\u00edguez L\u00f3pez i la Dra. Victoria Su\u00e1rez Fern\u00e1ndez.<\/p>\n<\/div>\n\n\n\n<div class=\"wp-block-column\" style=\"flex-basis:50%\">\n<figure class=\"wp-block-image size-full imgCol100\"><img loading=\"lazy\" width=\"422\" height=\"280\" src=\"https:\/\/informe-anual-2022.mutualmedica.com\/wp-content\/uploads\/2023\/05\/Hospital-Principe-de-Asturias.jpg\" alt=\"\" class=\"wp-image-3059\" srcset=\"https:\/\/informe-anual-2022.mutualmedica.com\/wp-content\/uploads\/2023\/05\/Hospital-Principe-de-Asturias.jpg 422w, https:\/\/informe-anual-2022.mutualmedica.com\/wp-content\/uploads\/2023\/05\/Hospital-Principe-de-Asturias-300x199.jpg 300w\" sizes=\"(max-width: 422px) 100vw, 422px\" \/><figcaption>Els guanyadors del Premi, al costat de la Sra. Raquel Garc\u00eda, cap de Relacions Institucionals de Mutual M\u00e8dica, i la cap de Doc\u00e8ncia de l&#8217;hospital, la Dra. Medina.<\/figcaption><\/figure>\n<\/div>\n<\/div>\n\n\n\n<h6><strong>Hospital 12 de Octubre<\/strong><\/h6>\n\n\n\n<p>La col\u00b7laboraci\u00f3 entre Mutual M\u00e8dica i l&#8217;<strong><a rel=\"noreferrer noopener\" href=\"https:\/\/www.comunidad.madrid\/hospital\/12octubre\/\" target=\"_blank\">Hospital 12 de Octubre<\/a> <\/strong>es va iniciar el 2015 per finan\u00e7ar uns premis a les jornades de recerca i les jornades cient\u00edfiques que organitza el departament de Doc\u00e8ncia M\u00e8dica de l&#8217;hospital.<\/p>\n\n\n\n<p>L&#8217;any passat 2021, es va ampliar el conveni per poder adaptar el seu programa formatiu a les restriccions ocasionades per la pand\u00e8mia.<\/p>\n\n\n\n<div style=\"height:50px\" aria-hidden=\"true\" class=\"wp-block-spacer\"><\/div>\n\n\n\n<h6><strong>Cl\u00ednica Universitat de Navarra<\/strong><\/h6>\n\n\n\n<div class=\"wp-block-columns\">\n<div class=\"wp-block-column\" style=\"flex-basis:50%\">\n<p>El divendres 11 de mar\u00e7 es va celebrar la cinquena Jornada de Recerca de residents i es va lliurar el Premi RCUN de Recerca a la <a rel=\"noreferrer noopener\" href=\"https:\/\/www.cun.es\/\" target=\"_blank\"><strong>Cl\u00ednica Universitat de Navarra<\/strong><\/a>.<\/p>\n\n\n\n<p>Les jornades de recerca de residents s\u00f3n una iniciativa de la Comissi\u00f3 de Doc\u00e8ncia de la Cl\u00ednica amb la col\u00b7laboraci\u00f3 de la Fundaci\u00f3 Mutual M\u00e8dica per encoratjar la investigaci\u00f3 dels metges residents. Els deu finalistes van defensar els seus treballs davant els seus companys i el jurat.<\/p>\n\n\n\n<p>En la modalitat de publicacions, on col\u00b7labora la Fundaci\u00f3 Mutual M\u00e8dica, el premi va ser per a la Dra. Lara Gil i la Dra. Ana Vilalta.<\/p>\n\n\n\n<p>Abans de la concessi\u00f3 del premi, el Sr. Ian Bachs, cap de Relacions Institucionals de Mutual M\u00e8dica, es va dirigir als assistents per felicitar-los per les seves presentacions i va compartir les diferents l\u00ednies d&#8217;acci\u00f3 de la Fundaci\u00f3 Mutual M\u00e8dica.<\/p>\n\n\n\n<p> <\/p>\n<\/div>\n\n\n\n<div class=\"wp-block-column\" style=\"flex-basis:50%\">\n<figure class=\"wp-block-image size-full imgCol100\"><img loading=\"lazy\" width=\"422\" height=\"280\" src=\"https:\/\/informe-anual-2022.mutualmedica.com\/wp-content\/uploads\/2023\/05\/Clinica-Universidad-de-Navarra.jpg\" alt=\"\" class=\"wp-image-3061\" srcset=\"https:\/\/informe-anual-2022.mutualmedica.com\/wp-content\/uploads\/2023\/05\/Clinica-Universidad-de-Navarra.jpg 422w, https:\/\/informe-anual-2022.mutualmedica.com\/wp-content\/uploads\/2023\/05\/Clinica-Universidad-de-Navarra-300x199.jpg 300w\" sizes=\"(max-width: 422px) 100vw, 422px\" \/><figcaption>La Dra. Lara Gil i la Dra. Ana Vilalta, residents premiades per la seva recerca a la CUN.<\/figcaption><\/figure>\n<\/div>\n<\/div>\n\n\n\n<h6><strong>Hospital General de Val\u00e8ncia<\/strong><\/h6>\n\n\n\n<div class=\"wp-block-columns\">\n<div class=\"wp-block-column\" style=\"flex-basis:50%\">\n<p>Des del 2016, l&#8217;<a rel=\"noreferrer noopener\" href=\"https:\/\/chguv.san.gva.es\/inicio\" target=\"_blank\"><strong>Hospital General de Val\u00e8ncia<\/strong><\/a> i la Fundaci\u00f3 Mutual M\u00e8dica van crear el Premi a la Millor Tesi Doctoral. L&#8217;acte de lliurament d&#8217;aquest premi es desenvolupa durant la jornada de comiat dels residents, i cada any tenim l&#8217;honor d&#8217;assistir i poder compartir amb els residents les accions, premis i ajudes que desenvolupa la Fundaci\u00f3 Mutual M\u00e8dica. <\/p>\n\n\n\n<p>En aquesta edici\u00f3, la guanyadora va ser la Dra. Celia Julia Romero, resident de Medicina Familiar i Comunit\u00e0ria.<\/p>\n<\/div>\n\n\n\n<div class=\"wp-block-column\" style=\"flex-basis:50%\">\n<figure class=\"wp-block-image size-full imgCol100\"><img loading=\"lazy\" width=\"422\" height=\"280\" src=\"https:\/\/informe-anual-2022.mutualmedica.com\/wp-content\/uploads\/2023\/05\/Hospital-General-de-Valencia.jpg\" alt=\"\" class=\"wp-image-3065\" srcset=\"https:\/\/informe-anual-2022.mutualmedica.com\/wp-content\/uploads\/2023\/05\/Hospital-General-de-Valencia.jpg 422w, https:\/\/informe-anual-2022.mutualmedica.com\/wp-content\/uploads\/2023\/05\/Hospital-General-de-Valencia-300x199.jpg 300w\" sizes=\"(max-width: 422px) 100vw, 422px\" \/><figcaption>El Sr. Rub\u00e9n Davo, assessor comercial de Mutual M\u00e8dica, i la guanyadora, la Dra. Celia Julia Romero.<\/figcaption><\/figure>\n<\/div>\n<\/div>\n\n\n\n<h6><strong>Hospital Son Ll\u00e0tzer de Palma de Mallorca<\/strong><\/h6>\n\n\n\n<p>El 2017, es va iniciar la col\u00b7laboraci\u00f3 amb l&#8217;<strong><a rel=\"noreferrer noopener\" href=\"https:\/\/www.hsll.es\/\" target=\"_blank\">Hospital Son Ll\u00e0tzer<\/a><\/strong>, de Palma de Mallorca, per crear uns premis a concedir en l&#8217;acte de comiat dels residents.<\/p>\n\n\n\n<p>Els guanyadors dels premis HUSLL-Mutual M\u00e8dica de l&#8217;edici\u00f3 2022 van ser els seg\u00fcents:<\/p>\n\n\n\n<ul><li>A la categoria de millor sessi\u00f3 general, el primer premi ha estat per a la Dra. Sabela Agrasar, resident de Pneumologia, per la sessi\u00f3 \u201cVentilaci\u00f3 mec\u00e0nica no invasiva a l&#8217;Hospital Universitari Son Ll\u00e0tzer\u201d.<\/li><li>El segon premi ha estat per al doctor Amador Andreu Sola, resident del Servei de Dermatologia M\u00e8dico-Quir\u00fargica i Venereologia, per la sessi\u00f3 \u201cMarcadors cutanis de les neopl\u00e0sies internes\u201d.<\/li><li>Pel que fa als millors projectes de recerca, el primer premi ha estat per a la doctora Olga Claramonte, resident del Servei de Cirurgia General i Aparell Digestiu, pel projecte \u201cAssaig comparatiu prospectiu i aleatoritzat del tractament quir\u00fargic de les hemorroides graus III-IV amb la desarterialitzaci\u00f3 transanal hemorroidal versus la hemorroidectomia Milligan-Morgan\u201d.<\/li><li>El segon premi ha estat per a Antonio Blanco, resident de Psicologia Cl\u00ednica, pel projecte \u201cTractament psicol\u00f2gic individual en atenci\u00f3 prim\u00e0ria: una proposta d&#8217;avaluaci\u00f3 a Mallorca\u201d.<\/li><\/ul>\n\n\n\n<p>Durant la sessi\u00f3 de lliurament dels premis, els investigadors han exposat breument les caracter\u00edstiques principals dels projectes.<\/p>\n\n\n\n<p><\/p>\n\n\n\n<div class=\"wp-block-columns\">\n<div class=\"wp-block-column\">\n<div class=\"wp-block-image\"><figure class=\"aligncenter size-full\"><img loading=\"lazy\" width=\"746\" height=\"248\" src=\"https:\/\/informe-anual-2022.mutualmedica.com\/wp-content\/uploads\/2023\/05\/Hospital-Son-Llatzer-1.jpg\" alt=\"\" class=\"wp-image-2962\" srcset=\"https:\/\/informe-anual-2022.mutualmedica.com\/wp-content\/uploads\/2023\/05\/Hospital-Son-Llatzer-1.jpg 746w, https:\/\/informe-anual-2022.mutualmedica.com\/wp-content\/uploads\/2023\/05\/Hospital-Son-Llatzer-1-480x160.jpg 480w\" sizes=\"(min-width: 0px) and (max-width: 480px) 480px, (min-width: 481px) 746px, 100vw\" \/><figcaption>Guanyadors dels premis, al costat de la Sra. Purificaci\u00f3n Garc\u00eda, assessora comercial de Mutual M\u00e8dica, i els responsables de Doc\u00e8ncia de l&#8217;hospital.<\/figcaption><\/figure><\/div>\n<\/div>\n<\/div>\n<\/div><\/div>\n<\/div>\n<\/div>\n\n\n\n<h6><strong><strong>Hospital Son Espases<\/strong><\/strong><\/h6>\n\n\n\n<div class=\"wp-block-columns\">\n<div class=\"wp-block-column\" style=\"flex-basis:50%\">\n<p>Per sis\u00e8 any consecutiu, la Fundaci\u00f3 Mutual M\u00e8dica va col\u00b7laborar en el Premi al Millor Fi de Resid\u00e8ncia de l&#8217;<strong><a rel=\"noreferrer noopener\" href=\"https:\/\/www.hospitalsonespases.es\/\" target=\"_blank\">Hospital Son Espases<\/a><\/strong>, de Palma de Mallorca, que aquest any es va atorgar al Dr. Sebastian Jeri, especialista en Cirurgia General i de l&#8217;Aparell Digestiu.<\/p>\n<\/div>\n\n\n\n<div class=\"wp-block-column\" style=\"flex-basis:50%\">\n<figure class=\"wp-block-image size-full imgCol100\"><img loading=\"lazy\" width=\"422\" height=\"280\" src=\"https:\/\/informe-anual-2022.mutualmedica.com\/wp-content\/uploads\/2023\/05\/Hospital-Son-Espases-2.jpg\" alt=\"\" class=\"wp-image-3102\" srcset=\"https:\/\/informe-anual-2022.mutualmedica.com\/wp-content\/uploads\/2023\/05\/Hospital-Son-Espases-2.jpg 422w, https:\/\/informe-anual-2022.mutualmedica.com\/wp-content\/uploads\/2023\/05\/Hospital-Son-Espases-2-300x199.jpg 300w\" sizes=\"(max-width: 422px) 100vw, 422px\" \/><figcaption>El Dr. Sebastian Jeri Mc Farlane, guanyador del Premi&nbsp;Fi de Resid\u00e8ncia 2022.<\/figcaption><\/figure>\n<\/div>\n<\/div>\n\n\n\n<h6><strong>Hospital Cl\u00ednic de Valladolid<\/strong><\/h6>\n\n\n\n<div class=\"wp-block-columns\">\n<div class=\"wp-block-column\" style=\"flex-basis:50%\">\n<p>La Fundaci\u00f3 Mutual M\u00e8dica va iniciar la seva col\u00b7laboraci\u00f3 el passat 2022 amb l&#8217;hospital i va lliurar, a la sala de Graus de la facultat de Medicina, el Premi de Recerca de l&#8217;Hospital Cl\u00ednic de Valladolid al millor MIR, que va ser per a la Dra. Jara Valtue\u00f1a.<\/p>\n<\/div>\n\n\n\n<div class=\"wp-block-column\" style=\"flex-basis:50%\">\n<figure class=\"wp-block-image size-full imgCol100\"><img loading=\"lazy\" width=\"422\" height=\"280\" src=\"https:\/\/informe-anual-2022.mutualmedica.com\/wp-content\/uploads\/2023\/05\/Hospital-Clinico-Valladolid-1.jpg\" alt=\"\" class=\"wp-image-3144\" srcset=\"https:\/\/informe-anual-2022.mutualmedica.com\/wp-content\/uploads\/2023\/05\/Hospital-Clinico-Valladolid-1.jpg 422w, https:\/\/informe-anual-2022.mutualmedica.com\/wp-content\/uploads\/2023\/05\/Hospital-Clinico-Valladolid-1-300x199.jpg 300w\" sizes=\"(max-width: 422px) 100vw, 422px\" \/><figcaption>D&#8217;esq. a dta., el Dr. Enrique M. San Norberto, la guanyadora del premi, la Dra. Jara Valtue\u00f1a, i el Sr. Juan Merino, assessor comercial de Mutual M\u00e8dica.<\/figcaption><\/figure>\n<\/div>\n<\/div>\n\n\n\n<h6><strong>IDIBGI (Institut d&#8217;Investigaci\u00f3 Biom\u00e8dica de Girona Dr. Josep Trueta<\/strong>)<\/h6>\n\n\n\n<div class=\"wp-block-columns\">\n<div class=\"wp-block-column\" style=\"flex-basis:50%\">\n<p>La combinaci\u00f3 entre recerca i activitat assistencial \u00e9s la clau per a una atenci\u00f3 sanit\u00e0ria en millora cont\u00ednua i de refer\u00e8ncia. Per aquest motiu, enguany s&#8217;ha celebrat la <strong>primera Jornada Gironina de Recerca per a Residents &#8211; Fundaci\u00f3 Mutual M\u00e8dica<\/strong>. Aquesta jornada neix amb l&#8217;objectiu de promoure l&#8217;activitat investigadora entre els residents gironins, que s\u00f3n el nostre personal sanitari de dem\u00e0.<\/p>\n\n\n\n<p>Es va lliurar el premi a les dues millors comunicacions orals a la Dra. Zaira Reyes i a la Dra. L\u00eddia Perendreu.<\/p>\n<\/div>\n\n\n\n<div class=\"wp-block-column\" style=\"flex-basis:50%\">\n<figure class=\"wp-block-image size-full imgCol100\"><img loading=\"lazy\" width=\"422\" height=\"280\" src=\"https:\/\/informe-anual-2022.mutualmedica.com\/wp-content\/uploads\/2023\/05\/IDIBGI-Institut-dInvestigacio-Biomedica-de-Girona-Dr.-Josep-Trueta.jpg\" alt=\"\" class=\"wp-image-3137\" srcset=\"https:\/\/informe-anual-2022.mutualmedica.com\/wp-content\/uploads\/2023\/05\/IDIBGI-Institut-dInvestigacio-Biomedica-de-Girona-Dr.-Josep-Trueta.jpg 422w, https:\/\/informe-anual-2022.mutualmedica.com\/wp-content\/uploads\/2023\/05\/IDIBGI-Institut-dInvestigacio-Biomedica-de-Girona-Dr.-Josep-Trueta-300x199.jpg 300w\" sizes=\"(max-width: 422px) 100vw, 422px\" \/><figcaption>El Sr. Ian Bachs, cap de Relacions Institucionals, amb les guanyadores, la Dra. Zaira Reyes i la Dra. L\u00eddia Perendreu.<\/figcaption><\/figure>\n<\/div>\n<\/div>\n\n\n\n<h6><strong>Hospital Reina Sof\u00eda<\/strong> de C\u00f2rdova <\/h6>\n\n\n\n<div class=\"wp-block-columns\">\n<div class=\"wp-block-column\" style=\"flex-basis:50%\">\n<p>L&#8217;Hospital Reina Sof\u00eda de C\u00f2rdova va celebrar la cinquena convocat\u00f2ria del premi Prof. Carlos Pera amb la col\u00b7laboraci\u00f3 de la Fundaci\u00f3 Mutual M\u00e8dica. El resident Dr. Fernando Leiva va guanyar el premi al resident excel\u00b7lent que organitza el departament de doc\u00e8ncia de l&#8217;hospital.<\/p>\n<\/div>\n\n\n\n<div class=\"wp-block-column\" style=\"flex-basis:50%\">\n<figure class=\"wp-block-image size-full imgCol100\"><img loading=\"lazy\" width=\"422\" height=\"280\" src=\"https:\/\/informe-anual-2022.mutualmedica.com\/wp-content\/uploads\/2023\/05\/Hospital-Reina-Sofia-de-Cordoba.jpg\" alt=\"\" class=\"wp-image-3138\" srcset=\"https:\/\/informe-anual-2022.mutualmedica.com\/wp-content\/uploads\/2023\/05\/Hospital-Reina-Sofia-de-Cordoba.jpg 422w, https:\/\/informe-anual-2022.mutualmedica.com\/wp-content\/uploads\/2023\/05\/Hospital-Reina-Sofia-de-Cordoba-300x199.jpg 300w\" sizes=\"(max-width: 422px) 100vw, 422px\" \/><figcaption>El Dr. Fernando Leiva, guanyador del premi Residents.<\/figcaption><\/figure>\n<\/div>\n<\/div>\n\n\n\n<h6><strong>Hospital Universitari Fundaci\u00f3n Alcorc\u00f3n<\/strong><\/h6>\n\n\n\n<p>Es van lliurar els Premis Mutual M\u00e8dica per a ajuda a congressos, que van recaure sobre Sandra de Priso, infermera resident de Treball; Paula Mart\u00ednez, resident de Medicina Interna; Carla Jim\u00e9nez, resident de Cardiologia; Silvio Antonio Galeano, resident d&#8217;Anatomia Patol\u00f2gica; Livia Gisbert, resident d&#8217;Anest\u00e8sia i Reanimaci\u00f3; Irene Blanca Moreno, resident de Traumatologia; Victoria Espejo, resident de Cardiologia, i Raquel Lindo, resident d&#8217;Infermeria de Salut Mental.<\/p>\n\n\n\n<p><\/p>\n\n\n\n<h5><strong>Jornades d&#8217;Orientaci\u00f3 Professional Post-MIR<\/strong><\/h5>\n\n\n\n<p>Aquestes jornades es van iniciar el 2016 en quatre hospitals. A causa del gran \u00e8xit que van tenir, cada any m\u00e9s hospitals el van anar incorporant al seu programa formatiu per als residents d&#8217;\u00faltim any. Aquestes Jornades Professionals Post-Resid\u00e8ncia sempre inclouen una xerrada sobre l&#8217;inici de l&#8217;activitat per compte propi per exposar els beneficis de Mutual M\u00e8dica com a alternativa al R\u00e8gim d&#8217;Aut\u00f2noms per als metges.<\/p>\n\n\n\n<p>El 2020, malauradament a causa de la COVID-19, nom\u00e9s sis hospitals van poder celebrar la jornada, just abans de les restriccions produ\u00efdes per la pand\u00e8mia. El 2021, es va recuperar una certa normalitat en la realitzaci\u00f3 d&#8217;aquesta jornada a la majoria dels hospitals on ja es feia abans de la pand\u00e8mia.<\/p>\n\n\n\n<div class=\"wp-block-columns\">\n<div class=\"wp-block-column\">\n<ul><li><a rel=\"noreferrer noopener\" href=\"https:\/\/www.hospitalsonespases.es\/\" target=\"_blank\">Hospital Son Espases de Mallorca<\/a><\/li><li><a rel=\"noreferrer noopener\" href=\"https:\/\/www.hsll.es\/\" target=\"_blank\">Hospital Son Ll\u00e0tzer de Mallorca<\/a> <\/li><li><a rel=\"noreferrer noopener\" href=\"https:\/\/www.saludcastillayleon.es\/CABurgos\/es\" target=\"_blank\">Complex Assistencial Universitari de Burgos<\/a> <\/li><li><a rel=\"noreferrer noopener\" href=\"https:\/\/www.saludcastillayleon.es\/HRHortega\/es\" target=\"_blank\">Hospital R\u00edo Hortega de Valladolid<\/a> <\/li><\/ul>\n<\/div>\n\n\n\n<div class=\"wp-block-column\">\n<ul><li><a rel=\"noreferrer noopener\" href=\"https:\/\/www.santpau.cat\/es\/\" target=\"_blank\">Hospital de la Sta. Creu i St. Pau de Barcelona<\/a><\/li><li><a rel=\"noreferrer noopener\" href=\"https:\/\/www.vallhebron.com\/es\" target=\"_blank\">Hospital Vall d&#8217;Hebron de Barcelona<\/a> <\/li><li><a rel=\"noreferrer noopener\" href=\"https:\/\/www.comunidad.madrid\/hospital\/clinicosancarlos\/\" target=\"_blank\">Cl\u00ednic San Carlos de Madrid<\/a><\/li><li><a rel=\"noreferrer noopener\" href=\"https:\/\/www.murciasalud.es\/seccion.php?idsec=347\" target=\"_blank\">Cl\u00ednic Universitari Virgen de la Arrixaca de M\u00farcia<\/a> <\/li><\/ul>\n<\/div>\n\n\n\n<div class=\"wp-block-column\">\n<ul><li><a rel=\"noreferrer noopener\" href=\"https:\/\/chguv.san.gva.es\/inicio\" target=\"_blank\">Hospital General de Val\u00e8ncia<\/a> <\/li><li><a rel=\"noreferrer noopener\" href=\"https:\/\/www3.gobiernodecanarias.org\/sanidad\/scs\/organica.jsp?idCarpeta=3da5f513-541b-11de-9665-998e1388f7ed\" target=\"_blank\">Hospital Universitari de Can\u00e0ries de Tenerife<\/a><\/li><li><a rel=\"noreferrer noopener\" href=\"https:\/\/www.comunidad.madrid\/hospital\/laprincesa\/\" target=\"_blank\">Hospital la Princesa de Madrid<\/a><\/li><li><a rel=\"noreferrer noopener\" href=\"https:\/\/hun.navarra.es\/es\" target=\"_blank\">Hospital Universitari de Navarra<\/a><\/li><li><a rel=\"noreferrer noopener\" href=\"https:\/\/www.comunidad.madrid\/hospital\/ramonycajal\" target=\"_blank\">Hospital Ram\u00f3n y Cajal de Madrid<\/a><\/li><\/ul>\n<\/div>\n<\/div>\n\n\n\n<p>I es va fer per primera vegada en aquests altres hospitals:<\/p>\n\n\n\n<ul><li><a rel=\"noreferrer noopener\" href=\"https:\/\/www.cun.es\/\" target=\"_blank\">Cl\u00ednica Universitat de Navarra<\/a> <\/li><li><a rel=\"noreferrer noopener\" href=\"https:\/\/www.humv.es\/\" target=\"_blank\">Hospital Marqu\u00e9s de Valdecilla de Santander<\/a> <\/li><li><a rel=\"noreferrer noopener\" href=\"https:\/\/hospitalpuertadelmar.com\" target=\"_blank\">Hospital Puerta de Mar de Cadis<\/a> <\/li><\/ul>\n\n\n\n<p>Des de la Fundaci\u00f3 Mutual M\u00e8dica, creiem en la import\u00e0ncia d&#8217;estar ben informat a l&#8217;hora de comen\u00e7ar l&#8217;activitat per compte propi, ja que per desconeixement alguns metges queden adscrits al RETA per a tota la seva vida laboral, quan la seva voluntat, una vegada informats, seria optar per Mutual M\u00e8dica, per\u00f2 una vegada al RETA ja no poden revertir la decisi\u00f3.<\/p>\n\n\n\n<h5>Plataformes formatives<\/h5>\n\n\n\n<p>Dins del Programa Impuslar(Me) i seguint el valor de la innovaci\u00f3 des de la Fundaci\u00f3 Mutual M\u00e8dica, estudiem la col\u00b7laboraci\u00f3 amb noves plataformes formatives, sobretot orientades als metges residents.<\/p>\n\n\n\n<ul><li><strong>Plataforma SEASALT<\/strong>: Seasalt \u00e9s una empresa tecnol\u00f2gica dedicada a la consultoria d&#8217;innovaci\u00f3, transformaci\u00f3 digital, millora de processos, desenvolupament de projectes i productes innovadors i <em>outsourcing<\/em> creatiu, fonamentalment en les \u00e0rees de gesti\u00f3 i formaci\u00f3. S\u00f3n especialistes a imaginar i conceptualitzar el que no s&#8217;ha fet abans. Els agraden els reptes i, per abordar-los, aprofundeixen en el coneixement i l&#8217;\u00fas de les \u00faltimes tecnologies: <em>cloud computing<\/em>, BigData, visi\u00f3 artificial, impressi\u00f3 3D, realitat virtual, DevOps, IoT, etc.<br><br>Des de la Fundaci\u00f3 Mutual M\u00e8dica, hem comen\u00e7at a col\u00b7laborar amb Seasalt per a la seva implementaci\u00f3 a l&#8217;Hospital La Princesa per a la gesti\u00f3 de la formaci\u00f3 MIR i altres continguts de formaci\u00f3 cont\u00ednua per a la resta dels metges de l&#8217;hospital.<\/li><\/ul>\n\n\n\n<ul><li><strong>Plataforma SIMOONS: <\/strong>SIMOONS (SerIous gaMe per a la formaci\u00d3 OnliNe amb Simulaci\u00f3) \u00e9s una iniciativa pensada per a la formaci\u00f3 en l\u00ednia dels professionals sanitaris a trav\u00e9s de la simulaci\u00f3 virtual, amb l&#8217;objectiu de formar-los en habilitats no t\u00e8cniques. Durant el 2022, s&#8217;han llan\u00e7at els dos primers m\u00f2duls (dels deu que compondran el programa), un escenari d&#8217;un pacient amb COVID-19 que es troba al Servei d&#8217;Urg\u00e8ncies i un segon m\u00f2dul d&#8217;arr\u00edtmies.<br><br>El Vall d\u2019Hebron Centre de Simulaci\u00f3 Cl\u00ednica Avan\u00e7ada ha comen\u00e7at a aplicar els <em>serious games<\/em> a la doc\u00e8ncia per a la formaci\u00f3 en l\u00ednia de professionals de la salut, en concret amb la creaci\u00f3 de SIMOONS. Cada any els residents van iniciant-se en aquestes compet\u00e8ncies transversals i ajudant els residents m\u00e9s nous en les seves formacions en simulaci\u00f3.<\/li><\/ul>\n\n\n\n<div class=\"wp-container-69f4dce317b24 wp-block-group\"><div class=\"wp-block-group__inner-container\">\n<h5>MIRIAL<\/h5>\n\n\n\n<div class=\"wp-block-columns\">\n<div class=\"wp-block-column\">\n<p>L&#8217;\u00faltim projecte dins del Programa Impulsar(Me) \u00e9s MIRIAL, l&#8217;app de Mutual M\u00e8dica que us anima a competir jugant contra els vostres companys responent preguntes dels ex\u00e0mens MIR dels \u00faltims anys.<\/p>\n\n\n\n<p>Aquesta aplicaci\u00f3 tamb\u00e9 est\u00e0 feta per als estudiants de Medicina. I \u00e9s que Mutual M\u00e8dica vol consolidar el seu comprom\u00eds amb el metge i la seva formaci\u00f3; per aix\u00f2, ofereix un joc en l\u00ednia \u00fatil tant per als estudiants com per als residents o per a metges amb m\u00e9s experi\u00e8ncia.<\/p>\n\n\n\n<p>El mar\u00e7 del 2022, vam celebrar els set anys de MIRIAL, amb m\u00e9s de 18.000 desc\u00e0rregues.<\/p>\n\n\n\n<p>Tamb\u00e9, com cada any, vam celebrar el r\u00e0nquing de guanyadors anual. Es van emportar premis les tres primeres posicions, que van ser per als seg\u00fcents usuaris:<\/p>\n\n\n\n<ul><li>Primer lloc: ZXCVB (1.379.040 punts).<\/li><li>Segon lloc: cheto (1.230.205 punts).<\/li><li>Tercer lloc: marmigonfe (687.540 punts).<\/li><\/ul>\n\n\n\n<p>El premi consisteix en tres vals, de 300 \u20ac, 200 \u20ac i 100 \u20ac, respectivament, per a aquests tres primers classificats, bescanviables a l&#8217;editorial de publicacions m\u00e8diques Marb\u00e1n, tant al seu web com a les seves botigues f\u00edsiques.<\/p>\n\n\n\n<p>A m\u00e9s, al web de MIRIAL es mant\u00e9 el blog amb contingut relacionat amb l&#8217;examen MIR i altres temes d&#8217;inter\u00e8s per als estudiants de Medicina; i tamb\u00e9 es realitza difusi\u00f3 a trav\u00e9s del seu compte de Twitter i Instagram.<\/p>\n<\/div>\n\n\n\n<div class=\"wp-block-column\">\n<div class=\"wp-block-image\"><figure class=\"aligncenter size-large\"><img loading=\"lazy\" width=\"1024\" height=\"768\" src=\"https:\/\/informe-anual-2022.mutualmedica.com\/wp-content\/uploads\/2023\/05\/MUTUAL-MEDICA3118-1024x768.jpg\" alt=\"\" class=\"wp-image-3078\" srcset=\"https:\/\/informe-anual-2022.mutualmedica.com\/wp-content\/uploads\/2023\/05\/MUTUAL-MEDICA3118-980x735.jpg 980w, https:\/\/informe-anual-2022.mutualmedica.com\/wp-content\/uploads\/2023\/05\/MUTUAL-MEDICA3118-480x360.jpg 480w\" sizes=\"(min-width: 0px) and (max-width: 480px) 480px, (min-width: 481px) and (max-width: 980px) 980px, (min-width: 981px) 1024px, 100vw\" \/><\/figure><\/div>\n\n\n\n<div style=\"height:50px\" aria-hidden=\"true\" class=\"wp-block-spacer\"><\/div>\n\n\n\n<div class=\"wp-block-image\"><figure class=\"aligncenter size-full is-resized\"><img loading=\"lazy\" src=\"https:\/\/informe-anual-2022.mutualmedica.com\/wp-content\/uploads\/2022\/04\/image-36.png\" alt=\"\" class=\"wp-image-109\" width=\"184\" height=\"184\" srcset=\"https:\/\/informe-anual-2022.mutualmedica.com\/wp-content\/uploads\/2022\/04\/image-36.png 223w, https:\/\/informe-anual-2022.mutualmedica.com\/wp-content\/uploads\/2022\/04\/image-36-150x150.png 150w\" sizes=\"(max-width: 184px) 100vw, 184px\" \/><\/figure><\/div>\n<\/div>\n<\/div>\n<\/div><\/div>\n\n\n\n<div style=\"height:50px\" aria-hidden=\"true\" class=\"wp-block-spacer\"><\/div>\n\n\n\n<div class=\"wp-block-columns custom-col-fundacion\">\n<div class=\"wp-block-column\">\n<div class=\"wp-block-cover custom-cover\" style=\"min-height:100px\"><span aria-hidden=\"true\" class=\"has-background-dim-0 wp-block-cover__gradient-background has-background-dim\"><\/span><img loading=\"lazy\" width=\"969\" height=\"744\" class=\"wp-block-cover__image-background wp-image-3011\" alt=\"\" src=\"https:\/\/informe-anual-2022.mutualmedica.com\/wp-content\/uploads\/2023\/05\/ImpulsarME_ES.jpg\" style=\"object-position:50% 50%\" data-object-fit=\"cover\" data-object-position=\"50% 50%\" srcset=\"https:\/\/informe-anual-2022.mutualmedica.com\/wp-content\/uploads\/2023\/05\/ImpulsarME_ES.jpg 969w, https:\/\/informe-anual-2022.mutualmedica.com\/wp-content\/uploads\/2023\/05\/ImpulsarME_ES-480x369.jpg 480w\" sizes=\"(min-width: 0px) and (max-width: 480px) 480px, (min-width: 481px) 969px, 100vw\" \/><div class=\"wp-block-cover__inner-container\">\n<figure class=\"wp-block-image size-full custom-image\"><a href=\"https:\/\/informe-anual-2022.mutualmedica.com\/ca\/la-fundacio\/programa-impulsarme-el-nostre-compromis-amb-la-formacio-i-la-investigacio-medica\/\"><img loading=\"lazy\" width=\"969\" height=\"744\" src=\"https:\/\/informe-anual-2022.mutualmedica.com\/wp-content\/uploads\/2023\/05\/ImpulsarME_Over_ES.jpg\" alt=\"\" class=\"wp-image-3064\" srcset=\"https:\/\/informe-anual-2022.mutualmedica.com\/wp-content\/uploads\/2023\/05\/ImpulsarME_Over_ES.jpg 969w, https:\/\/informe-anual-2022.mutualmedica.com\/wp-content\/uploads\/2023\/05\/ImpulsarME_Over_ES-480x369.jpg 480w\" sizes=\"(min-width: 0px) and (max-width: 480px) 480px, (min-width: 481px) 969px, 100vw\" \/><\/a><\/figure>\n<\/div><\/div>\n\n\n\n<div style=\"height:50px\" aria-hidden=\"true\" class=\"wp-block-spacer\"><\/div>\n<\/div>\n\n\n\n<div class=\"wp-block-column\">\n<div class=\"wp-block-cover custom-cover\" style=\"min-height:100px\"><span aria-hidden=\"true\" class=\"has-background-dim-0 wp-block-cover__gradient-background has-background-dim\"><\/span><img loading=\"lazy\" width=\"969\" height=\"744\" class=\"wp-block-cover__image-background wp-image-3083\" alt=\"\" src=\"https:\/\/informe-anual-2022.mutualmedica.com\/wp-content\/uploads\/2023\/05\/CuidarME_ES-1.jpg\" style=\"object-position:50% 50%\" data-object-fit=\"cover\" data-object-position=\"50% 50%\" srcset=\"https:\/\/informe-anual-2022.mutualmedica.com\/wp-content\/uploads\/2023\/05\/CuidarME_ES-1.jpg 969w, https:\/\/informe-anual-2022.mutualmedica.com\/wp-content\/uploads\/2023\/05\/CuidarME_ES-1-480x369.jpg 480w\" sizes=\"(min-width: 0px) and (max-width: 480px) 480px, (min-width: 481px) 969px, 100vw\" \/><div class=\"wp-block-cover__inner-container\">\n<figure class=\"wp-block-image size-full custom-image\"><a href=\"https:\/\/informe-anual-2022.mutualmedica.com\/ca\/la-fundacio\/programa-cuidarme-el-nostre-compromis-amb-la-salut-dels-metges\/\"><img loading=\"lazy\" width=\"969\" height=\"744\" src=\"https:\/\/informe-anual-2022.mutualmedica.com\/wp-content\/uploads\/2023\/05\/CuidarME_Over_ES.jpg\" alt=\"\" class=\"wp-image-3084\" srcset=\"https:\/\/informe-anual-2022.mutualmedica.com\/wp-content\/uploads\/2023\/05\/CuidarME_Over_ES.jpg 969w, https:\/\/informe-anual-2022.mutualmedica.com\/wp-content\/uploads\/2023\/05\/CuidarME_Over_ES-480x369.jpg 480w\" sizes=\"(min-width: 0px) and (max-width: 480px) 480px, (min-width: 481px) 969px, 100vw\" \/><\/a><\/figure>\n<\/div><\/div>\n\n\n\n<div style=\"height:50px\" aria-hidden=\"true\" class=\"wp-block-spacer\"><\/div>\n<\/div>\n\n\n\n<div class=\"wp-block-column\">\n<div class=\"wp-block-cover custom-cover\" style=\"min-height:100px\"><span aria-hidden=\"true\" class=\"has-background-dim-0 wp-block-cover__gradient-background has-background-dim\"><\/span><img loading=\"lazy\" width=\"969\" height=\"744\" class=\"wp-block-cover__image-background wp-image-4060\" alt=\"\" src=\"https:\/\/informe-anual-2022.mutualmedica.com\/wp-content\/uploads\/2023\/06\/ConcienciarME_CA.jpg\" style=\"object-position:50% 50%\" data-object-fit=\"cover\" data-object-position=\"50% 50%\" srcset=\"https:\/\/informe-anual-2022.mutualmedica.com\/wp-content\/uploads\/2023\/06\/ConcienciarME_CA.jpg 969w, https:\/\/informe-anual-2022.mutualmedica.com\/wp-content\/uploads\/2023\/06\/ConcienciarME_CA-480x369.jpg 480w\" sizes=\"(min-width: 0px) and (max-width: 480px) 480px, (min-width: 481px) 969px, 100vw\" \/><div class=\"wp-block-cover__inner-container\">\n<figure class=\"wp-block-image size-full custom-image\"><a href=\"https:\/\/informe-anual-2022.mutualmedica.com\/ca\/la-fundacio\/programa-conscienciarme-el-nostre-compromis-amb-la-societat-i-les-persones\/\"><img loading=\"lazy\" width=\"969\" height=\"744\" src=\"https:\/\/informe-anual-2022.mutualmedica.com\/wp-content\/uploads\/2023\/06\/ConcienciarME_Over_CA.jpg\" alt=\"\" class=\"wp-image-4059\" srcset=\"https:\/\/informe-anual-2022.mutualmedica.com\/wp-content\/uploads\/2023\/06\/ConcienciarME_Over_CA.jpg 969w, https:\/\/informe-anual-2022.mutualmedica.com\/wp-content\/uploads\/2023\/06\/ConcienciarME_Over_CA-480x369.jpg 480w\" sizes=\"(min-width: 0px) and (max-width: 480px) 480px, (min-width: 481px) 969px, 100vw\" \/><\/a><\/figure>\n<\/div><\/div>\n\n\n\n<div style=\"height:50px\" aria-hidden=\"true\" class=\"wp-block-spacer\"><\/div>\n<\/div>\n<\/div>\n\n\n\n<div style=\"height:50px\" aria-hidden=\"true\" class=\"wp-block-spacer\"><\/div>\n","protected":false},"excerpt":{"rendered":"<p>El Programa Impulsar(Me) de la Fundaci\u00f3 Mutual M\u00e8dica promou una tasca de recerca per generar i compartir coneixement entre el sector m\u00e8dic. \u00c9s la recerca la que permet realitzar activitats intel\u00b7lectuals i experimentals de manera sistem\u00e0tica amb el prop\u00f2sit d&#8217;augmentar els coneixements del col\u00b7lectiu: recerca, formaci\u00f3 d&#8217;excel\u00b7l\u00e8ncia i educaci\u00f3. A trav\u00e9s del Programa Impulsar(Me), promovem [&hellip;]<\/p>\n","protected":false},"author":1,"featured_media":2908,"parent":3650,"menu_order":0,"comment_status":"closed","ping_status":"closed","template":"","meta":{"_et_pb_use_builder":"","_et_pb_old_content":"","_et_gb_content_width":""},"_links":{"self":[{"href":"https:\/\/informe-anual-2022.mutualmedica.com\/wp-json\/wp\/v2\/pages\/3656"}],"collection":[{"href":"https:\/\/informe-anual-2022.mutualmedica.com\/wp-json\/wp\/v2\/pages"}],"about":[{"href":"https:\/\/informe-anual-2022.mutualmedica.com\/wp-json\/wp\/v2\/types\/page"}],"author":[{"embeddable":true,"href":"https:\/\/informe-anual-2022.mutualmedica.com\/wp-json\/wp\/v2\/users\/1"}],"replies":[{"embeddable":true,"href":"https:\/\/informe-anual-2022.mutualmedica.com\/wp-json\/wp\/v2\/comments?post=3656"}],"version-history":[{"count":34,"href":"https:\/\/informe-anual-2022.mutualmedica.com\/wp-json\/wp\/v2\/pages\/3656\/revisions"}],"predecessor-version":[{"id":4142,"href":"https:\/\/informe-anual-2022.mutualmedica.com\/wp-json\/wp\/v2\/pages\/3656\/revisions\/4142"}],"up":[{"embeddable":true,"href":"https:\/\/informe-anual-2022.mutualmedica.com\/wp-json\/wp\/v2\/pages\/3650"}],"wp:featuredmedia":[{"embeddable":true,"href":"https:\/\/informe-anual-2022.mutualmedica.com\/wp-json\/wp\/v2\/media\/2908"}],"wp:attachment":[{"href":"https:\/\/informe-anual-2022.mutualmedica.com\/wp-json\/wp\/v2\/media?parent=3656"}],"curies":[{"name":"wp","href":"https:\/\/api.w.org\/{rel}","templated":true}]}}