{"id":3654,"date":"2023-06-15T16:06:02","date_gmt":"2023-06-15T16:06:02","guid":{"rendered":"https:\/\/informe-anual-2022.mutualmedica.com\/?page_id=3654"},"modified":"2023-06-22T15:20:28","modified_gmt":"2023-06-22T15:20:28","slug":"programa-cuidarme-el-nostre-compromis-amb-la-salut-dels-metges","status":"publish","type":"page","link":"https:\/\/informe-anual-2022.mutualmedica.com\/ca\/la-fundacio\/programa-cuidarme-el-nostre-compromis-amb-la-salut-dels-metges\/","title":{"rendered":"PROGRAMA CUIDAR(ME): el nostre comprom\u00eds amb la salut dels metges"},"content":{"rendered":"\n<div style=\"height:50px\" aria-hidden=\"true\" class=\"wp-block-spacer\"><\/div>\n\n\n\n<p>El Programa Cuidar(Me) de la Fundaci\u00f3 Mutual M\u00e8dica busca complementar el benestar del metge i aix\u00ed donar resposta als nous reptes als quals s&#8217;enfronta en la preservaci\u00f3 de la seva salut.<\/p>\n\n\n\n<p>A trav\u00e9s del programa Cuidar(Me) promovem 3 projectes de gran impacte cap al col\u00b7lectiu:<\/p>\n\n\n\n<ul><li>Humanitzaci\u00f3 de zones hospital\u00e0ries.<\/li><li>Salut dels metges.<\/li><li>Salut dels estudiants: SAPEM.<\/li><\/ul>\n\n\n\n<h4><strong>Humanitzaci\u00f3 de zones hospital\u00e0ries<\/strong><\/h4>\n\n\n\n<p>El comprom\u00eds amb el benestar integral del metge, en el seu \u00e0mbit personal i laboral, tamb\u00e9 implica vetllar per una bona qualitat de vida professional. Cuidar del col\u00b7lectiu m\u00e8dic t\u00e9 un abast que tamb\u00e9 impacta de manera positiva en l&#8217;entorn professional i en els pacients.<\/p>\n\n\n\n<p>Per aix\u00f2, des de la Fundaci\u00f3 Mutual M\u00e8dica hem comen\u00e7at a col\u00b7laborar amb altres fundacions en l&#8217;adequaci\u00f3 i humanitzaci\u00f3 de zones i espais m\u00e8dics, infraestructures i equipaments en hospitals, amb una important dotaci\u00f3 econ\u00f2mica destinada a diversos projectes amb impacte hum\u00e0.<\/p>\n\n\n\n<h5><strong>Hospital de la Vall d\u2019Hebron \u2013 Fundaci\u00f3 Small: Actualitzaci\u00f3 a la zona de metges<\/strong><\/h5>\n\n\n\n<p>Remodelaci\u00f3 de les actuals \u00e0rees d&#8217;Hospitalitzaci\u00f3 d&#8217;Oncologia i Hematologia pedi\u00e0triques, aix\u00ed com la Unitat de Trasplantaments de Medul\u00b7la \u00d2ssia, per millorar l&#8217;efici\u00e8ncia en els processos m\u00e8dics i millorar la cura dels pacients.<\/p>\n\n\n\n<h5><strong>Hospital la Paz \u2013 Fundaci\u00f3 Aladina: Nou Hospital de Dia<\/strong><\/h5>\n\n\n\n<p>Reforma de 800 m<sup>2<\/sup> habilitant-los com a nou hospital de dia. S&#8217;acolliran pacients pedi\u00e0trics oncol\u00f2gics, la Unitat de Trasplantaments Oncol\u00f2gics Pedi\u00e0trics, boxs d&#8217;a\u00efllament, sales d&#8217;espera, zones de descans i despatxos per a l&#8217;equip m\u00e8dic.<\/p>\n\n\n\n<h5><strong>Hospital Universitari de Compostel\u00b7la \u2013 Fundaci\u00f3 Aladina: Hospital pedi\u00e0tric de Dia<\/strong><\/h5>\n\n\n\n<p>La renovaci\u00f3 i humanitzaci\u00f3 de l&#8217;ala pedi\u00e0trica de l&#8217;Hospital de Dia a l&#8217;Hospital Universitari de Compostel\u00b7la \u00e9s ja una realitat; all\u00e0 s&#8217;atenen nens i adolescents en processos oncol\u00f2gics.<\/p>\n\n\n\n<h5><strong>Hospital Ni\u00f1o Jes\u00fas \u2013 Fundaci\u00f3 Aladina: Sala de Somnis per a pacients pedi\u00e0trics<\/strong><\/h5>\n\n\n\n<p>Remodelaci\u00f3 de dues sales de sedaci\u00f3 en una sala m\u00e9s gran i m\u00e9s ben adaptada, amb boxs individuals, destinada a pacients que requereixin romandre en observaci\u00f3.<\/p>\n\n\n\n<div class=\"wp-block-image\"><figure class=\"aligncenter size-full is-resized\"><img loading=\"lazy\" src=\"https:\/\/informe-anual-2022.mutualmedica.com\/wp-content\/uploads\/2023\/06\/Sala_suenos.jpg\" alt=\"\" class=\"wp-image-3463\" width=\"637\" height=\"414\" srcset=\"https:\/\/informe-anual-2022.mutualmedica.com\/wp-content\/uploads\/2023\/06\/Sala_suenos.jpg 637w, https:\/\/informe-anual-2022.mutualmedica.com\/wp-content\/uploads\/2023\/06\/Sala_suenos-480x312.jpg 480w\" sizes=\"(min-width: 0px) and (max-width: 480px) 480px, (min-width: 481px) 637px, 100vw\" \/><figcaption>La Dra. Montse Nieto, cap del Servei UCI Pedi\u00e0trica de l&#8217;Hospital Ni\u00f1o Jes\u00fas, i Paco Arango, president de la Fundaci\u00f3 Aladina.<\/figcaption><\/figure><\/div>\n\n\n\n<h4><strong>Associaci\u00f3 per a la Vida Independent<\/strong><\/h4>\n\n\n\n<div class=\"wp-block-image\"><figure class=\"aligncenter size-full\"><a href=\"https:\/\/www.youtube.com\/watch?v=6J-J_kg7bgg\" target=\"_blank\" rel=\"noopener\"><img loading=\"lazy\" width=\"612\" height=\"354\" src=\"https:\/\/informe-anual-2022.mutualmedica.com\/wp-content\/uploads\/2023\/06\/Aociacion-Vida-Independiente.jpg\" alt=\"\" class=\"wp-image-3464\" srcset=\"https:\/\/informe-anual-2022.mutualmedica.com\/wp-content\/uploads\/2023\/06\/Aociacion-Vida-Independiente.jpg 612w, https:\/\/informe-anual-2022.mutualmedica.com\/wp-content\/uploads\/2023\/06\/Aociacion-Vida-Independiente-480x278.jpg 480w\" sizes=\"(min-width: 0px) and (max-width: 480px) 480px, (min-width: 481px) 612px, 100vw\" \/><\/a><\/figure><\/div>\n\n\n\n<h4><strong>Salut dels metges<\/strong><\/h4>\n\n\n\n<p>El coneixement i l&#8217;especialitzaci\u00f3 en el col\u00b7lectiu m\u00e8dic ens permet cuidar dels professionals de la salut coneixent b\u00e9 la seva realitat i els possibles nous factors que incideixen en el seu benestar, des de la COVID-19 a les addiccions o el fam\u00f3s <em>burn-out<\/em>, passant per les <strong>agressions a professionals m\u00e8dics<\/strong>, un fenomen creixent en els darrers anys que des de la Fundaci\u00f3 hem abordat amb diverses iniciatives.<\/p>\n\n\n\n<h5><strong>Asseguran\u00e7a d&#8217;Incapacitat Laboral per Agressi\u00f3 per a metges col\u00b7legiats<\/strong><\/h5>\n\n\n\n<p>El 2019 Mutual M\u00e8dica i la Fundaci\u00f3 Mutual M\u00e8dica van iniciar una ronda de contactes amb els col\u00b7legis de metges perqu\u00e8 aquells que volguessin poguessin subscriure una asseguran\u00e7a gratu\u00efta per a tots els seus col\u00b7legiats que els cobria en cas de baixa laboral a causa d&#8217;una agressi\u00f3 en l&#8217;exercici de la seva professi\u00f3.<\/p>\n\n\n\n<p>Aquesta asseguran\u00e7a gratu\u00efta cobreix la incapacitat laboral, tant f\u00edsica com ps\u00edquica, si \u00e9s a causa d&#8217;una agressi\u00f3 al lloc de treball, durant 15 dies amb una cobertura de 50 \u20ac diaris.<\/p>\n\n\n\n<p>Un total de 29 col\u00b7legis de metges van subscriure aquesta asseguran\u00e7a, sense cost per als col\u00b7legis ni per als seus col\u00b7legiats, ja que ho va assumir la Fundaci\u00f3 Mutual M\u00e8dica.<\/p>\n\n\n\n<p>El 2022, perqu\u00e8 els col\u00b7legiats de les 23 prov\u00edncies restants que no havien subscrit aquesta asseguran\u00e7a gratu\u00efta tamb\u00e9 poguessin estar coberts, Mutual M\u00e8dica i la Fundaci\u00f3 Mutual M\u00e8dica van subscriure una asseguran\u00e7a universal que cobreix tots els metges col\u00b7legiats a Espanya.<\/p>\n\n\n\n<h5><strong>Curs d&#8217;Agressions a Professionals Sanitaris: fonaments de prevenci\u00f3, protecci\u00f3 i resposta<\/strong><\/h5>\n\n\n\n<p>Durant el Dia Europeu contra les Agressions a Sanitaris, en el qual l&#8217;Organitzaci\u00f3 M\u00e8dica Col\u00b7legial va donar a con\u00e8ixer dades d&#8217;agressions a metges, es va presentar tamb\u00e9 la segona edici\u00f3 del curs&nbsp;\u201cAgressions a Professionals Sanitaris: fonaments de prevenci\u00f3, protecci\u00f3 i resposta\u201d, que s&#8217;ha fet conjuntament entre la Fundaci\u00f3 per la Formaci\u00f3 de l&#8217;OMC, la Policia Nacional i la Fundaci\u00f3 Mutual M\u00e8dica i que t\u00e9 com a objectiu aportar coneixements i habilitats b\u00e0siques al professional sanitari amb funcions cl\u00edniques, perqu\u00e8 sigui capa\u00e7 de millorar la seva comprensi\u00f3 respecte al problema de les agressions dels pacients i adquireixi les compet\u00e8ncies fonamentals per prevenir, protegir-se i actuar.<\/p>\n\n\n\n<p>Fins a final d&#8217;any, aproximadament 2.000 metges han realitzat gratu\u00eftament aquesta formaci\u00f3 gr\u00e0cies a la Fundaci\u00f3 Mutual M\u00e8dica.<\/p>\n\n\n\n<h4><strong>Salut dels estudiants: SAPEM<\/strong><\/h4>\n\n\n\n<p>El Programa Cuidar(Me) t\u00e9 molt present la import\u00e0ncia de secundar i cuidar el metge jove en tot moment, des de l&#8217;\u00e8poca d&#8217;estudiant fins als anys de pr\u00e0ctica professional, atenent especialment aquells factors que poden incidir en el benestar, la salut f\u00edsica i mental i la qualitat de vida.<\/p>\n\n\n\n<p>Des de la Fundaci\u00f3 Mutual M\u00e8dica impulsem diverses iniciatives i projectes orientats a la cura del metge jove en col\u00b7laboraci\u00f3 amb la Fundaci\u00f3 de Protecci\u00f3 Social de l&#8217;OMC, el CEEM (Consell Estatal d&#8217;Estudiants de Medicina) i la Fundaci\u00f3 Galatea com a entitat prove\u00efdora del servei.<\/p>\n\n\n\n<h5><strong>Servei Telef\u00f2nic de Suport Psicol\u00f2gic a Estudiants de Medicina (SAPEM)<\/strong><\/h5>\n\n\n\n<p>Ara, els estudiants de medicina disposen de <strong>SAPEM<\/strong>: un <strong>servei telef\u00f2nic de suport psicol\u00f2gic<\/strong>. El servei ofereix atenci\u00f3 i dona resposta a una problem\u00e0tica concreta dels i les estudiants de grau de Medicina: els trastorns mentals i el malestar emocional relacionats amb les activitats pr\u00f2pies del per\u00edode formatiu.<\/p>\n\n\n\n<div style=\"height:50px\" aria-hidden=\"true\" class=\"wp-block-spacer\"><\/div>\n\n\n\n<div class=\"wp-block-columns custom-col-fundacion\">\n<div class=\"wp-block-column\">\n<div class=\"wp-block-cover custom-cover\" style=\"min-height:100px\"><span aria-hidden=\"true\" class=\"has-background-dim-0 wp-block-cover__gradient-background has-background-dim\"><\/span><img loading=\"lazy\" width=\"969\" height=\"744\" class=\"wp-block-cover__image-background wp-image-3011\" alt=\"\" src=\"https:\/\/informe-anual-2022.mutualmedica.com\/wp-content\/uploads\/2023\/05\/ImpulsarME_ES.jpg\" style=\"object-position:50% 50%\" data-object-fit=\"cover\" data-object-position=\"50% 50%\" srcset=\"https:\/\/informe-anual-2022.mutualmedica.com\/wp-content\/uploads\/2023\/05\/ImpulsarME_ES.jpg 969w, https:\/\/informe-anual-2022.mutualmedica.com\/wp-content\/uploads\/2023\/05\/ImpulsarME_ES-480x369.jpg 480w\" sizes=\"(min-width: 0px) and (max-width: 480px) 480px, (min-width: 481px) 969px, 100vw\" \/><div class=\"wp-block-cover__inner-container\">\n<figure class=\"wp-block-image size-full custom-image\"><a href=\"https:\/\/informe-anual-2022.mutualmedica.com\/ca\/la-fundacio\/programa-impulsarme-el-nostre-compromis-amb-la-formacio-i-la-investigacio-medica\/\"><img loading=\"lazy\" width=\"969\" height=\"744\" src=\"https:\/\/informe-anual-2022.mutualmedica.com\/wp-content\/uploads\/2023\/05\/ImpulsarME_Over_ES.jpg\" alt=\"\" class=\"wp-image-3064\" srcset=\"https:\/\/informe-anual-2022.mutualmedica.com\/wp-content\/uploads\/2023\/05\/ImpulsarME_Over_ES.jpg 969w, https:\/\/informe-anual-2022.mutualmedica.com\/wp-content\/uploads\/2023\/05\/ImpulsarME_Over_ES-480x369.jpg 480w\" sizes=\"(min-width: 0px) and (max-width: 480px) 480px, (min-width: 481px) 969px, 100vw\" \/><\/a><\/figure>\n<\/div><\/div>\n\n\n\n<div style=\"height:50px\" aria-hidden=\"true\" class=\"wp-block-spacer\"><\/div>\n<\/div>\n\n\n\n<div class=\"wp-block-column\">\n<div class=\"wp-block-cover custom-cover\" style=\"min-height:100px\"><span aria-hidden=\"true\" class=\"has-background-dim-0 wp-block-cover__gradient-background has-background-dim\"><\/span><img loading=\"lazy\" width=\"969\" height=\"744\" class=\"wp-block-cover__image-background wp-image-3083\" alt=\"\" src=\"https:\/\/informe-anual-2022.mutualmedica.com\/wp-content\/uploads\/2023\/05\/CuidarME_ES-1.jpg\" style=\"object-position:50% 50%\" data-object-fit=\"cover\" data-object-position=\"50% 50%\" srcset=\"https:\/\/informe-anual-2022.mutualmedica.com\/wp-content\/uploads\/2023\/05\/CuidarME_ES-1.jpg 969w, https:\/\/informe-anual-2022.mutualmedica.com\/wp-content\/uploads\/2023\/05\/CuidarME_ES-1-480x369.jpg 480w\" sizes=\"(min-width: 0px) and (max-width: 480px) 480px, (min-width: 481px) 969px, 100vw\" \/><div class=\"wp-block-cover__inner-container\">\n<figure class=\"wp-block-image size-full custom-image\"><a href=\"https:\/\/informe-anual-2022.mutualmedica.com\/ca\/la-fundacio\/programa-cuidarme-el-nostre-compromis-amb-la-salut-dels-metges\/\"><img loading=\"lazy\" width=\"969\" height=\"744\" src=\"https:\/\/informe-anual-2022.mutualmedica.com\/wp-content\/uploads\/2023\/05\/CuidarME_Over_ES.jpg\" alt=\"\" class=\"wp-image-3084\" srcset=\"https:\/\/informe-anual-2022.mutualmedica.com\/wp-content\/uploads\/2023\/05\/CuidarME_Over_ES.jpg 969w, https:\/\/informe-anual-2022.mutualmedica.com\/wp-content\/uploads\/2023\/05\/CuidarME_Over_ES-480x369.jpg 480w\" sizes=\"(min-width: 0px) and (max-width: 480px) 480px, (min-width: 481px) 969px, 100vw\" \/><\/a><\/figure>\n<\/div><\/div>\n\n\n\n<div style=\"height:50px\" aria-hidden=\"true\" class=\"wp-block-spacer\"><\/div>\n<\/div>\n\n\n\n<div class=\"wp-block-column\">\n<div class=\"wp-block-cover custom-cover\" style=\"min-height:100px\"><span aria-hidden=\"true\" class=\"has-background-dim-0 wp-block-cover__gradient-background has-background-dim\"><\/span><img loading=\"lazy\" width=\"969\" height=\"744\" class=\"wp-block-cover__image-background wp-image-4060\" alt=\"\" src=\"https:\/\/informe-anual-2022.mutualmedica.com\/wp-content\/uploads\/2023\/06\/ConcienciarME_CA.jpg\" style=\"object-position:50% 50%\" data-object-fit=\"cover\" data-object-position=\"50% 50%\" srcset=\"https:\/\/informe-anual-2022.mutualmedica.com\/wp-content\/uploads\/2023\/06\/ConcienciarME_CA.jpg 969w, https:\/\/informe-anual-2022.mutualmedica.com\/wp-content\/uploads\/2023\/06\/ConcienciarME_CA-480x369.jpg 480w\" sizes=\"(min-width: 0px) and (max-width: 480px) 480px, (min-width: 481px) 969px, 100vw\" \/><div class=\"wp-block-cover__inner-container\">\n<figure class=\"wp-block-image size-full custom-image\"><a href=\"https:\/\/informe-anual-2022.mutualmedica.com\/ca\/la-fundacio\/programa-conscienciarme-el-nostre-compromis-amb-la-societat-i-les-persones\/\"><img loading=\"lazy\" width=\"969\" height=\"744\" src=\"https:\/\/informe-anual-2022.mutualmedica.com\/wp-content\/uploads\/2023\/06\/ConcienciarME_Over_CA.jpg\" alt=\"\" class=\"wp-image-4059\" srcset=\"https:\/\/informe-anual-2022.mutualmedica.com\/wp-content\/uploads\/2023\/06\/ConcienciarME_Over_CA.jpg 969w, https:\/\/informe-anual-2022.mutualmedica.com\/wp-content\/uploads\/2023\/06\/ConcienciarME_Over_CA-480x369.jpg 480w\" sizes=\"(min-width: 0px) and (max-width: 480px) 480px, (min-width: 481px) 969px, 100vw\" \/><\/a><\/figure>\n<\/div><\/div>\n\n\n\n<div style=\"height:50px\" aria-hidden=\"true\" class=\"wp-block-spacer\"><\/div>\n<\/div>\n<\/div>\n\n\n\n<div style=\"height:50px\" aria-hidden=\"true\" class=\"wp-block-spacer\"><\/div>\n","protected":false},"excerpt":{"rendered":"<p>El Programa Cuidar(Me) de la Fundaci\u00f3 Mutual M\u00e8dica busca complementar el benestar del metge i aix\u00ed donar resposta als nous reptes als quals s&#8217;enfronta en la preservaci\u00f3 de la seva salut. A trav\u00e9s del programa Cuidar(Me) promovem 3 projectes de gran impacte cap al col\u00b7lectiu: Humanitzaci\u00f3 de zones hospital\u00e0ries. Salut dels metges. Salut dels estudiants: [&hellip;]<\/p>\n","protected":false},"author":1,"featured_media":2903,"parent":3650,"menu_order":0,"comment_status":"closed","ping_status":"closed","template":"","meta":{"_et_pb_use_builder":"","_et_pb_old_content":"","_et_gb_content_width":""},"_links":{"self":[{"href":"https:\/\/informe-anual-2022.mutualmedica.com\/wp-json\/wp\/v2\/pages\/3654"}],"collection":[{"href":"https:\/\/informe-anual-2022.mutualmedica.com\/wp-json\/wp\/v2\/pages"}],"about":[{"href":"https:\/\/informe-anual-2022.mutualmedica.com\/wp-json\/wp\/v2\/types\/page"}],"author":[{"embeddable":true,"href":"https:\/\/informe-anual-2022.mutualmedica.com\/wp-json\/wp\/v2\/users\/1"}],"replies":[{"embeddable":true,"href":"https:\/\/informe-anual-2022.mutualmedica.com\/wp-json\/wp\/v2\/comments?post=3654"}],"version-history":[{"count":8,"href":"https:\/\/informe-anual-2022.mutualmedica.com\/wp-json\/wp\/v2\/pages\/3654\/revisions"}],"predecessor-version":[{"id":4044,"href":"https:\/\/informe-anual-2022.mutualmedica.com\/wp-json\/wp\/v2\/pages\/3654\/revisions\/4044"}],"up":[{"embeddable":true,"href":"https:\/\/informe-anual-2022.mutualmedica.com\/wp-json\/wp\/v2\/pages\/3650"}],"wp:featuredmedia":[{"embeddable":true,"href":"https:\/\/informe-anual-2022.mutualmedica.com\/wp-json\/wp\/v2\/media\/2903"}],"wp:attachment":[{"href":"https:\/\/informe-anual-2022.mutualmedica.com\/wp-json\/wp\/v2\/media?parent=3654"}],"curies":[{"name":"wp","href":"https:\/\/api.w.org\/{rel}","templated":true}]}}