{"id":3650,"date":"2023-06-15T16:01:16","date_gmt":"2023-06-15T16:01:16","guid":{"rendered":"https:\/\/informe-anual-2022.mutualmedica.com\/?page_id=3650"},"modified":"2023-06-27T15:20:55","modified_gmt":"2023-06-27T15:20:55","slug":"la-fundacio","status":"publish","type":"page","link":"https:\/\/informe-anual-2022.mutualmedica.com\/ca\/la-fundacio\/","title":{"rendered":"FUNDACI\u00d3 MUTUAL M\u00c8DICA"},"content":{"rendered":"\n<hr class=\"wp-block-separator has-text-color has-background has-white-background-color has-white-color ancla-je\" id=\"informe-del-presidente\"\/>\n\n\n\n<h2>Informe del president de la Fundaci\u00f3 Mutual M\u00e8dica<\/h2>\n\n\n\n<figure class=\"wp-block-image size-full\"><img loading=\"lazy\" width=\"164\" height=\"92\" src=\"https:\/\/informe-anual-2022.mutualmedica.com\/wp-content\/uploads\/2023\/06\/CAT_Fundacion_color.png\" alt=\"\" class=\"wp-image-4074\"\/><\/figure>\n\n\n\n<p>Estimats col\u00b7legues i col\u00b7laboradors:<\/p>\n\n\n\n<p>L&#8217;any 2022 que reportem en aquest informe pot considerar-se un punt d&#8217;evoluci\u00f3 rellevant en la hist\u00f2ria de la Fundaci\u00f3 Mutual M\u00e8dica i la seva vocaci\u00f3 d&#8217;acompanyar els metges al llarg de la seva vida professional.<\/p>\n\n\n\n<p>Els esdeveniments dels darrers anys \u2014l&#8217;impacte de la pand\u00e8mia, la major conscienciaci\u00f3 global sobre la import\u00e0ncia de la recerca o la pr\u00f2pia reconsideraci\u00f3 del rol social dels professionals m\u00e8dics\u2014 ens han demostrat la necessitat de romandre sempre atents al progr\u00e9s de la societat en general i, particularment, de les necessitats i inquietuds de tots els que formem el sector. Aquesta atenci\u00f3 i capacitat d&#8217;interpretaci\u00f3 es converteixen en imprescindibles en una entitat com la nostra, enfocada a fer costat a un col\u00b7lectiu que juga un paper determinant en el manteniment de l&#8217;Estat del Benestar.<\/p>\n\n\n\n<p>La Fundaci\u00f3 Mutual M\u00e8dica va n\u00e9ixer el 2015 amb l&#8217;objectiu de desenvolupar les iniciatives de Mutual M\u00e8dica en l&#8217;\u00e0mbit del que coneix\u00edem llavors com a \u201cResponsabilitat Social Corporativa (RSC)\u201d, una denominaci\u00f3 que ha evolucionat molt en els \u00faltims anys fins a integrar-se en els conceptes transversals de \u201csostenibilitat\u201d i \u201ccontribuci\u00f3 al desenvolupament sostenible\u201d. En aquest per\u00edode, la missi\u00f3 de la Fundaci\u00f3 s&#8217;ha anat redefinint i adaptant, al mateix temps que hem anat integrant noves accions i ampliant les organitzacions amb les quals col\u00b7laborem. Com coment\u00e0vem, el 2022 pot considerar-se un any clau en aquesta adaptaci\u00f3 perqu\u00e8 hem presentat el nostre primer Pla Estrat\u00e8gic propi, fruit de la consulta amb els grups d&#8217;inter\u00e8s i de l&#8217;an\u00e0lisi del valor de la nostra activitat, complement\u00e0ria als productes i serveis que ofereix Mutual M\u00e8dica<\/p>\n\n\n\n<p>El Pla Estrat\u00e8gic ha portat a reafirmar-nos en el nostre prop\u00f2sit de generar un impacte positiu a la societat a trav\u00e9s del suport als professionals actuals i futurs del sector. Aquest suport es concreta en els tres eixos de la nostra missi\u00f3, tamb\u00e9 revisada i actualitzada en l&#8217;\u00faltim any: <strong>coneixement, innovaci\u00f3 i salut del metge<\/strong>. Per al seu desenvolupament efectiu, hem reestructurat la tasca de la Fundaci\u00f3 en tres programes \u2014Impulsar(Me), Cuidar(Me) i Conscienciar(Me)\u2014 que reforcen el nostre comprom\u00eds amb les diferents etapes de la vida del metge.<\/p>\n\n\n\n<figure class=\"wp-block-image size-full is-resized\"><img loading=\"lazy\" src=\"https:\/\/informe-anual-2022.mutualmedica.com\/wp-content\/uploads\/2023\/06\/impulsarme_ca.png\" alt=\"\" class=\"wp-image-4078\" width=\"175\" height=\"40\"\/><\/figure>\n\n\n\n<p>El programa <strong>Impulsar(Me)<\/strong> agrupa les accions de promoci\u00f3 de la recerca i formaci\u00f3 com a canals per generar i compartir coneixement. Enfront d&#8217;una visi\u00f3 m\u00e9s funcional de l&#8217;R+D (orientada al desenvolupament tecnol\u00f2gic o de nous productes), creiem fermament en un model de recerca dirigit a aportar valor a la professi\u00f3 i connectar els metges joves amb la tecnologia i el coneixement.<\/p>\n\n\n\n<p>Per exemple, en aquest programa englobem les ajudes a col\u00b7legis de metges, hospitals i altres organismes sanitaris, amb l&#8217;objectiu de promocionar les activitats de formaci\u00f3 i recerca dels m\u00e9s joves i potenciar el seu vessant assistencial i cient\u00edfic. Aquestes ajudes permeten, d&#8217;una banda, que els estudiants puguin continuar ampliant la seva formaci\u00f3 i, per una altra, donar suport a les mateixes recerques i finan\u00e7ar la seva assist\u00e8ncia a congressos o la publicaci\u00f3 d&#8217;articles cient\u00edfics.<\/p>\n\n\n\n<p>Sota el paraigua d&#8217;Impulsar(Me), s&#8217;integra tamb\u00e9 la convocat\u00f2ria dels Premis a la Recerca Mutual M\u00e8dica, on s&#8217;atorguen 3 premis: la Beca Mutual M\u00e8dica, el premi Dr. Font i el Premi TFG-Fundaci\u00f3 Mutual M\u00e8dica, que donen suport a projectes de recerca m\u00e8dica que suposen una contribuci\u00f3 decisiva a la comunitat m\u00e8dica i a la poblaci\u00f3 en general. La dotaci\u00f3 total de tots aquests premis ascendeix als 60.000 euros.<\/p>\n\n\n\n<figure class=\"wp-block-image size-full is-resized\"><img loading=\"lazy\" src=\"https:\/\/informe-anual-2022.mutualmedica.com\/wp-content\/uploads\/2023\/06\/cuidarme_ca.png\" alt=\"\" class=\"wp-image-4077\" width=\"150\" height=\"40\"\/><\/figure>\n\n\n\n<p>Per part seva, el programa <strong>Cuidar(Me)<\/strong> t\u00e9 com a&nbsp;objectiu la protecci\u00f3 de la salut dels metges, despr\u00e9s de constatar l&#8217;elevada incid\u00e8ncia de determinades patologies en els professionals m\u00e9s joves, amb especial atenci\u00f3 a la salut mental. Entre les iniciatives impulsades en aquest \u00e0mbit destaca el llan\u00e7ament del projecte SAPEM (Servei d&#8217;Atenci\u00f3 Psicol\u00f2gica per a Estudiants de Medicina), desenvolupat en col\u00b7laboraci\u00f3 amb la Fundaci\u00f3 per a la Protecci\u00f3 Social de l&#8217;Organitzaci\u00f3 M\u00e8dica Col\u00b7legial (OMC) i el Consell Estatal d&#8217;Estudiants de Medicina. Aquest servei ofereix suport psicol\u00f2gic gratu\u00eft a estudiants, prestat per la Fundaci\u00f3 Galatea, per gestionar l&#8217;estr\u00e8s prolongat produ\u00eft per la seva activitat formativa, que sol presentar s\u00edmptomes d&#8217;ansietat, apatia, irritabilitat, desbordament, patiment psicosocial o problemes adaptatius, entre d&#8217;altres.<\/p>\n\n\n\n<p>Un altre exemple pr\u00e0ctic de la contribuci\u00f3 a la salut del metge \u00e9s la inversi\u00f3 realitzada per a la humanitzaci\u00f3 de les \u00e0rees de l&#8217;Hospital de Dia i zona de trasplantaments de l&#8217;Hospital de la Paz (Madrid), la nova sala de sedaci\u00f3 de la Unitat de Vigil\u00e0ncia intensiva Pedi\u00e0trica de l&#8217;Hospital del Ni\u00f1o Jes\u00fas (Madrid) i l&#8217;\u00c0rea d&#8217;Oncologia Pedi\u00e0trica de l&#8217;Hospital de la Vall d&#8217;Hebron (Barcelona). En aquests casos, contribu\u00efm al benestar dels professionals mitjan\u00e7ant la millora de la qualitat de l&#8217;entorn laboral i dels recursos disponibles per exercir la seva tasca.<\/p>\n\n\n\n<figure class=\"wp-block-image size-full is-resized\"><img loading=\"lazy\" src=\"https:\/\/informe-anual-2022.mutualmedica.com\/wp-content\/uploads\/2023\/06\/conscienciarme_ca.png\" alt=\"\" class=\"wp-image-4076\" width=\"221\" height=\"40\"\/><\/figure>\n\n\n\n<p>Finalment, <strong>Conscienciar(Me)<\/strong> suposa una nova l\u00ednia de treball per a la Fundaci\u00f3 Mutual M\u00e8dica, amb dos objectius principals: conscienciar el metge sobre l&#8217;impacte que genera a la societat i, d&#8217;altra banda, impulsar projectes d&#8217;innovaci\u00f3 i salut destinats als ciutadans.&nbsp;Una de les iniciatives integrades en aquest programa \u00e9s l&#8217;activitat de l&#8217;Associaci\u00f3 per a la Vida Independent, que vam impulsar el 2007 amb l&#8217;objectiu de millorar la vida de les persones discapacitades o en situaci\u00f3 de depend\u00e8ncia. En aquest per\u00edode, hem desenvolupat iniciatives de valor del Centre de Vida Independent, un espai de recerca especialitzat en l&#8217;adaptaci\u00f3 funcional de la llar. La seva inclusi\u00f3 a Conscienciar(Me) permetr\u00e0 focalitzar esfor\u00e7os i donar un impuls renovat a la seva activitat.<\/p>\n\n\n\n<p>Mitjan\u00e7ant les accions d&#8217;aquests 3 programes, la Fundaci\u00f3 ha concedit al final de l&#8217;exercici un total d&#8217;1 M\u20ac a m\u00e9s de 90 entitats del sector m\u00e8dic.<\/p>\n\n\n\n<p>Nom\u00e9s queda agrair un any m\u00e9s el suport i confian\u00e7a de Mutual M\u00e8dica, aix\u00ed com la implicaci\u00f3 dels col\u00b7legis professionals, hospitals, societats m\u00e8diques i alguns instituts de recerca i reials acad\u00e8mies de medicina amb els quals hem col\u00b7laborat el 2022. Des de la Fundaci\u00f3 Mutual M\u00e8dica continuem impulsant, amb il\u00b7lusions i objectius renovats, el desenvolupament professional i personal dels metges com a mitj\u00e0 de contribuci\u00f3 al benestar de tota la societat.<\/p>\n\n\n\n<p>Un salutaci\u00f3 cordial a tothom,<\/p>\n\n\n\n<p><\/p>\n\n\n\n<div class=\"wp-block-columns\">\n<div class=\"wp-block-column\" style=\"flex-basis:25%\">\n<div class=\"wp-block-image fotoRounded is-style-rounded\"><figure class=\"aligncenter size-full is-resized\"><img loading=\"lazy\" src=\"https:\/\/informe-anual-2022.mutualmedica.com\/wp-content\/uploads\/2022\/04\/Presidente_Fundacion_y_vicesecretario_CA_Dr_Alejandro_Andreu2.jpg\" alt=\"\" class=\"wp-image-844\" width=\"764\" height=\"764\" srcset=\"https:\/\/informe-anual-2022.mutualmedica.com\/wp-content\/uploads\/2022\/04\/Presidente_Fundacion_y_vicesecretario_CA_Dr_Alejandro_Andreu2.jpg 764w, https:\/\/informe-anual-2022.mutualmedica.com\/wp-content\/uploads\/2022\/04\/Presidente_Fundacion_y_vicesecretario_CA_Dr_Alejandro_Andreu2-480x480.jpg 480w\" sizes=\"(min-width: 0px) and (max-width: 480px) 480px, (min-width: 481px) 764px, 100vw\" \/><\/figure><\/div>\n\n\n\n<div class=\"wp-block-image\"><figure class=\"aligncenter size-full is-resized\"><img loading=\"lazy\" src=\"https:\/\/informe-anual-2022.mutualmedica.com\/wp-content\/uploads\/2022\/05\/image-1.png\" alt=\"\" class=\"wp-image-1147\" width=\"108\" height=\"123\"\/><\/figure><\/div>\n\n\n\n<p><strong>Dr. Alejandro Andreu Lope<br><\/strong>President de la Fundaci\u00f3 Mutual M\u00e8dica<\/p>\n<\/div>\n<\/div>\n\n\n\n<hr class=\"wp-block-separator has-text-color has-background has-white-background-color has-white-color ancla-je\" id=\"patronato\"\/>\n\n\n\n<h2>Patronat<\/h2>\n\n\n\n<p>Mutual M\u00e8dica, com a entitat fundadora, es reserva el c\u00e0rrec vitalici de president del Patronat de la Fundaci\u00f3 Mutual M\u00e8dica. El Consell d&#8217;Administraci\u00f3 ha designat per a aquest c\u00e0rrec al Dr. Alejandro Andreu. Tamb\u00e9 formen part del Patronat la Dra. M. Pilar Tornos, com a tresorera, el Dr. Enrique Sala, com a secretari, i el Sr. Enric Tornos, com a vocal.<\/p>\n\n\n\n<h3>Membres del Patronat<\/h3>\n\n\n\n<div class=\"wp-block-columns\">\n<div class=\"wp-block-column\">\n<div class=\"wp-block-columns\">\n<div class=\"wp-block-column\">\n<figure class=\"wp-block-image size-full fotoRounded\"><img loading=\"lazy\" width=\"820\" height=\"820\" src=\"https:\/\/informe-anual-2022.mutualmedica.com\/wp-content\/uploads\/2022\/05\/Dr.-Andreu.jpg\" alt=\"\" class=\"wp-image-1151\" srcset=\"https:\/\/informe-anual-2022.mutualmedica.com\/wp-content\/uploads\/2022\/05\/Dr.-Andreu.jpg 820w, https:\/\/informe-anual-2022.mutualmedica.com\/wp-content\/uploads\/2022\/05\/Dr.-Andreu-480x480.jpg 480w\" sizes=\"(min-width: 0px) and (max-width: 480px) 480px, (min-width: 481px) 820px, 100vw\" \/><\/figure>\n\n\n\n<p class=\"has-text-align-center\"><strong>President<\/strong><br>Dr. Alejandro Andreu Lope<strong> <\/strong><\/p>\n<\/div>\n\n\n\n<div class=\"wp-block-column\">\n<figure class=\"wp-block-image size-full fotoRounded\"><img loading=\"lazy\" width=\"814\" height=\"814\" src=\"https:\/\/informe-anual-2022.mutualmedica.com\/wp-content\/uploads\/2022\/05\/Dr.-Sala.jpg\" alt=\"\" class=\"wp-image-1152\" srcset=\"https:\/\/informe-anual-2022.mutualmedica.com\/wp-content\/uploads\/2022\/05\/Dr.-Sala.jpg 814w, https:\/\/informe-anual-2022.mutualmedica.com\/wp-content\/uploads\/2022\/05\/Dr.-Sala-480x480.jpg 480w\" sizes=\"(min-width: 0px) and (max-width: 480px) 480px, (min-width: 481px) 814px, 100vw\" \/><\/figure>\n\n\n\n<p class=\"has-text-align-center\"><strong>Secretari<\/strong><br>Dr. Enrique Sala O\u2019Shea <\/p>\n<\/div>\n<\/div>\n<\/div>\n\n\n\n<div class=\"wp-block-column\">\n<div class=\"wp-block-columns\">\n<div class=\"wp-block-column\">\n<figure class=\"wp-block-image size-full fotoRounded\"><img loading=\"lazy\" width=\"922\" height=\"922\" src=\"https:\/\/informe-anual-2022.mutualmedica.com\/wp-content\/uploads\/2022\/05\/Dra.-Tornos.jpg\" alt=\"\" class=\"wp-image-1153\" srcset=\"https:\/\/informe-anual-2022.mutualmedica.com\/wp-content\/uploads\/2022\/05\/Dra.-Tornos.jpg 922w, https:\/\/informe-anual-2022.mutualmedica.com\/wp-content\/uploads\/2022\/05\/Dra.-Tornos-480x480.jpg 480w\" sizes=\"(min-width: 0px) and (max-width: 480px) 480px, (min-width: 481px) 922px, 100vw\" \/><\/figure>\n\n\n\n<p class=\"has-text-align-center\"><strong>Tresorera<\/strong><br>Dra. M. Pilar Tornos Mas <\/p>\n<\/div>\n\n\n\n<div class=\"wp-block-column\">\n<figure class=\"wp-block-image size-full fotoRounded\"><img loading=\"lazy\" width=\"800\" height=\"800\" src=\"https:\/\/informe-anual-2022.mutualmedica.com\/wp-content\/uploads\/2022\/05\/Sr.-Tornos.jpg\" alt=\"\" class=\"wp-image-1154\" srcset=\"https:\/\/informe-anual-2022.mutualmedica.com\/wp-content\/uploads\/2022\/05\/Sr.-Tornos.jpg 800w, https:\/\/informe-anual-2022.mutualmedica.com\/wp-content\/uploads\/2022\/05\/Sr.-Tornos-480x480.jpg 480w\" sizes=\"(min-width: 0px) and (max-width: 480px) 480px, (min-width: 481px) 800px, 100vw\" \/><\/figure>\n\n\n\n<p class=\"has-text-align-center\"><strong>Vocal<\/strong><br>Sr. Enric Tornos Mas <br><\/p>\n<\/div>\n<\/div>\n<\/div>\n<\/div>\n\n\n\n<div class=\"wp-block-columns\">\n<div class=\"wp-block-column\">\n<h3>Direcci\u00f3 general<\/h3>\n<\/div>\n\n\n\n<div class=\"wp-block-column\"><\/div>\n<\/div>\n\n\n\n<div class=\"wp-block-columns\">\n<div class=\"wp-block-column\">\n<div class=\"wp-block-columns\">\n<div class=\"wp-block-column\">\n<figure class=\"wp-block-image size-full fotoRounded\"><img loading=\"lazy\" width=\"663\" height=\"663\" src=\"https:\/\/informe-anual-2022.mutualmedica.com\/wp-content\/uploads\/2023\/06\/Sra_Anna_Morales.jpg\" alt=\"\" class=\"wp-image-3437\" srcset=\"https:\/\/informe-anual-2022.mutualmedica.com\/wp-content\/uploads\/2023\/06\/Sra_Anna_Morales.jpg 663w, https:\/\/informe-anual-2022.mutualmedica.com\/wp-content\/uploads\/2023\/06\/Sra_Anna_Morales-480x480.jpg 480w\" sizes=\"(min-width: 0px) and (max-width: 480px) 480px, (min-width: 481px) 663px, 100vw\" \/><\/figure>\n\n\n\n<p class=\"has-text-align-center\"><strong><strong>Directora general<\/strong><\/strong><br>Sra. Anna Morales Ball\u00fas <\/p>\n<\/div>\n\n\n\n<div class=\"wp-block-column\">\n<p class=\"has-text-align-center\"><\/p>\n<\/div>\n<\/div>\n<\/div>\n\n\n\n<div class=\"wp-block-column\">\n<div class=\"wp-block-columns\">\n<div class=\"wp-block-column\">\n<p class=\"has-text-align-center\"><\/p>\n<\/div>\n\n\n\n<div class=\"wp-block-column\">\n<p class=\"has-text-align-center\"><\/p>\n<\/div>\n<\/div>\n<\/div>\n<\/div>\n\n\n\n<hr class=\"wp-block-separator has-text-color has-background has-white-background-color has-white-color ancla-je\" id=\"informe-del-presidente\"\/>\n\n\n\n<hr class=\"wp-block-separator has-text-color has-background has-white-background-color has-white-color ancla-je\" id=\"nuestro-beneficio-es-tuyo\"\/>\n\n\n\n<h2>El nostre benefici \u00e9s teu<\/h2>\n\n\n\n<iframe class=\"w40\" src=\"https:\/\/www.youtube.com\/embed\/irorXf3Hf_U?rel=0\" title=\"YouTube video player\" frameborder=\"0\" allow=\"accelerometer; autoplay; clipboard-write; encrypted-media; gyroscope; picture-in-picture\" allowfullscreen=\"\"><\/iframe>\n\n\n\n<div class=\"wp-block-columns\">\n<div class=\"wp-block-column\">\n<h3>La Fundaci\u00f3 en xifres<\/h3>\n\n\n\n<p><strong>Pressupost anual de la Fundaci\u00f3 Mutual M\u00e8dica<\/strong><\/p>\n\n\n\n<p>Durant el 2022 la Fundaci\u00f3 Mutual M\u00e8dica ha destinat 800.000 \u20ac com a fons dedicats a complir amb el seu objecte social. Des del 2015, quan va ser creada, aquesta quantitat ha anat augmentant notablement. Tot aquest capital prov\u00e9 dels beneficis que Mutual M\u00e8dica obt\u00e9 de la seva activitat asseguradora i que, en ser una mutualitat i representar els principis de l&#8217;economia circular col\u00b7laborativa, pot reinvertir en accions relacionades amb la Fundaci\u00f3 Mutual M\u00e8dica.<\/p>\n<\/div>\n\n\n\n<div class=\"wp-block-column\">\n<figure class=\"wp-block-image size-large\"><img loading=\"lazy\" width=\"1024\" height=\"882\" src=\"https:\/\/informe-anual-2022.mutualmedica.com\/wp-content\/uploads\/2023\/06\/DESTACADO_La-fundacio-en-cifras_CA-1024x882.jpg\" alt=\"\" class=\"wp-image-3979\" srcset=\"https:\/\/informe-anual-2022.mutualmedica.com\/wp-content\/uploads\/2023\/06\/DESTACADO_La-fundacio-en-cifras_CA-980x844.jpg 980w, https:\/\/informe-anual-2022.mutualmedica.com\/wp-content\/uploads\/2023\/06\/DESTACADO_La-fundacio-en-cifras_CA-480x413.jpg 480w\" sizes=\"(min-width: 0px) and (max-width: 480px) 480px, (min-width: 481px) and (max-width: 980px) 980px, (min-width: 981px) 1024px, 100vw\" \/><\/figure>\n<\/div>\n<\/div>\n\n\n\n<hr class=\"wp-block-separator has-text-color has-background has-white-background-color has-white-color ancla-je\" id=\"mision-vision-valores\"\/>\n\n\n\n<h2>Missi\u00f3, visi\u00f3 i valors<\/h2>\n\n\n\n<p>Des del Patronat i la nova direcci\u00f3 de la Fundaci\u00f3 Mutual M\u00e8dica, el 2022 es van definir la missi\u00f3 i visi\u00f3 i es van especificar els valors de la Fundaci\u00f3.<\/p>\n\n\n\n<h3>Missi\u00f3 i visi\u00f3<\/h3>\n\n\n\n<p>La nostra missi\u00f3 \u00e9s la recerca permanent del benestar del metge, tant en l&#8217;\u00e0mbit de la cura personal com del creixement professional.<\/p>\n\n\n\n<p>La nostra visi\u00f3 \u00e9s ser l&#8217;entitat canalitzadora del benestar del metge.<\/p>\n\n\n\n<h3><strong>Valors<\/strong><\/h3>\n\n\n\n<div class=\"wp-block-columns\">\n<div class=\"wp-block-column\">\n<h1 class=\"h1-mvv\" style=\"font-size:70px\"><strong>01. <\/strong><\/h1>\n\n\n\n<h4 style=\"font-size:24px\"><strong>Especialitzaci\u00f3<\/strong><\/h4>\n\n\n\n<p>L&#8217;<strong>atenci\u00f3 al metge<\/strong> \u00e9s la nostra especialitat, basada en <strong>el coneixement i l&#8217;experi\u00e8ncia<\/strong> en les necessitats del col\u00b7lectiu, adquirits gr\u00e0cies a una hist\u00f2rica i directa relaci\u00f3 amb el professional m\u00e8dic, aix\u00ed com amb les principals entitats sanit\u00e0ries, hospitals, universitats, associacions i fundacions.<\/p>\n<\/div>\n\n\n\n<div class=\"wp-block-column\">\n<h1 class=\"h1-mvv\" style=\"font-size:70px\"><strong>02. <\/strong><\/h1>\n\n\n\n<h4 style=\"font-size:24px\"><strong>Innovaci\u00f3<\/strong><\/h4>\n\n\n\n<p>Promovem <strong>el progr\u00e9s, la transformaci\u00f3 i la innovaci\u00f3<\/strong> en l&#8217;\u00e0mbit m\u00e8dic. Impulsem el col\u00b7lectiu m\u00e8dic a generar i compartir coneixement a trav\u00e9s de la recerca cient\u00edfico-m\u00e8dica, la integraci\u00f3 tecnol\u00f2gica i l&#8217;adquisici\u00f3 de noves compet\u00e8ncies.<\/p>\n<\/div>\n\n\n\n<div class=\"wp-block-column\">\n<h1 class=\"h1-mvv\" style=\"font-size:70px\"><strong>03. <\/strong><\/h1>\n\n\n\n<h4 style=\"font-size:24px\"><strong>Salu<\/strong>t<\/h4>\n\n\n\n<p>Integrem el prop\u00f2sit de benestar amb el comprom\u00eds de <strong>vetllar per la salut f\u00edsica i mental<\/strong> dels metges en totes les etapes de la seva vida.<\/p>\n<\/div>\n<\/div>\n\n\n\n<div class=\"wp-block-image\"><figure class=\"aligncenter size-large\"><img loading=\"lazy\" width=\"1024\" height=\"555\" src=\"https:\/\/informe-anual-2022.mutualmedica.com\/wp-content\/uploads\/2023\/06\/DESTACADO_Valores_CA-1024x555.jpg\" alt=\"\" class=\"wp-image-3980\" srcset=\"https:\/\/informe-anual-2022.mutualmedica.com\/wp-content\/uploads\/2023\/06\/DESTACADO_Valores_CA-980x531.jpg 980w, https:\/\/informe-anual-2022.mutualmedica.com\/wp-content\/uploads\/2023\/06\/DESTACADO_Valores_CA-480x260.jpg 480w\" sizes=\"(min-width: 0px) and (max-width: 480px) 480px, (min-width: 481px) and (max-width: 980px) 980px, (min-width: 981px) 1024px, 100vw\" \/><\/figure><\/div>\n\n\n\n<hr class=\"wp-block-separator has-text-color has-background has-white-background-color has-white-color ancla-je\" id=\"nuestro-compromiso-con-el-bienestar-de-los-medicos\"\/>\n\n\n\n<h2><strong>El nostre comprom\u00eds amb el benestar dels metges<\/strong><\/h2>\n\n\n\n<p>Per fer realitat aquest comprom\u00eds, al pla d&#8217;actuaci\u00f3 de la Fundaci\u00f3 Mutual M\u00e8dica per al 2022, es van definir 3 grans programes que engloben els diferents projectes que reinverteixen el benefici obtingut per Mutual M\u00e8dica en el col\u00b7lectiu a trav\u00e9s de la Fundaci\u00f3 Mutual M\u00e8dica:<\/p>\n\n\n\n<ul><li>Programa Impulsar(Me): engloba tots els projectes de formaci\u00f3 i recerca.<\/li><li>Programa Cuidar(Me): se centra en la salut dels metges.<\/li><li>Programa Conscienciar(Me): el nostre comprom\u00eds amb la societat i les persones.<\/li><\/ul>\n\n\n\n<p>Cadascun dels programes est\u00e0 format per diferents projectes que engloben les accions que s&#8217;han desenvolupat al llarg del 2022.<\/p>\n\n\n\n<p>A continuaci\u00f3, expliquem cadascun dels programes i detallem els seus projectes i accions.<\/p>\n\n\n\n<div style=\"height:47px\" aria-hidden=\"true\" class=\"wp-block-spacer\"><\/div>\n\n\n\n<div class=\"wp-container-69f4c938565c1 wp-block-group\"><div class=\"wp-block-group__inner-container\"><\/div><\/div>\n\n\n\n<div class=\"wp-block-columns custom-col-fundacion\">\n<div class=\"wp-block-column\">\n<div class=\"wp-block-cover custom-cover\" style=\"min-height:100px\"><span aria-hidden=\"true\" class=\"has-background-dim-0 wp-block-cover__gradient-background has-background-dim\"><\/span><img loading=\"lazy\" width=\"969\" height=\"744\" class=\"wp-block-cover__image-background wp-image-3011\" alt=\"\" src=\"https:\/\/informe-anual-2022.mutualmedica.com\/wp-content\/uploads\/2023\/05\/ImpulsarME_ES.jpg\" style=\"object-position:50% 50%\" data-object-fit=\"cover\" data-object-position=\"50% 50%\" srcset=\"https:\/\/informe-anual-2022.mutualmedica.com\/wp-content\/uploads\/2023\/05\/ImpulsarME_ES.jpg 969w, https:\/\/informe-anual-2022.mutualmedica.com\/wp-content\/uploads\/2023\/05\/ImpulsarME_ES-480x369.jpg 480w\" sizes=\"(min-width: 0px) and (max-width: 480px) 480px, (min-width: 481px) 969px, 100vw\" \/><div class=\"wp-block-cover__inner-container\">\n<figure class=\"wp-block-image size-full custom-image\"><a href=\"https:\/\/informe-anual-2022.mutualmedica.com\/ca\/la-fundacio\/programa-impulsarme-el-nostre-compromis-amb-la-formacio-i-la-investigacio-medica\/\"><img loading=\"lazy\" width=\"969\" height=\"744\" src=\"https:\/\/informe-anual-2022.mutualmedica.com\/wp-content\/uploads\/2023\/05\/ImpulsarME_Over_ES.jpg\" alt=\"\" class=\"wp-image-3064\" srcset=\"https:\/\/informe-anual-2022.mutualmedica.com\/wp-content\/uploads\/2023\/05\/ImpulsarME_Over_ES.jpg 969w, https:\/\/informe-anual-2022.mutualmedica.com\/wp-content\/uploads\/2023\/05\/ImpulsarME_Over_ES-480x369.jpg 480w\" sizes=\"(min-width: 0px) and (max-width: 480px) 480px, (min-width: 481px) 969px, 100vw\" \/><\/a><\/figure>\n<\/div><\/div>\n\n\n\n<div style=\"height:50px\" aria-hidden=\"true\" class=\"wp-block-spacer\"><\/div>\n<\/div>\n\n\n\n<div class=\"wp-block-column\">\n<div class=\"wp-block-cover custom-cover\" style=\"min-height:100px\"><span aria-hidden=\"true\" class=\"has-background-dim-0 wp-block-cover__gradient-background has-background-dim\"><\/span><img loading=\"lazy\" width=\"969\" height=\"744\" class=\"wp-block-cover__image-background wp-image-3083\" alt=\"\" src=\"https:\/\/informe-anual-2022.mutualmedica.com\/wp-content\/uploads\/2023\/05\/CuidarME_ES-1.jpg\" style=\"object-position:50% 50%\" data-object-fit=\"cover\" data-object-position=\"50% 50%\" srcset=\"https:\/\/informe-anual-2022.mutualmedica.com\/wp-content\/uploads\/2023\/05\/CuidarME_ES-1.jpg 969w, https:\/\/informe-anual-2022.mutualmedica.com\/wp-content\/uploads\/2023\/05\/CuidarME_ES-1-480x369.jpg 480w\" sizes=\"(min-width: 0px) and (max-width: 480px) 480px, (min-width: 481px) 969px, 100vw\" \/><div class=\"wp-block-cover__inner-container\">\n<figure class=\"wp-block-image size-full custom-image\"><a href=\"https:\/\/informe-anual-2022.mutualmedica.com\/ca\/la-fundacio\/programa-cuidarme-el-nostre-compromis-amb-la-salut-dels-metges\/\"><img loading=\"lazy\" width=\"969\" height=\"744\" src=\"https:\/\/informe-anual-2022.mutualmedica.com\/wp-content\/uploads\/2023\/05\/CuidarME_Over_ES.jpg\" alt=\"\" class=\"wp-image-3084\" srcset=\"https:\/\/informe-anual-2022.mutualmedica.com\/wp-content\/uploads\/2023\/05\/CuidarME_Over_ES.jpg 969w, https:\/\/informe-anual-2022.mutualmedica.com\/wp-content\/uploads\/2023\/05\/CuidarME_Over_ES-480x369.jpg 480w\" sizes=\"(min-width: 0px) and (max-width: 480px) 480px, (min-width: 481px) 969px, 100vw\" \/><\/a><\/figure>\n<\/div><\/div>\n\n\n\n<div style=\"height:50px\" aria-hidden=\"true\" class=\"wp-block-spacer\"><\/div>\n<\/div>\n\n\n\n<div class=\"wp-block-column\">\n<div class=\"wp-block-cover custom-cover\" style=\"min-height:100px\"><span aria-hidden=\"true\" class=\"has-background-dim-0 wp-block-cover__gradient-background has-background-dim\"><\/span><img loading=\"lazy\" width=\"969\" height=\"744\" class=\"wp-block-cover__image-background wp-image-4060\" alt=\"\" src=\"https:\/\/informe-anual-2022.mutualmedica.com\/wp-content\/uploads\/2023\/06\/ConcienciarME_CA.jpg\" style=\"object-position:50% 50%\" data-object-fit=\"cover\" data-object-position=\"50% 50%\" srcset=\"https:\/\/informe-anual-2022.mutualmedica.com\/wp-content\/uploads\/2023\/06\/ConcienciarME_CA.jpg 969w, https:\/\/informe-anual-2022.mutualmedica.com\/wp-content\/uploads\/2023\/06\/ConcienciarME_CA-480x369.jpg 480w\" sizes=\"(min-width: 0px) and (max-width: 480px) 480px, (min-width: 481px) 969px, 100vw\" \/><div class=\"wp-block-cover__inner-container\">\n<figure class=\"wp-block-image size-full custom-image\"><a href=\"https:\/\/informe-anual-2022.mutualmedica.com\/ca\/la-fundacio\/programa-conscienciarme-el-nostre-compromis-amb-la-societat-i-les-persones\/\"><img loading=\"lazy\" width=\"969\" height=\"744\" src=\"https:\/\/informe-anual-2022.mutualmedica.com\/wp-content\/uploads\/2023\/06\/ConcienciarME_Over_CA.jpg\" alt=\"\" class=\"wp-image-4059\" srcset=\"https:\/\/informe-anual-2022.mutualmedica.com\/wp-content\/uploads\/2023\/06\/ConcienciarME_Over_CA.jpg 969w, https:\/\/informe-anual-2022.mutualmedica.com\/wp-content\/uploads\/2023\/06\/ConcienciarME_Over_CA-480x369.jpg 480w\" sizes=\"(min-width: 0px) and (max-width: 480px) 480px, (min-width: 481px) 969px, 100vw\" \/><\/a><\/figure>\n<\/div><\/div>\n\n\n\n<div style=\"height:50px\" aria-hidden=\"true\" class=\"wp-block-spacer\"><\/div>\n<\/div>\n<\/div>\n\n\n\n<div style=\"height:50px\" aria-hidden=\"true\" class=\"wp-block-spacer\"><\/div>\n","protected":false},"excerpt":{"rendered":"<p>Informe del president de la Fundaci\u00f3 Mutual M\u00e8dica Estimats col\u00b7legues i col\u00b7laboradors: L&#8217;any 2022 que reportem en aquest informe pot considerar-se un punt d&#8217;evoluci\u00f3 rellevant en la hist\u00f2ria de la Fundaci\u00f3 Mutual M\u00e8dica i la seva vocaci\u00f3 d&#8217;acompanyar els metges al llarg de la seva vida professional. Els esdeveniments dels darrers anys \u2014l&#8217;impacte de la [&hellip;]<\/p>\n","protected":false},"author":1,"featured_media":2855,"parent":0,"menu_order":0,"comment_status":"closed","ping_status":"closed","template":"","meta":{"_et_pb_use_builder":"","_et_pb_old_content":"","_et_gb_content_width":""},"_links":{"self":[{"href":"https:\/\/informe-anual-2022.mutualmedica.com\/wp-json\/wp\/v2\/pages\/3650"}],"collection":[{"href":"https:\/\/informe-anual-2022.mutualmedica.com\/wp-json\/wp\/v2\/pages"}],"about":[{"href":"https:\/\/informe-anual-2022.mutualmedica.com\/wp-json\/wp\/v2\/types\/page"}],"author":[{"embeddable":true,"href":"https:\/\/informe-anual-2022.mutualmedica.com\/wp-json\/wp\/v2\/users\/1"}],"replies":[{"embeddable":true,"href":"https:\/\/informe-anual-2022.mutualmedica.com\/wp-json\/wp\/v2\/comments?post=3650"}],"version-history":[{"count":9,"href":"https:\/\/informe-anual-2022.mutualmedica.com\/wp-json\/wp\/v2\/pages\/3650\/revisions"}],"predecessor-version":[{"id":4080,"href":"https:\/\/informe-anual-2022.mutualmedica.com\/wp-json\/wp\/v2\/pages\/3650\/revisions\/4080"}],"wp:featuredmedia":[{"embeddable":true,"href":"https:\/\/informe-anual-2022.mutualmedica.com\/wp-json\/wp\/v2\/media\/2855"}],"wp:attachment":[{"href":"https:\/\/informe-anual-2022.mutualmedica.com\/wp-json\/wp\/v2\/media?parent=3650"}],"curies":[{"name":"wp","href":"https:\/\/api.w.org\/{rel}","templated":true}]}}