{"id":310,"date":"2022-04-12T11:14:08","date_gmt":"2022-04-12T11:14:08","guid":{"rendered":"https:\/\/informe-anual-2022.mutualmedica.com\/?page_id=310"},"modified":"2023-06-29T12:18:46","modified_gmt":"2023-06-29T12:18:46","slug":"buen-gobierno-corporativo","status":"publish","type":"page","link":"https:\/\/informe-anual-2022.mutualmedica.com\/es\/buen-gobierno-corporativo\/","title":{"rendered":"BUEN GOBIERNO CORPORATIVO"},"content":{"rendered":"\n<hr class=\"wp-block-separator ancla-je\" id=\"organos-de-gobierno\"\/>\n\n\n\n<h2><strong>\u00d3rganos de gobierno<\/strong><\/h2>\n\n\n\n<p>El objetivo del Sistema de Gobierno de Mutual M\u00e9dica es<strong> dotar a la entidad de una estructura organizativa transparente y apropiada<\/strong>, con una clara y adecuada distribuci\u00f3n y separaci\u00f3n de funciones. Para ello, <strong>la estructura se compone de tres niveles de decisi\u00f3n: Asamblea General de Mutualistas, Consejo de Administraci\u00f3n y las diversas Comisiones del Consejo<\/strong>.<\/p>\n\n\n\n<p>Paralelamente, en el marco del cumplimiento de Solvencia II, el Sistema de Gobierno est\u00e1 compuesto, a su vez, por las funciones clave de Gesti\u00f3n de Riesgos, Actuarial, Auditor\u00eda Interna y Verificaci\u00f3n de Cumplimiento.<\/p>\n\n\n\n<p>Este sistema responde al doble compromiso del modelo de gobernanza de la entidad:<\/p>\n\n\n\n<p>\u2022 La aplicaci\u00f3n efectiva de los valores de Mutual M\u00e9dica a partir de unos criterios propios de actuaci\u00f3n y autocontrol.<\/p>\n\n\n\n<p>\u2022 El cumplimiento del ordenamiento jur\u00eddico que le afecta como entidad aseguradora con naturaleza de mutualidad de previsi\u00f3n social.<\/p>\n\n\n\n<p>A continuaci\u00f3n, se detallan las funciones y composici\u00f3n de cada uno de los \u00f3rganos de gobierno en el ejercicio 2022.<\/p>\n\n\n\n<h3>Organigrama<\/h3>\n\n\n\n<iframe loading=\"lazy\" class=\"d\" src=\"https:\/\/informe-anual-2022.mutualmedica.com\/wp-content\/uploads\/anim_img\/02-01_organigrama_ES.html\" width=\"768\" height=\"466\" marginwidth=\"0\" marginheight=\"0\" frameborder=\"0\" scrolling=\"no\" style=\"display:block; margin: 0 auto;\"><\/iframe>\n\n\n\n<figure class=\"wp-block-image size-full m\"><img loading=\"lazy\" width=\"973\" height=\"422\" src=\"https:\/\/informe-anual-2022.mutualmedica.com\/wp-content\/uploads\/anim_img\/02-01-organigrama.png\" alt=\"\" class=\"wp-image-2565\"\/><\/figure>\n\n\n\n<h3><strong>Asamblea General<\/strong><\/h3>\n\n\n\n<p>La Asamblea General es la <strong>reuni\u00f3n de los mutualistas para deliberar y establecer acuerdos<\/strong>, entre los que destacan el nombramiento, la ratificaci\u00f3n y la revocaci\u00f3n de los miembros del Consejo de Administraci\u00f3n, as\u00ed como valorar y censurar o aprobar la gesti\u00f3n social y las cuentas anuales del ejercicio. Asimismo, aprueba nuevos reglamentos o cambios en los ya existentes, adem\u00e1s de las modificaciones de los estatutos. Pueden tomar parte en ella todos los mutualistas de la entidad.<\/p>\n\n\n\n<h3><strong>Consejo de Administraci\u00f3n<\/strong><\/h3>\n\n\n\n<p>El Consejo de Administraci\u00f3n es el <strong>\u00f3rgano de representaci\u00f3n, gobierno y gesti\u00f3n de Mutual M\u00e9dica<\/strong> y tiene como funciones fijar las directrices generales de actuaci\u00f3n en la gesti\u00f3n de la entidad y nombrar los cargos de direcci\u00f3n de la mutualidad. Tambi\u00e9n debe presentar a la Asamblea las cuentas anuales, el informe de gesti\u00f3n y la propuesta de aplicaci\u00f3n del resultado, adem\u00e1s de aprobar el presupuesto anual de ingresos y gastos. Debe destacarse que el Consejo convoca las elecciones para consejero y aplica e interpreta los preceptos estatutarios, especialmente en caso de duda.<\/p>\n\n\n\n<p><strong>El Consejo de Administraci\u00f3n est\u00e1 formado por m\u00e9dicos<\/strong>, que velan por ofrecer en todo momento los productos y servicios que el colectivo necesita. Un total de 14 de sus miembros son escogidos en la Asamblea General mediante elecciones y otros 7 lo son en representaci\u00f3n de los colegios de m\u00e9dicos protectores. Entre los 14 miembros escogidos por la Asamblea, uno de ellos lo es como consejero externo al no tener la condici\u00f3n de m\u00e9dico mutualista, sino que se incorpora al Consejo para aportar sus conocimientos y experiencia en seguros y mercados financieros, contabilidad, marco regulatorio, etc.<\/p>\n\n\n\n\n\n<div class=\"wp-block-columns w60\">\n<div class=\"wp-block-column\">\n<div class=\"wp-block-image fotoRounded is-style-rounded\"><figure class=\"aligncenter size-full\"><img loading=\"lazy\" width=\"663\" height=\"663\" src=\"https:\/\/informe-anual-2022.mutualmedica.com\/wp-content\/uploads\/2023\/04\/Dr_Luis_A_Morales_edit.jpg\" alt=\"\" class=\"wp-image-2524\"\/><\/figure><\/div>\n\n\n\n<p class=\"has-text-align-center\"><strong>Presidente<\/strong><br>Dr. Luis A. Morales Fochs<\/p>\n<\/div>\n\n\n\n<div class=\"wp-block-column\">\n<div class=\"wp-block-image fotoRounded is-style-rounded\"><figure class=\"aligncenter size-full\"><img loading=\"lazy\" width=\"663\" height=\"663\" src=\"https:\/\/informe-anual-2022.mutualmedica.com\/wp-content\/uploads\/2023\/04\/Dr_Ignacio_Catalan_edit.jpg\" alt=\"\" class=\"wp-image-2519\"\/><\/figure><\/div>\n\n\n\n<p class=\"has-text-align-center\"><strong><strong>Vicepresidente<\/strong><\/strong><br>Dr. Jos\u00e9 Ignacio Catal\u00e1n Ramos<\/p>\n<\/div>\n\n\n\n<div class=\"wp-block-column\">\n<div class=\"wp-block-image fotoRounded is-style-rounded\"><figure class=\"aligncenter size-full\"><img loading=\"lazy\" width=\"663\" height=\"663\" src=\"https:\/\/informe-anual-2022.mutualmedica.com\/wp-content\/uploads\/2023\/04\/Dra_M_Asuncion_Torrents_edit.jpg\" alt=\"\" class=\"wp-image-2529\"\/><\/figure><\/div>\n\n\n\n<p class=\"has-text-align-center\"><strong>Secretaria<\/strong><br>Dra. M. Asunci\u00f3n Torrents Fern\u00e1ndez<\/p>\n<\/div>\n<\/div>\n\n\n\n<div class=\"wp-block-columns w60\">\n<div class=\"wp-block-column\">\n<div class=\"wp-block-image fotoRounded is-style-rounded\"><figure class=\"aligncenter size-full\"><img loading=\"lazy\" width=\"663\" height=\"663\" src=\"https:\/\/informe-anual-2022.mutualmedica.com\/wp-content\/uploads\/2023\/04\/Dr_Alejandro_Andreu_edit.jpg\" alt=\"\" class=\"wp-image-2514\"\/><\/figure><\/div>\n\n\n\n<p class=\"has-text-align-center\"><strong><strong>Vicesecretario<\/strong><\/strong><br>Dr. Alejandro Andreu Lope<\/p>\n<\/div>\n\n\n\n<div class=\"wp-block-column\">\n<div class=\"wp-block-image fotoRounded is-style-rounded\"><figure class=\"aligncenter size-full\"><img loading=\"lazy\" width=\"663\" height=\"663\" src=\"https:\/\/informe-anual-2022.mutualmedica.com\/wp-content\/uploads\/2023\/04\/Dr_Lluis_Castells_edit.jpg\" alt=\"\" class=\"wp-image-2522\"\/><\/figure><\/div>\n\n\n\n<p class=\"has-text-align-center\"><strong><strong><strong>Tesorero<\/strong><\/strong><\/strong><br>Dr. Llu\u00eds Castells Fust\u00e9<\/p>\n<\/div>\n\n\n\n<div class=\"wp-block-column\">\n<div class=\"wp-block-image fotoRounded is-style-rounded\"><figure class=\"aligncenter size-full\"><img loading=\"lazy\" width=\"663\" height=\"663\" src=\"https:\/\/informe-anual-2022.mutualmedica.com\/wp-content\/uploads\/2023\/04\/Dr_Javier_Mareque_edit.jpg\" alt=\"\" class=\"wp-image-2520\"\/><\/figure><\/div>\n\n\n\n<p class=\"has-text-align-center\"><strong>Contador<\/strong><br>Dr. Javier Mareque Bueno<\/p>\n<\/div>\n<\/div>\n\n\n\n<div class=\"wp-block-columns w60\">\n<div class=\"wp-block-column\">\n<div class=\"wp-block-image fotoRounded is-style-rounded\"><figure class=\"aligncenter size-full\"><img loading=\"lazy\" width=\"663\" height=\"663\" src=\"https:\/\/informe-anual-2022.mutualmedica.com\/wp-content\/uploads\/2023\/04\/Dr_Santiago_Aguade_edit.jpg\" alt=\"\" class=\"wp-image-2528\"\/><\/figure><\/div>\n\n\n\n<p class=\"has-text-align-center\"><strong><strong>Vocal<\/strong><\/strong><br>Dr. Santiago Aguad\u00e9 Bruix<\/p>\n<\/div>\n\n\n\n<div class=\"wp-block-column\">\n<div class=\"wp-block-image fotoRounded is-style-rounded\"><figure class=\"aligncenter size-full\"><img loading=\"lazy\" width=\"663\" height=\"663\" src=\"https:\/\/informe-anual-2022.mutualmedica.com\/wp-content\/uploads\/2023\/04\/Dra_Rosa_M_Boye_edit.jpg\" alt=\"\" class=\"wp-image-2531\"\/><\/figure><\/div>\n\n\n\n<p class=\"has-text-align-center\"><strong><strong><strong>Vocal<\/strong><\/strong><\/strong><br>Dra. Rosa M. Boy\u00e9 de la Presa<\/p>\n<\/div>\n\n\n\n<div class=\"wp-block-column\">\n<div class=\"wp-block-image fotoRounded is-style-rounded\"><figure class=\"aligncenter size-full\"><img loading=\"lazy\" width=\"663\" height=\"663\" src=\"https:\/\/informe-anual-2022.mutualmedica.com\/wp-content\/uploads\/2023\/04\/Dra_Teresa_Maristany_edit.jpg\" alt=\"\" class=\"wp-image-2532\"\/><\/figure><\/div>\n\n\n\n<p class=\"has-text-align-center\"><strong>Vocal<\/strong><br>Dra. Teresa Maristany Daunert<\/p>\n<\/div>\n<\/div>\n\n\n\n<div class=\"wp-block-columns w60\">\n<div class=\"wp-block-column\">\n<div class=\"wp-block-image fotoRounded is-style-rounded\"><figure class=\"aligncenter size-full\"><img loading=\"lazy\" width=\"663\" height=\"663\" src=\"https:\/\/informe-anual-2022.mutualmedica.com\/wp-content\/uploads\/2023\/04\/Dr_Fernando_Rivas_edit.jpg\" alt=\"\" class=\"wp-image-2517\"\/><\/figure><\/div>\n\n\n\n<p class=\"has-text-align-center\"><strong><strong>Vocal<\/strong><\/strong><br>Dr. Fernando Rivas Navarro<\/p>\n<\/div>\n\n\n\n<div class=\"wp-block-column\">\n<div class=\"wp-block-image fotoRounded is-style-rounded\"><figure class=\"aligncenter size-full\"><img loading=\"lazy\" width=\"663\" height=\"663\" src=\"https:\/\/informe-anual-2022.mutualmedica.com\/wp-content\/uploads\/2023\/04\/Dr_Miquel_Vilardell_edit.jpg\" alt=\"\" class=\"wp-image-2526\"\/><\/figure><\/div>\n\n\n\n<p class=\"has-text-align-center\"><strong><strong><strong>Vocal<\/strong><\/strong><\/strong><br>Dr. Miquel Vilardell Tarr\u00e9s<\/p>\n<\/div>\n\n\n\n<div class=\"wp-block-column\">\n<div class=\"wp-block-image fotoRounded is-style-rounded\"><figure class=\"aligncenter size-full\"><img loading=\"lazy\" width=\"663\" height=\"668\" src=\"https:\/\/informe-anual-2022.mutualmedica.com\/wp-content\/uploads\/2023\/06\/Avatar_mutual_medica_pro-3.jpg\" alt=\"\" class=\"wp-image-3433\" srcset=\"https:\/\/informe-anual-2022.mutualmedica.com\/wp-content\/uploads\/2023\/06\/Avatar_mutual_medica_pro-3.jpg 663w, https:\/\/informe-anual-2022.mutualmedica.com\/wp-content\/uploads\/2023\/06\/Avatar_mutual_medica_pro-3-480x484.jpg 480w\" sizes=\"(min-width: 0px) and (max-width: 480px) 480px, (min-width: 481px) 663px, 100vw\" \/><\/figure><\/div>\n\n\n\n<p class=\"has-text-align-center\"><strong>Vocal<\/strong><br>Dra. Mar\u00eda Magdalena Salcedo<\/p>\n<\/div>\n<\/div>\n\n\n\n<div class=\"wp-block-columns w60\">\n<div class=\"wp-block-column\">\n<div class=\"wp-block-image fotoRounded is-style-rounded\"><figure class=\"aligncenter size-full\"><img loading=\"lazy\" width=\"663\" height=\"663\" src=\"https:\/\/informe-anual-2022.mutualmedica.com\/wp-content\/uploads\/2023\/04\/Dr_Miguel_Zabalza_edit_2.jpg\" alt=\"\" class=\"wp-image-2538\"\/><\/figure><\/div>\n\n\n\n<p class=\"has-text-align-center\"><strong><strong>Vocal<\/strong><\/strong><br>Dr. Miguel Zabalza Cerdeiri\u00f1a<\/p>\n<\/div>\n\n\n\n<div class=\"wp-block-column\"><\/div>\n\n\n\n<div class=\"wp-block-column\"><\/div>\n<\/div>\n\n\n\n\n\n<h4><strong>Vocales en representaci\u00f3n de los Colegios Oficiales de M\u00e9dicos Protectores<\/strong><\/h4>\n\n\n\n<p><strong>Colegio Oficial de M\u00e9dicos de Barcelona<\/strong><\/p>\n\n\n\n<div class=\"wp-block-columns w60\">\n<div class=\"wp-block-column\">\n<div class=\"wp-block-image fotoRounded is-style-rounded\"><figure class=\"aligncenter size-full\"><img loading=\"lazy\" width=\"663\" height=\"663\" src=\"https:\/\/informe-anual-2022.mutualmedica.com\/wp-content\/uploads\/2023\/04\/Dr_Lluis_Esteve_edit_5.png\" alt=\"\" class=\"wp-image-2553\"\/><\/figure><\/div>\n\n\n\n<p class=\"has-text-align-center\">Dr. Llu\u00eds Esteve Balagu\u00e9<\/p>\n<\/div>\n\n\n\n<div class=\"wp-block-column\">\n<div class=\"wp-block-image fotoRounded is-style-rounded\"><figure class=\"aligncenter size-full\"><img loading=\"lazy\" width=\"668\" height=\"668\" src=\"https:\/\/informe-anual-2022.mutualmedica.com\/wp-content\/uploads\/2023\/04\/Dr_Josep_Maria_Benet_edit.jpg\" alt=\"\" class=\"wp-image-2521\"\/><\/figure><\/div>\n\n\n\n<p class=\"has-text-align-center\">Dr. Josep Maria Benet Mart\u00ed<\/p>\n<\/div>\n\n\n\n<div class=\"wp-block-column\"><\/div>\n<\/div>\n\n\n\n\n\n<p><strong>Colegio Oficial de M\u00e9dicos de Girona<\/strong><\/p>\n\n\n\n<div class=\"wp-block-columns w60\">\n<div class=\"wp-block-column\">\n<div class=\"wp-block-image fotoRounded is-style-rounded\"><figure class=\"aligncenter size-full\"><img loading=\"lazy\" width=\"663\" height=\"663\" src=\"https:\/\/informe-anual-2022.mutualmedica.com\/wp-content\/uploads\/2023\/04\/vilaplana-comgi-_VF_0852_edit.jpg.jpg\" alt=\"\" class=\"wp-image-2536\"\/><\/figure><\/div>\n\n\n\n<p class=\"has-text-align-center\">Dr. Josep Vilaplana Birba<\/p>\n<\/div>\n\n\n\n<div class=\"wp-block-column\"><\/div>\n\n\n\n<div class=\"wp-block-column\"><\/div>\n<\/div>\n\n\n\n\n\n<p><strong>Colegio Oficial de M\u00e9dicos de las Islas Baleares<\/strong><\/p>\n\n\n\n<div class=\"wp-block-columns w60\">\n<div class=\"wp-block-column\">\n<div class=\"wp-block-image fotoRounded is-style-rounded\"><figure class=\"aligncenter size-full\"><img loading=\"lazy\" width=\"663\" height=\"663\" src=\"https:\/\/informe-anual-2022.mutualmedica.com\/wp-content\/uploads\/2023\/04\/Dr_Carles_Recasens_edit.jpg\" alt=\"\" class=\"wp-image-2515\"\/><\/figure><\/div>\n\n\n\n<p class=\"has-text-align-center\">Dr. Carles Recasens Laguarda<\/p>\n<\/div>\n\n\n\n<div class=\"wp-block-column\"><\/div>\n\n\n\n<div class=\"wp-block-column\"><\/div>\n<\/div>\n\n\n\n<p><strong>Colegio Oficial de M\u00e9dicos de Lleida<\/strong><\/p>\n\n\n\n<div class=\"wp-block-columns w60\">\n<div class=\"wp-block-column\">\n<div class=\"wp-block-image fotoRounded is-style-rounded\"><figure class=\"aligncenter size-full\"><img loading=\"lazy\" width=\"633\" height=\"633\" src=\"https:\/\/informe-anual-2022.mutualmedica.com\/wp-content\/uploads\/2023\/04\/Dr_Ramo_Mur_edit_v2.jpg\" alt=\"\" class=\"wp-image-2539\"\/><\/figure><\/div>\n\n\n\n<p class=\"has-text-align-center\">Dr. Ram\u00f3n Mur Garc\u00e9s<\/p>\n<\/div>\n\n\n\n<div class=\"wp-block-column\"><\/div>\n\n\n\n<div class=\"wp-block-column\"><\/div>\n<\/div>\n\n\n\n<p><strong>Colegio Oficial de M\u00e9dicos de Tarragona<\/strong> <\/p>\n\n\n\n<div class=\"wp-block-columns w60\">\n<div class=\"wp-block-column\">\n<div class=\"wp-block-image fotoRounded is-style-rounded\"><figure class=\"aligncenter size-full\"><img loading=\"lazy\" width=\"663\" height=\"668\" src=\"https:\/\/informe-anual-2022.mutualmedica.com\/wp-content\/uploads\/2023\/06\/Avatar_mutual_medica_pro-3.jpg\" alt=\"\" class=\"wp-image-3433\" srcset=\"https:\/\/informe-anual-2022.mutualmedica.com\/wp-content\/uploads\/2023\/06\/Avatar_mutual_medica_pro-3.jpg 663w, https:\/\/informe-anual-2022.mutualmedica.com\/wp-content\/uploads\/2023\/06\/Avatar_mutual_medica_pro-3-480x484.jpg 480w\" sizes=\"(min-width: 0px) and (max-width: 480px) 480px, (min-width: 481px) 663px, 100vw\" \/><\/figure><\/div>\n\n\n\n<p class=\"has-text-align-center\">Dr. Sergi Boada Pie<\/p>\n<\/div>\n\n\n\n<div class=\"wp-block-column\"><\/div>\n\n\n\n<div class=\"wp-block-column\"><\/div>\n<\/div>\n\n\n\n<p><strong>Colegio Oficial de M\u00e9dicos de Cantabria<\/strong><\/p>\n\n\n\n<div class=\"wp-block-columns w60\">\n<div class=\"wp-block-column\">\n<div class=\"wp-block-image fotoRounded is-style-rounded\"><figure class=\"aligncenter size-full\"><img loading=\"lazy\" width=\"663\" height=\"663\" src=\"https:\/\/informe-anual-2022.mutualmedica.com\/wp-content\/uploads\/2023\/04\/Dr_Francisco_Javier_Hernandez_de_Sande_edit.jpg\" alt=\"\" class=\"wp-image-2518\"\/><\/figure><\/div>\n\n\n\n<p class=\"has-text-align-center\">Dr. Francisco Javier Hern\u00e1ndez de Sande de Prada<\/p>\n<\/div>\n\n\n\n<div class=\"wp-block-column\"><\/div>\n\n\n\n<div class=\"wp-block-column\"><\/div>\n<\/div>\n\n\n\n<h3><strong>Comisi\u00f3n Permanente<\/strong><\/h3>\n\n\n\n<p>Es el \u00f3rgano que <strong>trata la resoluci\u00f3n de los asuntos de tr\u00e1mite<\/strong>, tiene atribuciones en materia de nombramiento y retribuciones y prepara los Consejos de Administraci\u00f3n. Est\u00e1 formado por miembros con cargo del Consejo de Administraci\u00f3n.<\/p>\n\n\n\n\n\n<div class=\"wp-block-columns w60\">\n<div class=\"wp-block-column\">\n<div class=\"wp-block-image fotoRounded is-style-rounded\"><figure class=\"aligncenter size-full\"><img loading=\"lazy\" width=\"663\" height=\"663\" src=\"https:\/\/informe-anual-2022.mutualmedica.com\/wp-content\/uploads\/2023\/04\/Dr_Luis_A_Morales_edit.jpg\" alt=\"\" class=\"wp-image-2524\"\/><\/figure><\/div>\n\n\n\n<p class=\"has-text-align-center\"><strong>Presidente<\/strong><br>Dr. Luis A. Morales Fochs<\/p>\n<\/div>\n\n\n\n<div class=\"wp-block-column\">\n<div class=\"wp-block-image fotoRounded is-style-rounded\"><figure class=\"aligncenter size-full\"><img loading=\"lazy\" width=\"663\" height=\"663\" src=\"https:\/\/informe-anual-2022.mutualmedica.com\/wp-content\/uploads\/2023\/04\/Dr_Ignacio_Catalan_edit.jpg\" alt=\"\" class=\"wp-image-2519\"\/><\/figure><\/div>\n\n\n\n<p class=\"has-text-align-center\"><strong><strong>Vicepresidente<\/strong><\/strong><br>Dr. Jos\u00e9 Ignacio Catal\u00e1n Ramos<\/p>\n<\/div>\n\n\n\n<div class=\"wp-block-column\">\n<div class=\"wp-block-image fotoRounded is-style-rounded\"><figure class=\"aligncenter size-full\"><img loading=\"lazy\" width=\"663\" height=\"663\" src=\"https:\/\/informe-anual-2022.mutualmedica.com\/wp-content\/uploads\/2023\/04\/Dra_M_Asuncion_Torrents_edit.jpg\" alt=\"\" class=\"wp-image-2529\"\/><\/figure><\/div>\n\n\n\n<p class=\"has-text-align-center\"><strong>Secretaria<\/strong><br>Dra. M. Asunci\u00f3n Torrents Fern\u00e1ndez<\/p>\n<\/div>\n<\/div>\n\n\n\n<div class=\"wp-block-columns w60\">\n<div class=\"wp-block-column\">\n<div class=\"wp-block-image fotoRounded is-style-rounded\"><figure class=\"aligncenter size-full\"><img loading=\"lazy\" width=\"663\" height=\"663\" src=\"https:\/\/informe-anual-2022.mutualmedica.com\/wp-content\/uploads\/2023\/04\/Dr_Alejandro_Andreu_edit.jpg\" alt=\"\" class=\"wp-image-2514\"\/><\/figure><\/div>\n\n\n\n<p class=\"has-text-align-center\"><strong><strong>Vicesecretario<\/strong><\/strong><br>Dr. Alejandro Andreu Lope<\/p>\n<\/div>\n\n\n\n<div class=\"wp-block-column\">\n<div class=\"wp-block-image fotoRounded is-style-rounded\"><figure class=\"aligncenter size-full\"><img loading=\"lazy\" width=\"663\" height=\"663\" src=\"https:\/\/informe-anual-2022.mutualmedica.com\/wp-content\/uploads\/2023\/04\/Dr_Lluis_Castells_edit.jpg\" alt=\"\" class=\"wp-image-2522\"\/><\/figure><\/div>\n\n\n\n<p class=\"has-text-align-center\"><strong><strong><strong>Tesorero<\/strong><\/strong><\/strong><br>Dr. Llu\u00eds Castells Fust\u00e9<\/p>\n<\/div>\n\n\n\n<div class=\"wp-block-column\">\n<div class=\"wp-block-image fotoRounded is-style-rounded\"><figure class=\"aligncenter size-full\"><img loading=\"lazy\" width=\"663\" height=\"663\" src=\"https:\/\/informe-anual-2022.mutualmedica.com\/wp-content\/uploads\/2023\/04\/Dr_Javier_Mareque_edit.jpg\" alt=\"\" class=\"wp-image-2520\"\/><\/figure><\/div>\n\n\n\n<p class=\"has-text-align-center\"><strong>Contador<\/strong><br>Dr. Javier Mareque Bueno<\/p>\n<\/div>\n<\/div>\n\n\n\n<h3><strong>Comisi\u00f3n de Auditor\u00eda y Control<\/strong><\/h3>\n\n\n\n<p>La Comisi\u00f3n de Auditor\u00eda y Control sirve como <strong>canal de comunicaci\u00f3n entre el Consejo de Administraci\u00f3n y los auditores<\/strong>. Eval\u00faa los resultados de cada auditor\u00eda y las respuestas del equipo de gesti\u00f3n a sus recomendaciones. Asimismo, comprueba la adecuaci\u00f3n y la integridad de los sistemas de control interno, examina el cumplimiento de las reglas de gobierno de Mutual M\u00e9dica y plantea las propuestas necesarias para mejorarlas. Est\u00e1 formada por un m\u00ednimo de tres y un m\u00e1ximo de cinco miembros del Consejo de Administraci\u00f3n, escogidos entre los consejeros electos sin cargo en el Consejo. Puede estar asistida por un profesional externo y contar con la participaci\u00f3n de la direcci\u00f3n en sus reuniones para ejercer labores de soporte, del mismo modo que pueden asistir a sus reuniones hasta tres mutualistas a propuesta del Consejo de Administraci\u00f3n.<\/p>\n\n\n\n\n\n<div class=\"wp-block-columns w60\">\n<div class=\"wp-block-column\">\n<div class=\"wp-block-image fotoRounded is-style-rounded\"><figure class=\"aligncenter size-full\"><img loading=\"lazy\" width=\"663\" height=\"663\" src=\"https:\/\/informe-anual-2022.mutualmedica.com\/wp-content\/uploads\/2023\/04\/Sr_Ana_Baro_edit.jpg\" alt=\"\" class=\"wp-image-2533\"\/><\/figure><\/div>\n\n\n\n<p class=\"has-text-align-center\"><strong>Presidenta<\/strong><br>Sra. Ana Bar\u00f3 Casamaj\u00f3<\/p>\n<\/div>\n\n\n\n<div class=\"wp-block-column\">\n<div class=\"wp-block-image fotoRounded is-style-rounded\"><figure class=\"aligncenter size-full\"><img loading=\"lazy\" width=\"663\" height=\"663\" src=\"https:\/\/informe-anual-2022.mutualmedica.com\/wp-content\/uploads\/2023\/04\/Dr_Santiago_Aguade_edit.jpg\" alt=\"\" class=\"wp-image-2528\"\/><\/figure><\/div>\n\n\n\n<p class=\"has-text-align-center\"><strong>Secretario<\/strong><br>Dr. Santiago Aguad\u00e9 Bruix<\/p>\n<\/div>\n\n\n\n<div class=\"wp-block-column\">\n<div class=\"wp-block-image fotoRounded is-style-rounded\"><figure class=\"aligncenter size-full\"><img loading=\"lazy\" width=\"663\" height=\"663\" src=\"https:\/\/informe-anual-2022.mutualmedica.com\/wp-content\/uploads\/2023\/04\/Dr_Miquel_Vilardell_edit.jpg\" alt=\"\" class=\"wp-image-2526\"\/><\/figure><\/div>\n\n\n\n<p class=\"has-text-align-center\"><strong>Consejero<\/strong><br>Dr. Miquel Vilardell Tarr\u00e9s<\/p>\n<\/div>\n<\/div>\n\n\n\n<div class=\"wp-block-columns w60\">\n<div class=\"wp-block-column\">\n<div class=\"wp-block-image fotoRounded is-style-rounded\"><figure class=\"aligncenter size-full\"><img loading=\"lazy\" width=\"663\" height=\"663\" src=\"https:\/\/informe-anual-2022.mutualmedica.com\/wp-content\/uploads\/2023\/04\/Dr_Miguel_Zabalza_edit_2.jpg\" alt=\"\" class=\"wp-image-2538\" title=\"\"\/><\/figure><\/div>\n\n\n\n<p class=\"has-text-align-center\"><strong>Consejero<\/strong><br>Dr. Miguel Zabalza Cerdeiri\u00f1a<\/p>\n<\/div>\n\n\n\n<div class=\"wp-block-column\"><\/div>\n\n\n\n<div class=\"wp-block-column\"><\/div>\n<\/div>\n\n\n\n<h3><strong>Comisi\u00f3n de Inversiones<\/strong><\/h3>\n\n\n\n<p>La Comisi\u00f3n de Inversiones es el \u00f3rgano delegado del Consejo de Administraci\u00f3n que le ofrece apoyo en los <strong>asuntos relacionados con las finanzas<\/strong> y que vela por el <strong>cumplimiento de la pol\u00edtica de inversiones<\/strong> de la entidad. Est\u00e1 formada por consejeros electos y personal directivo.<\/p>\n\n\n\n\n\n<div class=\"wp-block-columns w60\">\n<div class=\"wp-block-column\">\n<div class=\"wp-block-image fotoRounded is-style-rounded\"><figure class=\"aligncenter size-full\"><img loading=\"lazy\" width=\"662\" height=\"662\" src=\"https:\/\/informe-anual-2022.mutualmedica.com\/wp-content\/uploads\/2022\/04\/Tesorero_Dr_Lluis_Castells-q.jpg\" alt=\"\" class=\"wp-image-1016\" srcset=\"https:\/\/informe-anual-2022.mutualmedica.com\/wp-content\/uploads\/2022\/04\/Tesorero_Dr_Lluis_Castells-q.jpg 662w, https:\/\/informe-anual-2022.mutualmedica.com\/wp-content\/uploads\/2022\/04\/Tesorero_Dr_Lluis_Castells-q-480x480.jpg 480w\" sizes=\"(min-width: 0px) and (max-width: 480px) 480px, (min-width: 481px) 662px, 100vw\" \/><\/figure><\/div>\n\n\n\n<p class=\"has-text-align-center\"><strong>Presidente<\/strong><br>Dr. Llu\u00eds Castells Fust\u00e9<\/p>\n<\/div>\n\n\n\n<div class=\"wp-block-column\">\n<div class=\"wp-block-image fotoRounded is-style-rounded\"><figure class=\"aligncenter size-full\"><img loading=\"lazy\" width=\"563\" height=\"563\" src=\"https:\/\/informe-anual-2022.mutualmedica.com\/wp-content\/uploads\/2022\/04\/Contador_Dr_Javier_Mareque-q.jpg\" alt=\"\" class=\"wp-image-1020\" srcset=\"https:\/\/informe-anual-2022.mutualmedica.com\/wp-content\/uploads\/2022\/04\/Contador_Dr_Javier_Mareque-q.jpg 563w, https:\/\/informe-anual-2022.mutualmedica.com\/wp-content\/uploads\/2022\/04\/Contador_Dr_Javier_Mareque-q-480x480.jpg 480w\" sizes=\"(min-width: 0px) and (max-width: 480px) 480px, (min-width: 481px) 563px, 100vw\" \/><\/figure><\/div>\n\n\n\n<p class=\"has-text-align-center\"><strong>Secretario<\/strong><br>Dr. Javier Mareque Bueno<\/p>\n<\/div>\n\n\n\n<div class=\"wp-block-column\">\n<div class=\"wp-block-image fotoRounded is-style-rounded\"><figure class=\"aligncenter size-full\"><img loading=\"lazy\" width=\"662\" height=\"662\" src=\"https:\/\/informe-anual-2022.mutualmedica.com\/wp-content\/uploads\/2023\/04\/Dr. Marti Vidal 2_edit.jpg\" alt=\"\" class=\"wp-image-2513\"\/><\/figure><\/div>\n\n\n\n<p class=\"has-text-align-center\"><strong>Invitado<\/strong><br>Dr. Mart\u00ed Vidal Ma\u00f1as<\/p>\n<\/div>\n<\/div>\n\n\n\n<h3><strong>Comisi\u00f3n de Seguros y Prestaciones<\/strong><\/h3>\n\n\n\n<p>La Comisi\u00f3n de Seguros y Prestaciones tiene como objeto <strong>adjudicar las prestaciones de los seguros de vida y asesorar en la gesti\u00f3n de los seguros de mutualistas<\/strong> en cuanto al proceso de incorporaci\u00f3n de nuevos mutualistas, la ampliaci\u00f3n de coberturas, las causas de exclusi\u00f3n de patolog\u00edas y la denegaci\u00f3n o aceptaci\u00f3n de prestaciones. Est\u00e1 formada por consejeros electos del Consejo de Administraci\u00f3n.<\/p>\n\n\n\n\n\n<div class=\"wp-block-columns w60\">\n<div class=\"wp-block-column\">\n<div class=\"wp-block-image fotoRounded is-style-rounded\"><figure class=\"aligncenter size-full\"><img loading=\"lazy\" width=\"663\" height=\"663\" src=\"https:\/\/informe-anual-2022.mutualmedica.com\/wp-content\/uploads\/2023\/04\/Dra_M_Asuncion_Torrents_edit.jpg\" alt=\"\" class=\"wp-image-2529\"\/><\/figure><\/div>\n\n\n\n<p class=\"has-text-align-center\"><strong>Presidenta<\/strong><br>Dra. M. Asunci\u00f3n Torrents Fern\u00e1ndez<\/p>\n<\/div>\n\n\n\n<div class=\"wp-block-column\">\n<div class=\"wp-block-image fotoRounded is-style-rounded\"><figure class=\"aligncenter size-full\"><img loading=\"lazy\" width=\"663\" height=\"663\" src=\"https:\/\/informe-anual-2022.mutualmedica.com\/wp-content\/uploads\/2023\/04\/Dr_Santiago_Aguade_edit.jpg\" alt=\"\" class=\"wp-image-2528\"\/><\/figure><\/div>\n\n\n\n<p class=\"has-text-align-center\"><strong><strong>Consejero<\/strong><\/strong><br>Dr. Santiago Aguad\u00e9 Bruix<\/p>\n<\/div>\n\n\n\n<div class=\"wp-block-column\">\n<div class=\"wp-block-image fotoRounded is-style-rounded\"><figure class=\"aligncenter size-full\"><img loading=\"lazy\" width=\"663\" height=\"663\" src=\"https:\/\/informe-anual-2022.mutualmedica.com\/wp-content\/uploads\/2023\/04\/Dr_Alejandro_Andreu_edit.jpg\" alt=\"\" class=\"wp-image-2514\"\/><\/figure><\/div>\n\n\n\n<p class=\"has-text-align-center\"><strong>Consejero<\/strong><br>Dr. Alejandro Andreu Lope<\/p>\n<\/div>\n<\/div>\n\n\n\n<div class=\"wp-block-columns w60\">\n<div class=\"wp-block-column\">\n<div class=\"wp-block-image fotoRounded is-style-rounded\"><figure class=\"aligncenter size-full\"><img loading=\"lazy\" width=\"663\" height=\"663\" src=\"https:\/\/informe-anual-2022.mutualmedica.com\/wp-content\/uploads\/2023\/04\/Dra_Rosa_M_Boye_edit.jpg\" alt=\"\" class=\"wp-image-2531\"\/><\/figure><\/div>\n\n\n\n<p class=\"has-text-align-center\"><strong>Consejera<\/strong><br>Dra. Rosa M. Boy\u00e9 de la Presa<\/p>\n<\/div>\n\n\n\n<div class=\"wp-block-column\">\n<div class=\"wp-block-image fotoRounded is-style-rounded\"><figure class=\"aligncenter size-full\"><img loading=\"lazy\" width=\"663\" height=\"663\" src=\"https:\/\/informe-anual-2022.mutualmedica.com\/wp-content\/uploads\/2023\/04\/Dr_Ignacio_Catalan_edit.jpg\" alt=\"\" class=\"wp-image-2519\"\/><\/figure><\/div>\n\n\n\n<p class=\"has-text-align-center\"><strong><strong>Consejero<\/strong><\/strong><br>Dr. Jos\u00e9 Ignacio Catal\u00e1n Ramos<\/p>\n<\/div>\n\n\n\n<div class=\"wp-block-column\">\n<div class=\"wp-block-image fotoRounded is-style-rounded\"><figure class=\"aligncenter size-full\"><img loading=\"lazy\" width=\"663\" height=\"668\" src=\"https:\/\/informe-anual-2022.mutualmedica.com\/wp-content\/uploads\/2023\/06\/Avatar_mutual_medica_pro-3.jpg\" alt=\"\" class=\"wp-image-3433\" srcset=\"https:\/\/informe-anual-2022.mutualmedica.com\/wp-content\/uploads\/2023\/06\/Avatar_mutual_medica_pro-3.jpg 663w, https:\/\/informe-anual-2022.mutualmedica.com\/wp-content\/uploads\/2023\/06\/Avatar_mutual_medica_pro-3-480x484.jpg 480w\" sizes=\"(min-width: 0px) and (max-width: 480px) 480px, (min-width: 481px) 663px, 100vw\" \/><\/figure><\/div>\n\n\n\n<p class=\"has-text-align-center\"><strong>Consejera<\/strong><br>Dra. Mar\u00eda Magdalena Salcedo Plaza<\/p>\n<\/div>\n<\/div>\n\n\n\n<div class=\"wp-block-columns w60\">\n<div class=\"wp-block-column\">\n<div class=\"wp-block-image fotoRounded is-style-rounded\"><figure class=\"aligncenter size-full\"><img loading=\"lazy\" width=\"663\" height=\"663\" src=\"https:\/\/informe-anual-2022.mutualmedica.com\/wp-content\/uploads\/2023\/04\/Dr_Miquel_Vilardell_edit.jpg\" alt=\"\" class=\"wp-image-2526\"\/><\/figure><\/div>\n\n\n\n<p class=\"has-text-align-center\"><strong>Consejero<\/strong><br>Dr. Miquel Vilardell Tarr\u00e9<\/p>\n<\/div>\n\n\n\n<div class=\"wp-block-column\">\n<div class=\"wp-block-image fotoRounded is-style-rounded\"><figure class=\"aligncenter size-full\"><img loading=\"lazy\" width=\"663\" height=\"663\" src=\"https:\/\/informe-anual-2022.mutualmedica.com\/wp-content\/uploads\/2023\/04\/Dra_Teresa_Maristany_edit.jpg\" alt=\"\" class=\"wp-image-2532\"\/><\/figure><\/div>\n\n\n\n<p class=\"has-text-align-center\"><strong><strong>Consejera<\/strong><\/strong><br>Dra. Teresa Maristany Daunert<\/p>\n<\/div>\n\n\n\n<div class=\"wp-block-column\"><\/div>\n<\/div>\n\n\n\n<h3><strong>Comisi\u00f3n de Estrategia, Innovaci\u00f3n y RSC<\/strong><\/h3>\n\n\n\n<p>La Comisi\u00f3n de Estrategia, Innovaci\u00f3n y Responsabilidad Social Corporativa es un \u00f3rgano de car\u00e1cter informativo y consultivo, sin funciones ejecutivas, con facultades de<strong> soporte y asesoramiento al Consejo de Administraci\u00f3n<\/strong>. Entre sus funciones, se encuentran proponer y valorar las distintas alternativas estrat\u00e9gicas a adoptar por la entidad y hacer seguimiento de la gesti\u00f3n de los planes estrat\u00e9gicos en curso; asesorar y proporcionar apoyo en cuestiones relacionadas con la innovaci\u00f3n, realizando an\u00e1lisis y seguimiento de los proyectos de innovaci\u00f3n, garantizando su adecuada implantaci\u00f3n y desarrollo, y asesorar acerca del dise\u00f1o de la cultura y de los valores corporativos, incluyendo estrategia de pr\u00e1cticas de negocio responsable y de sostenibilidad.<\/p>\n\n\n\n<div class=\"wp-block-columns w60\">\n<div class=\"wp-block-column\">\n<div class=\"wp-block-image fotoRounded is-style-rounded\"><figure class=\"aligncenter size-full\"><img loading=\"lazy\" width=\"663\" height=\"663\" src=\"https:\/\/informe-anual-2022.mutualmedica.com\/wp-content\/uploads\/2023\/04\/Dra_M_Asuncion_Torrents_edit.jpg\" alt=\"\" class=\"wp-image-2529\"\/><\/figure><\/div>\n\n\n\n<p class=\"has-text-align-center\"><strong>Presidenta<\/strong><br>Dra. M. Asunci\u00f3n Torrents Fern\u00e1ndez<\/p>\n<\/div>\n\n\n\n<div class=\"wp-block-column\">\n<div class=\"wp-block-image fotoRounded is-style-rounded\"><figure class=\"aligncenter size-full\"><img loading=\"lazy\" width=\"663\" height=\"663\" src=\"https:\/\/informe-anual-2022.mutualmedica.com\/wp-content\/uploads\/2023\/04\/Dr_Alejandro_Andreu_edit.jpg\" alt=\"\" class=\"wp-image-2514\"\/><\/figure><\/div>\n\n\n\n<p class=\"has-text-align-center\"><strong><strong>Consejero<\/strong><\/strong><br>Dr. Alejandro Andreu Lope<\/p>\n<\/div>\n\n\n\n<div class=\"wp-block-column\">\n<div class=\"wp-block-image fotoRounded is-style-rounded\"><figure class=\"aligncenter size-full\"><img loading=\"lazy\" width=\"663\" height=\"663\" src=\"https:\/\/informe-anual-2022.mutualmedica.com\/wp-content\/uploads\/2023\/04\/Sr_Ana_Baro_edit.jpg\" alt=\"\" class=\"wp-image-2533\"\/><\/figure><\/div>\n\n\n\n<p class=\"has-text-align-center\"><strong>Consejera<\/strong><br>Sra. Ana Bar\u00f3 Casamaj\u00f3<\/p>\n<\/div>\n<\/div>\n\n\n\n<div class=\"wp-block-columns w60\">\n<div class=\"wp-block-column\">\n<div class=\"wp-block-image fotoRounded is-style-rounded\"><figure class=\"aligncenter size-full\"><img loading=\"lazy\" width=\"663\" height=\"663\" src=\"https:\/\/informe-anual-2022.mutualmedica.com\/wp-content\/uploads\/2023\/04\/Dr_Lluis_Castells_edit.jpg\" alt=\"\" class=\"wp-image-2522\"\/><\/figure><\/div>\n\n\n\n<p class=\"has-text-align-center\"><strong>Consejero<\/strong><br>Dr. Llu\u00eds Castells Fust\u00e9<\/p>\n<\/div>\n\n\n\n<div class=\"wp-block-column\">\n<div class=\"wp-block-image fotoRounded is-style-rounded\"><figure class=\"aligncenter size-full\"><img loading=\"lazy\" width=\"663\" height=\"663\" src=\"https:\/\/informe-anual-2022.mutualmedica.com\/wp-content\/uploads\/2023\/04\/Dr_Ignacio_Catalan_edit.jpg\" alt=\"\" class=\"wp-image-2519\"\/><\/figure><\/div>\n\n\n\n<p class=\"has-text-align-center\"><strong><strong>Consejero<\/strong><\/strong><br>Dr. Jos\u00e9 Ignacio Catal\u00e1n Ramos<\/p>\n<\/div>\n\n\n\n<div class=\"wp-block-column\">\n<div class=\"wp-block-image fotoRounded is-style-rounded\"><figure class=\"aligncenter size-full\"><img loading=\"lazy\" width=\"663\" height=\"663\" src=\"https:\/\/informe-anual-2022.mutualmedica.com\/wp-content\/uploads\/2023\/04\/Dr_Javier_Mareque_edit.jpg\" alt=\"\" class=\"wp-image-2520\"\/><\/figure><\/div>\n\n\n\n<p class=\"has-text-align-center\"><strong>Consejero<\/strong><br>Dr. Javier Mareque Bueno<\/p>\n<\/div>\n<\/div>\n\n\n\n<div class=\"wp-block-columns w60\">\n<div class=\"wp-block-column\">\n<div class=\"wp-block-image fotoRounded is-style-rounded\"><figure class=\"aligncenter size-full\"><img loading=\"lazy\" width=\"633\" height=\"633\" src=\"https:\/\/informe-anual-2022.mutualmedica.com\/wp-content\/uploads\/2023\/04\/Dr_Ramo_Mur_edit_v2.jpg\" alt=\"\" class=\"wp-image-2539\"\/><\/figure><\/div>\n\n\n\n<p class=\"has-text-align-center\"><strong>Consejero<\/strong><br>Dr. Ram\u00f3n Mur Garc\u00e9s<\/p>\n<\/div>\n\n\n\n<div class=\"wp-block-column\">\n<div class=\"wp-block-image fotoRounded is-style-rounded\"><figure class=\"aligncenter size-full\"><img loading=\"lazy\" width=\"663\" height=\"663\" src=\"https:\/\/informe-anual-2022.mutualmedica.com\/wp-content\/uploads\/2023\/04\/vilaplana-comgi-_VF_0852_edit.jpg.jpg\" alt=\"\" class=\"wp-image-2536\"\/><\/figure><\/div>\n\n\n\n<p class=\"has-text-align-center\"><strong><strong>Consejero<\/strong><\/strong><br>Dr. Josep Vilaplana Birba<\/p>\n<\/div>\n\n\n\n<div class=\"wp-block-column\">\n<div class=\"wp-block-image fotoRounded is-style-rounded\"><figure class=\"aligncenter size-full\"><img loading=\"lazy\" width=\"663\" height=\"663\" src=\"https:\/\/informe-anual-2022.mutualmedica.com\/wp-content\/uploads\/2023\/04\/Dr_Fernando_Rivas_edit.jpg\" alt=\"\" class=\"wp-image-2517\"\/><\/figure><\/div>\n\n\n\n<p class=\"has-text-align-center\"><strong>Consejero<\/strong><br>Dr. Fernando Rivas Navarro<\/p>\n<\/div>\n<\/div>\n\n\n\n<div class=\"wp-container-69f4b4898eb40 wp-block-group\"><div class=\"wp-block-group__inner-container\">\n<h3>Comit\u00e9 de Direcci\u00f3n<\/h3>\n\n\n\n<p>El Comit\u00e9 de Direcci\u00f3n est\u00e1 formado por los directores de todas las \u00e1reas que conforman el organigrama interno de la mutualidad y tiene la funci\u00f3n de asesorar a la Direcci\u00f3n General y al Consejo de Administraci\u00f3n sobre las l\u00edneas estrat\u00e9gicas de la entidad, as\u00ed como el deber de reportar los avances en los proyectos definidos por el Consejo y la Direcci\u00f3n.<\/p>\n<\/div><\/div>\n\n\n\n<div class=\"wp-block-columns w60\">\n<div class=\"wp-block-column\">\n<div class=\"wp-block-image fotoRounded is-style-rounded\"><figure class=\"aligncenter size-full\"><img loading=\"lazy\" width=\"633\" height=\"633\" src=\"https:\/\/informe-anual-2022.mutualmedica.com\/wp-content\/uploads\/2022\/04\/Sr.-Antonio-Lopez-copia.jpg\" alt=\"\" class=\"wp-image-669\" srcset=\"https:\/\/informe-anual-2022.mutualmedica.com\/wp-content\/uploads\/2022\/04\/Sr.-Antonio-Lopez-copia.jpg 633w, https:\/\/informe-anual-2022.mutualmedica.com\/wp-content\/uploads\/2022\/04\/Sr.-Antonio-Lopez-copia-480x480.jpg 480w\" sizes=\"(min-width: 0px) and (max-width: 480px) 480px, (min-width: 481px) 633px, 100vw\" \/><\/figure><\/div>\n\n\n\n<p class=\"has-text-align-center\"><strong><strong>Director General<\/strong><\/strong><br>Sr. Antonio L\u00f3pez L\u00f3pez<\/p>\n<\/div>\n\n\n\n<div class=\"wp-block-column\">\n<div class=\"wp-block-image fotoRounded is-style-rounded\"><figure class=\"aligncenter size-full\"><img loading=\"lazy\" width=\"633\" height=\"633\" src=\"https:\/\/informe-anual-2022.mutualmedica.com\/wp-content\/uploads\/2023\/06\/Sra_Sandra_Cantos-2.jpg\" alt=\"\" class=\"wp-image-3436\" srcset=\"https:\/\/informe-anual-2022.mutualmedica.com\/wp-content\/uploads\/2023\/06\/Sra_Sandra_Cantos-2.jpg 633w, https:\/\/informe-anual-2022.mutualmedica.com\/wp-content\/uploads\/2023\/06\/Sra_Sandra_Cantos-2-480x480.jpg 480w\" sizes=\"(min-width: 0px) and (max-width: 480px) 480px, (min-width: 481px) 633px, 100vw\" \/><\/figure><\/div>\n\n\n\n<p class=\"has-text-align-center\"><strong><strong><strong><strong><strong>Subdirectora General<\/strong><\/strong><\/strong><br><\/strong><\/strong>Sra. Sandra Cantos L\u00f3pez<\/p>\n<\/div>\n\n\n\n<div class=\"wp-block-column\">\n<div class=\"wp-block-image fotoRounded is-style-rounded\"><figure class=\"aligncenter size-full\"><img loading=\"lazy\" width=\"663\" height=\"663\" src=\"https:\/\/informe-anual-2022.mutualmedica.com\/wp-content\/uploads\/2023\/06\/Crisitna.jpg\" alt=\"\" class=\"wp-image-3439\" srcset=\"https:\/\/informe-anual-2022.mutualmedica.com\/wp-content\/uploads\/2023\/06\/Crisitna.jpg 663w, https:\/\/informe-anual-2022.mutualmedica.com\/wp-content\/uploads\/2023\/06\/Crisitna-480x480.jpg 480w\" sizes=\"(min-width: 0px) and (max-width: 480px) 480px, (min-width: 481px) 663px, 100vw\" \/><\/figure><\/div>\n\n\n\n<p class=\"has-text-align-center\"><strong><strong><strong><strong><strong><strong>Directora del Equipo de Personas y Talento<\/strong><\/strong><\/strong><\/strong><\/strong><\/strong><br>Sra. Cristina G\u00f3mez Esteban<\/p>\n<\/div>\n<\/div>\n\n\n\n<div class=\"wp-block-columns w60\">\n<div class=\"wp-block-column\">\n<div class=\"wp-block-image fotoRounded is-style-rounded\"><figure class=\"aligncenter size-large\"><img loading=\"lazy\" width=\"1024\" height=\"1024\" src=\"https:\/\/informe-anual-2022.mutualmedica.com\/wp-content\/uploads\/2023\/06\/Oscar_Molina_1-1024x1024.jpg\" alt=\"\" class=\"wp-image-3552\" srcset=\"https:\/\/informe-anual-2022.mutualmedica.com\/wp-content\/uploads\/2023\/06\/Oscar_Molina_1-980x980.jpg 980w, https:\/\/informe-anual-2022.mutualmedica.com\/wp-content\/uploads\/2023\/06\/Oscar_Molina_1-480x480.jpg 480w\" sizes=\"(min-width: 0px) and (max-width: 480px) 480px, (min-width: 481px) and (max-width: 980px) 980px, (min-width: 981px) 1024px, 100vw\" \/><\/figure><\/div>\n\n\n\n<p class=\"has-text-align-center\"><strong><strong><strong><strong><strong><strong><strong><strong><strong><strong><strong><strong><strong><strong><strong><strong><strong><strong><strong><strong><strong><strong><strong><strong><strong>Director de Tecnolog\u00eda y Operaciones<\/strong><\/strong><\/strong><\/strong><\/strong><\/strong><\/strong><\/strong><\/strong><\/strong><\/strong><\/strong><\/strong><\/strong><\/strong><\/strong><\/strong><\/strong><\/strong><\/strong><\/strong><\/strong><\/strong><\/strong><\/strong><br>Sr. \u00d3scar Molina Garrido<\/p>\n<\/div>\n\n\n\n<div class=\"wp-block-column\">\n<div class=\"wp-block-image fotoRounded is-style-rounded\"><figure class=\"aligncenter size-full\"><img loading=\"lazy\" width=\"663\" height=\"663\" src=\"https:\/\/informe-anual-2022.mutualmedica.com\/wp-content\/uploads\/2023\/06\/Sra_Anna_Morales.jpg\" alt=\"\" class=\"wp-image-3437\" srcset=\"https:\/\/informe-anual-2022.mutualmedica.com\/wp-content\/uploads\/2023\/06\/Sra_Anna_Morales.jpg 663w, https:\/\/informe-anual-2022.mutualmedica.com\/wp-content\/uploads\/2023\/06\/Sra_Anna_Morales-480x480.jpg 480w\" sizes=\"(min-width: 0px) and (max-width: 480px) 480px, (min-width: 481px) 663px, 100vw\" \/><\/figure><\/div>\n\n\n\n<p class=\"has-text-align-center\"><strong><strong><strong><strong><strong><strong><strong><strong><strong><strong><strong><strong><strong><strong>Directora de Comunicaci\u00f3n, Marca, Relaciones Institucionales y Sostenibilidad<\/strong><\/strong><\/strong><\/strong><\/strong><\/strong><\/strong><\/strong><\/strong><\/strong><\/strong><\/strong><br><\/strong><\/strong>Sra. Anna Morales Ball\u00fas<\/p>\n<\/div>\n\n\n\n<div class=\"wp-block-column\">\n<div class=\"wp-block-image fotoRounded is-style-rounded\"><figure class=\"aligncenter size-full\"><img loading=\"lazy\" width=\"663\" height=\"663\" src=\"https:\/\/informe-anual-2022.mutualmedica.com\/wp-content\/uploads\/2023\/06\/Sr_Cesa_Vizuete.jpg\" alt=\"\" class=\"wp-image-3438\" srcset=\"https:\/\/informe-anual-2022.mutualmedica.com\/wp-content\/uploads\/2023\/06\/Sr_Cesa_Vizuete.jpg 663w, https:\/\/informe-anual-2022.mutualmedica.com\/wp-content\/uploads\/2023\/06\/Sr_Cesa_Vizuete-480x480.jpg 480w\" sizes=\"(min-width: 0px) and (max-width: 480px) 480px, (min-width: 481px) 663px, 100vw\" \/><\/figure><\/div>\n\n\n\n<p class=\"has-text-align-center\"><strong><strong><strong><strong><strong><strong><strong><strong>Director Comercial y Marketing Operativo<\/strong><\/strong><\/strong><\/strong><\/strong><\/strong><br><\/strong><\/strong>Sr. C\u00e9sar Vizuete Bermejo<\/p>\n<\/div>\n<\/div>\n\n\n\n<h3><strong>Servicio de Atenci\u00f3n al Cliente<\/strong><\/h3>\n\n\n\n<p>El Servicio de Atenci\u00f3n al Cliente (SAC) atiende las consultas, quejas y reclamaciones de los mutualistas asegurados, beneficiarios o derechohabientes contra los acuerdos de la mutualidad.<\/p>\n\n\n\n<div class=\"wp-block-columns\">\n<div class=\"wp-block-column\">\n<p><strong>Responsable del SAC<\/strong> <br>Sr. Luis Almajano<\/p>\n<\/div>\n\n\n\n<div class=\"wp-block-column\">\n<p>&nbsp;<\/p>\n<\/div>\n<\/div>\n\n\n\n<h3><strong>Participaci\u00f3n en asociaciones<\/strong><\/h3>\n\n\n\n<p>Como mutualidad de previsi\u00f3n social del colectivo m\u00e9dico, participamos en varias agrupaciones de entidades relacionadas con la previsi\u00f3n social, con el \u00e1mbito de las mutualidades o con los m\u00e9dicos, con el fin de promover propuestas de mejora a las administraciones, tanto nacionales como europeas, en beneficio de nuestros mutualistas y de todos los m\u00e9dicos.<\/p>\n\n\n\n<div style=\"height:50px\" aria-hidden=\"true\" class=\"wp-block-spacer\"><\/div>\n\n\n\n<div class=\"wp-block-columns\">\n<div class=\"wp-block-column\" style=\"flex-basis:100%\">\n<div class=\"wp-block-columns are-vertically-aligned-center w100\">\n<div class=\"wp-block-column is-vertically-aligned-center\" style=\"flex-basis:20%\"><\/div>\n\n\n\n<div class=\"wp-block-column is-vertically-aligned-center\" style=\"flex-basis:20%\">\n<figure class=\"wp-block-image size-full\"><a href=\"https:\/\/amice-eu.org\/\" target=\"_blank\" rel=\"noopener\"><img loading=\"lazy\" width=\"1000\" height=\"500\" src=\"https:\/\/informe-anual-2022.mutualmedica.com\/wp-content\/uploads\/2022\/04\/Logo_Amice.jpg\" alt=\"\" class=\"wp-image-40\" srcset=\"https:\/\/informe-anual-2022.mutualmedica.com\/wp-content\/uploads\/2022\/04\/Logo_Amice.jpg 1000w, https:\/\/informe-anual-2022.mutualmedica.com\/wp-content\/uploads\/2022\/04\/Logo_Amice-300x150.jpg 300w, https:\/\/informe-anual-2022.mutualmedica.com\/wp-content\/uploads\/2022\/04\/Logo_Amice-768x384.jpg 768w\" sizes=\"(max-width: 1000px) 100vw, 1000px\" \/><\/a><\/figure>\n<\/div>\n\n\n\n<div class=\"wp-block-column\" style=\"flex-basis:20%\">\n<figure class=\"wp-block-image size-full\"><a href=\"https:\/\/www.cneps.es\/\" target=\"_blank\" rel=\"noopener\"><img loading=\"lazy\" width=\"512\" height=\"102\" src=\"https:\/\/informe-anual-2022.mutualmedica.com\/wp-content\/uploads\/2022\/04\/Logo_CEM.jpg\" alt=\"\" class=\"wp-image-41\" srcset=\"https:\/\/informe-anual-2022.mutualmedica.com\/wp-content\/uploads\/2022\/04\/Logo_CEM.jpg 512w, https:\/\/informe-anual-2022.mutualmedica.com\/wp-content\/uploads\/2022\/04\/Logo_CEM-300x60.jpg 300w\" sizes=\"(max-width: 512px) 100vw, 512px\" \/><\/a><\/figure>\n<\/div>\n\n\n\n<div class=\"wp-block-column\" style=\"flex-basis:20%\">\n<figure class=\"wp-block-image size-full\"><a href=\"https:\/\/www.europamedica.com\/es\/\" target=\"_blank\" rel=\"noopener\"><img loading=\"lazy\" width=\"524\" height=\"117\" src=\"https:\/\/informe-anual-2022.mutualmedica.com\/wp-content\/uploads\/2022\/04\/Logo_Europa_Medica.jpg\" alt=\"\" class=\"wp-image-42\" srcset=\"https:\/\/informe-anual-2022.mutualmedica.com\/wp-content\/uploads\/2022\/04\/Logo_Europa_Medica.jpg 524w, https:\/\/informe-anual-2022.mutualmedica.com\/wp-content\/uploads\/2022\/04\/Logo_Europa_Medica-300x67.jpg 300w\" sizes=\"(max-width: 524px) 100vw, 524px\" \/><\/a><\/figure>\n<\/div>\n\n\n\n<div class=\"wp-block-column\" style=\"flex-basis:20%\"><\/div>\n<\/div>\n<\/div>\n<\/div>\n\n\n\n<hr class=\"wp-block-separator ancla-je\" id=\"modelos-de-gestion-de-riesgos-corporativos\"\/>\n\n\n\n<h2><strong>Modelos de gesti\u00f3n de riesgos corporativos<\/strong><\/h2>\n\n\n\n<p><strong>La actividad de Mutual M\u00e9dica est\u00e1 afectada por un conjunto de riesgos de naturaleza muy diversa<\/strong>: sociales, econ\u00f3micos, financieros, legislativos, operacionales o vinculados al uso de las tecnolog\u00edas de la informaci\u00f3n y comunicaci\u00f3n. Estos riesgos no son est\u00e1ticos, sino que se encuentran en constante transformaci\u00f3n, como demuestran la incertidumbre econ\u00f3mica global actual y la aceleraci\u00f3n del proceso de digitalizaci\u00f3n.<\/p>\n\n\n\n<p>La entidad cuenta con una serie de <strong>sistemas de identificaci\u00f3n de estos riesgos y con recursos y pol\u00edticas propias para hacerles frente<\/strong>.<\/p>\n\n\n\n<h3><strong>Tres l\u00edneas de defensa<\/strong><\/h3>\n\n\n\n<p>Mutual M\u00e9dica adopta el sistema de tres l\u00edneas de defensa como modelo para la gesti\u00f3n de riesgos corporativos y el control interno. Este modelo persigue principalmente los siguientes objetivos:<\/p>\n\n\n\n<ul><li>Anticipaci\u00f3n de los riesgos y desarrollo de medidas preventivas.<\/li><li>Gesti\u00f3n del riesgo a partir del cumplimiento de las normativas externas e internas.<\/li><li>Desarrollo de mecanismos fiables e independientes de auditor\u00eda interna.<\/li><\/ul>\n\n\n\n<figure class=\"wp-block-image size-full w75\"><img loading=\"lazy\" width=\"1389\" height=\"726\" src=\"https:\/\/informe-anual-2022.mutualmedica.com\/wp-content\/uploads\/2022\/05\/image-3.png\" alt=\"\" class=\"wp-image-1535\" srcset=\"https:\/\/informe-anual-2022.mutualmedica.com\/wp-content\/uploads\/2022\/05\/image-3.png 1389w, https:\/\/informe-anual-2022.mutualmedica.com\/wp-content\/uploads\/2022\/05\/image-3-1280x669.png 1280w, https:\/\/informe-anual-2022.mutualmedica.com\/wp-content\/uploads\/2022\/05\/image-3-980x512.png 980w, https:\/\/informe-anual-2022.mutualmedica.com\/wp-content\/uploads\/2022\/05\/image-3-480x251.png 480w\" sizes=\"(min-width: 0px) and (max-width: 480px) 480px, (min-width: 481px) and (max-width: 980px) 980px, (min-width: 981px) and (max-width: 1280px) 1280px, (min-width: 1281px) 1389px, 100vw\" \/><\/figure>\n\n\n\n<div style=\"height:50px\" aria-hidden=\"true\" class=\"wp-block-spacer\"><\/div>\n\n\n\n<p>El modelo de tres l\u00edneas de defensa es un est\u00e1ndar ampliamente utilizado, que es tambi\u00e9n requerido por Solvencia II, la directiva europea que marca el sistema de solvencia de todas las entidades del sector asegurador.<\/p>\n\n\n\n<h3><strong>Principales riesgos y medidas de prevenci\u00f3n<\/strong><\/h3>\n\n\n\n<p>De acuerdo con el modelo de las tres l\u00edneas de defensa, la entidad ha seguido trabajando en 2022 en el desarrollo de medidas de prevenci\u00f3n para gestionar los riesgos vinculados a los siguientes aspectos: <em>compliance <\/em>penal, protecci\u00f3n de datos y ciberseguridad.<\/p>\n\n\n\n<h4><em>Compliance<\/em> penal<\/h4>\n\n\n\n<p>Mutual M\u00e9dica ha desarrollado un Sistema de Gesti\u00f3n de <em>Compliance <\/em>Penal para contribuir al buen gobierno corporativo y gesti\u00f3n \u00e9tica.<\/p>\n\n\n\n<p>El sistema de gesti\u00f3n de prevenci\u00f3n de delitos que est\u00e1 implementando Mutual M\u00e9dica pretende evitar la comisi\u00f3n de conductas que conlleven incurrir en responsabilidad penal de la persona jur\u00eddica. Ciertas acciones de los miembros del sistema de gobierno, los empleados por s\u00ed mismos o en relaci\u00f3n con nuestros grupos de inter\u00e9s y\/o socios de negocio pueden residir en la exposici\u00f3n de la entidad a conductas incorrectas que conlleven responsabilidad econ\u00f3mica, administrativa o reputacional. Como medida de prevenci\u00f3n, Mutual M\u00e9dica ha elaborado distintas pol\u00edticas internas y realiza a su vez acciones formativas de concienciaci\u00f3n en distintas materias como la prevenci\u00f3n del blanqueo de capitales, la estafa, la corrupci\u00f3n, el cohecho, da\u00f1os inform\u00e1ticos, entre otros, para reducir el riesgo de comisi\u00f3n a nivel interno o en colaboraci\u00f3n\/cooperaci\u00f3n con terceros vinculados a la entidad.<\/p>\n\n\n\n<p>Mutual M\u00e9dica vela por el principio de tolerancia cero al riesgo a la corrupci\u00f3n y al fraude; por ello en su actuaci\u00f3n y relaci\u00f3n con los proveedores o colaboradores se extienden dichas medidas y se les solicita mantener unos valores y principios de actuaci\u00f3n similares. Las pol\u00edticas internas del sistema de gobierno, <em>compliance<\/em> penal, gesti\u00f3n de riesgos de fraude, etc. son aprobadas por los \u00f3rganos de gobierno y difundidas y accesibles a los empleados, para que tengan conocimiento acerca de estos comportamientos il\u00edcitos e irregularidades y dispongan de los mecanismos de prevenci\u00f3n necesarios para evitar que se produzcan y denunciarlo mediante mecanismos seguros y confidenciales implementados por la entidad.<strong><\/strong><\/p>\n\n\n\n<p>Mutual M\u00e9dica cuenta con las estructuras internas necesarias para cumplir con los requisitos exigidos por cada normativa, \u00f3rgano de <em>compliance<\/em> penal, Unidad T\u00e9cnica, OCI, DPO, entre otros, que velan por el cumplimiento y ejecuci\u00f3n material de lo establecido en las pol\u00edticas, procedimientos y otras funciones asignadas en este \u00e1mbito.<\/p>\n\n\n\n<p><\/p>\n\n\n\n<h4>Protecci\u00f3n de datos<\/h4>\n\n\n\n<p>Mutual M\u00e9dica se preocupa por la privacidad y la protecci\u00f3n de datos de nuestros mutualistas, empleados y proveedores o terceros con los que interact\u00faa.<\/p>\n\n\n\n<p>En cumplimiento del Reglamento General de Protecci\u00f3n de Datos y Ley de Protecci\u00f3n de Datos y Derechos Digitales, Mutual M\u00e9dica dispone de unas pol\u00edticas internas que regulan las principales buenas pr\u00e1cticas en cuanto al uso de dispositivos y el marco de seguridad de los sistemas de informaci\u00f3n en el que se indica la estructura interna y organizativa que desarrolla e implementa las medidas de seguridad, de confidencialidad, de integridad y de disponibilidad necesarias para cuidar y tratar los datos personales, as\u00ed como protecci\u00f3n de la informaci\u00f3n.<\/p>\n\n\n\n<p>En aquellos procesos, circuitos y procedimientos que requieren almacenaje o tratamiento de datos personales, se realizan an\u00e1lisis relativos a los sistemas de protecci\u00f3n y almacenamiento de datos, servidores, servicios en la nube y otros, con el fin de valorar los riesgos que puede representar, as\u00ed como la probabilidad y nivel de gravedad de estos.<\/p>\n\n\n\n<p>Se trabaja aplicando los principios de protecci\u00f3n de datos y privacidad desde el dise\u00f1o, atendiendo a la naturaleza, el alcance, el contexto y los fines del tratamiento de los datos personales, as\u00ed como la afectaci\u00f3n en los derechos y libertades de los mutualistas. Se vela por la transparencia en la redacci\u00f3n de las cl\u00e1usulas informativas y el deber de informaci\u00f3n previos. Se supervisan los requerimientos acerca del tratamiento de datos en la contrataci\u00f3n con terceros o con proveedores, para garantizar la seguridad de estos datos; en caso necesario, se formalizan las medidas contractuales de tratamiento o cesi\u00f3n de datos que regulen la operativa.<\/p>\n\n\n\n<p>Por otra parte, la entidad lleva a cabo formaci\u00f3n, aunque m\u00e1s especialmente en aquellas \u00e1reas que participan de un mayor volumen de tratamiento de datos, a los efectos de garantizar el cumplimiento de las obligaciones legales en esta materia, as\u00ed como fomentar el soporte en la detecci\u00f3n preventiva de riesgos y reforzar la aplicaci\u00f3n de los debidos controles para mitigar estos riesgos. <\/p>\n\n\n\n<p>El delegado de protecci\u00f3n de datos y el grupo de seguridad de la informaci\u00f3n recogen en sus informes y actas los trabajos y proyectos que llevan a cabo, lo que refuerza la privacidad y el cumplimiento de la protecci\u00f3n de datos en Mutual M\u00e9dica.<\/p>\n\n\n\n<h4>Ciberseguridad<\/h4>\n\n\n\n<p>Una de las categor\u00edas del riesgo operacional en Solvencia II se refiere a los eventos que se materializan por causas debidas a fallos en los sistemas, tambi\u00e9n denominados tecnolog\u00edas de la informaci\u00f3n. Dentro de dicha clasificaci\u00f3n, destaca el llamado \u201cciberriesgo\u201d, que es aquel que se produce a ra\u00edz de una vulnerabilidad o fallos de seguridad de los sistemas inform\u00e1ticos.<\/p>\n\n\n\n<p>En esta l\u00ednea, se sigui\u00f3 reforzando y monitorizando las medidas de seguridad oportunas relativas a la estructura, y la entidad dispone de un grupo de trabajo de seguridad que vela por el cumplimiento de la protecci\u00f3n de datos personales, la integridad, disponibilidad y resiliencia operativa de la entidad. Dicho grupo se rige por las pol\u00edticas internas que definen el marco de gesti\u00f3n de los sistemas de seguridad de la informaci\u00f3n de Mutual M\u00e9dica. En dichas pol\u00edticas se detalla la estructura interna y roles de dicho grupo, as\u00ed como los servicios externos que contribuyen a la monitorizaci\u00f3n y gesti\u00f3n de la seguridad.<\/p>\n\n\n\n<p>La entidad tiene externalizado los siguientes servicios:<\/p>\n\n\n\n<ul><li>El SOC (<em>Service Operation Center<\/em>) que monitoriza en tiempo real con una transferencia continua de m\u00e9tricas e indicadores, correlaci\u00f3n y filtrado de alertas, <em>logs<\/em>, antivirus, etc., en base al nivel de exposici\u00f3n de los activos. En el marco de este servicio, el proveedor externo efect\u00faa un an\u00e1lisis constante de amenazas, existiendo un sistema de comunicaci\u00f3n de alertas fluido con el responsable de Seguridad de Mutual M\u00e9dica mediante el que se informa de las vulnerabilidades detectadas de los activos cr\u00edticos; es parte tambi\u00e9n de sus tareas dar soporte avanzado para resolverlas o minimizarlas. De forma reactiva, este servicio tambi\u00e9n ofrece la respuesta remota con contramedidas de seguridad en caso de incidentes.<\/li><\/ul>\n\n\n\n<ul><li>La OTS (Oficina T\u00e9cnica de Seguridad), que ofrece un asesoramiento proactivo de avances y mejoras que se pueden implementar en la entidad en materia de ciberseguridad, as\u00ed como su <em>expertise<\/em> en la implementaci\u00f3n y supervisi\u00f3n de tales medidas que son propuestas. Tambi\u00e9n ofrece su soporte en iniciativas de seguridad decididas por Mutual M\u00e9dica debido a su grado de conocimiento y especializaci\u00f3n.<\/li><\/ul>\n\n\n\n<p>Mutual M\u00e9dica, durante el ejercicio 2022, ha seguido reforzando y monitorizando las medidas de seguridad cibern\u00e9ticas necesarias para facilitar y mejorar las conexiones de los empleados desde cualquier lugar externo a sus oficinas. La asunci\u00f3n de la modalidad de trabajo mixta (tanto en oficinas de la entidad, como en los hogares de los trabajadores), ha comportado una mayor formaci\u00f3n y la necesidad de concienciar a todos los empleados sobre los riesgos cibern\u00e9ticos actuales.<\/p>\n\n\n\n<p><strong>Acciones realizadas para la reducci\u00f3n del riesgo cibern\u00e9tico<\/strong><\/p>\n\n\n\n<ul><li>Durante el a\u00f1o se ha trabajado en las siguientes direcciones:<ul><li>Auditor\u00edas de Seguridad externas (DAST y SAST) sobre las diferentes aplicaciones que se han puesto en funcionamiento (\u00c1rea del Mutualista y Nuevo Formulario Mutualista Joven). En ninguna de las dos auditor\u00edas se han detectado incidencias cr\u00edticas ni altas que impidieran su apertura de manera p\u00fablica.<\/li><\/ul><\/li><li>Concienciaci\u00f3n sobre <em>phishing<\/em>:<ul><li>Se ha realizado una formaci\u00f3n a todos los empleados y consejeros, en diferentes grupos seg\u00fan antig\u00fcedad y resultado de anteriores simulacros.<\/li><li>Realizado simulacro de <em>phishing<\/em> en noviembre de 2022. Como indicador m\u00e1s destacado, se ha reducido la ratio \u201cDatos introducidos \/ Mail abierto\u201d en aproximadamente un 70% frente al ejercicio anterior.<\/li><\/ul><\/li><li>Implantaci\u00f3n de nuevas herramientas orientadas a aumentar el nivel de seguridad:<ul><li>Herramienta para parcheado virtual de servidores (Deep Scan de Trend Micro).<\/li><li>Herramienta para auditor\u00eda continua de seguridad de c\u00f3digo (Checkmarx).<\/li><\/ul><\/li><\/ul>\n\n\n\n<p>De manera complementaria, en junio de 2022 se ha migrado el CPD de Mutual M\u00e9dica a un <em>Data Center<\/em> fuera de las instalaciones de Mutual M\u00e9dica, que cumple con todas las normativas y recomendaciones del Instituto Nacional de Ciberseguridad (INCIBE).<\/p>\n\n\n\n<p>Como actividad recurrente se mantiene y ampl\u00eda el servicio del SOC proporcionado por el proveedor Ackcent. A final de 2022 se ha renovado el contrato por 3 a\u00f1os m\u00e1s.<\/p>\n\n\n\n<p>Adicionalmente, siguiendo las recomendaciones de EIOPA, se ha implantado un nuevo m\u00e9todo para que todos los empleados de la entidad puedan reportar cualquier problema de seguridad y as\u00ed crear un inventario de los mismos (a trav\u00e9s de la herramienta Jira).<\/p>\n\n\n\n<p>En esta direcci\u00f3n, solo se ha reportado una incidencia relacionada con un <em>banner<\/em> de publicidad que fue insertado de manera externa en www.mutualmedica.com. Esta incidencia no comprometi\u00f3 datos de mutualistas en ninguno de los planos (sustracci\u00f3n, supresi\u00f3n, etc.), pero pudo afectar a la reputaci\u00f3n de la entidad al aparecer una publicidad no consentida por Mutual M\u00e9dica. Este <em>banner<\/em> se pudo suprimir corrigiendo una vulnerabilidad de la tecnolog\u00eda del Portal, LifeRay. Finalmente, se mantiene la contrataci\u00f3n (con Chubb) de una p\u00f3liza de seguros que ofrece la cobertura de riesgos cibern\u00e9ticos que proporciona un refuerzo adicional de recursos ante incidencias o ataques de seguridad, independientemente del alcance de estos.<\/p>\n\n\n\n<h3><strong>Sistema de Control Interno y Auditor\u00eda Interna<\/strong><\/h3>\n\n\n\n<p>El Sistema de Control Interno engloba todos aquellos procesos y medidas establecidos por el Consejo de Administraci\u00f3n de Mutual M\u00e9dica para garantizar que las operaciones de la entidad se realizan seg\u00fan lo establecido y con el nivel de calidad y precisi\u00f3n exigido. En concreto, estos procedimientos miden aspectos como la eficacia y eficiencia de las operaciones; la fiabilidad e integridad de la informaci\u00f3n financiera y no financiera; la adecuada gesti\u00f3n de los riesgos de acuerdo con los objetivos estrat\u00e9gicos, y el cumplimiento de las leyes, pol\u00edticas y procedimientos internos aplicables.<\/p>\n\n\n\n<p>Este sistema se desarrolla a partir de las siguientes fases:<\/p>\n\n\n\n<p>1.- <strong>Identificaci\u00f3n de objetivos:<\/strong> definici\u00f3n de los objetivos de la entidad y los pasos a seguir para alcanzarlos.<\/p>\n\n\n\n<p>2.- <strong>Establecimiento de pol\u00edticas<\/strong>: definici\u00f3n de las pol\u00edticas que marcan las reglas a seguir para alcanzar los objetivos fijados, encabezadas por el Marco de Sistema de Gobierno.<\/p>\n\n\n\n<p>3.- <strong>Identificaci\u00f3n de procesos clave:<\/strong> definici\u00f3n de los procesos alineados con la estrategia de la entidad y que se encaminen a la consecuci\u00f3n de los objetivos identificados inicialmente.<\/p>\n\n\n\n<p>4.- <strong>Asignaci\u00f3n de responsabilidades:<\/strong> definici\u00f3n clara de las responsabilidades de cada uno de los implicados en este sistema.<\/p>\n\n\n\n<p>5.- <strong>Identificaci\u00f3n de riesgos\/deficiencias:<\/strong> identificaci\u00f3n de los riesgos que podr\u00edan darse en los procesos clave y que podr\u00edan poner en peligro el logro de los objetivos de la entidad, en base a su alcance (importancia) y probabilidad de ocurrencia.<\/p>\n\n\n\n<p>6.- <strong>Implantaci\u00f3n de controles y actividades de control en respuesta a los riesgos:<\/strong> conjunto de pol\u00edticas y procedimientos que ayudan a tomar las medidas necesarias para controlar los riesgos y conseguir los objetivos fijados.<\/p>\n\n\n\n<p>7.- <strong>Gesti\u00f3n del riesgo:<\/strong> centralizaci\u00f3n del control y coordinaci\u00f3n del proceso de gesti\u00f3n de riesgos y de los resultados, as\u00ed como el control y supervisi\u00f3n del cumplimiento normativo y legal.<\/p>\n\n\n\n<p>8.- <strong><em>Reporting<\/em>:<\/strong> identificaci\u00f3n, generaci\u00f3n y comunicaci\u00f3n de informaci\u00f3n oportuna y veraz en el menor tiempo posible.<\/p>\n\n\n\n<p>9.- <strong>Supervisi\u00f3n y seguimiento del Sistema de Control Interno:<\/strong> procesos o procedimientos dise\u00f1ados para revisar la efectividad del Sistema de Control Interno. Los dos estadios de esta fase son el departamento de Cumplimiento y Control Interno y la Auditor\u00eda Interna (externalizada en Mazars, S.L.P.).<\/p>\n\n\n\n<figure class=\"wp-block-image size-large d w75\"><img loading=\"lazy\" width=\"1024\" height=\"183\" src=\"https:\/\/informe-anual-2022.mutualmedica.com\/wp-content\/uploads\/2023\/06\/Capitulo-2-Buen-Gobierno_Destacado_ES-1024x183.jpg\" alt=\"\" class=\"wp-image-3369\" srcset=\"https:\/\/informe-anual-2022.mutualmedica.com\/wp-content\/uploads\/2023\/06\/Capitulo-2-Buen-Gobierno_Destacado_ES-980x175.jpg 980w, https:\/\/informe-anual-2022.mutualmedica.com\/wp-content\/uploads\/2023\/06\/Capitulo-2-Buen-Gobierno_Destacado_ES-480x86.jpg 480w\" sizes=\"(min-width: 0px) and (max-width: 480px) 480px, (min-width: 481px) and (max-width: 980px) 980px, (min-width: 981px) 1024px, 100vw\" \/><\/figure>\n\n\n\n<div class=\"wp-block-image m\"><figure class=\"aligncenter size-large\"><img loading=\"lazy\" width=\"624\" height=\"1024\" src=\"https:\/\/informe-anual-2022.mutualmedica.com\/wp-content\/uploads\/2023\/06\/Capitulo-2-Buen-Gobierno_Destacado_movil_ES-624x1024.jpg\" alt=\"\" class=\"wp-image-3370\"\/><\/figure><\/div>\n\n\n\n<p>En 2022, adem\u00e1s de revisar y actualizar las ya existentes, se han desarrollado nuevas pol\u00edticas que han permitido reforzar el sistema de gobierno y, con ello, el Sistema de Control Interno, como son las pol\u00edticas de prevenci\u00f3n de fraude y anticorrupci\u00f3n, la pol\u00edtica de gastos de personal o la nueva versi\u00f3n de la pol\u00edtica de compras, renombrada como pol\u00edtica de adquisici\u00f3n de bienes y servicios.<\/p>\n\n\n\n<h4><strong>Departamento de<\/strong> <strong>Cumplimiento y Control Interno<\/strong><\/h4>\n\n\n\n<p>A principios de 2022 se llev\u00f3 a cabo una reestructuraci\u00f3n interna en la entidad que deriv\u00f3 en la escisi\u00f3n de la Funci\u00f3n de Verificaci\u00f3n de Cumplimiento del departamento Jur\u00eddico, separando as\u00ed primera y segunda l\u00ednea de defensa del modelo expuesto con anterioridad.<\/p>\n\n\n\n<p>La Funci\u00f3n de Verificaci\u00f3n de Cumplimiento, que experiment\u00f3 un cambio de titularidad, pas\u00f3 a formar parte del departamento que, hasta el momento, se denominaba Organizaci\u00f3n y Control Interno para pasar a ser Cumplimiento y Control Interno.<\/p>\n\n\n\n<p>El <strong>departamento de<\/strong> <strong>Cumplimiento y Control Interno<\/strong> es el <strong>responsable de velar por el cumplimiento de las normas externas<\/strong> (legislaci\u00f3n general y normativa del sector o actividad) e internas (pol\u00edticas, manual de procedimientos, buenas pr\u00e1cticas, etc.) con el objetivo de reforzar el Sistema de Control Interno y, por tanto, el Sistema de Gobierno y evitar la p\u00e9rdida de reputaci\u00f3n que Mutual M\u00e9dica puede sufrir como resultado de incumplimiento, reforzando la tranquilidad y fiabilidad en la gesti\u00f3n de la gobernanza de la entidad.<\/p>\n\n\n\n<p>Adem\u00e1s, las tareas realizadas por este departamento en contribuci\u00f3n al levantamiento de procesos cr\u00edticos y las medidas establecidas de valoraci\u00f3n de controles implementados para mitigar los riesgos detectados permiten medir y comprobar la efectividad del Sistema de Control Interno.<\/p>\n\n\n\n<p>Entre otras responsabilidades del departamento, est\u00e1 coordinar las distintas auditor\u00edas internas y externas, tanto de car\u00e1cter contable financiero (por ejemplo, cuentas anuales e informe de gesti\u00f3n, etc.) como de otras normativas aplicables (entre ellas, protecci\u00f3n de datos y prevenci\u00f3n de blanqueo de capitales), as\u00ed como reportar los informes y resultados a la Comisi\u00f3n de Auditor\u00eda y Control y, si procede, al Consejo de Administraci\u00f3n.<\/p>\n\n\n\n<p>Este departamento brinda soporte a la Comisi\u00f3n de Auditor\u00eda y Control para todas aquellas cuestiones previstas en el orden del d\u00eda de las reuniones, as\u00ed como documentaci\u00f3n y acuerdos alcanzados en las mismas<strong>.<\/strong><\/p>\n\n\n\n<p>El seguimiento y control del grado de cumplimiento alcanzado por cada departamento es otro de los hitos destacados de su misi\u00f3n, elevando dicho <em>reporting<\/em> al Comit\u00e9 de Cumplimiento. <\/p>\n\n\n\n<p>Por otro lado, es el departamento soporte con las Administraciones P\u00fablicas y Direcci\u00f3n General de Seguros y Fondos de Pensiones en la atenci\u00f3n de notificaciones o requerimientos de informaci\u00f3n o antes inspecciones.<\/p>\n\n\n\n<p>Por \u00faltimo, el \u00e1rea trabaja de forma transversal con acciones de formaci\u00f3n y concienciaci\u00f3n en materias de cumplimiento normativo y cuestiones relacionadas con el fraude y control.<\/p>\n\n\n\n<p>Cabe destacar la estrecha colaboraci\u00f3n entre este departamento y la funci\u00f3n de gesti\u00f3n de riesgos en las labores de confecci\u00f3n de un mapa de riesgos operacionales, as\u00ed como en el dise\u00f1o y ejecuci\u00f3n de test sobre los controles implementados en los procesos de negocio.<\/p>\n\n\n\n<h4>Auditor\u00eda Interna<\/h4>\n\n\n\n<p>En su rol de tercera l\u00ednea de defensa, la Funci\u00f3n de Auditor\u00eda Interna se encarga de la revisi\u00f3n y evaluaci\u00f3n de forma objetiva e independiente del Sistema de Control Interno, con el objetivo de proporcionar una garant\u00eda adicional al Consejo de Administraci\u00f3n. Para ello, y con el objetivo de dotarla de una mayor imparcialidad, la entidad decidi\u00f3 externalizarla en una firma de auditor\u00eda de prestigio (Mazars, S.L.P.) en junio de 2017. En junio de 2022, se ha renovado el contrato con dicha firma, por un periodo de dos a\u00f1os y medio, prorrogables dos a\u00f1os m\u00e1s.<\/p>\n\n\n\n<p class=\"margin-bottom-15\">Cabe destacar las intervenciones realizadas durante 2022 por parte de la Funci\u00f3n de Auditor\u00eda Interna, dando respuesta al Plan de Auditor\u00eda Interna aprobado por el Consejo de Administraci\u00f3n a tal efecto:<\/p>\n\n\n\n<ul><li>Gesti\u00f3n fiscal.<\/li><li>Pol\u00edtica de riesgo operacional.<\/li><li>Marketing y gesti\u00f3n de publicidad.<\/li><li>Grado de implantaci\u00f3n de Solvencia II.<\/li><li>Gesti\u00f3n de la seguridad.<\/li><li>Plan de activos y personas.<\/li><li>Gesti\u00f3n y registro contable de inversiones.<\/li><li>Pol\u00edtica de integraci\u00f3n de riesgos de sostenibilidad.<\/li><li>Marco de Sistema de Gobierno y pol\u00edtica de aptitud y honorabilidad.<\/li><li>Pol\u00edtica de Sistema de Control Interno.<\/li><\/ul>\n\n\n\n<div style=\"height:50px\" aria-hidden=\"true\" class=\"wp-block-spacer\"><\/div>\n","protected":false},"excerpt":{"rendered":"<p>\u00d3rganos de gobierno El objetivo del Sistema de Gobierno de Mutual M\u00e9dica es dotar a la entidad de una estructura organizativa transparente y apropiada, con una clara y adecuada distribuci\u00f3n y separaci\u00f3n de funciones. Para ello, la estructura se compone de tres niveles de decisi\u00f3n: Asamblea General de Mutualistas, Consejo de Administraci\u00f3n y las diversas [&hellip;]<\/p>\n","protected":false},"author":1,"featured_media":2847,"parent":0,"menu_order":0,"comment_status":"closed","ping_status":"closed","template":"","meta":{"_et_pb_use_builder":"off","_et_pb_old_content":"<!-- wp:separator {\"className\":\"ancla-je\"} -->\r\n<hr class=\"wp-block-separator ancla-je\" id=\"organos-de-gobierno\"\/>\r\n<!-- \/wp:separator -->\r\n\r\n<!-- wp:heading -->\r\n<h2><strong>\u00d3rganos de gobierno<\/strong><\/h2>\r\n<!-- \/wp:heading -->\r\n\r\n<!-- wp:paragraph -->\r\n<p>El objetivo del Sistema de Gobierno de Mutual M\u00e9dica es<strong> dotar a la entidad de una estructura organizativa transparente y apropiada<\/strong>, con una clara y adecuada distribuci\u00f3n y separaci\u00f3n de funciones. Para ello, <strong>la estructura se compone de tres niveles de decisi\u00f3n: Asamblea General de Mutualistas, Consejo de Administraci\u00f3n y las diversas Comisiones del Consejo<\/strong>.<\/p>\r\n<!-- \/wp:paragraph -->\r\n\r\n<!-- wp:paragraph -->\r\n<p>Paralelamente, en el marco del cumplimiento de Solvencia II, el sistema de gobierno estar\u00e1 compuesto, a su vez, por las funciones clave de gesti\u00f3n de Riesgos, Actuarial, Auditor\u00eda Interna y verificaci\u00f3n de Cumplimiento.<\/p>\r\n<!-- \/wp:paragraph -->\r\n\r\n<!-- wp:paragraph -->\r\n<p>Este sistema responde al doble compromiso del modelo de gobernanza de la entidad:<\/p>\r\n<!-- \/wp:paragraph -->\r\n\r\n<!-- wp:paragraph -->\r\n<p>\u2022 La aplicaci\u00f3n efectiva de los valores de Mutual M\u00e9dica, a partir de unos criterios propios de actuaci\u00f3n y autocontrol.<\/p>\r\n<!-- \/wp:paragraph -->\r\n\r\n<!-- wp:paragraph -->\r\n<p>\u2022 El cumplimiento del ordenamiento jur\u00eddico que le afecta como entidad aseguradora con naturaleza de mutualidad de previsi\u00f3n social.<\/p>\r\n<!-- \/wp:paragraph -->\r\n\r\n<!-- wp:paragraph -->\r\n<p>A continuaci\u00f3n, se detallan las funciones y composici\u00f3n de cada uno de los \u00f3rganos de gobierno en el ejercicio 2021.<\/p>\r\n<!-- \/wp:paragraph -->\r\n\r\n<!-- wp:heading {\"level\":3} -->\r\n<h3>Organigrama<\/h3>\r\n<!-- \/wp:heading -->\r\n\r\n<!-- wp:html -->\r\n<iframe src=\"https:\/\/informe-anual-2022.mutualmedica.com\/wp-content\/graficas\/02-01\/02-01_organigrama2.html\" width=\"768\" height=\"466\" marginwidth=\"0\" marginheight=\"0\" frameborder=\"0\" scrolling=\"no\" style=\"display:block; margin: 0 auto;\"><\/iframe>\r\n<!-- \/wp:html -->\r\n\r\n<!-- wp:heading {\"level\":3} -->\r\n<h3><strong>Asamblea general<\/strong><\/h3>\r\n<!-- \/wp:heading -->\r\n\r\n<!-- wp:paragraph -->\r\n<p>La Asamblea General es la <strong>reuni\u00f3n de los mutualistas para deliberar y establecer acuerdos<\/strong>, entre los que destacan el nombramiento, la ratificaci\u00f3n y la revocaci\u00f3n de los miembros del Consejo de Administraci\u00f3n, as\u00ed como valorar y censurar o aprobar la gesti\u00f3n social y las cuentas anuales del ejercicio. Asimismo, aprueba nuevos reglamentos o cambios en los ya existentes, adem\u00e1s de las modificaciones de los estatutos. Pueden tomar parte en ella todos los mutualistas de la entidad.<\/p>\r\n<!-- \/wp:paragraph -->\r\n\r\n<!-- wp:heading {\"level\":3} -->\r\n<h3><strong>Consejo de Administraci\u00f3n<\/strong><\/h3>\r\n<!-- \/wp:heading -->\r\n\r\n<!-- wp:paragraph -->\r\n<p>El Consejo de Administraci\u00f3n es el <strong>\u00f3rgano de representaci\u00f3n, gobierno y gesti\u00f3n de Mutual M\u00e9dica<\/strong> y tiene como funciones fijar las directrices generales de actuaci\u00f3n en la gesti\u00f3n de la entidad y nombrar los cargos de direcci\u00f3n de la mutualidad. Tambi\u00e9n debe presentar a la Asamblea las cuentas anuales, el informe de gesti\u00f3n y la propuesta de aplicaci\u00f3n del resultado, adem\u00e1s de aprobar el presupuesto anual de ingresos y gastos. Debe destacarse que el Consejo convoca las elecciones para consejero y aplica e interpreta los preceptos estatutarios, especialmente en caso de duda.<\/p>\r\n<!-- \/wp:paragraph -->\r\n\r\n<!-- wp:paragraph -->\r\n<p><strong>El Consejo de Administraci\u00f3n est\u00e1 formado por m\u00e9dicos<\/strong>, que velan por ofrecer en todo momento los productos y servicios que el colectivo necesita. Un total de 14 de sus miembros son escogidos en la Asamblea General mediante elecciones y otros 7 lo son en representaci\u00f3n de los colegios de m\u00e9dicos protectores. Entre los 14 miembros escogidos por la Asamblea, uno de ellos lo es como consejero externo al no tener la condici\u00f3n de m\u00e9dico mutualista, sino que se incorpora al Consejo para aportar sus conocimientos y experiencia en seguros y mercados financieros, contabilidad, marco regulatorio, etc.<\/p>\r\n<!-- \/wp:paragraph -->\r\n\r\n<!-- wp:block {\"ref\":321} \/-->\r\n\r\n<!-- wp:columns {\"className\":\"w90\"} -->\r\n<div class=\"wp-block-columns w90\"><!-- wp:column -->\r\n<div class=\"wp-block-column\"><!-- wp:paragraph -->\r\n<p><strong>Presidente<\/strong><br>Dr. Luis A. Morales Fochs<\/p>\r\n<!-- \/wp:paragraph -->\r\n\r\n<!-- wp:paragraph -->\r\n<p><strong>Vicepresidente<\/strong><br>Dr. Pablo Corral Collantes<br>(hasta mayo 2021)<br>Dr. Jos\u00e9 Ignacio Catal\u00e1n Ramos<br>(desde mayo 2021)<\/p>\r\n<!-- \/wp:paragraph -->\r\n\r\n<!-- wp:paragraph -->\r\n<p><strong>Secretaria<\/strong><br>Dra. M. Asunci\u00f3n Torrents Fern\u00e1ndez<\/p>\r\n<!-- \/wp:paragraph -->\r\n\r\n<!-- wp:paragraph -->\r\n<p><strong>Vicesecretario<\/strong><br>Dr. Alejandro Andreu Lope<\/p>\r\n<!-- \/wp:paragraph -->\r\n\r\n<!-- wp:paragraph -->\r\n<p><strong>Tesorero<\/strong> <br>Dr. Llu\u00eds Castells Fust\u00e9<\/p>\r\n<!-- \/wp:paragraph -->\r\n\r\n<!-- wp:paragraph -->\r\n<p><strong>Contador<\/strong><br>Dr. Javier Mareque Bueno<\/p>\r\n<!-- \/wp:paragraph --><\/div>\r\n<!-- \/wp:column -->\r\n\r\n<!-- wp:column -->\r\n<div class=\"wp-block-column\"><!-- wp:paragraph -->\r\n<p><strong>Vocales<\/strong> <br>Dr. Santiago Aguad\u00e9 Bruix<br>Sra. Ana Bar\u00f3 Casamaj\u00f3 <br>Dra. Rosa M. Boy\u00e9 de la Presa <br>Dr. Jos\u00e9 Ignacio Catal\u00e1n Ramos <br>(hasta mayo de 2021) <br>Dra. Teresa Maristany Daunert <br>Dr. Fernando Rivas Navarro <br>Dr. Miquel Vilardell Tarr\u00e9s<\/p>\r\n<!-- \/wp:paragraph --><\/div>\r\n<!-- \/wp:column -->\r\n\r\n<!-- wp:column -->\r\n<div class=\"wp-block-column\"><!-- wp:image {\"id\":279,\"width\":255,\"height\":382,\"sizeSlug\":\"large\",\"linkDestination\":\"none\"} -->\r\n<figure class=\"wp-block-image size-large is-resized\"><img src=\"https:\/\/informe-anual-2022.mutualmedica.com\/wp-content\/uploads\/2022\/04\/consell-dadministracio-sense-mascareta-683x1024.jpg\" alt=\"\" class=\"wp-image-279\" width=\"255\" height=\"382\"\/><\/figure>\r\n<!-- \/wp:image --><\/div>\r\n<!-- \/wp:column --><\/div>\r\n<!-- \/wp:columns -->\r\n\r\n<!-- wp:block {\"ref\":321} \/-->\r\n\r\n<!-- wp:heading {\"level\":4} -->\r\n<h4><strong>Vocales en representaci\u00f3n de los Colegios Oficiales de M\u00e9dicos Protectores<\/strong><\/h4>\r\n<!-- \/wp:heading -->\r\n\r\n<!-- wp:columns {\"className\":\"w90\"} -->\r\n<div class=\"wp-block-columns w90\"><!-- wp:column {\"className\":\"w90 no-margin\"} -->\r\n<div class=\"wp-block-column w90 no-margin\"><!-- wp:paragraph -->\r\n<p><strong>Colegio Oficial de M\u00e9dicos de Barcelona<\/strong> <br>Dr. Llu\u00eds Esteve Balagu\u00e9<\/p>\r\n<!-- \/wp:paragraph -->\r\n\r\n<!-- wp:paragraph -->\r\n<p>Dr. Jaume Roig\u00e9 Sol\u00e9 (hasta junio de 2021)<br>Dr. Josep Maria Benet Mart\u00ed (desde junio de 2021)<\/p>\r\n<!-- \/wp:paragraph -->\r\n\r\n<!-- wp:paragraph -->\r\n<p><strong>Colegio Oficial de M\u00e9dicos de Girona<\/strong> <br>Dr. Josep Vilaplana Birba<\/p>\r\n<!-- \/wp:paragraph -->\r\n\r\n<!-- wp:paragraph -->\r\n<p><strong>Colegio Oficial de M\u00e9dicos de las Islas Baleares<\/strong> <br>Dr. Carles Recasens Laguarda<\/p>\r\n<!-- \/wp:paragraph --><\/div>\r\n<!-- \/wp:column -->\r\n\r\n<!-- wp:column -->\r\n<div class=\"wp-block-column\"><!-- wp:paragraph -->\r\n<p><strong>Colegio Oficial de M\u00e9dicos de Lleida<\/strong> <br>Dr. Ram\u00f3n Mur Garces<\/p>\r\n<!-- \/wp:paragraph -->\r\n\r\n<!-- wp:paragraph -->\r\n<p><strong>Colegio Oficial de M\u00e9dicos de Tarragona<\/strong> <br>Dr. Sergi Boada Pie<\/p>\r\n<!-- \/wp:paragraph -->\r\n\r\n<!-- wp:paragraph -->\r\n<p><strong>Colegio Oficial de M\u00e9dicos de Cantabria<\/strong> <br>Dr. Francisco Javier Hern\u00e1ndez de Sande de Prada<\/p>\r\n<!-- \/wp:paragraph --><\/div>\r\n<!-- \/wp:column --><\/div>\r\n<!-- \/wp:columns -->\r\n\r\n<!-- wp:heading {\"level\":3} -->\r\n<h3><strong>Comisi\u00f3n Permanente<\/strong><\/h3>\r\n<!-- \/wp:heading -->\r\n\r\n<!-- wp:paragraph -->\r\n<p>Es el \u00f3rgano que <strong>trata la resoluci\u00f3n de los asuntos de tr\u00e1mite<\/strong>, tiene atribuciones en materia de nombramiento y retribuciones y prepara los Consejos de Administraci\u00f3n. Est\u00e1 formado por miembros con cargo del Consejo de Administraci\u00f3n.<\/p>\r\n<!-- \/wp:paragraph -->\r\n\r\n<!-- wp:block {\"ref\":321} \/-->\r\n\r\n<!-- wp:columns {\"className\":\"w90\"} -->\r\n<div class=\"wp-block-columns w90\"><!-- wp:column {\"width\":\"33%\"} -->\r\n<div class=\"wp-block-column\" style=\"flex-basis:33%\"><!-- wp:paragraph -->\r\n<p><strong>Presidente<\/strong><br>Dr. Luis A. Morales Fochs<\/p>\r\n<!-- \/wp:paragraph -->\r\n\r\n<!-- wp:paragraph -->\r\n<p><strong>Vicepresidente<\/strong><br>Dr. Pablo Corral Collantes<br>(hasta mayo de 2021)<\/p>\r\n<!-- \/wp:paragraph -->\r\n\r\n<!-- wp:paragraph -->\r\n<p>Dr. Jos\u00e9 Ignacio Catal\u00e1n Ramos<br>(desde mayo 2021)<\/p>\r\n<!-- \/wp:paragraph -->\r\n\r\n<!-- wp:paragraph -->\r\n<p><strong>Secretaria<\/strong><br>Dra. M. Asunci\u00f3n Torrents Fern\u00e1ndez<\/p>\r\n<!-- \/wp:paragraph --><\/div>\r\n<!-- \/wp:column -->\r\n\r\n<!-- wp:column {\"width\":\"33%\"} -->\r\n<div class=\"wp-block-column\" style=\"flex-basis:33%\"><!-- wp:paragraph -->\r\n<p><strong>Vicesecretario<\/strong><br>Dr. Alejandro Andreu Lope<\/p>\r\n<!-- \/wp:paragraph -->\r\n\r\n<!-- wp:paragraph -->\r\n<p><strong>Tesorero<\/strong><br>Dr. Llu\u00eds Castells Fust\u00e9<\/p>\r\n<!-- \/wp:paragraph -->\r\n\r\n<!-- wp:paragraph -->\r\n<p><strong>Contador<\/strong><br>Dr. Javier Mareque Bueno<\/p>\r\n<!-- \/wp:paragraph --><\/div>\r\n<!-- \/wp:column -->\r\n\r\n<!-- wp:column {\"width\":\"33%\"} -->\r\n<div class=\"wp-block-column\" style=\"flex-basis:33%\"><!-- wp:image {\"id\":284,\"width\":256,\"height\":384,\"sizeSlug\":\"large\",\"linkDestination\":\"none\"} -->\r\n<figure class=\"wp-block-image size-large is-resized\"><img src=\"https:\/\/informe-anual-2022.mutualmedica.com\/wp-content\/uploads\/2022\/04\/comision-permanente-683x1024.jpg\" alt=\"\" class=\"wp-image-284\" width=\"256\" height=\"384\"\/><\/figure>\r\n<!-- \/wp:image --><\/div>\r\n<!-- \/wp:column --><\/div>\r\n<!-- \/wp:columns -->\r\n\r\n<!-- wp:heading {\"level\":3} -->\r\n<h3><strong>Comisi\u00f3n de Auditor\u00eda y Control<\/strong><\/h3>\r\n<!-- \/wp:heading -->\r\n\r\n<!-- wp:paragraph -->\r\n<p>La Comisi\u00f3n de Auditor\u00eda y Control sirve como <strong>canal de comunicaci\u00f3n entre el Consejo de Administraci\u00f3n y los auditores<\/strong>. Eval\u00faa los resultados de cada auditor\u00eda y las respuestas del equipo de gesti\u00f3n a sus recomendaciones. Asimismo, comprueba la adecuaci\u00f3n y la integridad de los sistemas de control interno, examina el cumplimiento de las reglas de gobierno de Mutual M\u00e9dica y plantea las propuestas necesarias para mejorarlas. Est\u00e1 formada por un m\u00ednimo de tres y un m\u00e1ximo de cinco miembros del Consejo de Administraci\u00f3n, escogidos entre los consejeros electos sin cargo en el Consejo. Puede estar asistida por un profesional externo y contar con la participaci\u00f3n de la direcci\u00f3n en sus reuniones para ejercer labores de soporte, del mismo modo que pueden asistir a sus reuniones hasta tres mutualistas a propuesta del Consejo de Administraci\u00f3n.<\/p>\r\n<!-- \/wp:paragraph -->\r\n\r\n<!-- wp:block {\"ref\":321} \/-->\r\n\r\n<!-- wp:columns {\"className\":\"w90\"} -->\r\n<div class=\"wp-block-columns w90\"><!-- wp:column {\"width\":\"33%\"} -->\r\n<div class=\"wp-block-column\" style=\"flex-basis:33%\"><!-- wp:paragraph -->\r\n<p><strong>Presidente<\/strong><br>Dr. Santiago Aguad\u00e9 Bruix<br>(hasta diciembre 2021)<\/p>\r\n<!-- \/wp:paragraph -->\r\n\r\n<!-- wp:paragraph -->\r\n<p>Sra. Ana Baro Casamaj\u00f3<br>(desde diciembre 2021)<\/p>\r\n<!-- \/wp:paragraph -->\r\n\r\n<!-- wp:paragraph -->\r\n<p><strong>Secretario<\/strong><br>Sra. Ana Baro Casamaj\u00f3<br>(hasta diciembre 2021)<\/p>\r\n<!-- \/wp:paragraph -->\r\n\r\n<!-- wp:paragraph -->\r\n<p>Dr. Santiago Aguad\u00e9 Bruix<br>(desde diciembre 2021)<\/p>\r\n<!-- \/wp:paragraph --><\/div>\r\n<!-- \/wp:column -->\r\n\r\n<!-- wp:column {\"width\":\"33%\"} -->\r\n<div class=\"wp-block-column\" style=\"flex-basis:33%\"><!-- wp:paragraph -->\r\n<p><strong>Consejero<\/strong><br>Dr. Miquel Vilardell Tarr\u00e9s<\/p>\r\n<!-- \/wp:paragraph --><\/div>\r\n<!-- \/wp:column -->\r\n\r\n<!-- wp:column {\"width\":\"33%\"} -->\r\n<div class=\"wp-block-column\" style=\"flex-basis:33%\"><!-- wp:image {\"id\":292,\"width\":256,\"height\":384,\"sizeSlug\":\"large\",\"linkDestination\":\"none\"} -->\r\n<figure class=\"wp-block-image size-large is-resized\"><img src=\"https:\/\/informe-anual-2022.mutualmedica.com\/wp-content\/uploads\/2022\/04\/C.-Auditoria-y-Control-683x1024.jpg\" alt=\"\" class=\"wp-image-292\" width=\"256\" height=\"384\"\/><\/figure>\r\n<!-- \/wp:image --><\/div>\r\n<!-- \/wp:column --><\/div>\r\n<!-- \/wp:columns -->\r\n\r\n<!-- wp:heading {\"level\":3} -->\r\n<h3><strong>Comisi\u00f3n de Inversiones<\/strong><\/h3>\r\n<!-- \/wp:heading -->\r\n\r\n<!-- wp:paragraph -->\r\n<p>La Comisi\u00f3n de Inversiones es el \u00f3rgano delegado del Consejo de Administraci\u00f3n que le ofrece apoyo en los <strong>asuntos relacionados con las finanzas<\/strong> y que vela por el <strong>cumplimiento de la pol\u00edtica de inversiones<\/strong> de la entidad. Est\u00e1 formada por consejeros electos y personal directivo.<\/p>\r\n<!-- \/wp:paragraph -->\r\n\r\n<!-- wp:block {\"ref\":321} \/-->\r\n\r\n<!-- wp:columns {\"className\":\"w90\"} -->\r\n<div class=\"wp-block-columns w90\"><!-- wp:column {\"width\":\"33%\"} -->\r\n<div class=\"wp-block-column\" style=\"flex-basis:33%\"><!-- wp:paragraph -->\r\n<p><strong>Presidente<\/strong><br>Dr. Llu\u00eds Castells Fust\u00e9<\/p>\r\n<!-- \/wp:paragraph --><\/div>\r\n<!-- \/wp:column -->\r\n\r\n<!-- wp:column {\"width\":\"33%\"} -->\r\n<div class=\"wp-block-column\" style=\"flex-basis:33%\"><!-- wp:paragraph -->\r\n<p><strong>Secretario<\/strong><br>Dr. Mart\u00ed Vidal Ma\u00f1as<\/p>\r\n<!-- \/wp:paragraph -->\r\n\r\n<!-- wp:paragraph -->\r\n<p><strong>Consejero<\/strong><br>Dr. Javier Mareque Bueno<\/p>\r\n<!-- \/wp:paragraph --><\/div>\r\n<!-- \/wp:column -->\r\n\r\n<!-- wp:column {\"width\":\"33%\"} -->\r\n<div class=\"wp-block-column\" style=\"flex-basis:33%\"><!-- wp:image {\"id\":293,\"width\":256,\"height\":384,\"sizeSlug\":\"large\",\"linkDestination\":\"none\"} -->\r\n<figure class=\"wp-block-image size-large is-resized\"><img src=\"https:\/\/informe-anual-2022.mutualmedica.com\/wp-content\/uploads\/2022\/04\/comision-inversiones-683x1024.jpg\" alt=\"\" class=\"wp-image-293\" width=\"256\" height=\"384\"\/><\/figure>\r\n<!-- \/wp:image --><\/div>\r\n<!-- \/wp:column --><\/div>\r\n<!-- \/wp:columns -->\r\n\r\n<!-- wp:heading {\"level\":3} -->\r\n<h3><strong>Comisi\u00f3n de Seguros y Prestaciones<\/strong><\/h3>\r\n<!-- \/wp:heading -->\r\n\r\n<!-- wp:paragraph -->\r\n<p>La Comisi\u00f3n de Seguros y Prestaciones tiene como objeto <strong>adjudicar las prestaciones de los seguros de vida y asesorar en la gesti\u00f3n de los seguros de mutualistas<\/strong> en cuanto al proceso de incorporaci\u00f3n de nuevos mutualistas, la ampliaci\u00f3n de coberturas, las causas de exclusi\u00f3n de patolog\u00edas y la denegaci\u00f3n o aceptaci\u00f3n de prestaciones. Est\u00e1 formada por consejeros electos del Consejo de Administraci\u00f3n.<\/p>\r\n<!-- \/wp:paragraph -->\r\n\r\n<!-- wp:block {\"ref\":321} \/-->\r\n\r\n<!-- wp:columns {\"className\":\"w90\"} -->\r\n<div class=\"wp-block-columns w90\"><!-- wp:column {\"width\":\"33%\"} -->\r\n<div class=\"wp-block-column\" style=\"flex-basis:33%\"><!-- wp:paragraph -->\r\n<p><strong>Presidenta<\/strong><br>Dra. M. Asunci\u00f3n Torrents Fern\u00e1ndez<\/p>\r\n<!-- \/wp:paragraph --><\/div>\r\n<!-- \/wp:column -->\r\n\r\n<!-- wp:column {\"width\":\"33%\"} -->\r\n<div class=\"wp-block-column\" style=\"flex-basis:33%\"><!-- wp:paragraph -->\r\n<p><strong>Consejeros<\/strong><br>Dr. Santiago Aguad\u00e9 Bruix<br>Dr. Alejandro Andreu Lope<br>Dra. Rosa M. Boy\u00e9 de la Presa<br>Dr. Jos\u00e9 Ignacio Catal\u00e1n Ramos<br>Dr. Fernando Rivas Navarro<br>Dr. Miquel Vilardell Tarr\u00e9s<br>Dra. Teresa Maristany Daunert<\/p>\r\n<!-- \/wp:paragraph --><\/div>\r\n<!-- \/wp:column -->\r\n\r\n<!-- wp:column {\"width\":\"33%\"} -->\r\n<div class=\"wp-block-column\" style=\"flex-basis:33%\"><!-- wp:image {\"id\":296,\"width\":256,\"height\":384,\"sizeSlug\":\"large\",\"linkDestination\":\"none\"} -->\r\n<figure class=\"wp-block-image size-large is-resized\"><img src=\"https:\/\/informe-anual-2022.mutualmedica.com\/wp-content\/uploads\/2022\/04\/coms.-seguros-y-prestaciones-683x1024.jpg\" alt=\"\" class=\"wp-image-296\" width=\"256\" height=\"384\"\/><\/figure>\r\n<!-- \/wp:image --><\/div>\r\n<!-- \/wp:column --><\/div>\r\n<!-- \/wp:columns -->\r\n\r\n<!-- wp:heading {\"level\":3} -->\r\n<h3><strong>Comisi\u00f3n de Estrategia, Innovaci\u00f3n y RSC<\/strong><\/h3>\r\n<!-- \/wp:heading -->\r\n\r\n<!-- wp:paragraph -->\r\n<p>La Comisi\u00f3n de Estrategia, Innovaci\u00f3n y Responsabilidad Social Corporativa es un \u00f3rgano de car\u00e1cter informativo y consultivo, sin funciones ejecutivas, con facultades de<strong> soporte y asesoramiento al Consejo de Administraci\u00f3n<\/strong>. Entre sus funciones, se encuentran proponer y valorar las distintas alternativas estrat\u00e9gicas a adoptar por la entidad y hacer seguimiento de la gesti\u00f3n de los planes estrat\u00e9gicos en curso; asesorar y proporcionar apoyo en cuestiones relacionadas con la innovaci\u00f3n, realizando an\u00e1lisis y seguimiento de los proyectos de innovaci\u00f3n, garantizando su adecuada implantaci\u00f3n y desarrollo, y asesorar acerca del dise\u00f1o de la cultura y de los valores corporativos, incluyendo estrategia de pr\u00e1cticas de negocio responsable y de sostenibilidad.<\/p>\r\n<!-- \/wp:paragraph -->\r\n\r\n<!-- wp:columns {\"className\":\"w90\"} -->\r\n<div class=\"wp-block-columns w90\"><!-- wp:column -->\r\n<div class=\"wp-block-column\"><!-- wp:paragraph -->\r\n<p><strong>Presidente<\/strong><br>Dr. Pablo Corral Collantes<br>(hasta mayo 2021) <br>Dra. M. Asunci\u00f3n Torrents Fern\u00e1ndez<br>(desde mayo 2021)<\/p>\r\n<!-- \/wp:paragraph --><\/div>\r\n<!-- \/wp:column -->\r\n\r\n<!-- wp:column -->\r\n<div class=\"wp-block-column\"><!-- wp:paragraph -->\r\n<p><strong>Consejeros<\/strong> <br>Dr. Santiago Aguad\u00e9 Bruix (hasta diciembre 2021)<br>Dr. Alejandro Andreu Lope <br>Sra. Ana Baro Casamaj\u00f3 (desde diciembre 2021) <br>Dr. Llu\u00eds Castells Fust\u00e9 <br>Dr. Jos\u00e9 Ignacio Catal\u00e1n Ramos (desde mayo 2021) <br>Dr. Javier Mareque Bueno <br>Dr. Ramon Mur Garces <br>Dr. Jaume Roig\u00e9 Sol\u00e9 (hasta junio 2021) <br>Dra. M. Asunci\u00f3n Torrents Fern\u00e1ndez (hasta mayo 2021) <br>Dr. Josep Vilaplana Birba<\/p>\r\n<!-- \/wp:paragraph --><\/div>\r\n<!-- \/wp:column --><\/div>\r\n<!-- \/wp:columns -->\r\n\r\n<!-- wp:group -->\r\n<div class=\"wp-block-group\"><!-- wp:heading {\"level\":3} -->\r\n<h3><strong>Direcci\u00f3n General<\/strong><\/h3>\r\n<!-- \/wp:heading -->\r\n\r\n<!-- wp:paragraph -->\r\n<p>La Direcci\u00f3n General<strong> lleva la gesti\u00f3n de la entidad<\/strong>, en dependencia del Consejo de Administraci\u00f3n. En concreto, es la responsable de la gesti\u00f3n econ\u00f3mica y del cumplimiento de la normativa y de los objetivos fijados por el Consejo y es responsable de la organizaci\u00f3n interna y de la direcci\u00f3n del personal.<\/p>\r\n<!-- \/wp:paragraph -->\r\n\r\n<!-- wp:columns {\"className\":\"w60\"} -->\r\n<div class=\"wp-block-columns w60\"><!-- wp:column -->\r\n<div class=\"wp-block-column\"><\/div>\r\n<!-- \/wp:column -->\r\n\r\n<!-- wp:column -->\r\n<div class=\"wp-block-column\"><!-- wp:image {\"align\":\"center\",\"id\":669,\"sizeSlug\":\"full\",\"linkDestination\":\"none\",\"className\":\"fotoRounded\"} -->\r\n<div class=\"wp-block-image fotoRounded\"><figure class=\"aligncenter size-full\"><img src=\"https:\/\/informe-anual-2022.mutualmedica.com\/wp-content\/uploads\/2022\/04\/Sr.-Antonio-Lopez-copia.jpg\" alt=\"\" class=\"wp-image-669\"\/><\/figure><\/div>\r\n<!-- \/wp:image -->\r\n\r\n<!-- wp:paragraph {\"align\":\"center\"} -->\r\n<p class=\"has-text-align-center\"><strong>Director general<\/strong><br>Sr. Antonio L\u00f3pez L\u00f3pez<\/p>\r\n<!-- \/wp:paragraph --><\/div>\r\n<!-- \/wp:column -->\r\n\r\n<!-- wp:column -->\r\n<div class=\"wp-block-column\"><\/div>\r\n<!-- \/wp:column --><\/div>\r\n<!-- \/wp:columns --><\/div>\r\n<!-- \/wp:group -->\r\n\r\n<!-- wp:group -->\r\n<div class=\"wp-block-group\"><!-- wp:heading {\"level\":3} -->\r\n<h3><strong><strong>Subdirecci\u00f3n general<\/strong><\/strong><\/h3>\r\n<!-- \/wp:heading -->\r\n\r\n<!-- wp:paragraph -->\r\n<p>Participa activamente en la gesti\u00f3n de las actividades dirigidas por la direcci\u00f3n general y en la toma de decisiones.<\/p>\r\n<!-- \/wp:paragraph -->\r\n\r\n<!-- wp:columns {\"className\":\"w60\"} -->\r\n<div class=\"wp-block-columns w60\"><!-- wp:column -->\r\n<div class=\"wp-block-column\"><\/div>\r\n<!-- \/wp:column -->\r\n\r\n<!-- wp:column -->\r\n<div class=\"wp-block-column\"><!-- wp:image {\"align\":\"center\",\"id\":670,\"sizeSlug\":\"full\",\"linkDestination\":\"none\",\"className\":\"fotoRounded\"} -->\r\n<div class=\"wp-block-image fotoRounded\"><figure class=\"aligncenter size-full\"><img src=\"https:\/\/informe-anual-2022.mutualmedica.com\/wp-content\/uploads\/2022\/04\/Sra.-Sandra-Cantos-copia.jpg\" alt=\"\" class=\"wp-image-670\"\/><\/figure><\/div>\r\n<!-- \/wp:image -->\r\n\r\n<!-- wp:paragraph {\"align\":\"center\"} -->\r\n<p class=\"has-text-align-center\"><strong><strong>Subdirectora general<\/strong> <br><\/strong>Sra. Sandra Cantos L\u00f3pez<\/p>\r\n<!-- \/wp:paragraph --><\/div>\r\n<!-- \/wp:column -->\r\n\r\n<!-- wp:column -->\r\n<div class=\"wp-block-column\"><\/div>\r\n<!-- \/wp:column --><\/div>\r\n<!-- \/wp:columns --><\/div>\r\n<!-- \/wp:group -->\r\n\r\n<!-- wp:heading {\"level\":3} -->\r\n<h3><strong>Servicio de Atenci\u00f3n al Cliente<\/strong><\/h3>\r\n<!-- \/wp:heading -->\r\n\r\n<!-- wp:paragraph -->\r\n<p>El Servicio de Atenci\u00f3n al Cliente (SAC) atiende las consultas, quejas y reclamaciones de los mutualistas asegurados, beneficiarios o derechohabientes contra los acuerdos de la mutualidad.<\/p>\r\n<!-- \/wp:paragraph -->\r\n\r\n<!-- wp:columns -->\r\n<div class=\"wp-block-columns\"><!-- wp:column -->\r\n<div class=\"wp-block-column\"><!-- wp:paragraph -->\r\n<p><strong>Responsable del SAC<\/strong> <br>Sr. Luis Almajano<\/p>\r\n<!-- \/wp:paragraph --><\/div>\r\n<!-- \/wp:column -->\r\n\r\n<!-- wp:column -->\r\n<div class=\"wp-block-column\"><!-- wp:paragraph -->\r\n<p>\u00a0<\/p>\r\n<!-- \/wp:paragraph --><\/div>\r\n<!-- \/wp:column --><\/div>\r\n<!-- \/wp:columns -->\r\n\r\n<!-- wp:heading {\"level\":3} -->\r\n<h3><strong>Participaci\u00f3n en asociaciones<\/strong><\/h3>\r\n<!-- \/wp:heading -->\r\n\r\n<!-- wp:paragraph -->\r\n<p>Como mutualidad de previsi\u00f3n social del colectivo m\u00e9dico, participamos en varias agrupaciones de entidades relacionadas con la previsi\u00f3n social, con el \u00e1mbito de las mutualidades o con los m\u00e9dicos, con el fin de promover propuestas de mejora a las administraciones, tanto nacionales como europeas, en beneficio de nuestros mutualistas y de todos los m\u00e9dicos.<\/p>\r\n<!-- \/wp:paragraph -->\r\n\r\n<!-- wp:block {\"ref\":620} \/-->\r\n\r\n<!-- wp:columns -->\r\n<div class=\"wp-block-columns\"><!-- wp:column {\"width\":\"100%\"} -->\r\n<div class=\"wp-block-column\" style=\"flex-basis:100%\"><!-- wp:columns {\"verticalAlignment\":\"center\",\"className\":\"w100\"} -->\r\n<div class=\"wp-block-columns are-vertically-aligned-center w100\"><!-- wp:column {\"verticalAlignment\":\"center\",\"width\":\"20%\"} -->\r\n<div class=\"wp-block-column is-vertically-aligned-center\" style=\"flex-basis:20%\"><\/div>\r\n<!-- \/wp:column -->\r\n\r\n<!-- wp:column {\"verticalAlignment\":\"center\",\"width\":\"20%\"} -->\r\n<div class=\"wp-block-column is-vertically-aligned-center\" style=\"flex-basis:20%\"><!-- wp:image {\"id\":40,\"sizeSlug\":\"full\",\"linkDestination\":\"custom\"} -->\r\n<figure class=\"wp-block-image size-full\"><a href=\"https:\/\/amice-eu.org\/\" target=\"_blank\" rel=\"noopener\"><img src=\"https:\/\/informe-anual-2022.mutualmedica.com\/wp-content\/uploads\/2022\/04\/Logo_Amice.jpg\" alt=\"\" class=\"wp-image-40\"\/><\/a><\/figure>\r\n<!-- \/wp:image --><\/div>\r\n<!-- \/wp:column -->\r\n\r\n<!-- wp:column {\"width\":\"20%\"} -->\r\n<div class=\"wp-block-column\" style=\"flex-basis:20%\"><!-- wp:image {\"id\":41,\"sizeSlug\":\"full\",\"linkDestination\":\"custom\"} -->\r\n<figure class=\"wp-block-image size-full\"><a href=\"https:\/\/www.cneps.es\/\" target=\"_blank\" rel=\"noopener\"><img src=\"https:\/\/informe-anual-2022.mutualmedica.com\/wp-content\/uploads\/2022\/04\/Logo_CEM.jpg\" alt=\"\" class=\"wp-image-41\"\/><\/a><\/figure>\r\n<!-- \/wp:image --><\/div>\r\n<!-- \/wp:column -->\r\n\r\n<!-- wp:column {\"width\":\"20%\"} -->\r\n<div class=\"wp-block-column\" style=\"flex-basis:20%\"><!-- wp:image {\"id\":42,\"sizeSlug\":\"full\",\"linkDestination\":\"custom\"} -->\r\n<figure class=\"wp-block-image size-full\"><a href=\"https:\/\/www.europamedica.com\/es\/\" target=\"_blank\" rel=\"noopener\"><img src=\"https:\/\/informe-anual-2022.mutualmedica.com\/wp-content\/uploads\/2022\/04\/Logo_Europa_Medica.jpg\" alt=\"\" class=\"wp-image-42\"\/><\/a><\/figure>\r\n<!-- \/wp:image --><\/div>\r\n<!-- \/wp:column -->\r\n\r\n<!-- wp:column {\"width\":\"20%\"} -->\r\n<div class=\"wp-block-column\" style=\"flex-basis:20%\"><\/div>\r\n<!-- \/wp:column --><\/div>\r\n<!-- \/wp:columns --><\/div>\r\n<!-- \/wp:column --><\/div>\r\n<!-- \/wp:columns -->\r\n\r\n<!-- wp:separator {\"className\":\"ancla-je\"} -->\r\n<hr class=\"wp-block-separator ancla-je\" id=\"modelos-de-gestion-de-riesgos-corporativos\"\/>\r\n<!-- \/wp:separator -->\r\n\r\n<!-- wp:heading -->\r\n<h2><strong>Modelos de gesti\u00f3n de riesgos corporativos<\/strong><\/h2>\r\n<!-- \/wp:heading -->\r\n\r\n<!-- wp:paragraph -->\r\n<p><strong>La actividad de Mutual M\u00e9dica est\u00e1 afectada por un conjunto de riesgos de naturaleza muy diversa<\/strong>: sociales, econ\u00f3micos, financieros, legislativos, operacionales o vinculados al uso de las tecnolog\u00edas de la informaci\u00f3n y comunicaci\u00f3n. Estos riesgos no son est\u00e1ticos, sino que se encuentran en constante transformaci\u00f3n, como demuestran la incertidumbre econ\u00f3mica global actual y la aceleraci\u00f3n del proceso de digitalizaci\u00f3n.<\/p>\r\n<!-- \/wp:paragraph -->\r\n\r\n<!-- wp:paragraph -->\r\n<p>La entidad cuenta con una serie de <strong>sistemas de identificaci\u00f3n de estos riesgos y con recursos y pol\u00edticas propias para hacerles frente<\/strong>.<\/p>\r\n<!-- \/wp:paragraph -->\r\n\r\n<!-- wp:heading {\"level\":3} -->\r\n<h3><strong>Tres l\u00edneas de defensa<\/strong><\/h3>\r\n<!-- \/wp:heading -->\r\n\r\n<!-- wp:paragraph -->\r\n<p>Mutual M\u00e9dica adopta el sistema de tres l\u00edneas de defensa como modelo para la gesti\u00f3n de riesgos corporativos y el control interno. Este modelo persigue principalmente los siguientes objetivos:<\/p>\r\n<!-- \/wp:paragraph -->\r\n\r\n<!-- wp:list -->\r\n<ul><li>Anticipaci\u00f3n de los riesgos y desarrollo de medidas preventivas.<\/li><li>Gesti\u00f3n del riesgo a partir del cumplimiento de las normativas externas e internas.<\/li><li>Desarrollo de mecanismos fiables e independientes de auditor\u00eda interna.<\/li><\/ul>\r\n<!-- \/wp:list -->\r\n\r\n<!-- wp:image {\"id\":1535,\"sizeSlug\":\"full\",\"linkDestination\":\"none\"} -->\r\n<figure class=\"wp-block-image size-full\"><img src=\"https:\/\/informe-anual-2022.mutualmedica.com\/wp-content\/uploads\/2022\/05\/image-3.png\" alt=\"\" class=\"wp-image-1535\"\/><\/figure>\r\n<!-- \/wp:image -->\r\n\r\n<!-- wp:block {\"ref\":620} \/-->\r\n\r\n<!-- wp:paragraph -->\r\n<p>El modelo de tres l\u00edneas de defensa es un est\u00e1ndar ampliamente utilizado, que es tambi\u00e9n requerido por Solvencia II, la directiva europea que marca el sistema de solvencia de todas las entidades del sector asegurador.<\/p>\r\n<!-- \/wp:paragraph -->\r\n\r\n<!-- wp:heading {\"level\":3} -->\r\n<h3><strong>Principales riesgos y medidas de prevenci\u00f3n<\/strong><\/h3>\r\n<!-- \/wp:heading -->\r\n\r\n<!-- wp:paragraph -->\r\n<p>De acuerdo con el modelo de las tres l\u00edneas de defensa, la entidad ha seguido trabajando en 2021 en el desarrollo de medidas de prevenci\u00f3n para gestionar los riesgos vinculados a los siguientes aspectos: <em>Compliance penal<\/em>, protecci\u00f3n de datos y ciberseguridad.<\/p>\r\n<!-- \/wp:paragraph -->\r\n\r\n<!-- wp:heading {\"level\":4} -->\r\n<h4>\u2018Compliance<em>\u2019<\/em> penal<\/h4>\r\n<!-- \/wp:heading -->\r\n\r\n<!-- wp:paragraph -->\r\n<p>Mutual M\u00e9dica ha desarrollado un Sistema de Gesti\u00f3n de <em>Compliance <\/em>Penal para evitar que, como persona jur\u00eddica, pueda incurrir en responsabilidad por la comisi\u00f3n de algunos delitos previstos en la normativa. Ciertas conductas de los miembros del sistema de gobierno o de los empleados podr\u00edan poner en riesgo la actividad de la entidad, as\u00ed como la reputaci\u00f3n de Mutual M\u00e9dica. Incluso la mutualidad podr\u00eda recibir alg\u00fan tipo de sanci\u00f3n econ\u00f3mica o administrativa en este sentido. Entre estas conductas delictivas, se encuentran algunas que, por el contexto de nuestra organizaci\u00f3n y la actividad que realizamos, son m\u00e1s susceptibles de producirse, como: el descubrimiento y revelaci\u00f3n de secretos, la estafa, el espionaje empresarial, la corrupci\u00f3n, el blanqueo de capitales y financiaci\u00f3n del terrorismo, tr\u00e1fico de influencias o da\u00f1os inform\u00e1ticos. <strong>El Sistema de Gesti\u00f3n de <em>Compliance <\/em>Penal que est\u00e1 construyendo la mutualidad aplica a nivel interno a todas las \u00e1reas de negocio, as\u00ed como a sus relaciones con terceros: grupos de inter\u00e9s, socios de negocio, proveedores, etc. Por esta raz\u00f3n, se ha distribuido la pol\u00edtica de <em>compliance <\/em>penal a todos los niveles y \u00e1mbitos de la entidad y se han realizado acciones de sensibilizaci\u00f3n, tanto a los \u00f3rganos de gobierno como a los empleados, para que tengan conocimiento acerca de estos comportamientos il\u00edcitos de este tipo de irregularidades y dispongan de los mecanismos de prevenci\u00f3n necesarios para evitar que se produzcan y denunciarlo<\/strong>.<\/p>\r\n<!-- \/wp:paragraph -->\r\n\r\n<!-- wp:paragraph -->\r\n<p>Adem\u00e1s, Mutual M\u00e9dica ha creado un \u00f3rgano de acompa\u00f1amiento: la funci\u00f3n del \u00d3rgano de <em>Compliance<\/em> Penal. Cuanta tambi\u00e9n con dos \u00f3rganos m\u00e1s especializados, para cumplir con la normativa relacionada con la prevenci\u00f3n del blanqueo de capitales y financiaci\u00f3n del terrorismo, que son el OCI y la Unidad T\u00e9cnica; ambos se encargan de poner en pr\u00e1ctica las pol\u00edticas, procedimientos y otras funciones asignadas en este \u00e1mbito.<\/p>\r\n<!-- \/wp:paragraph -->\r\n\r\n<!-- wp:heading {\"level\":4} -->\r\n<h4>Protecci\u00f3n de datos<\/h4>\r\n<!-- \/wp:heading -->\r\n\r\n<!-- wp:paragraph -->\r\n<p>Mutual M\u00e9dica vela por el cumplimiento de la normativa de protecci\u00f3n de datos. <strong>En sus pol\u00edticas internas se describe la estructura interna y organizativa que desarrolla e implementa las medidas de seguridad, de confidencialidad, de integridad y de disponibilidad necesarias para cuidar y tratar los datos personales<\/strong> de los que dispone.<\/p>\r\n<!-- \/wp:paragraph -->\r\n\r\n<!-- wp:paragraph -->\r\n<p>En aquellos procesos, circuitos y procedimientos que requieren almacenaje o tratamiento de datos personales, se realizan an\u00e1lisis relativos a los sistemas de protecci\u00f3n y almacenamiento de datos, servidores, servicios en la nube y otros, con el fin de valorar los riesgos que puede representar, as\u00ed como la probabilidad y nivel de gravedad de estos.<\/p>\r\n<!-- \/wp:paragraph -->\r\n\r\n<!-- wp:paragraph -->\r\n<p>Asimismo, tanto en los nuevos proyectos como en la documentaci\u00f3n que act\u00faa como soporte de la actividad aseguradora realizada por la mutualidad, se trabaja desde el inicio el respeto al cumplimiento normativo de protecci\u00f3n de datos, atendiendo a la naturaleza, el alcance, el contexto y los fines del tratamiento de los datos personales, as\u00ed como la afectaci\u00f3n en los derechos y libertades de los mutualistas. Se vela por cumplir con las cl\u00e1usulas informativas y el deber de informaci\u00f3n previos, <strong>con el objetivo de actuar de forma transparente desde el primer momento<\/strong>. Adem\u00e1s, se formaliza tambi\u00e9n, desde el primer momento, todos los requerimientos acerca del tratamiento de datos en la contrataci\u00f3n con terceros o con proveedores, para garantizar la seguridad de estos datos.<\/p>\r\n<!-- \/wp:paragraph -->\r\n\r\n<!-- wp:paragraph -->\r\n<p>Por otra parte, <strong>la entidad lleva a cabo acciones de sensibilizaci\u00f3n y formaci\u00f3n interna a toda la organizaci\u00f3n<\/strong>, aunque m\u00e1s especialmente en aquellas \u00e1reas que participan en operativa que implica un mayor volumen de tratamiento de datos, a los efectos de garantizar el cumplimiento de las obligaciones legales en esta materia, as\u00ed como fomentar el soporte en la detecci\u00f3n preventiva de riesgos y reforzar la aplicaci\u00f3n de los debidos controles para mitigar estos riesgos.<\/p>\r\n<!-- \/wp:paragraph -->\r\n\r\n<!-- wp:paragraph -->\r\n<p>Por \u00faltimo, se ha nombrado a un delegado de Protecci\u00f3n de Datos y se ha creado un grupo de seguridad de la informaci\u00f3n, lo que refuerza la privacidad y el cumplimiento de la protecci\u00f3n de datos en Mutual M\u00e9dica.<\/p>\r\n<!-- \/wp:paragraph -->\r\n\r\n<!-- wp:heading {\"level\":4} -->\r\n<h4>Ciberseguridad<\/h4>\r\n<!-- \/wp:heading -->\r\n\r\n<!-- wp:paragraph -->\r\n<p>Durante un periodo significativo del a\u00f1o 2021, prosigui\u00f3 la situaci\u00f3n excepcional derivada de la pandemia por COVID-19, durante la cual la entidad sigui\u00f3 velando por la seguridad de los empleados y por dar cumplimiento, a su vez, a las recomendaciones sanitarias, por lo que se apoy\u00f3 el teletrabajo a nivel general.<\/p>\r\n<!-- \/wp:paragraph -->\r\n\r\n<!-- wp:paragraph -->\r\n<p>En esta l\u00ednea, se sigui\u00f3 reforzando y monitorizando las medidas de seguridad oportunas, relativas a la estructura y arquitectura de los sistemas inform\u00e1ticos ya implementada y mejorando el acceso en remoto de los trabajadores desde cualquier lugar en el que se encontrasen.<\/p>\r\n<!-- \/wp:paragraph -->\r\n\r\n<!-- wp:paragraph -->\r\n<p>Asimismo, se actualiz\u00f3 un nuevo portal de la entidad en la herramienta <em>Confluence<\/em>, desde donde se comparti\u00f3, y se sigue compartiendo con todos los empleados, todo tipo de informaci\u00f3n de inter\u00e9s para el equipo de personas de la mutualidad, entre ella las pol\u00edticas internas de seguridad de la informaci\u00f3n, <em>bring your own device<\/em> y la documentaci\u00f3n sobre el uso aceptable de los sistemas de informaci\u00f3n. De esta manera, <strong>se ha contribuido a mitigar posibles ciberriesgos y se han aplicado medidas de seguridad establecidas en estos documentos, as\u00ed como al fomento de su cumplimiento en cuanto a conductas y buenas pr\u00e1cticas establecidas<\/strong>.<\/p>\r\n<!-- \/wp:paragraph -->\r\n\r\n<!-- wp:paragraph -->\r\n<p>Como ya hemos comentado con anterioridad, la entidad tiene el compromiso de mantener una cultura de <em>compliance<\/em> en el campo de la seguridad y la protecci\u00f3n de datos, por lo que durante el ejercicio 2021 tambi\u00e9n<strong> se ha remitido a los empleados una serie de p\u00edldoras informativas que daban a conocer los principales riesgos de una de las pr\u00e1cticas m\u00e1s preocupantes a la que nos enfrentamos en la actualidad: el <em>phishing<\/em><\/strong>. Tambi\u00e9n se organiz\u00f3 un simulacro que permiti\u00f3 validar el nivel de concienciaci\u00f3n actual de toda la plantilla de la entidad en este tema.<\/p>\r\n<!-- \/wp:paragraph -->\r\n\r\n<!-- wp:paragraph -->\r\n<p>Como mejoras y avances en la gesti\u00f3n del riesgo cibern\u00e9tico, tambi\u00e9n se ha de tener en cuenta la implementaci\u00f3n de las siguientes acciones:<\/p>\r\n<!-- \/wp:paragraph -->\r\n\r\n<!-- wp:list -->\r\n<ul><li>Auditor\u00edas y Pentest internas y externas.<\/li><li>Adquisici\u00f3n de un nuevo antivirus que ofrece mayor amplitud de medidas de protecci\u00f3n frente a ataques de <em>ransomware<\/em>, adem\u00e1s de mejoras en la monitorizaci\u00f3n.<\/li><li>Securizaci\u00f3n de la red, implantando una nueva red SD-Wan para comunicaci\u00f3n desde las sedes, as\u00ed como cambios de DNS.<\/li><\/ul>\r\n<!-- \/wp:list -->\r\n\r\n<!-- wp:paragraph -->\r\n<p>Adem\u00e1s, junto al proveedor de ciberseguridad tambi\u00e9n se ha trabajado en:<\/p>\r\n<!-- \/wp:paragraph -->\r\n\r\n<!-- wp:list -->\r\n<ul><li>la realizaci\u00f3n de un inventario y de un control de activos, tanto de hardware como de software,<\/li><li>una gesti\u00f3n continua de las posibles vulnerabilidades,<\/li><li>el uso controlado de los privilegios administrativos,<\/li><li>las configuraciones de equipos seguros,<\/li><li>y el mantenimiento, seguimiento y an\u00e1lisis de registros de auditor\u00eda.<\/li><\/ul>\r\n<!-- \/wp:list -->\r\n\r\n<!-- wp:paragraph -->\r\n<p>Finalmente, se mantuvo la contrataci\u00f3n de una p\u00f3liza de seguros que ofrece cobertura de riesgos cibern\u00e9ticos y que proporciona un refuerzo adicional de recursos ante incidencias o ataques de seguridad, independientemente del alcance de estas.<\/p>\r\n<!-- \/wp:paragraph -->\r\n\r\n<!-- wp:heading {\"level\":3} -->\r\n<h3><strong>Sistema de Control Interno y Auditor\u00eda Interna<\/strong><\/h3>\r\n<!-- \/wp:heading -->\r\n\r\n<!-- wp:paragraph -->\r\n<p>El Sistema de Control Interno engloba todos aquellos procesos y medidas establecidos por el Consejo de Administraci\u00f3n de Mutual M\u00e9dica para garantizar que las operaciones de la entidad se realizan seg\u00fan lo establecido y con el nivel de calidad y precisi\u00f3n exigido. En concreto, estos procedimientos miden aspectos como la eficacia y eficiencia de las operaciones; la fiabilidad e integridad de la informaci\u00f3n financiera y no financiera; la adecuada gesti\u00f3n de los riesgos de acuerdo con los objetivos estrat\u00e9gicos, y el cumplimiento de las leyes, pol\u00edticas y procedimientos internos aplicables.<\/p>\r\n<!-- \/wp:paragraph -->\r\n\r\n<!-- wp:paragraph -->\r\n<p>Este sistema se desarrolla a partir de las siguientes fases:<\/p>\r\n<!-- \/wp:paragraph -->\r\n\r\n<!-- wp:paragraph -->\r\n<p>1.- <strong>Identificaci\u00f3n de objetivos:<\/strong> definici\u00f3n de los objetivos de la entidad y los pasos a seguir para alcanzarlos.<\/p>\r\n<!-- \/wp:paragraph -->\r\n\r\n<!-- wp:paragraph -->\r\n<p>2.- <strong>Establecimiento de pol\u00edticas<\/strong>: definici\u00f3n de las pol\u00edticas que marcan las reglas a seguir para alcanzar los objetivos fijados, encabezadas por el Marco de Sistema de Gobierno.<\/p>\r\n<!-- \/wp:paragraph -->\r\n\r\n<!-- wp:paragraph -->\r\n<p>3.- <strong>Identificaci\u00f3n de procesos clave:<\/strong> definici\u00f3n de los procesos alineados con la estrategia de la entidad y que se encaminen a la consecuci\u00f3n de los objetivos identificados inicialmente.<\/p>\r\n<!-- \/wp:paragraph -->\r\n\r\n<!-- wp:paragraph -->\r\n<p>4.- <strong>Asignaci\u00f3n de responsabilidades:<\/strong> definici\u00f3n clara de las responsabilidades de cada uno de los implicados en este sistema.<\/p>\r\n<!-- \/wp:paragraph -->\r\n\r\n<!-- wp:paragraph -->\r\n<p>5.- <strong>Identificaci\u00f3n de riesgos\/deficiencias:<\/strong> identificaci\u00f3n de los riesgos que podr\u00edan darse en los procesos clave y que podr\u00edan poner en peligro el logro de los objetivos de la entidad, en base a su alcance (importancia) y probabilidad de ocurrencia.<\/p>\r\n<!-- \/wp:paragraph -->\r\n\r\n<!-- wp:paragraph -->\r\n<p>6.- <strong>Implantaci\u00f3n de controles y actividades de control en respuesta a los riesgos:<\/strong> conjunto de pol\u00edticas y procedimientos que ayudan a tomar las medidas necesarias para controlar los riesgos y conseguir los objetivos fijados.<\/p>\r\n<!-- \/wp:paragraph -->\r\n\r\n<!-- wp:paragraph -->\r\n<p>7.- <strong>Gesti\u00f3n del riesgo:<\/strong> centralizaci\u00f3n del control y coordinaci\u00f3n del proceso de gesti\u00f3n de riesgos y de los resultados, as\u00ed como el control y supervisi\u00f3n del cumplimiento normativo y legal.<\/p>\r\n<!-- \/wp:paragraph -->\r\n\r\n<!-- wp:paragraph -->\r\n<p>8.- <strong><em>Reporting<\/em>:<\/strong> identificaci\u00f3n, generaci\u00f3n y comunicaci\u00f3n de informaci\u00f3n oportuna y veraz, en el menor tiempo posible.<\/p>\r\n<!-- \/wp:paragraph -->\r\n\r\n<!-- wp:paragraph -->\r\n<p>9.- <strong>Supervisi\u00f3n y seguimiento del Sistema de Control Interno:<\/strong> procesos o procedimientos dise\u00f1ados para revisar la efectividad del Sistema de Control Interno. Los dos estadios de esta fase son el departamento de Cumplimiento y Control Interno y la Auditor\u00eda Interna.<\/p>\r\n<!-- \/wp:paragraph -->\r\n\r\n<!-- wp:paragraph -->\r\n<p>En 2021, adem\u00e1s de revisar y actualizar las pol\u00edticas ya existentes, se han desarrollado tambi\u00e9n nuevas pol\u00edticas que han permitido reforzar el sistema de gobierno y, con ello, el Sistema de Control Interno. Entre estas pol\u00edticas encontramos el Marco de gesti\u00f3n del Apetito de Riesgo, la pol\u00edtica de integraci\u00f3n de riesgos ASG y la pol\u00edtica de Selecci\u00f3n y Promoci\u00f3n Interna.<\/p>\r\n<!-- \/wp:paragraph -->\r\n\r\n<!-- wp:paragraph -->\r\n<p>Adem\u00e1s de la revisi\u00f3n anual recurrente, desde la mutualidad se est\u00e1 trabajando en que la pol\u00edtica de gesti\u00f3n de inversiones y la pol\u00edtica de remuneraciones se adapten a las nuevas normativas de sostenibilidad (riesgos ASG).<\/p>\r\n<!-- \/wp:paragraph -->\r\n\r\n<!-- wp:heading {\"level\":4} -->\r\n<h4><strong>Departamento de<\/strong> <strong>Cumplimiento y Control Interno<\/strong><\/h4>\r\n<!-- \/wp:heading -->\r\n\r\n<!-- wp:paragraph -->\r\n<p>El <strong>departamento de<\/strong> <strong>Cumplimiento y Control Interno<\/strong> es el <strong>responsable de comprobar la efectividad del Sistema de Control Interno mediante la documentaci\u00f3n de los procesos cr\u00edticos de la entidad y la valoraci\u00f3n de la eficacia de los controles instaurados<\/strong>. Otras responsabilidades de este departamento son coordinar la Comisi\u00f3n de Auditor\u00eda y Control y realizar su informe anual para la presentaci\u00f3n a la Asamblea General; realizar y dar seguimiento a los test de controles de procesos; supervisar el cumplimiento de los requerimientos internos definidos por Direcci\u00f3n; o coordinar la relaci\u00f3n con la Direcci\u00f3n General de Seguros y Fondos de Pensiones.<\/p>\r\n<!-- \/wp:paragraph -->\r\n\r\n<!-- wp:paragraph -->\r\n<p>En el \u00faltimo ejercicio tambi\u00e9n se ha continuado potenciando el proyecto de Gesti\u00f3n del Riesgo Operacional, desarrollado en colaboraci\u00f3n con el \u00e1rea de Gesti\u00f3n de Riesgos con el fin \u00faltimo de obtener un mapa de riesgos operacionales, y se ha seguido trabajando en el levantamiento y optimizaci\u00f3n de procesos, la identificaci\u00f3n de los riesgos asociados a los mismos y la propuesta de establecimiento de los controles pertinentes.<\/p>\r\n<!-- \/wp:paragraph -->\r\n\r\n<!-- wp:heading {\"level\":4} -->\r\n<h4>Auditor\u00eda Interna<\/h4>\r\n<!-- \/wp:heading -->\r\n\r\n<!-- wp:paragraph -->\r\n<p>En su rol de tercera l\u00ednea de defensa, la Funci\u00f3n de Auditor\u00eda Interna se encarga de la revisi\u00f3n y evaluaci\u00f3n de forma objetiva e independiente del Sistema de Control Interno, con el objetivo de proporcionar una garant\u00eda adicional al Consejo de Administraci\u00f3n. Para ello, cuenta con la colaboraci\u00f3n de una firma externa independiente y de prestigio.<\/p>\r\n<!-- \/wp:paragraph -->\r\n\r\n<!-- wp:paragraph {\"className\":\"margin-bottom-15\"} -->\r\n<p class=\"margin-bottom-15\">Las auditor\u00edas internas realizadas en 2021 han evaluado los siguientes aspectos:<\/p>\r\n<!-- \/wp:paragraph -->\r\n\r\n<!-- wp:list -->\r\n<ul><li>Funci\u00f3n Actuarial y Funci\u00f3n de Gesti\u00f3n de Riesgos.<\/li><li>Gesti\u00f3n de Prestaciones.<\/li><li>Pol\u00edticas de: calidad del dato, Marco de Sistema de Gobierno, pol\u00edtica de aptitud y honorabilidad, externalizaci\u00f3n (segunda intervenci\u00f3n: actividades externalizadas por la entidad y revisi\u00f3n de la pol\u00edtica), Compras.<\/li><li>Proceso de calidad del dato.<\/li><li>Control del fraude.<\/li><li>Plan de contingencia de Sistemas.<\/li><\/ul>\r\n<!-- \/wp:list -->\r\n\r\n<!-- wp:block {\"ref\":620} \/-->","_et_gb_content_width":""},"_links":{"self":[{"href":"https:\/\/informe-anual-2022.mutualmedica.com\/wp-json\/wp\/v2\/pages\/310"}],"collection":[{"href":"https:\/\/informe-anual-2022.mutualmedica.com\/wp-json\/wp\/v2\/pages"}],"about":[{"href":"https:\/\/informe-anual-2022.mutualmedica.com\/wp-json\/wp\/v2\/types\/page"}],"author":[{"embeddable":true,"href":"https:\/\/informe-anual-2022.mutualmedica.com\/wp-json\/wp\/v2\/users\/1"}],"replies":[{"embeddable":true,"href":"https:\/\/informe-anual-2022.mutualmedica.com\/wp-json\/wp\/v2\/comments?post=310"}],"version-history":[{"count":122,"href":"https:\/\/informe-anual-2022.mutualmedica.com\/wp-json\/wp\/v2\/pages\/310\/revisions"}],"predecessor-version":[{"id":4176,"href":"https:\/\/informe-anual-2022.mutualmedica.com\/wp-json\/wp\/v2\/pages\/310\/revisions\/4176"}],"wp:featuredmedia":[{"embeddable":true,"href":"https:\/\/informe-anual-2022.mutualmedica.com\/wp-json\/wp\/v2\/media\/2847"}],"wp:attachment":[{"href":"https:\/\/informe-anual-2022.mutualmedica.com\/wp-json\/wp\/v2\/media?parent=310"}],"curies":[{"name":"wp","href":"https:\/\/api.w.org\/{rel}","templated":true}]}}