{"id":2733,"date":"2023-05-15T09:54:38","date_gmt":"2023-05-15T09:54:38","guid":{"rendered":"https:\/\/informe-anual-2022.mutualmedica.com\/?page_id=2733"},"modified":"2023-06-22T15:17:52","modified_gmt":"2023-06-22T15:17:52","slug":"programa-cuidarme-nuestro-compromiso-con-la-salud-de-los-medicos","status":"publish","type":"page","link":"https:\/\/informe-anual-2022.mutualmedica.com\/es\/la-fundacion\/programa-cuidarme-nuestro-compromiso-con-la-salud-de-los-medicos\/","title":{"rendered":"PROGRAMA CUIDAR(ME): nuestro compromiso con la salud de los m\u00e9dicos"},"content":{"rendered":"\n<div style=\"height:50px\" aria-hidden=\"true\" class=\"wp-block-spacer\"><\/div>\n\n\n\n<p>El Programa Cuidar(Me) de la Fundaci\u00f3n Mutual M\u00e9dica busca complementar el bienestar del m\u00e9dico y as\u00ed dar respuesta a los nuevos retos a los que se enfrenta en la preservaci\u00f3n de su salud.<\/p>\n\n\n\n<p>A trav\u00e9s del programa Cuidar(Me) promovemos 3 proyectos de gran impacto hacia el colectivo:<\/p>\n\n\n\n<ul><li>Humanizaci\u00f3n de zonas hospitalarias.<\/li><li>Salud de los m\u00e9dicos.<\/li><li>Salud de los estudiantes: SAPEM.<\/li><\/ul>\n\n\n\n<h4><strong>Humanizaci\u00f3n de zonas hospitalarias<\/strong><\/h4>\n\n\n\n<p>El compromiso con el bienestar integral del m\u00e9dico, en su \u00e1mbito personal y laboral, tambi\u00e9n implica velar por una buena calidad de vida profesional. Cuidar del colectivo m\u00e9dico tiene un alcance que tambi\u00e9n impacta de manera positiva en el entorno profesional y en los pacientes.<\/p>\n\n\n\n<p>Para ello, desde la Fundaci\u00f3n Mutual M\u00e9dica hemos empezado a colaborar con otras fundaciones en la adecuaci\u00f3n y humanizaci\u00f3n de zonas y espacios m\u00e9dicos, infraestructuras y equipamientos en hospitales, con una importante dotaci\u00f3n econ\u00f3mica destinada a varios proyectos con impacto humano.<\/p>\n\n\n\n<h5><strong>Hospital de la Vall d\u2019Hebron \u2013 Fundaci\u00f3n Small: Actualizaci\u00f3n en la zona de m\u00e9dicos<\/strong><\/h5>\n\n\n\n<p>Remodelaci\u00f3n de las actuales \u00e1reas de Hospitalizaci\u00f3n de Oncolog\u00eda y Hematolog\u00eda pedi\u00e1tricas, as\u00ed como la Unidad de Trasplantes de M\u00e9dula \u00d3sea, para mejorar la eficiencia en los procesos m\u00e9dicos y mejorar el cuidado de los pacientes.<\/p>\n\n\n\n<h5><strong>Hospital la Paz \u2013 Fundaci\u00f3n Aladina: Nuevo Hospital de D\u00eda<\/strong><\/h5>\n\n\n\n<p>Reforma de 800 m<sup>2<\/sup> habilit\u00e1ndolos como nuevo hospital de d\u00eda. En \u00e9l se acoger\u00e1n pacientes pedi\u00e1tricos oncol\u00f3gicos, la Unidad de Trasplantes Oncol\u00f3gicos Pedi\u00e1tricos, boxes de aislamiento, salas de espera, zonas de descanso y despachos para el equipo m\u00e9dico.<\/p>\n\n\n\n<h5><strong>Hospital Universitario de Compostela \u2013 Fundaci\u00f3n Aladina: Hospital pedi\u00e1trico de D\u00eda<\/strong><\/h5>\n\n\n\n<p>La renovaci\u00f3n y humanizaci\u00f3n del ala pedi\u00e1trica del Hospital de D\u00eda en el Hospital Universitario de Compostela es ya una realidad, atendiendo en ella a ni\u00f1os y adolescentes en procesos oncol\u00f3gicos.<\/p>\n\n\n\n<h5><strong>Hospital Ni\u00f1o Jes\u00fas \u2013 Fundaci\u00f3n Aladina: Sala de Sue\u00f1os para pacientes pedi\u00e1tricos<\/strong><\/h5>\n\n\n\n<p>Remodelaci\u00f3n de dos salas de sedaci\u00f3n en una sala m\u00e1s grande y mejor adaptada, con boxes individuales, destinada a pacientes que requieran permanecer en observaci\u00f3n.<\/p>\n\n\n\n<div class=\"wp-block-image\"><figure class=\"aligncenter size-full is-resized\"><img loading=\"lazy\" src=\"https:\/\/informe-anual-2022.mutualmedica.com\/wp-content\/uploads\/2023\/06\/Sala_suenos.jpg\" alt=\"\" class=\"wp-image-3463\" width=\"637\" height=\"414\" srcset=\"https:\/\/informe-anual-2022.mutualmedica.com\/wp-content\/uploads\/2023\/06\/Sala_suenos.jpg 637w, https:\/\/informe-anual-2022.mutualmedica.com\/wp-content\/uploads\/2023\/06\/Sala_suenos-480x312.jpg 480w\" sizes=\"(min-width: 0px) and (max-width: 480px) 480px, (min-width: 481px) 637px, 100vw\" \/><figcaption>La Dra. Montse Nieto, jefa del Servicio UCI Pedi\u00e1trica del Hospital Ni\u00f1o Jes\u00fas, y Paco Arango, presidente de la Fundaci\u00f3n Aladina.<\/figcaption><\/figure><\/div>\n\n\n\n<h4><strong>Asociaci\u00f3n para la Vida Independiente<\/strong><\/h4>\n\n\n\n<div class=\"wp-block-image\"><figure class=\"aligncenter size-full\"><a href=\"https:\/\/www.youtube.com\/watch?v=6J-J_kg7bgg\" target=\"_blank\" rel=\"noopener\"><img loading=\"lazy\" width=\"612\" height=\"354\" src=\"https:\/\/informe-anual-2022.mutualmedica.com\/wp-content\/uploads\/2023\/06\/Aociacion-Vida-Independiente.jpg\" alt=\"\" class=\"wp-image-3464\" srcset=\"https:\/\/informe-anual-2022.mutualmedica.com\/wp-content\/uploads\/2023\/06\/Aociacion-Vida-Independiente.jpg 612w, https:\/\/informe-anual-2022.mutualmedica.com\/wp-content\/uploads\/2023\/06\/Aociacion-Vida-Independiente-480x278.jpg 480w\" sizes=\"(min-width: 0px) and (max-width: 480px) 480px, (min-width: 481px) 612px, 100vw\" \/><\/a><\/figure><\/div>\n\n\n\n<h4><strong>Salud de los m\u00e9dicos<\/strong><\/h4>\n\n\n\n<p>El conocimiento y la especializaci\u00f3n en el colectivo m\u00e9dico nos permite cuidar de los profesionales de la salud conociendo bien su realidad y los posibles nuevos factores que inciden en su bienestar, desde la COVID-19 a las adicciones o el famoso <em>burn-out<\/em>, pasando por las <strong>agresiones a profesionales m\u00e9dicos<\/strong>, un fen\u00f3meno creciente en los \u00faltimos a\u00f1os que desde la Fundaci\u00f3n hemos abordado con varias iniciativas.<\/p>\n\n\n\n<h5><strong>Seguro de Incapacidad Laboral por Agresi\u00f3n para m\u00e9dicos colegiados<\/strong><\/h5>\n\n\n\n<p>En 2019 Mutual M\u00e9dica y la Fundaci\u00f3n Mutual M\u00e9dica iniciaron una ronda de contactos con los colegios de m\u00e9dicos para que aquellos que quisieran pudieran suscribir un seguro gratuito para todos sus colegiados que les cubr\u00eda en caso de baja laboral a causa de una agresi\u00f3n en el ejercicio de su profesi\u00f3n.<\/p>\n\n\n\n<p>Este seguro gratuito cubre la incapacidad laboral, tanto f\u00edsica como ps\u00edquica, si es a causa de una agresi\u00f3n en el lugar de trabajo, durante 15 d\u00edas con una cobertura de 50 \u20ac diarios.<\/p>\n\n\n\n<p>Un total de 29 colegios de m\u00e9dicos suscribieron este seguro, sin coste para los colegios ni para sus colegiados, ya que lo asumi\u00f3 la Fundaci\u00f3n Mutual M\u00e9dica.<\/p>\n\n\n\n<p>En 2022, para que los colegiados de las 23 provincias restantes que no hab\u00edan suscrito este seguro gratuito tambi\u00e9n pudieran estar cubiertos, Mutual M\u00e9dica y la Fundaci\u00f3n Mutual M\u00e9dica suscribieron un seguro universal que cubre a todos los m\u00e9dicos colegiados en Espa\u00f1a.<\/p>\n\n\n\n<h5><strong>Curso de Agresiones a Profesionales Sanitarios: fundamentos de prevenci\u00f3n,<\/strong><strong> protecci\u00f3n y respuesta<\/strong><\/h5>\n\n\n\n<p>Durante el D\u00eda Europeo contra las Agresiones a Sanitarios, en el que la Organizaci\u00f3n M\u00e9dica Colegial dio a conocer datos de agresiones a m\u00e9dicos, se present\u00f3 tambi\u00e9n la segunda edici\u00f3n del curso<em>&nbsp;\u201c<\/em>Agresiones a Profesionales Sanitarios: fundamentos de prevenci\u00f3n, protecci\u00f3n y respuesta\u201d, que se ha hecho conjuntamente entre la Fundaci\u00f3n por la Formaci\u00f3n de la OMC, la Polic\u00eda Nacional y la Fundaci\u00f3n Mutual M\u00e9dica y que tiene como objetivo aportar conocimientos y habilidades b\u00e1sicas al profesional sanitario con funciones cl\u00ednicas, para que sea capaz de mejorar su comprensi\u00f3n respecto al problema de las agresiones de los pacientes y adquiera las competencias fundamentales para prevenir, protegerse y actuar.<\/p>\n\n\n\n<p>Hasta final de a\u00f1o, aproximadamente 2.000 m\u00e9dicos han realizado gratuitamente esta formaci\u00f3n gracias a la Fundaci\u00f3n Mutual M\u00e9dica.<\/p>\n\n\n\n<h4><strong>Salud de los estudiantes: SAPEM<\/strong><\/h4>\n\n\n\n<p>El Programa <strong>Cuidar(Me)<\/strong> tiene muy presente la importancia de <strong>apoyar y<\/strong> <strong>cuidar al m\u00e9dico joven<\/strong> en todo momento, desde la \u00e9poca de estudiante hasta los a\u00f1os de pr\u00e1ctica profesional, atendiendo especialmente a aquellos factores que pueden incidir en el <strong>bienestar, la salud f\u00edsica y mental y la calidad de vida.<\/strong><\/p>\n\n\n\n<p>Desde la Fundaci\u00f3n Mutual M\u00e9dica impulsamos varias iniciativas y proyectos orientados al cuidado del m\u00e9dico joven en colaboraci\u00f3n con la Fundaci\u00f3n de Protecci\u00f3n Social de la OMC, el CEEM (Consejo Estatal de Estudiantes de Medicina) y la Fundaci\u00f3n Galatea como entidad proveedora del servicio.<\/p>\n\n\n\n<h5><strong>Servicio Telef\u00f3nico de Apoyo Psicol\u00f3gico a Estudiantes de Medicina (SAPEM)<\/strong><\/h5>\n\n\n\n<p>Ahora, los estudiantes de medicina disponen de <strong>SAPEM<\/strong>: un <strong>servicio telef\u00f3nico de apoyo psicol\u00f3gico. <\/strong>El servicio ofrece atenci\u00f3n y da respuesta a una problem\u00e1tica concreta de los y las estudiantes de grado de Medicina: los trastornos mentales y el malestar emocional relacionados con las actividades propias del periodo formativo.<\/p>\n\n\n\n<div style=\"height:50px\" aria-hidden=\"true\" class=\"wp-block-spacer\"><\/div>\n\n\n\n<div class=\"wp-block-columns custom-col-fundacion\">\n<div class=\"wp-block-column\">\n<div class=\"wp-block-cover custom-cover\" style=\"min-height:100px\"><span aria-hidden=\"true\" class=\"has-background-dim-0 wp-block-cover__gradient-background has-background-dim\"><\/span><img loading=\"lazy\" width=\"969\" height=\"744\" class=\"wp-block-cover__image-background wp-image-3011\" alt=\"\" src=\"https:\/\/informe-anual-2022.mutualmedica.com\/wp-content\/uploads\/2023\/05\/ImpulsarME_ES.jpg\" style=\"object-position:50% 50%\" data-object-fit=\"cover\" data-object-position=\"50% 50%\" srcset=\"https:\/\/informe-anual-2022.mutualmedica.com\/wp-content\/uploads\/2023\/05\/ImpulsarME_ES.jpg 969w, https:\/\/informe-anual-2022.mutualmedica.com\/wp-content\/uploads\/2023\/05\/ImpulsarME_ES-480x369.jpg 480w\" sizes=\"(min-width: 0px) and (max-width: 480px) 480px, (min-width: 481px) 969px, 100vw\" \/><div class=\"wp-block-cover__inner-container\">\n<figure class=\"wp-block-image size-full custom-image\"><a href=\"https:\/\/informe-anual-2022.mutualmedica.com\/es\/la-fundacion\/programa-impulsarme\/\"><img loading=\"lazy\" width=\"969\" height=\"744\" src=\"https:\/\/informe-anual-2022.mutualmedica.com\/wp-content\/uploads\/2023\/05\/ImpulsarME_Over_ES.jpg\" alt=\"\" class=\"wp-image-3064\" srcset=\"https:\/\/informe-anual-2022.mutualmedica.com\/wp-content\/uploads\/2023\/05\/ImpulsarME_Over_ES.jpg 969w, https:\/\/informe-anual-2022.mutualmedica.com\/wp-content\/uploads\/2023\/05\/ImpulsarME_Over_ES-480x369.jpg 480w\" sizes=\"(min-width: 0px) and (max-width: 480px) 480px, (min-width: 481px) 969px, 100vw\" \/><\/a><\/figure>\n<\/div><\/div>\n\n\n\n<div style=\"height:50px\" aria-hidden=\"true\" class=\"wp-block-spacer\"><\/div>\n<\/div>\n\n\n\n<div class=\"wp-block-column\">\n<div class=\"wp-block-cover custom-cover\" style=\"min-height:100px\"><span aria-hidden=\"true\" class=\"has-background-dim-0 wp-block-cover__gradient-background has-background-dim\"><\/span><img loading=\"lazy\" width=\"969\" height=\"744\" class=\"wp-block-cover__image-background wp-image-3083\" alt=\"\" src=\"https:\/\/informe-anual-2022.mutualmedica.com\/wp-content\/uploads\/2023\/05\/CuidarME_ES-1.jpg\" style=\"object-position:50% 50%\" data-object-fit=\"cover\" data-object-position=\"50% 50%\" srcset=\"https:\/\/informe-anual-2022.mutualmedica.com\/wp-content\/uploads\/2023\/05\/CuidarME_ES-1.jpg 969w, https:\/\/informe-anual-2022.mutualmedica.com\/wp-content\/uploads\/2023\/05\/CuidarME_ES-1-480x369.jpg 480w\" sizes=\"(min-width: 0px) and (max-width: 480px) 480px, (min-width: 481px) 969px, 100vw\" \/><div class=\"wp-block-cover__inner-container\">\n<figure class=\"wp-block-image size-full custom-image\"><a href=\"https:\/\/informe-anual-2022.mutualmedica.com\/es\/la-fundacion\/programa-cuidarme-nuestro-compromiso-con-la-salud-de-los-medicos\/\"><img loading=\"lazy\" width=\"969\" height=\"744\" src=\"https:\/\/informe-anual-2022.mutualmedica.com\/wp-content\/uploads\/2023\/05\/CuidarME_Over_ES.jpg\" alt=\"\" class=\"wp-image-3084\" srcset=\"https:\/\/informe-anual-2022.mutualmedica.com\/wp-content\/uploads\/2023\/05\/CuidarME_Over_ES.jpg 969w, https:\/\/informe-anual-2022.mutualmedica.com\/wp-content\/uploads\/2023\/05\/CuidarME_Over_ES-480x369.jpg 480w\" sizes=\"(min-width: 0px) and (max-width: 480px) 480px, (min-width: 481px) 969px, 100vw\" \/><\/a><\/figure>\n<\/div><\/div>\n\n\n\n<div style=\"height:50px\" aria-hidden=\"true\" class=\"wp-block-spacer\"><\/div>\n<\/div>\n\n\n\n<div class=\"wp-block-column\">\n<div class=\"wp-block-cover custom-cover\" style=\"min-height:100px\"><span aria-hidden=\"true\" class=\"has-background-dim-0 wp-block-cover__gradient-background has-background-dim\"><\/span><img loading=\"lazy\" width=\"969\" height=\"744\" class=\"wp-block-cover__image-background wp-image-3014\" alt=\"\" src=\"https:\/\/informe-anual-2022.mutualmedica.com\/wp-content\/uploads\/2023\/05\/ConcienciarME_ES.jpg\" style=\"object-position:50% 50%\" data-object-fit=\"cover\" data-object-position=\"50% 50%\" srcset=\"https:\/\/informe-anual-2022.mutualmedica.com\/wp-content\/uploads\/2023\/05\/ConcienciarME_ES.jpg 969w, https:\/\/informe-anual-2022.mutualmedica.com\/wp-content\/uploads\/2023\/05\/ConcienciarME_ES-480x369.jpg 480w\" sizes=\"(min-width: 0px) and (max-width: 480px) 480px, (min-width: 481px) 969px, 100vw\" \/><div class=\"wp-block-cover__inner-container\">\n<figure class=\"wp-block-image size-full custom-image\"><a href=\"https:\/\/informe-anual-2022.mutualmedica.com\/es\/la-fundacion\/programa-concienciarme-nuestro-compromiso-con-la-sociedad-y-las-personas\/\"><img loading=\"lazy\" width=\"969\" height=\"744\" src=\"https:\/\/informe-anual-2022.mutualmedica.com\/wp-content\/uploads\/2023\/05\/ConcienciarME_Over_ES.jpg\" alt=\"\" class=\"wp-image-3085\" srcset=\"https:\/\/informe-anual-2022.mutualmedica.com\/wp-content\/uploads\/2023\/05\/ConcienciarME_Over_ES.jpg 969w, https:\/\/informe-anual-2022.mutualmedica.com\/wp-content\/uploads\/2023\/05\/ConcienciarME_Over_ES-480x369.jpg 480w\" sizes=\"(min-width: 0px) and (max-width: 480px) 480px, (min-width: 481px) 969px, 100vw\" \/><\/a><\/figure>\n<\/div><\/div>\n\n\n\n<div style=\"height:50px\" aria-hidden=\"true\" class=\"wp-block-spacer\"><\/div>\n<\/div>\n<\/div>\n\n\n\n<div style=\"height:50px\" aria-hidden=\"true\" class=\"wp-block-spacer\"><\/div>\n","protected":false},"excerpt":{"rendered":"<p>El Programa Cuidar(Me) de la Fundaci\u00f3n Mutual M\u00e9dica busca complementar el bienestar del m\u00e9dico y as\u00ed dar respuesta a los nuevos retos a los que se enfrenta en la preservaci\u00f3n de su salud. A trav\u00e9s del programa Cuidar(Me) promovemos 3 proyectos de gran impacto hacia el colectivo: Humanizaci\u00f3n de zonas hospitalarias. Salud de los m\u00e9dicos. [&hellip;]<\/p>\n","protected":false},"author":1,"featured_media":2903,"parent":2724,"menu_order":0,"comment_status":"closed","ping_status":"closed","template":"","meta":{"_et_pb_use_builder":"","_et_pb_old_content":"","_et_gb_content_width":""},"_links":{"self":[{"href":"https:\/\/informe-anual-2022.mutualmedica.com\/wp-json\/wp\/v2\/pages\/2733"}],"collection":[{"href":"https:\/\/informe-anual-2022.mutualmedica.com\/wp-json\/wp\/v2\/pages"}],"about":[{"href":"https:\/\/informe-anual-2022.mutualmedica.com\/wp-json\/wp\/v2\/types\/page"}],"author":[{"embeddable":true,"href":"https:\/\/informe-anual-2022.mutualmedica.com\/wp-json\/wp\/v2\/users\/1"}],"replies":[{"embeddable":true,"href":"https:\/\/informe-anual-2022.mutualmedica.com\/wp-json\/wp\/v2\/comments?post=2733"}],"version-history":[{"count":22,"href":"https:\/\/informe-anual-2022.mutualmedica.com\/wp-json\/wp\/v2\/pages\/2733\/revisions"}],"predecessor-version":[{"id":4043,"href":"https:\/\/informe-anual-2022.mutualmedica.com\/wp-json\/wp\/v2\/pages\/2733\/revisions\/4043"}],"up":[{"embeddable":true,"href":"https:\/\/informe-anual-2022.mutualmedica.com\/wp-json\/wp\/v2\/pages\/2724"}],"wp:featuredmedia":[{"embeddable":true,"href":"https:\/\/informe-anual-2022.mutualmedica.com\/wp-json\/wp\/v2\/media\/2903"}],"wp:attachment":[{"href":"https:\/\/informe-anual-2022.mutualmedica.com\/wp-json\/wp\/v2\/media?parent=2733"}],"curies":[{"name":"wp","href":"https:\/\/api.w.org\/{rel}","templated":true}]}}