{"id":2728,"date":"2023-05-15T09:03:57","date_gmt":"2023-05-15T09:03:57","guid":{"rendered":"https:\/\/informe-anual-2022.mutualmedica.com\/?page_id=2728"},"modified":"2023-07-06T09:19:03","modified_gmt":"2023-07-06T09:19:03","slug":"programa-impulsarme","status":"publish","type":"page","link":"https:\/\/informe-anual-2022.mutualmedica.com\/es\/la-fundacion\/programa-impulsarme\/","title":{"rendered":"PROGRAMA IMPULSAR(ME): nuestro compromiso con la formaci\u00f3n y la investigaci\u00f3n m\u00e9dica"},"content":{"rendered":"\n<hr class=\"wp-block-separator has-text-color has-background has-white-background-color has-white-color ancla-je\" id=\"compromiso-de-mutual-medica-con-los-ods\"\/>\n\n\n\n<div style=\"height:50px\" aria-hidden=\"true\" class=\"wp-block-spacer\"><\/div>\n\n\n\n<p>El Programa Impulsar(Me) de la Fundaci\u00f3n Mutual M\u00e9dica promueve una labor de investigaci\u00f3n para generar y compartir conocimiento entre el sector m\u00e9dico. Es la investigaci\u00f3n la que permite realizar actividades intelectuales y experimentales de modo sistem\u00e1tico con el prop\u00f3sito de aumentar los conocimientos del colectivo: investigaci\u00f3n, formaci\u00f3n de excelencia y educaci\u00f3n.<\/p>\n\n\n\n<p>A trav\u00e9s del Programa Impulsar(Me), promovemos 4 grandes proyectos:<\/p>\n\n\n\n<ul><li>Premios a la Investigaci\u00f3n Mutual M\u00e9dica<\/li><li>Premios Cient\u00edficos y ayudas a la formaci\u00f3n (en colaboraci\u00f3n con otras entidades)<\/li><li>Plataformas formativas<\/li><li>MIRIAL<\/li><\/ul>\n\n\n\n<h4>Premios a la Investigaci\u00f3n Mutual M\u00e9dica<\/h4>\n\n\n\n<iframe class=\"w40\" src=\"https:\/\/www.youtube.com\/embed\/PaTH_rwg_Hg?rel=0\" title=\"YouTube video player\" frameborder=\"0\" allow=\"accelerometer; autoplay; clipboard-write; encrypted-media; gyroscope; picture-in-picture\" allowfullscreen=\"\"><\/iframe>\n\n\n\n<div style=\"height:50px\" aria-hidden=\"true\" class=\"wp-block-spacer\"><\/div>\n\n\n\n<div class=\"wp-block-columns\">\n<div class=\"wp-block-column\">\n<p>Estos galardones que concede <strong>la Fundaci\u00f3n Mutual M\u00e9dica a trav\u00e9s de su programa Impulsar(Me) reconocen el desarrollo y la labor de m\u00e9dicos, residentes y estudiantes<\/strong> en el impulso de nuevas v\u00edas de investigaci\u00f3n en torno al desarrollo de terapias innovadoras, herramientas diagn\u00f3sticas o el cuidado y tratamiento de enfermedades.<\/p>\n\n\n\n<p>Los Premios a la Investigaci\u00f3n Mutual M\u00e9dica mantuvieron en 2022 las tres novedades introducidas el a\u00f1o anterior, en 2021. La primera, la realizaci\u00f3n del acto de entrega de los premios fuera del \u201cCasal del Metge\u201d, nuestro edificio hist\u00f3rico en Barcelona. En 2021 celebramos este evento en Santander y en 2022 la entrega de premios tuvo lugar en el magn\u00edfico Palacio Casa Villa Luisa de Sevilla.<\/p>\n<\/div>\n\n\n\n<div class=\"wp-block-column\">\n<div class=\"wp-block-image w75\"><figure class=\"alignleft size-large\"><img loading=\"lazy\" width=\"1024\" height=\"768\" src=\"https:\/\/informe-anual-2022.mutualmedica.com\/wp-content\/uploads\/2023\/05\/MUTUAL-MEDICA4197-1024x768.jpg\" alt=\"\" class=\"wp-image-3088\" srcset=\"https:\/\/informe-anual-2022.mutualmedica.com\/wp-content\/uploads\/2023\/05\/MUTUAL-MEDICA4197-980x735.jpg 980w, https:\/\/informe-anual-2022.mutualmedica.com\/wp-content\/uploads\/2023\/05\/MUTUAL-MEDICA4197-480x360.jpg 480w\" sizes=\"(min-width: 0px) and (max-width: 480px) 480px, (min-width: 481px) and (max-width: 980px) 980px, (min-width: 981px) 1024px, 100vw\" \/><\/figure><\/div>\n<\/div>\n<\/div>\n\n\n\n<p>La segunda novedad de 2021 fue la creaci\u00f3n del Premio TFG-Fundaci\u00f3n Mutual M\u00e9dica al mejor trabajo fin de grado presentado por un estudiante al finalizar su diplomatura. El primer a\u00f1o realizamos una prueba piloto con cuatro facultades, pero el proyecto se consolid\u00f3 en 2022 con la participaci\u00f3n de 23 facultades de Medicina.<\/p>\n\n\n\n<p>La tercera novedad que se ha mantenido ha sido un nuevo reconocimiento, el Premio Menci\u00f3n Especial del Patronato de la Fundaci\u00f3n Mutual M\u00e9dica, que se puede otorgar a un proyecto o art\u00edculo de investigaci\u00f3n finalista de la Beca Mutual M\u00e9dica o del Premio Dr. Font, que no haya acabado premiado por el jurado y que est\u00e9 alineado con los valores y las l\u00edneas estrat\u00e9gicas de la Fundaci\u00f3n.<\/p>\n\n\n\n<div style=\"height:50px\" aria-hidden=\"true\" class=\"wp-block-spacer\"><\/div>\n\n\n\n<h5><strong>Beca Mutual M\u00e9dica<\/strong><\/h5>\n\n\n\n<p>Premiamos los proyectos de investigaci\u00f3n de m\u00e9dicos j\u00f3venes para que puedan hacerlos realidad. Encontrar recursos y financiaci\u00f3n para la investigaci\u00f3n m\u00e9dica resulta dif\u00edcil si est\u00e1s empezando a ejercer.<\/p>\n\n\n\n<p>Para contribuir a resolver esta situaci\u00f3n, creamos este premio solo para m\u00e9dicos MIR de \u00faltimo a\u00f1o de la residencia o que la hayan acabado en los \u00faltimos tres a\u00f1os anteriores a la convocatoria.<\/p>\n\n\n\n<p>En 2020, con motivo del centenario de la entidad, se dot\u00f3 a la Beca Mutual M\u00e9dica con 25.000 \u20ac para el ganador y 5.000 \u20ac para los dos acc\u00e9sits; en 2021 se aprob\u00f3 mantener estas cantidades en todas las ediciones posteriores. A continuaci\u00f3n, os presentamos al ganador y los acc\u00e9sits de la edici\u00f3n 2022:<\/p>\n\n\n\n<div class=\"wp-block-columns\">\n<div class=\"wp-block-column\">\n<p><strong>Ganador de la Beca Mutual M\u00e9dica<\/strong><\/p>\n\n\n\n<figure class=\"wp-block-image size-full imgCol100\"><img loading=\"lazy\" width=\"422\" height=\"280\" src=\"https:\/\/informe-anual-2022.mutualmedica.com\/wp-content\/uploads\/2023\/05\/RV1_6782_2.jpg\" alt=\"\" class=\"wp-image-3354\" srcset=\"https:\/\/informe-anual-2022.mutualmedica.com\/wp-content\/uploads\/2023\/05\/RV1_6782_2.jpg 422w, https:\/\/informe-anual-2022.mutualmedica.com\/wp-content\/uploads\/2023\/05\/RV1_6782_2-300x199.jpg 300w\" sizes=\"(max-width: 422px) 100vw, 422px\" \/><figcaption><strong><strong>Dra. Emilie Anderssen Nordahl<\/strong> <\/strong><br><strong>25.000 \u20ac<\/strong><\/figcaption><\/figure>\n\n\n\n<p><strong>Proyecto<\/strong>: \u201cOptimizaci\u00f3n del tratamiento farmacol\u00f3gico en pacientes institucionalizados en residencias de Catalu\u00f1a. Estudio cuasiexperimental antes y despu\u00e9s\u201d.<\/p>\n\n\n\n<p><strong>Especialidad<\/strong>: Farmacolog\u00eda Cl\u00ednica.<\/p>\n\n\n\n<p>\u00c1rea del Medicamento del SAP Muntanya de Barcelona, junto con el Hospital Vall d&#8217;Hebron (Barcelona).<\/p>\n\n\n\n<div class=\"wp-container-69f4c9376bcf3 wp-block-buttons m\">\n<div class=\"wp-block-button\"><a class=\"wp-block-button__link\" href=\"https:\/\/youtu.be\/kEEPL8YhYc8\" target=\"_blank\" rel=\"noreferrer noopener\">Ver v\u00eddeo<\/a><\/div>\n<\/div>\n<\/div>\n\n\n\n<div class=\"wp-block-column\">\n<p><strong>Acc\u00e9sit Beca Mutual M\u00e9dica<\/strong><\/p>\n\n\n\n<figure class=\"wp-block-image size-full imgCol100\"><img loading=\"lazy\" width=\"422\" height=\"280\" src=\"https:\/\/informe-anual-2022.mutualmedica.com\/wp-content\/uploads\/2023\/05\/RV1_6729_2.jpg\" alt=\"\" class=\"wp-image-3355\" srcset=\"https:\/\/informe-anual-2022.mutualmedica.com\/wp-content\/uploads\/2023\/05\/RV1_6729_2.jpg 422w, https:\/\/informe-anual-2022.mutualmedica.com\/wp-content\/uploads\/2023\/05\/RV1_6729_2-300x199.jpg 300w\" sizes=\"(max-width: 422px) 100vw, 422px\" \/><figcaption><strong><strong>Dra. Ver\u00f3nica Polaino Moreno<\/strong> <\/strong><br><strong>5.000 \u20ac<\/strong><\/figcaption><\/figure>\n\n\n\n<p><strong>Proyecto<\/strong>: \u201cEnsayo cl\u00ednico, multic\u00e9ntrico, randomizado, doble ciego, controlado con placebo, para evaluar la eficacia de la antibioterapia con amoxicilina\/clavul\u00e1nico tras el drenaje quir\u00fargico del absceso perianal en la prevenci\u00f3n del desarrollo de f\u00edstula perianal\u201d.<\/p>\n\n\n\n<p><strong>Especialidad<\/strong>: Cirug\u00eda General y Aparato Digestivo.<\/p>\n\n\n\n<p>Hospital Universitario Puerta De Hierro Majadahonda (Madrid).<\/p>\n\n\n\n<p><\/p>\n\n\n\n<div class=\"wp-container-69f4c9376c02f wp-block-buttons m\">\n<div class=\"wp-block-button\"><a class=\"wp-block-button__link\" href=\"https:\/\/youtu.be\/6QJQ1mecmKg\" target=\"_blank\" rel=\"noreferrer noopener\">Ver v\u00eddeo<\/a><\/div>\n<\/div>\n<\/div>\n\n\n\n<div class=\"wp-block-column\">\n<p><strong>Acc\u00e9sit Beca Mutual M\u00e9dica<\/strong><\/p>\n\n\n\n<figure class=\"wp-block-image size-full imgCol100\"><img loading=\"lazy\" width=\"422\" height=\"280\" src=\"https:\/\/informe-anual-2022.mutualmedica.com\/wp-content\/uploads\/2023\/05\/RV1_6671_2.jpg\" alt=\"\" class=\"wp-image-3356\" srcset=\"https:\/\/informe-anual-2022.mutualmedica.com\/wp-content\/uploads\/2023\/05\/RV1_6671_2.jpg 422w, https:\/\/informe-anual-2022.mutualmedica.com\/wp-content\/uploads\/2023\/05\/RV1_6671_2-300x199.jpg 300w\" sizes=\"(max-width: 422px) 100vw, 422px\" \/><figcaption><strong><strong>Dra. Sara de la Mata Navazo<\/strong> <\/strong><br><strong>5.000 \u20ac<\/strong><\/figcaption><\/figure>\n\n\n\n<p><strong>Proyecto<\/strong>: \u201cEvaluaci\u00f3n de la utilidad de la ecograf\u00eda integrada a pie de cama como predictor de \u00e9xito de extubaci\u00f3n\u201d.<\/p>\n\n\n\n<p><strong>Especialidad<\/strong>: Pediatr\u00eda \/ Cuidados intensivos Pedi\u00e1tricos.<\/p>\n\n\n\n<p>Hospital Universitario Gregorio Mara\u00f1\u00f3n (Madrid).<\/p>\n\n\n\n<div class=\"wp-container-69f4c9376c321 wp-block-buttons m\">\n<div class=\"wp-block-button\"><a class=\"wp-block-button__link\" href=\"https:\/\/youtu.be\/OVkiICIfI24\" target=\"_blank\" rel=\"noreferrer noopener\">Ver v\u00eddeo<\/a><\/div>\n<\/div>\n<\/div>\n<\/div>\n\n\n\n<div class=\"wp-block-columns d\">\n<div class=\"wp-block-column\">\n<div class=\"wp-container-69f4c9376c616 wp-block-buttons\">\n<div class=\"wp-block-button\"><a class=\"wp-block-button__link\" href=\"https:\/\/youtu.be\/kEEPL8YhYc8\" target=\"_blank\" rel=\"noreferrer noopener\">Ver v\u00eddeo<\/a><\/div>\n<\/div>\n<\/div>\n\n\n\n<div class=\"wp-block-column\">\n<div class=\"wp-container-69f4c9376c8b9 wp-block-buttons\">\n<div class=\"wp-block-button\"><a class=\"wp-block-button__link\" href=\"https:\/\/youtu.be\/6QJQ1mecmKg\" target=\"_blank\" rel=\"noreferrer noopener\">Ver v\u00eddeo<\/a><\/div>\n<\/div>\n<\/div>\n\n\n\n<div class=\"wp-block-column\">\n<div class=\"wp-container-69f4c9376cb41 wp-block-buttons\">\n<div class=\"wp-block-button\"><a class=\"wp-block-button__link\" href=\"https:\/\/youtu.be\/OVkiICIfI24\" target=\"_blank\" rel=\"noreferrer noopener\">Ver v\u00eddeo<\/a><\/div>\n<\/div>\n<\/div>\n<\/div>\n\n\n\n<h5><strong>Premio Dr. J. Font<\/strong><\/h5>\n\n\n\n<p>Premiamos a autores de art\u00edculos sobre investigaci\u00f3n m\u00e9dica. Si tu trabajo de investigaci\u00f3n ha des\u00adpertado inter\u00e9s al publicarse, tiene muchas posibilidades de ganar el Premio Dr. J. Font. En \u00e9l pueden participar todos los art\u00edculos originales sobre investigaci\u00f3n m\u00e9dica con aplica\u00adci\u00f3n en la pr\u00e1ctica cl\u00ednica y que hayan sido publicados en una revista indexada durante el a\u00f1o anterior a la convocatoria. <\/p>\n\n\n\n<p>Se premia al autor primer firmante del art\u00edculo ganador con 3.000 \u20ac. Y contempla dos posi\u00adbles acc\u00e9sits de 1.000 \u20ac cada uno.<\/p>\n\n\n\n<div class=\"wp-block-columns\">\n<div class=\"wp-block-column\">\n<div class=\"wp-block-columns\">\n<div class=\"wp-block-column\">\n<p class=\"has-text-align-left\"><strong>Ganador del Premio <\/strong><strong>Dr. J. Font<\/strong><\/p>\n\n\n\n<figure class=\"wp-block-image size-full imgCol100\"><img loading=\"lazy\" width=\"422\" height=\"280\" src=\"https:\/\/informe-anual-2022.mutualmedica.com\/wp-content\/uploads\/2023\/05\/RV1_6568_2.jpg\" alt=\"\" class=\"wp-image-3351\" srcset=\"https:\/\/informe-anual-2022.mutualmedica.com\/wp-content\/uploads\/2023\/05\/RV1_6568_2.jpg 422w, https:\/\/informe-anual-2022.mutualmedica.com\/wp-content\/uploads\/2023\/05\/RV1_6568_2-300x199.jpg 300w\" sizes=\"(max-width: 422px) 100vw, 422px\" \/><figcaption><strong><strong>Dr. Manuel Requena Ruiz<\/strong><\/strong><br><strong>3.000 \u20ac<\/strong><\/figcaption><\/figure>\n\n\n\n<p><strong>Art\u00edculo<\/strong>: \u201cDirect to angiography suite without stopping for computed tomography imaging for patients with acute stroke: a randomized clinical trial\u201d.<\/p>\n\n\n\n<p><strong>Especialidad<\/strong>: Neurolog\u00eda.<\/p>\n\n\n\n<p>Hospital de la Vall d\u2019Hebron (Barcelona).<\/p>\n\n\n\n<p><strong>Revista<\/strong>: <em><em>American Medical Association<\/em><\/em>.<\/p>\n\n\n\n<div class=\"wp-container-69f4c9376ce82 wp-block-buttons m\">\n<div class=\"wp-block-button aligncenter\"><a class=\"wp-block-button__link\" href=\"https:\/\/youtu.be\/w8BYiBr6GHA\" target=\"_blank\" rel=\"noreferrer noopener\">Ver v\u00eddeo<\/a><\/div>\n<\/div>\n<\/div>\n\n\n\n<div class=\"wp-block-column\">\n<p class=\"has-text-align-left\"><strong>Acc\u00e9sit Premio <\/strong><strong>Dr. J. Font<\/strong><\/p>\n\n\n\n<figure class=\"wp-block-image size-full imgCol100\"><img loading=\"lazy\" width=\"422\" height=\"280\" src=\"https:\/\/informe-anual-2022.mutualmedica.com\/wp-content\/uploads\/2023\/05\/RV1_6500_2.jpg\" alt=\"\" class=\"wp-image-3352\" srcset=\"https:\/\/informe-anual-2022.mutualmedica.com\/wp-content\/uploads\/2023\/05\/RV1_6500_2.jpg 422w, https:\/\/informe-anual-2022.mutualmedica.com\/wp-content\/uploads\/2023\/05\/RV1_6500_2-300x199.jpg 300w\" sizes=\"(max-width: 422px) 100vw, 422px\" \/><figcaption><strong><strong>Dr. Noel Pin-Vieito<\/strong><\/strong><br><strong>1.000 \u20ac<\/strong><\/figcaption><\/figure>\n\n\n\n<p><strong>Art\u00edculo<\/strong>: \u201cFaecal immunochemical tests safely enhance rational use of resources during the assessment of suspected symptomatic colorectal cancer in primary care: systematic review and meta-analysis\u201d.<\/p>\n\n\n\n<p><strong>Especialidad<\/strong>: Aparato Digestivo.<\/p>\n\n\n\n<p>Complexo Hospitalario Universitario Ourense.<\/p>\n\n\n\n<p><strong>Revista<\/strong>: <em><em>British Medical Journal<\/em><\/em>.<\/p>\n\n\n\n<div class=\"wp-container-69f4c9376d158 wp-block-buttons m\">\n<div class=\"wp-block-button aligncenter\"><a class=\"wp-block-button__link\" href=\"https:\/\/youtu.be\/a6RrC3BT8H4\" target=\"_blank\" rel=\"noreferrer noopener\">Ver v\u00eddeo<\/a><\/div>\n<\/div>\n<\/div>\n\n\n\n<div class=\"wp-block-column\">\n<p class=\"has-text-align-left\"><strong>Acc\u00e9sit Premio <\/strong><strong>Dr. J. Font<\/strong><\/p>\n\n\n\n<figure class=\"wp-block-image size-full imgCol100\"><img loading=\"lazy\" width=\"422\" height=\"280\" src=\"https:\/\/informe-anual-2022.mutualmedica.com\/wp-content\/uploads\/2023\/05\/RV1_6414_2.jpg\" alt=\"\" class=\"wp-image-3353\" srcset=\"https:\/\/informe-anual-2022.mutualmedica.com\/wp-content\/uploads\/2023\/05\/RV1_6414_2.jpg 422w, https:\/\/informe-anual-2022.mutualmedica.com\/wp-content\/uploads\/2023\/05\/RV1_6414_2-300x199.jpg 300w\" sizes=\"(max-width: 422px) 100vw, 422px\" \/><figcaption><strong><strong>Dra. Patricia Palau Sampio<\/strong><\/strong><br><strong>1.000 \u20ac<\/strong><\/figcaption><\/figure>\n\n\n\n<p><strong>Art\u00edculo<\/strong>: \u201cEffect of B-Blocker Withdrawal on Functional Capacity in Heart Failure and Preserved Ejection Fraction\u201d.<\/p>\n\n\n\n<p><strong>Especialidad<\/strong>: Cardiolog\u00eda.<\/p>\n\n\n\n<p>Hospital Cl\u00ednico de Valencia.<\/p>\n\n\n\n<p><strong>Revista<\/strong>: <em><em>Journal of The American College of Cardiology<\/em><\/em>.<\/p>\n\n\n\n<div class=\"wp-container-69f4c9376d446 wp-block-buttons m\">\n<div class=\"wp-block-button aligncenter\"><a class=\"wp-block-button__link\" href=\"https:\/\/youtu.be\/DVywFVtRi58\" target=\"_blank\" rel=\"noreferrer noopener\">Ver v\u00eddeo<\/a><\/div>\n<\/div>\n<\/div>\n<\/div>\n\n\n\n<div class=\"wp-block-columns d\">\n<div class=\"wp-block-column\">\n<div class=\"wp-container-69f4c9376d6dc wp-block-buttons\">\n<div class=\"wp-block-button aligncenter\"><a class=\"wp-block-button__link\" href=\"https:\/\/youtu.be\/w8BYiBr6GHA\" target=\"_blank\" rel=\"noreferrer noopener\">Ver v\u00eddeo<\/a><\/div>\n<\/div>\n<\/div>\n\n\n\n<div class=\"wp-block-column\">\n<div class=\"wp-container-69f4c9376d959 wp-block-buttons\">\n<div class=\"wp-block-button aligncenter\"><a class=\"wp-block-button__link\" href=\"https:\/\/youtu.be\/a6RrC3BT8H4\" target=\"_blank\" rel=\"noreferrer noopener\">Ver v\u00eddeo<\/a><\/div>\n<\/div>\n<\/div>\n\n\n\n<div class=\"wp-block-column\">\n<div class=\"wp-container-69f4c9376dbdd wp-block-buttons\">\n<div class=\"wp-block-button aligncenter\"><a class=\"wp-block-button__link\" href=\"https:\/\/youtu.be\/DVywFVtRi58\" target=\"_blank\" rel=\"noreferrer noopener\">Ver v\u00eddeo<\/a><\/div>\n<\/div>\n<\/div>\n<\/div>\n<\/div>\n<\/div>\n\n\n\n<h5><strong>Menci\u00f3n Especial Patronato Fundaci\u00f3n Mutual M\u00e9dica<\/strong><\/h5>\n\n\n\n<p>En 2021 el Patronato de la Fundaci\u00f3n Mutual M\u00e9dica otorg\u00f3 por primera vez el Premio Menci\u00f3n Especial del Patronato de la Fundaci\u00f3n Mutual M\u00e9dica, que pueden otorgar bajo su criterio a cualquier finalista de la Beca Mutual M\u00e9dica o del Premio Dr. J. Font no premiado por el jurado y que est\u00e9 alineado con los valores y las l\u00edneas estrat\u00e9gicas de la Fundaci\u00f3n. <\/p>\n\n\n\n<p>En 2022 el Patronato volvi\u00f3 a otorgar este Premio Menci\u00f3n Especial, en esta ocasi\u00f3n, a un proyecto basado en las nuevas tecnolog\u00edas.<\/p>\n\n\n\n<p> <\/p>\n\n\n\n<div class=\"wp-block-columns\">\n<div class=\"wp-block-column\"><\/div>\n\n\n\n<div class=\"wp-block-column\">\n<figure class=\"wp-block-image size-full imgCol100\"><img loading=\"lazy\" width=\"422\" height=\"280\" src=\"https:\/\/informe-anual-2022.mutualmedica.com\/wp-content\/uploads\/2023\/05\/Dra.-Ines-Rivero-Belenchon.jpg\" alt=\"\" class=\"wp-image-2971\" srcset=\"https:\/\/informe-anual-2022.mutualmedica.com\/wp-content\/uploads\/2023\/05\/Dra.-Ines-Rivero-Belenchon.jpg 422w, https:\/\/informe-anual-2022.mutualmedica.com\/wp-content\/uploads\/2023\/05\/Dra.-Ines-Rivero-Belenchon-300x199.jpg 300w\" sizes=\"(max-width: 422px) 100vw, 422px\" \/><figcaption><strong><strong>Dra. In\u00e9s Rivero Belench\u00f3n<\/strong> <\/strong><br><strong>3.000 \u20ac<\/strong><\/figcaption><\/figure>\n\n\n\n<p><strong>Art\u00edculo<\/strong>: \u201cMyKidneyCare: plataforma digital para pacientes con c\u00e1ncer renal metast\u00e1sico en tratamiento\u201d.<\/p>\n\n\n\n<p>Hospital Universitario Virgen Macarena y Virgen del Roc\u00edo (Sevilla).<\/p>\n\n\n\n<div class=\"wp-container-69f4c9376df3a wp-block-buttons\">\n<div class=\"wp-block-button\"><a class=\"wp-block-button__link\" href=\"https:\/\/youtu.be\/_o9IUKmQa3o\" target=\"_blank\" rel=\"noreferrer noopener\">Ver v\u00eddeo<\/a><\/div>\n<\/div>\n<\/div>\n\n\n\n<div class=\"wp-block-column\"><\/div>\n<\/div>\n\n\n\n<h5><strong>Premio TFG-Fundaci\u00f3n Mutual M\u00e9dica<\/strong><\/h5>\n\n\n\n<p>La Fundaci\u00f3n Mutual M\u00e9dica, a trav\u00e9s del programa <strong>Impulsar(Me), <\/strong>tiene como objetivo el apoyo a la formaci\u00f3n de los m\u00e9dicos y a la investigaci\u00f3n m\u00e9dica. Con el Premio TFG se pretende estimular el trabajo de los estudiantes de Medicina y reconocer asimismo la labor de formaci\u00f3n de las facultades de Medicina y\/o Ciencias de la Salud.<\/p>\n\n\n\n<p>La Fundaci\u00f3n Mutual M\u00e9dica ha celebrado la segunda convocatoria del Premio TFG-Fundaci\u00f3n Mutual M\u00e9dica para premiar a los mejores TFG que hayan tenido una aplicaci\u00f3n potencial en la pr\u00e1ctica m\u00e9dica.<\/p>\n\n\n\n<p>Este a\u00f1o hemos aumentado a 38 los participantes al premio TFG-Fundaci\u00f3n Mutual M\u00e9dica con 23 universidades diferentes. <\/p>\n\n\n\n<p>El jurado de los Premios a la Investigaci\u00f3n Mutual M\u00e9dica se sorprendi\u00f3 y felicit\u00f3 a todos los candidatos por la calidad de sus Trabajos de Fin de Grado.<\/p>\n\n\n\n<div class=\"wp-block-columns\">\n<div class=\"wp-block-column\" style=\"flex-basis:33.34%\">\n<p class=\"has-text-align-left\"><strong>Ganador<\/strong><\/p>\n<\/div>\n\n\n\n<div class=\"wp-block-column\" style=\"flex-basis:33.34%\">\n<p><strong>Finalista<\/strong><\/p>\n<\/div>\n\n\n\n<div class=\"wp-block-column\" style=\"flex-basis:33.33%\">\n<p><strong>Finalista<\/strong><\/p>\n<\/div>\n<\/div>\n\n\n\n<div class=\"wp-block-columns\">\n<div class=\"wp-block-column\">\n<figure class=\"wp-block-image size-full imgCol100\"><img loading=\"lazy\" width=\"422\" height=\"280\" src=\"https:\/\/informe-anual-2022.mutualmedica.com\/wp-content\/uploads\/2023\/05\/RV1_6278_2.jpg\" alt=\"\" class=\"wp-image-3350\" srcset=\"https:\/\/informe-anual-2022.mutualmedica.com\/wp-content\/uploads\/2023\/05\/RV1_6278_2.jpg 422w, https:\/\/informe-anual-2022.mutualmedica.com\/wp-content\/uploads\/2023\/05\/RV1_6278_2-300x199.jpg 300w\" sizes=\"(max-width: 422px) 100vw, 422px\" \/><figcaption><strong><strong>Dr. H\u00e9ctor Calduch<\/strong> <\/strong><br><strong>3.000 \u20ac<\/strong><\/figcaption><\/figure>\n\n\n\n<p><strong>Trabajo Fin de Grado<\/strong>: \u201cAdecuaci\u00f3n a las gu\u00edas cl\u00ednicas de la indicaci\u00f3n del estudio diagn\u00f3stico de <em>Helicobacter pylori<\/em> en una consulta de digestivo\u201d.<\/p>\n\n\n\n<p>Universidad Miguel Hern\u00e1ndez de Alicante.<\/p>\n\n\n\n<div class=\"wp-container-69f4c9376e2c4 wp-block-buttons m\">\n<div class=\"wp-block-button\"><a class=\"wp-block-button__link\" href=\"https:\/\/youtu.be\/DH8y911zOTI\" target=\"_blank\" rel=\"noreferrer noopener\">Ver v\u00eddeo<\/a><\/div>\n<\/div>\n<\/div>\n\n\n\n<div class=\"wp-block-column\">\n<figure class=\"wp-block-image size-full imgCol100\"><img loading=\"lazy\" width=\"422\" height=\"280\" src=\"https:\/\/informe-anual-2022.mutualmedica.com\/wp-content\/uploads\/2023\/05\/RV1_6227_2.jpg\" alt=\"\" class=\"wp-image-3348\" srcset=\"https:\/\/informe-anual-2022.mutualmedica.com\/wp-content\/uploads\/2023\/05\/RV1_6227_2.jpg 422w, https:\/\/informe-anual-2022.mutualmedica.com\/wp-content\/uploads\/2023\/05\/RV1_6227_2-300x199.jpg 300w\" sizes=\"(max-width: 422px) 100vw, 422px\" \/><figcaption><strong><strong><strong>Dra. Georgina Sim\u00f3<\/strong><\/strong> <\/strong><br><strong>1.000 \u20ac<\/strong><\/figcaption><\/figure>\n\n\n\n<p><strong>Trabajo Fin de Grado<\/strong>: \u201cAtropina en combinaci\u00f3n con ortoqueratolog\u00eda para frenar la progresi\u00f3n de la miop\u00eda infantil. Ensayo cl\u00ednico aleatorizado\u201d.<\/p>\n\n\n\n<p>Universitat Internacional de Catalunya.<\/p>\n\n\n\n<div class=\"wp-container-69f4c9376e57e wp-block-buttons m\">\n<div class=\"wp-block-button\"><a class=\"wp-block-button__link\" href=\"https:\/\/youtu.be\/Ym_mfBxSpxA\" target=\"_blank\" rel=\"noreferrer noopener\">Ver v\u00eddeo<\/a><\/div>\n<\/div>\n<\/div>\n\n\n\n<div class=\"wp-block-column\">\n<figure class=\"wp-block-image size-full imgCol100\"><img loading=\"lazy\" width=\"422\" height=\"280\" src=\"https:\/\/informe-anual-2022.mutualmedica.com\/wp-content\/uploads\/2023\/05\/Dra.-Carlota-Montes-de-Oca.jpg\" alt=\"\" class=\"wp-image-3151\" srcset=\"https:\/\/informe-anual-2022.mutualmedica.com\/wp-content\/uploads\/2023\/05\/Dra.-Carlota-Montes-de-Oca.jpg 422w, https:\/\/informe-anual-2022.mutualmedica.com\/wp-content\/uploads\/2023\/05\/Dra.-Carlota-Montes-de-Oca-300x199.jpg 300w\" sizes=\"(max-width: 422px) 100vw, 422px\" \/><figcaption><strong><strong><strong>Dra. Carlota Montes de Oca<\/strong><\/strong> <\/strong><br><strong>1.000 \u20ac<\/strong><\/figcaption><\/figure>\n\n\n\n<p><strong>Trabajo Fin de Grado<\/strong>: \u201cUtilidad del sistema de inteligencia artificial Endo_AID en la detecci\u00f3n de adenomas colorrectales\u201d.<\/p>\n\n\n\n<p>Universidad de La Laguna. Complejo Hospitalario Universitario de Canarias.<\/p>\n\n\n\n<div class=\"wp-container-69f4c9376e829 wp-block-buttons m\">\n<div class=\"wp-block-button\"><a class=\"wp-block-button__link\" href=\"https:\/\/youtu.be\/qTYqoi1yEEc\" target=\"_blank\" rel=\"noreferrer noopener\">Ver v\u00eddeo<\/a><\/div>\n<\/div>\n<\/div>\n<\/div>\n\n\n\n<div class=\"wp-block-columns d\">\n<div class=\"wp-block-column\">\n<div class=\"wp-container-69f4c9376eaeb wp-block-buttons\">\n<div class=\"wp-block-button\"><a class=\"wp-block-button__link\" href=\"https:\/\/youtu.be\/DH8y911zOTI\" target=\"_blank\" rel=\"noreferrer noopener\">Ver v\u00eddeo<\/a><\/div>\n<\/div>\n<\/div>\n\n\n\n<div class=\"wp-block-column\">\n<div class=\"wp-container-69f4c9376ed8b wp-block-buttons\">\n<div class=\"wp-block-button\"><a class=\"wp-block-button__link\" href=\"https:\/\/youtu.be\/Ym_mfBxSpxA\" target=\"_blank\" rel=\"noreferrer noopener\">Ver v\u00eddeo<\/a><\/div>\n<\/div>\n<\/div>\n\n\n\n<div class=\"wp-block-column\">\n<div class=\"wp-container-69f4c9376f011 wp-block-buttons\">\n<div class=\"wp-block-button\"><a class=\"wp-block-button__link\" href=\"https:\/\/youtu.be\/qTYqoi1yEEc\" target=\"_blank\" rel=\"noreferrer noopener\">Ver v\u00eddeo<\/a><\/div>\n<\/div>\n<\/div>\n<\/div>\n\n\n\n<h4><strong>Premios Cient\u00edficos y ayudas a la formaci\u00f3n<\/strong><\/h4>\n\n\n\n<h5>Premios en colaboraci\u00f3n con los colegios de m\u00e9dicos<\/h5>\n\n\n\n<h6><strong>Premios a la trayectoria formativa y cient\u00edfica de los residentes de M\u00e1laga<\/strong><\/h6>\n\n\n\n<p>La convocatoria de los Premios Fin de Residencia de M\u00e1laga iba dirigida a los residentes de los hospitales de la provincia de M\u00e1laga que hab\u00edan finalizado su periodo de formaci\u00f3n especializada en el ejercicio 2022 y que estaban colegiados en el <strong><a rel=\"noreferrer noopener\" href=\"https:\/\/commalaga.com\/\" target=\"_blank\">Colegio de M\u00e9dicos de M\u00e1laga<\/a><\/strong> (COM M\u00c1LAGA).<\/p>\n\n\n\n<p>El acto se celebr\u00f3 el 15 de julio en la celebraci\u00f3n de la Patrona del COM M\u00c1LAGA, y el asesor comercial de Mutual M\u00e9dica, Sr. Ignacio Esteban, fue el encargado de otorgar nuestros premios.<\/p>\n\n\n\n<p>La finalidad de la convocatoria era premiar la trayectoria formativa y cient\u00edfica de los residentes de los hospitales. Este acto cuenta desde sus inicios con la colaboraci\u00f3n de la Fundaci\u00f3n Mutual M\u00e9dica.<\/p>\n\n\n\n<p>Para el premio se establecen dos categor\u00edas: residentes con especialidades de 5 a\u00f1os y residentes con especialidades de 4 a\u00f1os. Tras la valoraci\u00f3n de todas las solicitudes presentadas, se premia con 400 \u20ac a los ganadores y con 200 \u20ac a los segundos galardonados. <\/p>\n\n\n\n<p>En 2022 los afortunados fueron los siguientes:<\/p>\n\n\n\n<ul><li>Primer premio categor\u00eda 5 a\u00f1os: Dr. Javier D\u00edaz Santos, m\u00e9dico especialista en Oncolog\u00eda M\u00e9dica.<\/li><li>Segundo premio categor\u00eda 5 a\u00f1os: Dra. Jesica Mart\u00edn Carmona, m\u00e9dico especialista en Medicina Interna.<\/li><li>Primer premio categor\u00eda 4 a\u00f1os: Dr. Francisco Zamorano Mart\u00edn, m\u00e9dico especialista en Oftalmolog\u00eda.<\/li><li>Segundo premio categor\u00eda 4 a\u00f1os: Dr. Alejandro Mart\u00ednez Rico, m\u00e9dico especialista en Psiquiatr\u00eda.<\/li><\/ul>\n\n\n\n<h6><strong>Premio M\u00aa Eugenia Moreno a la Mejor Nota MIR de la Regi\u00f3n de Murcia<\/strong><\/h6>\n\n\n\n<div class=\"wp-block-columns alignwide are-vertically-aligned-top\">\n<div class=\"wp-block-column\" style=\"flex-basis:55%\">\n<p>El Premio Mar\u00eda Eugenia Moreno lleva este nombre en honor y recuerdo de la m\u00e9dica residente de Medicina de Familia, asesinada en 2009 en el centro de salud Moratalla, a manos de un paciente, lo que supuso uno de los episodios m\u00e1s tr\u00e1gicos de agresiones a personal sanitario. <\/p>\n\n\n\n<p>En esta ocasi\u00f3n, este premio \u2014patrocinado por Mutual M\u00e9dica desde la primera entrega en el 2009 y, desde el pasado 2016, por la Fundaci\u00f3n Mutual M\u00e9dica\u2014 ha reca\u00eddo en el Dr. Alberto G\u00f3mez G\u00f3mez.<\/p>\n<\/div>\n\n\n\n<div class=\"wp-block-column\" style=\"flex-basis:45%\">\n<figure class=\"wp-block-image size-full imgCol100\"><img loading=\"lazy\" width=\"422\" height=\"280\" src=\"https:\/\/informe-anual-2022.mutualmedica.com\/wp-content\/uploads\/2023\/05\/Dr.-Alberto-Gomez-Gomez.jpg\" alt=\"\" class=\"wp-image-2978\" srcset=\"https:\/\/informe-anual-2022.mutualmedica.com\/wp-content\/uploads\/2023\/05\/Dr.-Alberto-Gomez-Gomez.jpg 422w, https:\/\/informe-anual-2022.mutualmedica.com\/wp-content\/uploads\/2023\/05\/Dr.-Alberto-Gomez-Gomez-300x199.jpg 300w\" sizes=\"(max-width: 422px) 100vw, 422px\" \/><figcaption>Dr. Alberto G\u00f3mez G\u00f3mez, residente que recibi\u00f3 el Premio Mar\u00eda Eugenia Moreno 2022 del Colegio de M\u00e9dicos de la Regi\u00f3n de Murcia.<\/figcaption><\/figure>\n<\/div>\n<\/div>\n\n\n\n<h6><strong>Premio Mutual M\u00e9dica al Mejor Proyecto de Tesis Doctoral en Islas Baleares<\/strong><\/h6>\n\n\n\n<div class=\"wp-block-columns alignwide are-vertically-aligned-top\">\n<div class=\"wp-block-column\" style=\"flex-basis:55%\">\n<p>El Premio Fundaci\u00f3n Mutual M\u00e9dica al Mejor Proyecto de Tesis Doctoral tiene como objetivo facilitar a los m\u00e9dicos colegiados en las Islas Baleares la obtenci\u00f3n del t\u00edtulo de doctor.<\/p>\n\n\n\n<div class=\"wp-block-columns\">\n<div class=\"wp-block-column\" style=\"flex-basis:100%\">\n<p>Este premio est\u00e1 dotado con 2.000 \u20ac, y en 2022 se concedi\u00f3 al trabajo presentado por la Dra. Isabel Mar\u00eda Ruiz Hern\u00e1ndez, m\u00e9dica especialista en Traumatolog\u00eda y Cirug\u00eda Ortop\u00e9dica (\u00c1rea de Pie y Tobillo) en la Cl\u00ednica Rotger y FEA en Cirug\u00eda Ortop\u00e9dica y Traumatolog\u00eda en el Hospital Universitario Son Ll\u00e0tzer, por el proyecto titulado: \u00abResultados de la infiltraci\u00f3n de toxina botul\u00ednica (BTX-A) VS Plasma Rico en Plaquetas (PRP) en el tratamiento de la fascitis plantar\u00bb.<\/p>\n<\/div>\n<\/div>\n\n\n\n<p><\/p>\n<\/div>\n\n\n\n<div class=\"wp-block-column\" style=\"flex-basis:45%\">\n<figure class=\"wp-block-image size-full imgCol100\"><img loading=\"lazy\" width=\"422\" height=\"280\" src=\"https:\/\/informe-anual-2022.mutualmedica.com\/wp-content\/uploads\/2023\/05\/Mejor-Proyecto-de-Tesis-Doctoral-en-Islas-Baleares.jpg\" alt=\"\" class=\"wp-image-2981\" srcset=\"https:\/\/informe-anual-2022.mutualmedica.com\/wp-content\/uploads\/2023\/05\/Mejor-Proyecto-de-Tesis-Doctoral-en-Islas-Baleares.jpg 422w, https:\/\/informe-anual-2022.mutualmedica.com\/wp-content\/uploads\/2023\/05\/Mejor-Proyecto-de-Tesis-Doctoral-en-Islas-Baleares-300x199.jpg 300w\" sizes=\"(max-width: 422px) 100vw, 422px\" \/><figcaption>De izda. a dcha., Dr. Recasens, presidente del Colegio de M\u00e9dicos de Baleares, la ganadora, Dra. Isabel Mar\u00eda Ruiz, el Dr. Sala, secretario del patronato de la Fundaci\u00f3n Mutual M\u00e9dica, y el Dr. Antoni Bennasar, director de la Fundaci\u00f3 Patronat Cient\u00edfic.<\/figcaption><\/figure>\n<\/div>\n<\/div>\n\n\n\n<h6><strong>Becas de Formaci\u00f3n en Ciudad Real<\/strong><\/h6>\n\n\n\n<div class=\"wp-block-columns alignwide are-vertically-aligned-top\">\n<div class=\"wp-block-column\" style=\"flex-basis:55%\">\n<p><strong>Francisco Javier Caballero Plaza, Luc\u00eda S\u00e1nchez Rodr\u00edguez y Marta Fern\u00e1ndez Moreno, <\/strong>alumnos de la Facultad de Medicina de Ciudad Real, recibieron las tres ayudas correspondientes a la s\u00e9ptima edici\u00f3n de las Becas de Formaci\u00f3n para estancias estivales en hospitales y centros de investigaci\u00f3n biom\u00e9dica que promueve el Colegio de M\u00e9dicos de Ciudad Real. Con estas becas, dotadas con 1.500 euros cada una, se pretende apoyar su formaci\u00f3n en distintos centros m\u00e9dicos durante el periodo estival.<\/p>\n\n\n\n<div class=\"wp-block-columns\">\n<div class=\"wp-block-column\" style=\"flex-basis:100%\">\n<p>Este a\u00f1o, <strong>Francisco Javier<\/strong> participar\u00e1 en un proyecto solidario en el Complejo Hospitalario Le Bon Samaritain, en N\u2019damena-Goundi (\u00c1frica). \u201cEs un pa\u00eds muy deprimido \u2014explic\u00f3\u2014, por lo que no es una beca de investigaci\u00f3n biom\u00e9dica al uso, pero s\u00ed servir\u00e1 para conocer esas realidades y enfermedades infecciosas que aqu\u00ed damos por olvidadas\u201d.&nbsp; Agradeci\u00f3 a la facultad su cercan\u00eda a pesar de ser unos a\u00f1os duros, a sus padres, que siempre est\u00e1n detr\u00e1s, y al Colegio por la oportunidad\u201d. <strong>Luc\u00eda<\/strong>, que no pudo asistir al acto, completar\u00e1 su formaci\u00f3n en el Hospital Biom\u00e9dico de Roma, y <strong>Marta<\/strong> realizar\u00e1 su estancia en el Hospital Universitario de Milton Keynes (Inglaterra), en el Servicio de Urgencias, donde espera \u201caprender mucho en otro sistema sanitario y con otro idioma y participar, adem\u00e1s, en un proyecto de investigaci\u00f3n que se realiza all\u00ed\u201d. Los alumnos recibieron sus becas de manos de los representantes de los patrocinadores de estas ayudas, Fundaci\u00f3n Mutual M\u00e9dica, AMA y Globalcaja.<\/p>\n<\/div>\n<\/div>\n\n\n\n<p><\/p>\n<\/div>\n\n\n\n<div class=\"wp-block-column\" style=\"flex-basis:45%\">\n<figure class=\"wp-block-image size-full imgCol100\"><img loading=\"lazy\" width=\"422\" height=\"280\" src=\"https:\/\/informe-anual-2022.mutualmedica.com\/wp-content\/uploads\/2023\/05\/Becas-de-Formacion-en-Ciudad-Real.jpg\" alt=\"\" class=\"wp-image-2983\" srcset=\"https:\/\/informe-anual-2022.mutualmedica.com\/wp-content\/uploads\/2023\/05\/Becas-de-Formacion-en-Ciudad-Real.jpg 422w, https:\/\/informe-anual-2022.mutualmedica.com\/wp-content\/uploads\/2023\/05\/Becas-de-Formacion-en-Ciudad-Real-300x199.jpg 300w\" sizes=\"(max-width: 422px) 100vw, 422px\" \/><figcaption>Ganadores, miembros de la junta del colegio de m\u00e9dicos y representantes de las tres entidades colaboradoras.<\/figcaption><\/figure>\n<\/div>\n<\/div>\n\n\n\n<h6><strong><strong>En las IX Jornadas de Divulgaci\u00f3n Cient\u00edfica en C\u00e1ceres, premiamos los mejores casos cl\u00ednicos<\/strong><\/strong><\/h6>\n\n\n\n<div class=\"wp-block-columns alignwide are-vertically-aligned-top\">\n<div class=\"wp-block-column\" style=\"flex-basis:55%\">\n<p>El <strong><a rel=\"noreferrer noopener\" href=\"https:\/\/comeca.org\/\" target=\"_blank\">Colegio de M\u00e9dicos de C\u00e1ceres<\/a><\/strong>  entreg\u00f3 los premios de la IX Jornada de Divulgaci\u00f3n para M\u00e9dicos Internos Residentes, que cada a\u00f1o organiza la Vocal\u00eda de M\u00e9dicos Tutores en colaboraci\u00f3n con la Fundaci\u00f3n Mutual M\u00e9dica.<\/p>\n\n\n\n<p>El caso cl\u00ednico titulado \u201cEdema agudo hemorr\u00e1gico del lactante. La importancia de la cl\u00ednica\u201d, de la Dra. Julia \u00c1lvarez Fern\u00e1ndez, residente de Pediatr\u00eda en el Hospital Universitario de C\u00e1ceres, fue la ganadora de esta edici\u00f3n. <\/p>\n\n\n\n<p>El Dr. Antonio Gallardo Pizarro, residente de Medicina Interna del Hospital Virgen del Puerto de Plasencia, obtuvo el segundo premio con su caso cl\u00ednico \u201cPresentaci\u00f3n at\u00edpica del s\u00edndrome Men1: hip\u00f3fisis, p\u00e1ncreas\u2026 \u00bfy para tiroides?\u201d. Mientras que el tercer premio ha reca\u00eddo en el caso <em>\u201c<\/em>Un virus simple no es un simple virus\u201d, del Dr. Jaime Duarte Torres, MIR de Medicina Interna en C\u00e1ceres.<\/p>\n\n\n\n<div style=\"height:50px\" aria-hidden=\"true\" class=\"wp-block-spacer\"><\/div>\n<\/div>\n\n\n\n<div class=\"wp-block-column\" style=\"flex-basis:45%\">\n<figure class=\"wp-block-image size-full imgCol100\"><img loading=\"lazy\" width=\"422\" height=\"280\" src=\"https:\/\/informe-anual-2022.mutualmedica.com\/wp-content\/uploads\/2023\/05\/IX-Jornadas-de-Divulgacion-Cientifica-en-Caceres.jpg\" alt=\"\" class=\"wp-image-2984\" srcset=\"https:\/\/informe-anual-2022.mutualmedica.com\/wp-content\/uploads\/2023\/05\/IX-Jornadas-de-Divulgacion-Cientifica-en-Caceres.jpg 422w, https:\/\/informe-anual-2022.mutualmedica.com\/wp-content\/uploads\/2023\/05\/IX-Jornadas-de-Divulgacion-Cientifica-en-Caceres-300x199.jpg 300w\" sizes=\"(max-width: 422px) 100vw, 422px\" \/><figcaption>Ganadores y miembros de la junta del Colegio de M\u00e9dicos de C\u00e1ceres.<\/figcaption><\/figure>\n<\/div>\n<\/div>\n\n\n\n<h6><strong>Premios Cient\u00edficos San Lucas en Sevilla<\/strong><\/h6>\n\n\n\n<div class=\"wp-block-columns alignwide are-vertically-aligned-top\">\n<div class=\"wp-block-column\" style=\"flex-basis:100%\">\n<p>El <strong><a rel=\"noreferrer noopener\" href=\"https:\/\/www.comsevilla.org\/\" target=\"_blank\">Colegio de M\u00e9dicos de Sevilla<\/a><\/strong> celebr\u00f3 un completo programa de actividades institucionales, deportivas y culturales en torno a la conmemoraci\u00f3n de San Lucas, que se organiza en honor al patr\u00f3n del colectivo m\u00e9dico en Sevilla. Dentro de estos actos, la festividad cont\u00f3 con una eucarist\u00eda y con la entrega de los Premios Cient\u00edficos San Lucas, adem\u00e1s de la entrega de diplomas a los colegiados que pasan a ser honor\u00edficos. Como todos los a\u00f1os, los Premios Cient\u00edficos contaron con la colaboraci\u00f3n de la Fundaci\u00f3n Mutual M\u00e9dica.<\/p>\n\n\n\n<p>El acto se inaugur\u00f3 con la entrega de los Premios Cient\u00edficos 2022, destacando los trabajos de la Dra. Mercedes Send\u00edn Mart\u00edn titulado \u201cClassification of Basal Cell Carcinoma in Ex Vivo Confocal Microscopy Images from Freshly Excised Tissues Using a Deep Learning Algorithm\u201d, como primer premio; del Dr. Jes\u00fas Sojo Dorado por su trabajo \u201cEffectiveness of fosfomycin for the treatment of multidrug-resistant Escherichia coli bacteremic urinary tract infections\u201d, como segundo premio; <em>&nbsp;<\/em>y de la Dra. Rosa Mar\u00eda Jim\u00e9nez Rodr\u00edguez, por su trabajo titulado \u201cOrgan Preservation in Patients with Rectal Cancer Treated with Total Neoadjuvant Therapy\u201d, como tercer premio. <\/p>\n\n\n\n<p>El Sr. Javier Crespo, delegado territorial de Mutual M\u00e9dica, fue el encargado de entregar el premio en representaci\u00f3n de la Fundaci\u00f3n Mutual M\u00e9dica, juntamente con el Dr. Alfonso Carmona, presidente del RICOM Sevilla.<\/p>\n\n\n\n<div style=\"height:50px\" aria-hidden=\"true\" class=\"wp-block-spacer\"><\/div>\n<\/div>\n<\/div>\n\n\n\n<h6><strong>Becas de Movilidad del Colegio de M\u00e9dicos de La Rioja<\/strong><\/h6>\n\n\n\n<div class=\"wp-block-columns alignwide\">\n<div class=\"wp-block-column\" style=\"flex-basis:55%\">\n<p>El <strong><a rel=\"noreferrer noopener\" href=\"https:\/\/medicosrioja.com\/\" target=\"_blank\">Colegio de M\u00e9dicos de La Rioja<\/a><\/strong> entreg\u00f3 17 becas de movilidad a los m\u00e9dicos residentes que fueron seleccionados en el a\u00f1o 2022 para optar a esta ayuda.<\/p>\n\n\n\n<p>La Fundaci\u00f3n Mutual M\u00e9dica concedi\u00f3 tres becas de movilidad, por lo que el representante de Mutual M\u00e9dica, el Sr. Garikoitz Aizpuru Fern\u00e1ndez, entreg\u00f3 cheque y diploma a dos de las becadas, ya que la tercera no pudo acudir al acto.<\/p>\n<\/div>\n\n\n\n<div class=\"wp-block-column is-vertically-aligned-top\" style=\"flex-basis:45%\">\n<figure class=\"wp-block-image size-full imgCol100\"><img loading=\"lazy\" width=\"565\" height=\"280\" src=\"https:\/\/informe-anual-2022.mutualmedica.com\/wp-content\/uploads\/2023\/05\/Becas-de-Movilidad-del-Colegio-de-Medicos-de-La-Rioja-1.jpg\" alt=\"\" class=\"wp-image-2991\" srcset=\"https:\/\/informe-anual-2022.mutualmedica.com\/wp-content\/uploads\/2023\/05\/Becas-de-Movilidad-del-Colegio-de-Medicos-de-La-Rioja-1.jpg 565w, https:\/\/informe-anual-2022.mutualmedica.com\/wp-content\/uploads\/2023\/05\/Becas-de-Movilidad-del-Colegio-de-Medicos-de-La-Rioja-1-480x238.jpg 480w\" sizes=\"(min-width: 0px) and (max-width: 480px) 480px, (min-width: 481px) 565px, 100vw\" \/><figcaption>Ganadores y miembros de la junta del Colegio.<\/figcaption><\/figure>\n<\/div>\n<\/div>\n\n\n\n<ul id=\"block-3e8dd5f0-d901-4d23-9306-d051171cbfb3\"><li><strong>Dra. Mar\u00eda Mu\u00f1oz Olarte. N\u00ba Colegiada 26\/2603680 \u2013 MIR OBSTETRICIA Y GINECOLOG\u00cdA (R4). <em>Logro\u00f1o, La Rioja.<\/em><\/strong><br>Rotaci\u00f3n Externa en el Hospital Universitario de Bellvitge, <strong>Hospitalet de Llobregat, Barcelona,<\/strong> en la Especialidad de Obstetricia y Ginecolog\u00eda (Unidad de Oncolog\u00eda y Mama) del 1 de febrero al 31 de marzo de 2022, <strong>dos meses<\/strong>.<\/li><li><strong>Dra. Silvia Aguas Blasco. N\u00ba Colegiada 26\/2603594 \u2013 MIR CIRUG\u00cdA GENERAL Y DEL APARATO DIGESTIVO (F.E.A. Cirug\u00eda General y Ap. Digestivo). <em>Zaragoza.<\/em><\/strong> Rotaci\u00f3n Externa en el Complejo Hospitalario Universitario de Getafe, <strong>Madrid, <\/strong>en la Especialidad de Cirug\u00eda General y del Aparato Digestivo (Unidad de Cirug\u00eda Bari\u00e1trica) del 1 de febrero al 28 de febrero de 2022, <strong>un mes.<\/strong><\/li><li><strong>Dra. Ana Llantero Garc\u00eda. N\u00ba Colegiada 26\/2603645 \u2013 MIR CIRUG\u00cdA GENERAL Y DEL APARATO DIGESTIVO (R5). <em>Logro\u00f1o, La Rioja<\/em><\/strong>. Rotaci\u00f3n Externa en el Hospital Universitario Virgen del Roc\u00edo, <strong>Sevilla,<\/strong> en la Especialidad de Cirug\u00eda General (Unidad de Cirug\u00eda Hepatobiliopancre\u00e1tica y Trasplante Hep\u00e1tico) del 1 de noviembre al 31 de diciembre de 2022, <strong>dos meses.<\/strong><\/li><\/ul>\n\n\n\n<div style=\"height:50px\" aria-hidden=\"true\" class=\"wp-block-spacer\"><\/div>\n\n\n\n<div class=\"wp-block-columns alignwide are-vertically-aligned-top\">\n<div class=\"wp-block-column\" style=\"flex-basis:100%\"><\/div>\n<\/div>\n\n\n\n<h6><strong>Becas de Formaci\u00f3n en el Colegio de M\u00e9dicos de Zamora<\/strong><\/h6>\n\n\n\n<div class=\"wp-block-columns alignwide are-vertically-aligned-top\">\n<div class=\"wp-block-column\" style=\"flex-basis:55%\">\n<div class=\"wp-block-columns\">\n<div class=\"wp-block-column\" style=\"flex-basis:100%\">\n<p>Gracias a la Fundaci\u00f3n Mutual M\u00e9dica, y a otros colaboradores, el <strong><a rel=\"noreferrer noopener\" href=\"https:\/\/www.colmeza.com\/\" target=\"_blank\">Colegio de M\u00e9dicos de Zamora<\/a><\/strong> convoc\u00f3 las Becas de Formaci\u00f3n para potenciar la adquisici\u00f3n de conocimientos por parte de los residentes colegiados, bien sea mediante la realizaci\u00f3n de estudios de posgrado (m\u00e1steres, doctorados) o mediante la estancia en instituciones que permitan la ampliaci\u00f3n de conocimientos en relaci\u00f3n con la especialidad elegida, contribuyendo al pago de matr\u00edculas, gastos de viaje y alojamiento. <\/p>\n\n\n\n<p>Este 2022, los becados fueron los siguientes:<\/p>\n<\/div>\n<\/div>\n\n\n\n<ul><li>Yaiza Beatriz Molero Diez (residente de cuarto a\u00f1o de Anestesiolog\u00eda).<\/li><li>Mar\u00eda Carrillo S\u00e1nchez (residente de cuarto a\u00f1o de Ginecolog\u00eda y Obstetricia).<\/li><li>Pedro Luis Vaca Fern\u00e1ndez (residente de quinto a\u00f1o de Traumatolog\u00eda).<\/li><li>Carlota Tu\u00f1\u00f3n de Almeida (residente de cuarto a\u00f1o de Medicina Interna).<\/li><\/ul>\n\n\n\n<p>Tambi\u00e9n colaboramos con el COM Zamora, participando en su Jornada de Orientaci\u00f3n Post-MIR, donde el Sr. Ian Bachs, jefe de Relaciones Institucionales de Mutual M\u00e9dica, explic\u00f3 los tr\u00e1mites y circuitos para iniciar la actividad por cuenta propia. Mutual M\u00e9dica, como la \u00fanica alternativa al R\u00e9gimen de Aut\u00f3nomos para los m\u00e9dicos, y las actividades de la Fundaci\u00f3n Mutual M\u00e9dica fueron de gran inter\u00e9s para los m\u00e9dicos j\u00f3venes.<\/p>\n<\/div>\n\n\n\n<div class=\"wp-block-column\" style=\"flex-basis:45%\">\n<figure class=\"wp-block-image size-full imgCol100\"><img loading=\"lazy\" width=\"422\" height=\"280\" src=\"https:\/\/informe-anual-2022.mutualmedica.com\/wp-content\/uploads\/2023\/05\/Becas-de-Formacion-en-el-Colegio-de-Medicos-de-Zamora.jpg\" alt=\"\" class=\"wp-image-2996\" srcset=\"https:\/\/informe-anual-2022.mutualmedica.com\/wp-content\/uploads\/2023\/05\/Becas-de-Formacion-en-el-Colegio-de-Medicos-de-Zamora.jpg 422w, https:\/\/informe-anual-2022.mutualmedica.com\/wp-content\/uploads\/2023\/05\/Becas-de-Formacion-en-el-Colegio-de-Medicos-de-Zamora-300x199.jpg 300w\" sizes=\"(max-width: 422px) 100vw, 422px\" \/><figcaption>Ganadores del premio, el presidente y la junta del Colegio de M\u00e9dicos de Zamora.<\/figcaption><\/figure>\n<\/div>\n<\/div>\n\n\n\n<div style=\"height:50px\" aria-hidden=\"true\" class=\"wp-block-spacer\"><\/div>\n\n\n\n<h6><strong>Mejores Casos Cl\u00ednicos de M\u00e9dicos Residentes de Valladolid<\/strong><\/h6>\n\n\n\n<div class=\"wp-block-columns alignwide are-vertically-aligned-top\">\n<div class=\"wp-block-column\" style=\"flex-basis:55%\">\n<div class=\"wp-block-columns\">\n<div class=\"wp-block-column\" style=\"flex-basis:100%\">\n<p>El <strong><a rel=\"noreferrer noopener\" href=\"https:\/\/medicosva.com\/\" target=\"_blank\">Colegio de M\u00e9dicos de Valladolid<\/a><\/strong> celebr\u00f3 la entrega de los premios de la X convocatoria a los Mejores Casos Cl\u00ednicos de M\u00e9dicos Residentes de Valladolid, conocidos con el nombre de Premio Dr. D. Miguel Garc\u00eda Mu\u00f1oz. <\/p>\n\n\n\n<p>Un a\u00f1o m\u00e1s, el Colegio de M\u00e9dicos de Valladolid y su presidente, el Dr. Jos\u00e9 Luis Almud\u00ed, han querido aprovechar este acto para reconocer la val\u00eda de los trabajos presentados en esta edici\u00f3n y agradecer la colaboraci\u00f3n de la Fundaci\u00f3n Mutual M\u00e9dica.<\/p>\n<\/div>\n<\/div>\n<\/div>\n\n\n\n<div class=\"wp-block-column\" style=\"flex-basis:45%\">\n<figure class=\"wp-block-image size-full imgCol100\"><img loading=\"lazy\" width=\"422\" height=\"280\" src=\"https:\/\/informe-anual-2022.mutualmedica.com\/wp-content\/uploads\/2023\/05\/Casos-Clinicos-de-Medicos-Residentes-de-Valladolid.jpg\" alt=\"\" class=\"wp-image-2998\" srcset=\"https:\/\/informe-anual-2022.mutualmedica.com\/wp-content\/uploads\/2023\/05\/Casos-Clinicos-de-Medicos-Residentes-de-Valladolid.jpg 422w, https:\/\/informe-anual-2022.mutualmedica.com\/wp-content\/uploads\/2023\/05\/Casos-Clinicos-de-Medicos-Residentes-de-Valladolid-300x199.jpg 300w\" sizes=\"(max-width: 422px) 100vw, 422px\" \/><figcaption>Ganadores, miembros de la junta del colegio y el Sr. Juan Merino, asesor comercial de Mutual M\u00e9dica.<\/figcaption><\/figure>\n<\/div>\n<\/div>\n\n\n\n<h6><strong><strong>Colaboraci\u00f3n con el Colegio de M\u00e9dicos de Cantabria<\/strong><\/strong><\/h6>\n\n\n\n<p>Por segunda vez la Fundaci\u00f3n Mutual M\u00e9dica colabor\u00f3 en el acto de celebraci\u00f3n de la Virgen del Perpetuo Socorro en Cantabria, donde entreg\u00f3 una de las becas de formaci\u00f3n estival en hospitales o centros de investigaci\u00f3n biom\u00e9dica para alumnos de la facultad de Medicina de Cantabria. El premio lo concedi\u00f3 el presidente del COM Cantabria, el Dr. Francisco Javier Hern\u00e1ndez de Sande, como consejero de Mutual M\u00e9dica y en nombre de la Fundaci\u00f3n de la mutualidad.<\/p>\n\n\n\n<div style=\"height:50px\" aria-hidden=\"true\" class=\"wp-block-spacer\"><\/div>\n\n\n\n<h6><strong>Complementar la formaci\u00f3n MIR en Salamanca<\/strong><\/h6>\n\n\n\n<div class=\"wp-block-columns alignwide\">\n<div class=\"wp-block-column is-vertically-aligned-top\" style=\"flex-basis:55%\">\n<div class=\"wp-block-columns are-vertically-aligned-top\">\n<div class=\"wp-block-column is-vertically-aligned-top\" style=\"flex-basis:100%\">\n<p>El <strong><a rel=\"noreferrer noopener\" href=\"https:\/\/comsalamanca.es\/\" target=\"_blank\">Colegio de M\u00e9dicos de Salamanca<\/a><\/strong>, en colaboraci\u00f3n con la Fundaci\u00f3n Mutual M\u00e9dica, convoc\u00f3 14 becas de apoyo econ\u00f3mico para realizar estancias o rotaciones en centros nacionales o internacionales o para cursar actividades de formaci\u00f3n dentro de la especialidad correspondiente, con la finalidad de complementar la formaci\u00f3n recibida en la v\u00eda MIR.<\/p>\n<\/div>\n<\/div>\n<\/div>\n\n\n\n<div class=\"wp-block-column\" style=\"flex-basis:45%\">\n<figure class=\"wp-block-image size-full imgCol100\"><img loading=\"lazy\" width=\"422\" height=\"280\" src=\"https:\/\/informe-anual-2022.mutualmedica.com\/wp-content\/uploads\/2023\/05\/COM-Salamanca-1.jpg\" alt=\"\" class=\"wp-image-3141\" srcset=\"https:\/\/informe-anual-2022.mutualmedica.com\/wp-content\/uploads\/2023\/05\/COM-Salamanca-1.jpg 422w, https:\/\/informe-anual-2022.mutualmedica.com\/wp-content\/uploads\/2023\/05\/COM-Salamanca-1-300x199.jpg 300w\" sizes=\"(max-width: 422px) 100vw, 422px\" \/><figcaption>El Sr. Ian Bachs, jefe de Relaciones Institucionales, con los 3 ganadores de la competici\u00f3n MIRIAL en el Congreso de Educaci\u00f3n M\u00e9dica en el COM de Salamanca.<\/figcaption><\/figure>\n<\/div>\n<\/div>\n\n\n\n<h6><strong>Premio Mejor MIR COM Albacete<\/strong><\/h6>\n\n\n\n<div class=\"wp-block-columns alignwide are-vertically-aligned-top\">\n<div class=\"wp-block-column\" style=\"flex-basis:55%\">\n<div class=\"wp-block-columns\">\n<div class=\"wp-block-column\" style=\"flex-basis:100%\">\n<p>La Fundaci\u00f3n Mutual M\u00e9dica y el <strong><a rel=\"noreferrer noopener\" href=\"https:\/\/www.comalbacete.net\/portal\/portada\/index.aspx\" target=\"_blank\">Colegio de M\u00e9dicos de Albacete<\/a><\/strong> hicieron entrega del Premio al Mejor n\u00famero MIR 2022, que ha elegido formarse en el \u00e1rea sanitaria de Albacete, patrocinado por la Fundaci\u00f3n Mutual M\u00e9dica. La premiada fue Mar\u00eda de la Encarnaci\u00f3n Alfaro Mart\u00ednez, n\u00famero 583 en la \u00faltima convocatoria. Natural de Tobarra (Albacete), se ha graduado en la Universidad de Castilla-La Mancha y ha elegido la especialidad de Dermatolog\u00eda M\u00e9dico-Quir\u00fargica. Recibi\u00f3 el premio de manos del asesor de Mutual M\u00e9dica, Francisco Mart\u00ednez, y el jefe del Servicio de Dermatolog\u00eda de la Gerencia Integrada de Albacete y tesorero del Colegio, el Dr. Eduardo Escario Travesedo. <\/p>\n<\/div>\n<\/div>\n<\/div>\n\n\n\n<div class=\"wp-block-column\" style=\"flex-basis:45%\">\n<figure class=\"wp-block-image size-full imgCol100\"><img loading=\"lazy\" width=\"422\" height=\"280\" src=\"https:\/\/informe-anual-2022.mutualmedica.com\/wp-content\/uploads\/2023\/05\/Premio-Mejor-MIR-COM-Albacete.jpg\" alt=\"\" class=\"wp-image-2999\" srcset=\"https:\/\/informe-anual-2022.mutualmedica.com\/wp-content\/uploads\/2023\/05\/Premio-Mejor-MIR-COM-Albacete.jpg 422w, https:\/\/informe-anual-2022.mutualmedica.com\/wp-content\/uploads\/2023\/05\/Premio-Mejor-MIR-COM-Albacete-300x199.jpg 300w\" sizes=\"(max-width: 422px) 100vw, 422px\" \/><figcaption>Dr. Eduardo Escario, tesorero del COM Albacete; la ganadora, la Dra. Mar\u00eda Encarnaci\u00f3n Alfaro, y el Sr. Francisco Jos\u00e9 G\u00f3mez Mart\u00ednez, delegado comercial de Mutual M\u00e9dica en la zona.<\/figcaption><\/figure>\n<\/div>\n<\/div>\n\n\n\n<h6><strong>Premiamos casos cl\u00ednicos en Ceuta<\/strong><\/h6>\n\n\n\n<div class=\"wp-block-columns alignwide are-vertically-aligned-top\">\n<div class=\"wp-block-column\" style=\"flex-basis:55%\">\n<div class=\"wp-block-columns\">\n<div class=\"wp-block-column\" style=\"flex-basis:100%\">\n<p>En diciembre de 2022, el <a rel=\"noreferrer noopener\" href=\"https:\/\/comceuta.es\/\" target=\"_blank\"><strong>Colegio de M\u00e9dicos de Ceuta<\/strong><\/a><strong> <\/strong>entregaba los premios de la V Edici\u00f3n del Concurso Casos Cl\u00ednicos Dra. Manuela G\u00f3mez G\u00f3mez, con la colaboraci\u00f3n de la Fundaci\u00f3n Mutual M\u00e9dica.<\/p>\n\n\n\n<p>Los galardonados fueron los siguientes:<\/p>\n\n\n\n<ul><li>Primer premio para la Dra. Mar\u00eda Guerrero Fort, que ha presentado al certamen un caso que ten\u00eda como t\u00edtulo \u201cDoctora, \u00bfqu\u00e9 me ocurre?\u00bb.<\/li><li>Segundo premio para Laura Delgado Vicario, con el trabajo cl\u00ednico titulado \u201cOligoartritis at\u00edpica por s\u00edndrome Post-Lyme\u00bb.<\/li><li>El tercer premio para Anbar Cherti, por su informe \u201cEnfermedad de Addison, infecci\u00f3n por Sars-Cov2: \u00bfPor qu\u00e9 estoy cansada y con las manos oscuras?\u00bb.<\/li><\/ul>\n<\/div>\n<\/div>\n<\/div>\n\n\n\n<div class=\"wp-block-column\" style=\"flex-basis:45%\">\n<figure class=\"wp-block-image size-full imgCol100\"><img loading=\"lazy\" width=\"422\" height=\"280\" src=\"https:\/\/informe-anual-2022.mutualmedica.com\/wp-content\/uploads\/2023\/05\/Premiamos-casos-clinicos-en-Ceuta.jpg\" alt=\"\" class=\"wp-image-3000\" srcset=\"https:\/\/informe-anual-2022.mutualmedica.com\/wp-content\/uploads\/2023\/05\/Premiamos-casos-clinicos-en-Ceuta.jpg 422w, https:\/\/informe-anual-2022.mutualmedica.com\/wp-content\/uploads\/2023\/05\/Premiamos-casos-clinicos-en-Ceuta-300x199.jpg 300w\" sizes=\"(max-width: 422px) 100vw, 422px\" \/><figcaption>Foto de la ganadora del premio \u201cDra. Manuela G\u00f3mez G\u00f3mez\u201d, la Dra. Mar\u00eda Guerrero Fort.<\/figcaption><\/figure>\n<\/div>\n<\/div>\n\n\n\n<div class=\"wp-block-columns\">\n<div class=\"wp-block-column\" style=\"flex-basis:100%\"><\/div>\n<\/div>\n\n\n\n<div class=\"wp-container-69f4c9376f9f6 wp-block-group\"><div class=\"wp-block-group__inner-container\">\n<h6><strong>Becas MIR de Girona<\/strong><\/h6>\n<\/div><\/div>\n\n\n\n<div class=\"wp-block-columns alignwide are-vertically-aligned-top\">\n<div class=\"wp-block-column\" style=\"flex-basis:55%\">\n<div class=\"wp-block-columns\">\n<div class=\"wp-block-column\" style=\"flex-basis:100%\">\n<p>La Fundaci\u00f3n Mutual M\u00e9dica entreg\u00f3, junto al <a rel=\"noreferrer noopener\" href=\"https:\/\/www.comg.cat\/ca\" target=\"_blank\"><strong>Colegio de M\u00e9dicos de Girona<\/strong><\/a> (COMG), dos Becas MIR 2022 a la Dra. Julia Irigoyen, especialidad en Obstetricia y Ginecolog\u00eda, que har\u00e1 su rotaci\u00f3n en dos centros: el Royal Surrey Country Hospital en Guildford (Reino Unido) y el Centre Hospitalier Universitaire Estaing, en Clermont Ferrand (Francia); y la Dra. Carla Vera, neur\u00f3loga, que har\u00e1 su rotaci\u00f3n en la Cl\u00ednica Sagrada Familia, en el Servicio de Neurorradiolog\u00eda Intervencionista, en Buenos Aires.<\/p>\n\n\n\n<p>Las doctoras han recibido las becas de la mano del Sr. Ian Bachs, jefe de Relaciones Institucionales de Mutual M\u00e9dica, acompa\u00f1ado del Dr. Josep Vilaplana y de la Dra. Carme Busquets, presidente y secretaria del COMG. <\/p>\n\n\n\n<p>Las becas MIR hacen posible, anualmente, la estancia de m\u00e9dicos (colegiados en el COMG) en el extranjero para realizar su rotaci\u00f3n en alg\u00fan hospital de referencia para completar su formaci\u00f3n.<\/p>\n<\/div>\n<\/div>\n<\/div>\n\n\n\n<div class=\"wp-block-column\" style=\"flex-basis:45%\">\n<figure class=\"wp-block-image size-full imgCol100\"><img loading=\"lazy\" width=\"422\" height=\"280\" src=\"https:\/\/informe-anual-2022.mutualmedica.com\/wp-content\/uploads\/2023\/05\/Becas-MIR-de-Girona-1.jpg\" alt=\"\" class=\"wp-image-3006\" srcset=\"https:\/\/informe-anual-2022.mutualmedica.com\/wp-content\/uploads\/2023\/05\/Becas-MIR-de-Girona-1.jpg 422w, https:\/\/informe-anual-2022.mutualmedica.com\/wp-content\/uploads\/2023\/05\/Becas-MIR-de-Girona-1-300x199.jpg 300w\" sizes=\"(max-width: 422px) 100vw, 422px\" \/><figcaption>Dr. Vilaplana, presidente del COM, y las ganadoras, Dra. Irigoyen y Dra. Vera, la Dra. Busquets, secretaria del COM, y el Sr. Ian Bachs, jefe de Relaciones Institucionales de Mutual M\u00e9dica.<\/figcaption><\/figure>\n<\/div>\n<\/div>\n\n\n\n<div class=\"wp-container-69f4c9376fd3c wp-block-group\"><div class=\"wp-block-group__inner-container\">\n<h6><strong>Becas MIR en <\/strong>Granada<\/h6>\n<\/div><\/div>\n\n\n\n<div class=\"wp-block-columns alignwide are-vertically-aligned-top\">\n<div class=\"wp-block-column\" style=\"flex-basis:55%\">\n<div class=\"wp-block-columns\">\n<div class=\"wp-block-column\" style=\"flex-basis:100%\">\n<p>En junio de 2022, tuvo lugar la entrega de la Beca MIR para rotaci\u00f3n externa correspondiente al 2\u00ba semestre de 2022, que se concedi\u00f3 al Dr. Manuel S\u00e1nchez D\u00edaz en la categor\u00eda de rotaci\u00f3n en \u00e1mbito nacional, beca convocada en colaboraci\u00f3n con la Fundaci\u00f3n Mutual M\u00e9dica.<\/p>\n<\/div>\n<\/div>\n<\/div>\n\n\n\n<div class=\"wp-block-column\" style=\"flex-basis:45%\">\n<figure class=\"wp-block-image size-full imgCol100\"><img loading=\"lazy\" width=\"422\" height=\"280\" src=\"https:\/\/informe-anual-2022.mutualmedica.com\/wp-content\/uploads\/2023\/05\/Becas-MIR-en-Granada.jpg\" alt=\"\" class=\"wp-image-3002\" srcset=\"https:\/\/informe-anual-2022.mutualmedica.com\/wp-content\/uploads\/2023\/05\/Becas-MIR-en-Granada.jpg 422w, https:\/\/informe-anual-2022.mutualmedica.com\/wp-content\/uploads\/2023\/05\/Becas-MIR-en-Granada-300x199.jpg 300w\" sizes=\"(max-width: 422px) 100vw, 422px\" \/><figcaption>De izqda. a dcha.: el Dr. Jorge Fern\u00e1ndez Parra, presidente del Colegio de M\u00e9dicos de Granada, el ganador, Dr. Manuel S\u00e1nchez, y el Dr. Alejandro Andreu, presidente de la Fundaci\u00f3n Mutual M\u00e9dica.<\/figcaption><\/figure>\n<\/div>\n<\/div>\n\n\n\n<h4>Formaci\u00f3n y desarrollo profesional del m\u00e9dico<\/h4>\n\n\n\n<h5>Con los colegios de m\u00e9dicos<\/h5>\n\n\n\n<p>La Fundaci\u00f3n Mutual M\u00e9dica tambi\u00e9n destina aportaciones econ\u00f3micas para subvencionar diferentes cursos formativos que organizan las respectivas fundaciones de los colegios, para sus correspondientes colegiados, de los siguientes colegios de m\u00e9dicos:<\/p>\n\n\n\n<div class=\"wp-block-columns\">\n<div class=\"wp-block-column\" style=\"flex-basis:100%\">\n<div class=\"wp-block-columns\">\n<div class=\"wp-block-column\">\n<ul><li><a rel=\"noreferrer noopener\" href=\"https:\/\/www.icomem.es\/\" target=\"_blank\">Colegio de M\u00e9dicos de Madrid<\/a><\/li><li><a rel=\"noreferrer noopener\" href=\"https:\/\/medicostenerife.es\/\" target=\"_blank\">Colegio de M\u00e9dicos de Tenerife<\/a><\/li><li><a rel=\"noreferrer noopener\" href=\"https:\/\/www.comc.es\/es\/\" target=\"_blank\">Colegio de M\u00e9dicos de A Coru\u00f1a<\/a><\/li><li><a rel=\"noreferrer noopener\" href=\"https:\/\/www.comcantabria.es\/\" target=\"_blank\">Colegio de M\u00e9dicos de Cantabria<\/a><\/li><li><a rel=\"noreferrer noopener\" href=\"https:\/\/www.cmb.eus\/inicio\" target=\"_blank\">Colegio de M\u00e9dicos de Vizcaya<\/a><\/li><li><a rel=\"noreferrer noopener\" href=\"https:\/\/www.comgi.eus\/Default.aspx?lng=ES\" target=\"_blank\">Colegio de M\u00e9dicos de Guip\u00fazcoa<\/a><\/li><li><a rel=\"noreferrer noopener\" href=\"https:\/\/www.comv.es\/\" target=\"_blank\">Colegio de M\u00e9dicos de Valencia<\/a><\/li><\/ul>\n<\/div>\n\n\n\n<div class=\"wp-block-column\">\n<ul id=\"block-22a6fac0-5353-4078-9327-75770d10d1c7\"><li><a rel=\"noreferrer noopener\" href=\"https:\/\/www.comz.org\/\" target=\"_blank\">Colegio de M\u00e9dicos de Zaragoza<\/a><\/li><li><a rel=\"noreferrer noopener\" href=\"https:\/\/coma.es\/\" target=\"_blank\">Colegio de M\u00e9dicos de Alicante<\/a><\/li><li><a rel=\"noreferrer noopener\" href=\"https:\/\/comhuesca.es\/\" target=\"_blank\">Colegio de M\u00e9dicos de Huesca<\/a><\/li><li><a rel=\"noreferrer noopener\" href=\"https:\/\/www.commurcia.es\/\" target=\"_blank\">Colegio de M\u00e9dicos de Murcia<\/a><\/li><li><a rel=\"noreferrer noopener\" href=\"https:\/\/www.comteruel.es\/\" target=\"_blank\">Colegio de M\u00e9dicos de Teruel<\/a><\/li><li><a rel=\"noreferrer noopener\" href=\"https:\/\/cacm.es\/\" target=\"_blank\">Consejo Andaluz de Colegios de M\u00e9dicos<\/a><\/li><li><a rel=\"noreferrer noopener\" href=\"https:\/\/www.cgcom.es\/\" target=\"_blank\">Organizaci\u00f3n M\u00e9dica Colegial (OMC)<\/a><\/li><\/ul>\n<\/div>\n<\/div>\n<\/div>\n<\/div>\n\n\n\n<h6><strong>Fundaci\u00f3n para la Formaci\u00f3n de la OMC<\/strong><\/h6>\n\n\n\n<p>Como en los \u00faltimos a\u00f1os, la Fundaci\u00f3n Mutual M\u00e9dica y la Fundaci\u00f3n para la Formaci\u00f3n de la OMC colaboran en diferentes proyectos formativos para los m\u00e9dicos residentes, para los tutores MIR y la formaci\u00f3n gen\u00e9rica para la prevenci\u00f3n de las agresiones.&nbsp;&nbsp;&nbsp;<\/p>\n\n\n\n<ul><li><strong>Cursos de formaci\u00f3n \u00abResponsabilidad del MIR: Marco legal<\/strong>\u00ab<br>En 2018, Mutual M\u00e9dica inici\u00f3 una colaboraci\u00f3n con la OMC en la edici\u00f3n del libro \u201cResponsabilidad del MIR\u201d para regalar a todos los nuevos residentes cuando se fueran a colegiar. En el libro se recog\u00eda toda la legislaci\u00f3n que afecta a los residentes para que puedan saber y consultar sus derechos y sus deberes durante sus a\u00f1os MIR.<br><br>Y desde el 2019 la Fundaci\u00f3n Mutual M\u00e9dica colabor\u00f3 con la FFOMC para subvencionar el 100% del curso <em>online<\/em> \u201cResponsabilidad del MIR: Marco legal\u201d, sobre el libro. El curso se inici\u00f3 en agosto de 2019 y est\u00e1 abierto todo el a\u00f1o para realizarlo; es de 22 horas lectivas. A la finalizaci\u00f3n de 2022, m\u00e1s de 2.500 residentes hab\u00edan realizado el curso.&nbsp;<\/li><\/ul>\n\n\n\n<ul><li><strong>Cursos de formaci\u00f3n para los tutores MIR<\/strong><br>Desde 2015 hay un convenio de colaboraci\u00f3n con la Fundaci\u00f3n para la Formaci\u00f3n de la Organizaci\u00f3n M\u00e9dica Colegial (FFOMC) para la impartici\u00f3n de un curso innovador para dotar a estos profesionales de un programa de formaci\u00f3n estructurado, did\u00e1ctico y pr\u00e1ctico para que puedan dar una asistencia integral a los MIR. <br><br>El sistema p\u00fablico de formaci\u00f3n de especialistas espa\u00f1ol es todo un referente para el resto de los pa\u00edses de nuestro entorno. Eso es as\u00ed gracias a la figura del tutor MIR, que voluntariamente dedica parte de su tiempo a formar a sus compa\u00f1eros m\u00e9dicos que est\u00e1n especializados en hospitales y otros centros de salud. A pesar de todo eso, los tutores MIR son los m\u00e1s desatendidos del sistema en lo que se refiere a la formaci\u00f3n destinada a adquirir competencias pedag\u00f3gicas para ejercer sus funciones. Por eso este es el octavo a\u00f1o de los cursos de formaci\u00f3n para los tutores MIR organizado por la Fundaci\u00f3n para la Formaci\u00f3n de la OMC (FFOMC) y la Fundaci\u00f3n Mutual M\u00e9dica.<\/li><\/ul>\n\n\n\n<p><\/p>\n\n\n\n<p><\/p>\n\n\n\n<h5>Con los estudiantes de Medicina<\/h5>\n\n\n\n<iframe class=\"w40\" src=\"https:\/\/www.youtube.com\/embed\/F4hvq4RO37g?rel=0\" title=\"YouTube video player\" frameborder=\"0\" allow=\"accelerometer; autoplay; clipboard-write; encrypted-media; gyroscope; picture-in-picture\" allowfullscreen=\"\"><\/iframe>\n\n\n\n<h6>Actos de graduaci\u00f3n<\/h6>\n\n\n\n<p>Cada a\u00f1o son m\u00e1s los reci\u00e9n licenciados en Medicina que cuentan con el apoyo de la Fundaci\u00f3n Mutual M\u00e9dica a la hora de organizar el acto de graduaci\u00f3n de su promoci\u00f3n.<\/p>\n\n\n\n<p>Con ellos, la entidad ha mantenido reuniones para estrechar v\u00ednculos y conocer de primera mano sus necesidades e inquietudes. En 2022, colaboramos con 24 facultades de Medicina de toda Espa\u00f1a, acompa\u00f1ando al 52% de los estudiantes de Medicina graduados.<\/p>\n\n\n\n<iframe loading=\"lazy\" class=\"d\" src=\"https:\/\/informe-anual-2022.mutualmedica.com\/wp-content\/uploads\/anim_img\/09-actos-de-graduacion\/actos-graduacion.html\" width=\"768\" height=\"666\" marginwidth=\"0\" marginheight=\"0\" frameborder=\"0\" scrolling=\"no\" style=\"display:block; margin: 0 auto;\"><\/iframe>\n\n\n\n<div class=\"wp-block-image m\"><figure class=\"aligncenter size-large\"><img loading=\"lazy\" width=\"263\" height=\"1024\" src=\"https:\/\/informe-anual-2022.mutualmedica.com\/wp-content\/uploads\/2023\/07\/Capitulo-9_Grafic-mobil-263x1024.jpg\" alt=\"\" class=\"wp-image-4143\"\/><\/figure><\/div>\n\n\n\n<div class=\"wp-block-columns m\">\n<div class=\"wp-block-column\" style=\"flex-basis:100%\"><\/div>\n<\/div>\n\n\n\n<h6><strong>Consejo Estatal de Estudiantes de Medicina<\/strong><\/h6>\n\n\n\n<p>La Fundaci\u00f3n Mutual M\u00e9dica ha seguido colaborando con el Consejo Estatal de Estudiantes de Medicina (CEEM) durante 2022.<\/p>\n\n\n\n<p>Destaca nuestra participaci\u00f3n en el Congreso de la Educaci\u00f3n M\u00e9dica, celebrado en el Colegio de M\u00e9dicos de Cantabria, que organiza el CEEM. El a\u00f1o pasado se pudo volver a realizar el congreso con la afluencia de antes de la pandemia, unos 1.000 estudiantes asistieron de forma presencial. Mutual M\u00e9dica estuvo en Salamanca apoyando a los futuros m\u00e9dicos.<\/p>\n\n\n\n<p>Tambi\u00e9n hemos colaborado en muchas otras actividades del CEEM, no solo asegurando a los asistentes a sus congresos, sino tambi\u00e9n participando en su asamblea anual y en otras reuniones, donde hemos dado a conocer c\u00f3mo pueden beneficiarse de la mutualidad de los m\u00e9dicos y hemos apoyado distintas iniciativas. Durante el congreso, como en las anteriores ocasiones, tambi\u00e9n se organiz\u00f3 de la mano de la Fundaci\u00f3n un torneo <a href=\"https:\/\/mirial.es\/\"><strong>MIRIAL<\/strong><\/a>, la app de Mutual M\u00e9dica para los m\u00e1s j\u00f3venes, un juego que consiste en competir con otro compa\u00f1ero respondiendo preguntas del examen MIR de las \u00faltimas ediciones.<\/p>\n\n\n\n<div class=\"wp-block-columns\">\n<div class=\"wp-block-column\" style=\"flex-basis:100%\">\n<div class=\"wp-container-69f4c93770496 wp-block-group\"><div class=\"wp-block-group__inner-container\">\n<h5>Con los m\u00e9dicos MIR, en colaboraci\u00f3n con los hospitales universitarios<\/h5>\n\n\n\n<p>La etapa de formaci\u00f3n del m\u00e9dico no se acaba finalizando los estudios universitarios, sino que contin\u00faa form\u00e1ndose en la especialidad escogida a trav\u00e9s del MIR (M\u00e9dico Interno Residente). As\u00ed que, cuando inician su actividad profesional, ahora ya como m\u00e9dicos residentes, contin\u00faan con su periodo de formaci\u00f3n, cosa que les supone un gran esfuerzo, ya que han de dedicarse a su labor asistencial como m\u00e9dicos, al mismo tiempo que siguen form\u00e1ndose como especialistas. <\/p>\n\n\n\n<p>La Fundaci\u00f3n Mutual M\u00e9dica colabora con los departamentos de Docencia de numerosos hospitales, en l\u00ednea con su compromiso con la formaci\u00f3n del m\u00e9dico y, muy especialmente, con el m\u00e9dico joven.<\/p>\n\n\n\n<h6><strong>Hospital Cl\u00ednic de Barcelona<\/strong><\/h6>\n\n\n\n<div class=\"wp-block-columns\">\n<div class=\"wp-block-column\" style=\"flex-basis:50%\">\n<p>Colaboramos con el <a rel=\"noreferrer noopener\" href=\"https:\/\/www.clinicbarcelona.org\/\" target=\"_blank\"><strong>Hospital Cl\u00ednic de Barcelona<\/strong><\/a> en cursos destinados a los residentes. Esta colaboraci\u00f3n se traduce en ayudas a la organizaci\u00f3n de cursos espec\u00edficos para los MIR. Adem\u00e1s, la Fundaci\u00f3n Mutual M\u00e9dica cada a\u00f1o colabora tambi\u00e9n entregando el Premio Cl\u00ednic-Mutual M\u00e9dica al Mejor Expediente MIR, que en 2022 recay\u00f3 en la Dra. Elena Cuadrado Pay\u00e1n, nefr\u00f3loga.<\/p>\n<\/div>\n\n\n\n<div class=\"wp-block-column\" style=\"flex-basis:50%\">\n<figure class=\"wp-block-image size-full imgCol100\"><img loading=\"lazy\" width=\"422\" height=\"280\" src=\"https:\/\/informe-anual-2022.mutualmedica.com\/wp-content\/uploads\/2023\/05\/Hospital-Clinic-de-Barcelona.jpg\" alt=\"\" class=\"wp-image-3052\" srcset=\"https:\/\/informe-anual-2022.mutualmedica.com\/wp-content\/uploads\/2023\/05\/Hospital-Clinic-de-Barcelona.jpg 422w, https:\/\/informe-anual-2022.mutualmedica.com\/wp-content\/uploads\/2023\/05\/Hospital-Clinic-de-Barcelona-300x199.jpg 300w\" sizes=\"(max-width: 422px) 100vw, 422px\" \/><figcaption>El Sr. Enric Tornos, vocal del patronato de la Fundaci\u00f3n Mutual M\u00e9dica, y la ganadora, la Dra. Elena Cuadrado.<\/figcaption><\/figure>\n<\/div>\n<\/div>\n\n\n\n<h6><strong>Hospital de Bellvitge<\/strong><\/h6>\n\n\n\n<div class=\"wp-block-columns\">\n<div class=\"wp-block-column\" style=\"flex-basis:50%\">\n<p>Para dar apoyo a los m\u00e9dicos residentes en el <strong><a href=\"https:\/\/bellvitgehospital.cat\/es\" target=\"_blank\" rel=\"noreferrer noopener\">Hospital de Bellvitge<\/a><\/strong>, hace a\u00f1os que venimos subvencionado la compra de material para la formaci\u00f3n de sus residentes.<\/p>\n\n\n\n<p>En 2019, ampliamos el convenio para crear el Premio Mutual M\u00e9dica al Mejor MIR\u2013Bellvitge, que en la convocatoria 2022 premi\u00f3 a la Dra. Miriam Casellas Gibert y como acc\u00e9sits premi\u00f3 a la Dra. Carmen Castillo Manzano y a la Dra. Claudia Llobera Ris.<\/p>\n\n\n\n<p>Al acto asisti\u00f3 el Sr. Enric Tornos, patr\u00f3n de la Fundaci\u00f3n Mutual M\u00e9dica, que pudo explicar los proyectos que est\u00e1 desarrollando la Fundaci\u00f3n Mutual M\u00e9dica.<\/p>\n<\/div>\n\n\n\n<div class=\"wp-block-column\" style=\"flex-basis:50%\">\n<figure class=\"wp-block-image size-full imgCol100\"><img loading=\"lazy\" width=\"422\" height=\"280\" src=\"https:\/\/informe-anual-2022.mutualmedica.com\/wp-content\/uploads\/2023\/05\/Hospital-de-Bellvitge.jpg\" alt=\"\" class=\"wp-image-3053\" srcset=\"https:\/\/informe-anual-2022.mutualmedica.com\/wp-content\/uploads\/2023\/05\/Hospital-de-Bellvitge.jpg 422w, https:\/\/informe-anual-2022.mutualmedica.com\/wp-content\/uploads\/2023\/05\/Hospital-de-Bellvitge-300x199.jpg 300w\" sizes=\"(max-width: 422px) 100vw, 422px\" \/><figcaption>El Sr. Enric Tornos, patr\u00f3n de la Fundaci\u00f3n Mutual M\u00e9dica, con las tres ganadoras y la gerente del Hospital de Bellvitge.&nbsp;<\/figcaption><\/figure>\n<\/div>\n<\/div>\n\n\n\n<h6><strong>Hospital Pr\u00edncipe de Asturias<\/strong><\/h6>\n\n\n\n<div class=\"wp-block-columns\">\n<div class=\"wp-block-column\" style=\"flex-basis:50%\">\n<p>Un a\u00f1o m\u00e1s, la Fundaci\u00f3n Mutual M\u00e9dica colabor\u00f3 con el <a rel=\"noreferrer noopener\" href=\"https:\/\/www.comunidad.madrid\/hospital\/principeasturias\/\" target=\"_blank\"><strong>Hospital Pr\u00edncipe de Asturias<\/strong><\/a> en la Jornada de Investigaci\u00f3n\u2013Becas Mutual M\u00e9dica. <\/p>\n\n\n\n<p>Los premiados en 2022 han sido el Dr. Manuel de la Mata, la Dra. Mar\u00eda Ortiz Garc\u00eda, la Dra. Elsa Gonz\u00e1lez Basti\u00e1n, la Dra. Isabel Rodr\u00edguez L\u00f3pez y la Dra. Victoria Su\u00e1rez Fern\u00e1ndez.<\/p>\n<\/div>\n\n\n\n<div class=\"wp-block-column\" style=\"flex-basis:50%\">\n<figure class=\"wp-block-image size-full imgCol100\"><img loading=\"lazy\" width=\"422\" height=\"280\" src=\"https:\/\/informe-anual-2022.mutualmedica.com\/wp-content\/uploads\/2023\/05\/Hospital-Principe-de-Asturias.jpg\" alt=\"\" class=\"wp-image-3059\" srcset=\"https:\/\/informe-anual-2022.mutualmedica.com\/wp-content\/uploads\/2023\/05\/Hospital-Principe-de-Asturias.jpg 422w, https:\/\/informe-anual-2022.mutualmedica.com\/wp-content\/uploads\/2023\/05\/Hospital-Principe-de-Asturias-300x199.jpg 300w\" sizes=\"(max-width: 422px) 100vw, 422px\" \/><figcaption>Los ganadores del Premio, junto a la Sra. Raquel Garc\u00eda, jefa de Relaciones Institucionales de Mutual M\u00e9dica, y la jefa de Docencia del hospital, la Dra. Medina.&nbsp;<\/figcaption><\/figure>\n<\/div>\n<\/div>\n\n\n\n<h6><strong>Hospital 12 de Octubre<\/strong><\/h6>\n\n\n\n<p>La colaboraci\u00f3n entre Mutual M\u00e9dica y el <strong><a rel=\"noreferrer noopener\" href=\"https:\/\/www.comunidad.madrid\/hospital\/12octubre\/\" target=\"_blank\">Hospital 12 de Octubre<\/a> <\/strong>se inici\u00f3 en 2015 para financiar unos premios en las jornadas de investigaci\u00f3n y las jornadas cient\u00edficas que organiza el departamento de Docencia M\u00e9dica del hospital.<\/p>\n\n\n\n<p>El pasado a\u00f1o 2021, se ampli\u00f3 el convenio para poder adaptar su programa formativo a las restricciones ocasionadas por la pandemia.<\/p>\n\n\n\n<div style=\"height:50px\" aria-hidden=\"true\" class=\"wp-block-spacer\"><\/div>\n\n\n\n<h6><strong>Cl\u00ednica Universidad de Navarra<\/strong><\/h6>\n\n\n\n<div class=\"wp-block-columns\">\n<div class=\"wp-block-column\" style=\"flex-basis:50%\">\n<p>El viernes 11 de marzo se celebr\u00f3 la quinta Jornada de Investigaci\u00f3n de residentes y se entreg\u00f3 el Premio RCUN de Investigaci\u00f3n en la <a rel=\"noreferrer noopener\" href=\"https:\/\/www.cun.es\/\" target=\"_blank\"><strong>Cl\u00ednica Universidad de Navarra<\/strong><\/a>.<\/p>\n\n\n\n<p>Las jornadas de investigaci\u00f3n de residentes son una iniciativa de la Comisi\u00f3n de Docencia de la Cl\u00ednica con la colaboraci\u00f3n de la Fundaci\u00f3n Mutual M\u00e9dica para alentar la investigaci\u00f3n de los m\u00e9dicos residentes. Los diez finalistas defendieron sus trabajos ante sus compa\u00f1eros y el jurado.<\/p>\n\n\n\n<p>En la modalidad de publicaciones, donde colabora la Fundaci\u00f3n Mutual M\u00e9dica, el premio fue para la Dra. Lara Gil y la Dra. Ana Vilalta. <\/p>\n\n\n\n<p>Antes de la concesi\u00f3n del premio, el Sr. Ian Bachs, jefe de Relaciones Institucionales de Mutual M\u00e9dica, se dirigi\u00f3 a los asistentes para felicitarlos por sus presentaciones y comparti\u00f3 las diferentes l\u00edneas de acci\u00f3n de la Fundaci\u00f3n Mutual M\u00e9dica.<\/p>\n\n\n\n<p> <\/p>\n<\/div>\n\n\n\n<div class=\"wp-block-column\" style=\"flex-basis:50%\">\n<figure class=\"wp-block-image size-full imgCol100\"><img loading=\"lazy\" width=\"422\" height=\"280\" src=\"https:\/\/informe-anual-2022.mutualmedica.com\/wp-content\/uploads\/2023\/05\/Clinica-Universidad-de-Navarra.jpg\" alt=\"\" class=\"wp-image-3061\" srcset=\"https:\/\/informe-anual-2022.mutualmedica.com\/wp-content\/uploads\/2023\/05\/Clinica-Universidad-de-Navarra.jpg 422w, https:\/\/informe-anual-2022.mutualmedica.com\/wp-content\/uploads\/2023\/05\/Clinica-Universidad-de-Navarra-300x199.jpg 300w\" sizes=\"(max-width: 422px) 100vw, 422px\" \/><figcaption>La Dra. Lara Gil y la Dra. Ana Vilalta, residentes premiadas por su investigaci\u00f3n en CUN.&nbsp;<\/figcaption><\/figure>\n<\/div>\n<\/div>\n\n\n\n<h6><strong>Hospital General de Valencia<\/strong><\/h6>\n\n\n\n<div class=\"wp-block-columns\">\n<div class=\"wp-block-column\" style=\"flex-basis:50%\">\n<p>Desde 2016, el <a rel=\"noreferrer noopener\" href=\"https:\/\/chguv.san.gva.es\/inicio\" target=\"_blank\"><strong>Hospital General de Valencia<\/strong><\/a> y la Fundaci\u00f3n Mutual M\u00e9dica crearon el Premio a la Mejor Tesis Doctoral. El acto de entrega de este premio se desarrolla durante la jornada de despedida de los residentes, y cada a\u00f1o tenemos el honor de asistir y poder compartir con los residentes las acciones, premios y ayudas que desarrolla la Fundaci\u00f3n Mutual M\u00e9dica. <\/p>\n\n\n\n<p>En esta edici\u00f3n, la ganadora fue la Dra. Celia Julia Romero, residente de Medicina Familiar y Comunitaria.<\/p>\n<\/div>\n\n\n\n<div class=\"wp-block-column\" style=\"flex-basis:50%\">\n<figure class=\"wp-block-image size-full imgCol100\"><img loading=\"lazy\" width=\"422\" height=\"280\" src=\"https:\/\/informe-anual-2022.mutualmedica.com\/wp-content\/uploads\/2023\/05\/Hospital-General-de-Valencia.jpg\" alt=\"\" class=\"wp-image-3065\" srcset=\"https:\/\/informe-anual-2022.mutualmedica.com\/wp-content\/uploads\/2023\/05\/Hospital-General-de-Valencia.jpg 422w, https:\/\/informe-anual-2022.mutualmedica.com\/wp-content\/uploads\/2023\/05\/Hospital-General-de-Valencia-300x199.jpg 300w\" sizes=\"(max-width: 422px) 100vw, 422px\" \/><figcaption>El Sr. Rub\u00e9n Davo, asesor comercial de Mutual M\u00e9dica, y la ganadora, la Dra. Celia Julia Romero.&nbsp;<\/figcaption><\/figure>\n<\/div>\n<\/div>\n\n\n\n<h6><strong>Hospital Son Ll\u00e0tzer de Palma de Mallorca<\/strong><\/h6>\n\n\n\n<p>En 2017, se inici\u00f3 la colaboraci\u00f3n con el <strong><a rel=\"noreferrer noopener\" href=\"https:\/\/www.hsll.es\/\" target=\"_blank\">Hospital Son Ll\u00e0tzer<\/a><\/strong>, de Palma de Mallorca, para crear unos premios a conceder en el acto de despedida de los residentes.<\/p>\n\n\n\n<p>Los ganadores de los premios HUSLL-Mutual M\u00e9dica de la edici\u00f3n 2022 fueron los siguientes:<\/p>\n\n\n\n<ul><li>En la categor\u00eda de mejor sesi\u00f3n general, el primer premio ha sido para la Dra. Sabela Agrasar, residente de Neumolog\u00eda, por la sesi\u00f3n \u201cVentilaci\u00f3n mec\u00e1nica no invasiva en el Hospital Universitario Son Ll\u00e0tzer\u201d.<\/li><li>El segundo premio ha sido para el doctor Amador Andreu Sola, residente del Servicio de Dermatolog\u00eda M\u00e9dico-Quir\u00fargica y Venereolog\u00eda, por la sesi\u00f3n \u201cMarcadores cut\u00e1neos de las neoplasias internas\u201d.<\/li><li>En cuanto a los mejores proyectos de investigaci\u00f3n, el primer premio ha sido para la doctora Olga Claramonte, residente del Servicio de Cirug\u00eda General y Aparato Digestivo, por el proyecto \u201cEnsayo comparativo prospectivo y aleatorizado del tratamiento quir\u00fargico de las hemorroides grados III-IV con la desarterializaci\u00f3n transanal hemorroidal versus la hemorroidectom\u00eda Milligan-Morgan\u201d.<\/li><li>El segundo premio ha sido para Antonio Blanco, residente de Psicolog\u00eda Cl\u00ednica, por el proyecto \u201cTratamiento psicol\u00f3gico individual en atenci\u00f3n primaria: una propuesta de evaluaci\u00f3n en Mallorca\u201d.<\/li><\/ul>\n\n\n\n<p>Durante la sesi\u00f3n de entrega de los premios, los investigadores han expuesto brevemente las caracter\u00edsticas principales de los proyectos.<\/p>\n\n\n\n<p><\/p>\n\n\n\n<div class=\"wp-block-columns\">\n<div class=\"wp-block-column\">\n<div class=\"wp-block-image\"><figure class=\"aligncenter size-full\"><img loading=\"lazy\" width=\"746\" height=\"248\" src=\"https:\/\/informe-anual-2022.mutualmedica.com\/wp-content\/uploads\/2023\/05\/Hospital-Son-Llatzer-1.jpg\" alt=\"\" class=\"wp-image-2962\" srcset=\"https:\/\/informe-anual-2022.mutualmedica.com\/wp-content\/uploads\/2023\/05\/Hospital-Son-Llatzer-1.jpg 746w, https:\/\/informe-anual-2022.mutualmedica.com\/wp-content\/uploads\/2023\/05\/Hospital-Son-Llatzer-1-480x160.jpg 480w\" sizes=\"(min-width: 0px) and (max-width: 480px) 480px, (min-width: 481px) 746px, 100vw\" \/><figcaption>Ganadores de los premios, junto a la Sra. Purificaci\u00f3n Garc\u00eda, asesora comercial de Mutual M\u00e9dica, y los responsables de Docencia del hospital.<\/figcaption><\/figure><\/div>\n<\/div>\n<\/div>\n<\/div><\/div>\n<\/div>\n<\/div>\n\n\n\n<h6><strong><strong>Hospital Son Espases<\/strong><\/strong><\/h6>\n\n\n\n<div class=\"wp-block-columns\">\n<div class=\"wp-block-column\" style=\"flex-basis:50%\">\n<p>Por sexto a\u00f1o consecutivo, la Fundaci\u00f3n Mutual M\u00e9dica colabor\u00f3 en el Premio al Mejor Fin de Residencia del <strong><a rel=\"noreferrer noopener\" href=\"https:\/\/www.hospitalsonespases.es\/\" target=\"_blank\">Hospital Son Espases<\/a><\/strong>, de Palma de Mallorca, que este a\u00f1o se otorg\u00f3 al Dr. Sebastian Jeri, especialista en Cirug\u00eda General y del Aparato Digestivo.<\/p>\n<\/div>\n\n\n\n<div class=\"wp-block-column\" style=\"flex-basis:50%\">\n<figure class=\"wp-block-image size-full imgCol100\"><img loading=\"lazy\" width=\"422\" height=\"280\" src=\"https:\/\/informe-anual-2022.mutualmedica.com\/wp-content\/uploads\/2023\/05\/Hospital-Son-Espases-2.jpg\" alt=\"\" class=\"wp-image-3102\" srcset=\"https:\/\/informe-anual-2022.mutualmedica.com\/wp-content\/uploads\/2023\/05\/Hospital-Son-Espases-2.jpg 422w, https:\/\/informe-anual-2022.mutualmedica.com\/wp-content\/uploads\/2023\/05\/Hospital-Son-Espases-2-300x199.jpg 300w\" sizes=\"(max-width: 422px) 100vw, 422px\" \/><figcaption>El Dr. Sebastian Jeri Mc Farlane, ganador del Premio&nbsp;Fin de Residencia 2022.&nbsp;<\/figcaption><\/figure>\n<\/div>\n<\/div>\n\n\n\n<h6><strong>Hospital Cl\u00ednico de Valladolid<\/strong><\/h6>\n\n\n\n<div class=\"wp-block-columns\">\n<div class=\"wp-block-column\" style=\"flex-basis:50%\">\n<p>La Fundaci\u00f3n Mutual M\u00e9dica inici\u00f3 su colaboraci\u00f3n el pasado 2022 con el hospital y entreg\u00f3, en la sala Grados de la facultad de Medicina, el Premio de Investigaci\u00f3n del Hospital Cl\u00ednico de Valladolid al mejor MIR, que fue para la Dra. Jara Valtue\u00f1a.<\/p>\n<\/div>\n\n\n\n<div class=\"wp-block-column\" style=\"flex-basis:50%\">\n<figure class=\"wp-block-image size-full imgCol100\"><img loading=\"lazy\" width=\"422\" height=\"280\" src=\"https:\/\/informe-anual-2022.mutualmedica.com\/wp-content\/uploads\/2023\/05\/Hospital-Clinico-Valladolid-1.jpg\" alt=\"\" class=\"wp-image-3144\" srcset=\"https:\/\/informe-anual-2022.mutualmedica.com\/wp-content\/uploads\/2023\/05\/Hospital-Clinico-Valladolid-1.jpg 422w, https:\/\/informe-anual-2022.mutualmedica.com\/wp-content\/uploads\/2023\/05\/Hospital-Clinico-Valladolid-1-300x199.jpg 300w\" sizes=\"(max-width: 422px) 100vw, 422px\" \/><figcaption>De izqda. a dcha., el Dr. Enrique M. San Norberto, la ganadora del premio, la Dra. Jara Valtue\u00f1a, y el Sr. Juan Merino, asesor comercial de Mutual M\u00e9dica.<\/figcaption><\/figure>\n<\/div>\n<\/div>\n\n\n\n<h6><strong>IDIBGI (Institut d&#8217;Investigaci\u00f3 Biom\u00e8dica de Girona Dr. Josep Trueta<\/strong>)<\/h6>\n\n\n\n<div class=\"wp-block-columns\">\n<div class=\"wp-block-column\" style=\"flex-basis:50%\">\n<p>La combinaci\u00f3n entre investigaci\u00f3n y actividad asistencial es la clave para una atenci\u00f3n sanitaria en mejora continua y de referencia. Por este motivo, este a\u00f1o se ha celebrado la <strong>primera Jornada Gerundense de Investigaci\u00f3n para Residentes &#8211; Fundaci\u00f3n Mutual M\u00e9dica<\/strong>. Esta jornada nace con el objetivo de promover la actividad investigadora entre los residentes gerundenses, que son nuestro personal sanitario de ma\u00f1ana.<\/p>\n\n\n\n<p>Se entreg\u00f3 el premio a las dos mejores comunicaciones orales a la Dra. Zaira Reyes y a la Dra. L\u00eddia Perendreu.<\/p>\n<\/div>\n\n\n\n<div class=\"wp-block-column\" style=\"flex-basis:50%\">\n<figure class=\"wp-block-image size-full imgCol100\"><img loading=\"lazy\" width=\"422\" height=\"280\" src=\"https:\/\/informe-anual-2022.mutualmedica.com\/wp-content\/uploads\/2023\/05\/IDIBGI-Institut-dInvestigacio-Biomedica-de-Girona-Dr.-Josep-Trueta.jpg\" alt=\"\" class=\"wp-image-3137\" srcset=\"https:\/\/informe-anual-2022.mutualmedica.com\/wp-content\/uploads\/2023\/05\/IDIBGI-Institut-dInvestigacio-Biomedica-de-Girona-Dr.-Josep-Trueta.jpg 422w, https:\/\/informe-anual-2022.mutualmedica.com\/wp-content\/uploads\/2023\/05\/IDIBGI-Institut-dInvestigacio-Biomedica-de-Girona-Dr.-Josep-Trueta-300x199.jpg 300w\" sizes=\"(max-width: 422px) 100vw, 422px\" \/><figcaption>El Sr. Ian Bachs, jefe de Relaciones Institucionales, con las ganadoras, la Dra. Zaira Reyes y la Dra. L\u00eddia Perendreu.<\/figcaption><\/figure>\n<\/div>\n<\/div>\n\n\n\n<h6><strong>Hospital Reina Sof\u00eda<\/strong> de C\u00f3rdoba <\/h6>\n\n\n\n<div class=\"wp-block-columns\">\n<div class=\"wp-block-column\" style=\"flex-basis:50%\">\n<p>El Hospital Reina Sof\u00eda de C\u00f3rdoba celebr\u00f3 la quinta convocatoria del premio Prof. D. Carlos Pera con la colaboraci\u00f3n de la Fundaci\u00f3n Mutual M\u00e9dica. El residente Dr. Fernando Leiva gan\u00f3 el premio al residente excelente que organiza el departamento de docencia del hospital.<\/p>\n<\/div>\n\n\n\n<div class=\"wp-block-column\" style=\"flex-basis:50%\">\n<figure class=\"wp-block-image size-full imgCol100\"><img loading=\"lazy\" width=\"422\" height=\"280\" src=\"https:\/\/informe-anual-2022.mutualmedica.com\/wp-content\/uploads\/2023\/05\/Hospital-Reina-Sofia-de-Cordoba.jpg\" alt=\"\" class=\"wp-image-3138\" srcset=\"https:\/\/informe-anual-2022.mutualmedica.com\/wp-content\/uploads\/2023\/05\/Hospital-Reina-Sofia-de-Cordoba.jpg 422w, https:\/\/informe-anual-2022.mutualmedica.com\/wp-content\/uploads\/2023\/05\/Hospital-Reina-Sofia-de-Cordoba-300x199.jpg 300w\" sizes=\"(max-width: 422px) 100vw, 422px\" \/><figcaption>El Dr. Fernando Leiva, ganador del premio Residentes.<\/figcaption><\/figure>\n<\/div>\n<\/div>\n\n\n\n<h6><strong>Hospital Universitario Fundaci\u00f3n Alcorc\u00f3n<\/strong><\/h6>\n\n\n\n<p>Se entregaron los Premios Mutual M\u00e9dica para ayuda a congresos, que recayeron sobre Sandra de Priso, enfermera residente de Trabajo; Paula Mart\u00ednez, residente de Medicina Interna; Carla Jim\u00e9nez, residente de Cardiolog\u00eda; Silvio Antonio Galeano, residente de Anatom\u00eda Patol\u00f3gica; Livia Gisbert, residente de Anestesia y Reanimaci\u00f3n; Irene Blanca Moreno, residente de Traumatolog\u00eda; Victoria Espejo, residente de Cardiolog\u00eda, y Raquel Lindo, residente de Enfermer\u00eda de Salud Mental.<\/p>\n\n\n\n<p><\/p>\n\n\n\n<h5><strong>Jornadas de Orientaci\u00f3n Profesional Post-MIR<\/strong><\/h5>\n\n\n\n<p>Estas jornadas se iniciaron en 2016 en cuatro hospitales. Debido al gran \u00e9xito que tuvieron, cada a\u00f1o m\u00e1s hospitales lo fueron incorporando a su programa formativo para los residentes de \u00faltimo a\u00f1o. Estas Jornadas Profesionales Post-Residencia siempre incluyen una charla sobre el inicio de la actividad por cuenta propia para exponer los beneficios de Mutual M\u00e9dica como alternativa al R\u00e9gimen de Aut\u00f3nomos para los m\u00e9dicos.&nbsp;<\/p>\n\n\n\n<p>En 2020, desgraciadamente debido a la COVID-19, solo seis hospitales pudieron celebrar la jornada, justo antes de las restricciones producidas por la pandemia. En 2021, se recuper\u00f3 cierta normalidad en la realizaci\u00f3n de esta jornada en la mayor\u00eda de los hospitales donde ya se hac\u00eda antes de la pandemia.<\/p>\n\n\n\n<div class=\"wp-block-columns\">\n<div class=\"wp-block-column\">\n<ul><li><a rel=\"noreferrer noopener\" href=\"https:\/\/www.hospitalsonespases.es\/\" target=\"_blank\">Hospital Son Espases de Mallorca<\/a><\/li><li><a rel=\"noreferrer noopener\" href=\"https:\/\/www.hsll.es\/\" target=\"_blank\">Hospital Son Ll\u00e0tzer de Mallorca<\/a> <\/li><li><a rel=\"noreferrer noopener\" href=\"https:\/\/www.saludcastillayleon.es\/CABurgos\/es\" target=\"_blank\">Complejo Asistencial Universitario de Burgos<\/a> <\/li><li><a rel=\"noreferrer noopener\" href=\"https:\/\/www.saludcastillayleon.es\/HRHortega\/es\" target=\"_blank\">Hospital R\u00edo Hortega de Valladolid<\/a> <\/li><\/ul>\n<\/div>\n\n\n\n<div class=\"wp-block-column\">\n<ul><li><a rel=\"noreferrer noopener\" href=\"https:\/\/www.santpau.cat\/es\/\" target=\"_blank\">Hospital de la Sta. Creu i St. Pau de Barcelona<\/a><\/li><li><a rel=\"noreferrer noopener\" href=\"https:\/\/www.vallhebron.com\/es\" target=\"_blank\">Hospital Vall d&#8217;Hebron de Barcelona<\/a> <\/li><li><a rel=\"noreferrer noopener\" href=\"https:\/\/www.comunidad.madrid\/hospital\/clinicosancarlos\/\" target=\"_blank\">Cl\u00ednico San Carlos de Madrid<\/a><\/li><li><a rel=\"noreferrer noopener\" href=\"https:\/\/www.murciasalud.es\/seccion.php?idsec=347\" target=\"_blank\">Cl\u00ednico Universitario Virgen de la Arrixaca de Murcia<\/a> <\/li><\/ul>\n<\/div>\n\n\n\n<div class=\"wp-block-column\">\n<ul><li><a rel=\"noreferrer noopener\" href=\"https:\/\/chguv.san.gva.es\/inicio\" target=\"_blank\">Hospital General de Valencia<\/a> <\/li><li><a href=\"https:\/\/www3.gobiernodecanarias.org\/sanidad\/scs\/organica.jsp?idCarpeta=3da5f513-541b-11de-9665-998e1388f7ed\" target=\"_blank\" rel=\"noreferrer noopener\">Hospital Universitario de Canarias de Tenerife<\/a><\/li><li><a href=\"https:\/\/www.comunidad.madrid\/hospital\/laprincesa\/\" target=\"_blank\" rel=\"noreferrer noopener\">Hospital la Princesa de Madrid<\/a><\/li><li><a href=\"https:\/\/hun.navarra.es\/es\" target=\"_blank\" rel=\"noreferrer noopener\">Hospital Universitario de Navarra<\/a><\/li><li><a href=\"https:\/\/www.comunidad.madrid\/hospital\/ramonycajal\" target=\"_blank\" rel=\"noreferrer noopener\">Hospital Ram\u00f3n y Cajal de Madrid<\/a><\/li><\/ul>\n<\/div>\n<\/div>\n\n\n\n<p>Y se realiz\u00f3 por primera vez en estos otros hospitales:<\/p>\n\n\n\n<ul><li><a href=\"https:\/\/www.cun.es\/\" target=\"_blank\" rel=\"noreferrer noopener\">Cl\u00ednica Universidad de Navarra<\/a> <\/li><li><a href=\"https:\/\/www.humv.es\/\" target=\"_blank\" rel=\"noreferrer noopener\">Hospital Marqu\u00e9s de Valdecilla de Santander<\/a> <\/li><li><a href=\"https:\/\/hospitalpuertadelmar.com\" target=\"_blank\" rel=\"noreferrer noopener\">Hospital Puerta de Mar de C\u00e1diz<\/a> <\/li><\/ul>\n\n\n\n<p>Desde la Fundaci\u00f3n Mutual M\u00e9dica, creemos en la importancia de estar bien informado a la hora de empezar la actividad por cuenta propia, ya que por desconocimiento algunos m\u00e9dicos quedan adscritos al RETA para toda su vida laboral, cuando su voluntad, una vez informados, ser\u00eda optar por Mutual M\u00e9dica, pero una vez en el RETA ya no pueden revertir la decisi\u00f3n.<\/p>\n\n\n\n<h5>Plataformas formativas<\/h5>\n\n\n\n<p>Dentro del Programa Impuslar(me) y siguiendo el valor de la innovaci\u00f3n desde la Fundaci\u00f3n Mutual M\u00e9dica, estudiamos la colaboraci\u00f3n con nuevas plataformas formativas, sobre todo orientadas a los m\u00e9dicos residentes.<\/p>\n\n\n\n<ul><li><strong>Plataforma SEASALT<\/strong>: Seasalt es una empresa tecnol\u00f3gica dedicada a la consultor\u00eda de innovaci\u00f3n, transformaci\u00f3n digital, mejora de procesos, desarrollo de proyectos y productos innovadores y <em>outsourcing<\/em> creativo, fundamentalmente en las \u00e1reas de gesti\u00f3n y formaci\u00f3n. Son especialistas en imaginar y conceptualizar lo que no se ha hecho antes. Les gustan los retos y, para abordarlos, profundizan en el conocimiento y el uso de las \u00faltimas tecnolog\u00edas: <em>cloud computing<\/em>, BigData, visi\u00f3n artificial, impresi\u00f3n 3D, realidad virtual, DevOps, IoT, etc.<br><br>Desde la Fundaci\u00f3n Mutual M\u00e9dica, hemos empezado a colaborar con Seasalt para su implementaci\u00f3n en el Hospital La Princesa para la gesti\u00f3n de la formaci\u00f3n MIR y otros contenidos de formaci\u00f3n continua para el resto de los m\u00e9dicos del hospital.<\/li><\/ul>\n\n\n\n<ul><li><strong>Plataforma SIMOONS: <\/strong>SIMOONS (SerIous gaMe para la formaci\u00d3n OnliNe con Simulaci\u00f3n) es una iniciativa pensada para la formaci\u00f3n en l\u00ednea de los profesionales sanitarios a trav\u00e9s de la simulaci\u00f3n virtual, con el objetivo de formarlos en habilidades no t\u00e9cnicas. Durante el 2022, se han lanzado los dos primeros m\u00f3dulos (de los diez que compondr\u00e1n el programa), un escenario de un paciente con COVID-19 que se encuentra en el Servicio de Urgencias y un segundo m\u00f3dulo de arritmias.<br><br>El Vall d\u2019Hebron Centro de Simulaci\u00f3n Cl\u00ednica Avanzada ha comenzado a aplicar los <em>serious games<\/em> a la docencia para la formaci\u00f3n en l\u00ednea de profesionales de la salud, en concreto con la creaci\u00f3n de SIMOONS. Cada a\u00f1o los residentes van inici\u00e1ndose en estas competencias transversales y ayudando a los residentes m\u00e1s nuevos en sus formaciones en simulaci\u00f3n.<\/li><\/ul>\n\n\n\n<div class=\"wp-container-69f4c93770afc wp-block-group\"><div class=\"wp-block-group__inner-container\">\n<h5>MIRIAL<\/h5>\n\n\n\n<div class=\"wp-block-columns\">\n<div class=\"wp-block-column\">\n<p>El \u00faltimo proyecto dentro del Programa Impulsar(Me) es MIRIAL, la app de Mutual M\u00e9dica que os anima a competir jugando contra vuestros compa\u00f1eros respondiendo preguntas de los ex\u00e1menes MIR de los \u00faltimos a\u00f1os.<\/p>\n\n\n\n<p>Esta aplicaci\u00f3n tambi\u00e9n est\u00e1 hecha para los estudiantes de Medicina. Y es que Mutual M\u00e9dica quiere consolidar su compromiso con el m\u00e9dico y su formaci\u00f3n; por ello, ofrece un juego <em>online <\/em>\u00fatil tanto para los estudiantes como para los residentes o para m\u00e9dicos con m\u00e1s experiencia.<\/p>\n\n\n\n<p>En marzo de 2022, celebramos los siete a\u00f1os de MIRIAL, con m\u00e1s de 18.000 descargas.<\/p>\n\n\n\n<p>Tambi\u00e9n, como cada a\u00f1o, celebramos el <em>ranking <\/em>de ganadores anual. Se llevaron premios las tres primeras posiciones, que fueron para los siguientes usuarios:<\/p>\n\n\n\n<ul><li>Primer puesto: ZXCVB (1.379.040 puntos).<\/li><li>Segundo puesto: cheto (1.230.205 puntos).<\/li><li>Tercer puesto: marmigonfe (687.540 puntos).<\/li><\/ul>\n\n\n\n<p>El premio consiste en tres vales, de 300 \u20ac, 200 \u20ac y 100 \u20ac, respectivamente, para estos tres primeros clasificados, canjeables en la editorial de publicaciones m\u00e9dicas Marb\u00e1n, tanto en su web como en sus tiendas f\u00edsicas. <\/p>\n\n\n\n<p>Adem\u00e1s, en la web de MIRIAL se mantiene el blog con contenido relacionado con el examen MIR y otros temas de inter\u00e9s para los estudiantes de Medicina; y tambi\u00e9n se realiza difusi\u00f3n a trav\u00e9s de su cuenta de Twitter e Instagram.<\/p>\n<\/div>\n\n\n\n<div class=\"wp-block-column\">\n<div class=\"wp-block-image\"><figure class=\"aligncenter size-large\"><img loading=\"lazy\" width=\"1024\" height=\"768\" src=\"https:\/\/informe-anual-2022.mutualmedica.com\/wp-content\/uploads\/2023\/05\/MUTUAL-MEDICA3118-1024x768.jpg\" alt=\"\" class=\"wp-image-3078\" srcset=\"https:\/\/informe-anual-2022.mutualmedica.com\/wp-content\/uploads\/2023\/05\/MUTUAL-MEDICA3118-980x735.jpg 980w, https:\/\/informe-anual-2022.mutualmedica.com\/wp-content\/uploads\/2023\/05\/MUTUAL-MEDICA3118-480x360.jpg 480w\" sizes=\"(min-width: 0px) and (max-width: 480px) 480px, (min-width: 481px) and (max-width: 980px) 980px, (min-width: 981px) 1024px, 100vw\" \/><\/figure><\/div>\n\n\n\n<div style=\"height:50px\" aria-hidden=\"true\" class=\"wp-block-spacer\"><\/div>\n\n\n\n<div class=\"wp-block-image\"><figure class=\"aligncenter size-full is-resized\"><img loading=\"lazy\" src=\"https:\/\/informe-anual-2022.mutualmedica.com\/wp-content\/uploads\/2022\/04\/image-36.png\" alt=\"\" class=\"wp-image-109\" width=\"184\" height=\"184\" srcset=\"https:\/\/informe-anual-2022.mutualmedica.com\/wp-content\/uploads\/2022\/04\/image-36.png 223w, https:\/\/informe-anual-2022.mutualmedica.com\/wp-content\/uploads\/2022\/04\/image-36-150x150.png 150w\" sizes=\"(max-width: 184px) 100vw, 184px\" \/><\/figure><\/div>\n<\/div>\n<\/div>\n<\/div><\/div>\n\n\n\n<div style=\"height:50px\" aria-hidden=\"true\" class=\"wp-block-spacer\"><\/div>\n\n\n\n<div class=\"wp-block-columns custom-col-fundacion\">\n<div class=\"wp-block-column\">\n<div class=\"wp-block-cover custom-cover\" style=\"min-height:100px\"><span aria-hidden=\"true\" class=\"has-background-dim-0 wp-block-cover__gradient-background has-background-dim\"><\/span><img loading=\"lazy\" width=\"969\" height=\"744\" class=\"wp-block-cover__image-background wp-image-3011\" alt=\"\" src=\"https:\/\/informe-anual-2022.mutualmedica.com\/wp-content\/uploads\/2023\/05\/ImpulsarME_ES.jpg\" style=\"object-position:50% 50%\" data-object-fit=\"cover\" data-object-position=\"50% 50%\" srcset=\"https:\/\/informe-anual-2022.mutualmedica.com\/wp-content\/uploads\/2023\/05\/ImpulsarME_ES.jpg 969w, https:\/\/informe-anual-2022.mutualmedica.com\/wp-content\/uploads\/2023\/05\/ImpulsarME_ES-480x369.jpg 480w\" sizes=\"(min-width: 0px) and (max-width: 480px) 480px, (min-width: 481px) 969px, 100vw\" \/><div class=\"wp-block-cover__inner-container\">\n<figure class=\"wp-block-image size-full custom-image\"><a href=\"https:\/\/informe-anual-2022.mutualmedica.com\/es\/la-fundacion\/programa-impulsarme\/\"><img loading=\"lazy\" width=\"969\" height=\"744\" src=\"https:\/\/informe-anual-2022.mutualmedica.com\/wp-content\/uploads\/2023\/05\/ImpulsarME_Over_ES.jpg\" alt=\"\" class=\"wp-image-3064\" srcset=\"https:\/\/informe-anual-2022.mutualmedica.com\/wp-content\/uploads\/2023\/05\/ImpulsarME_Over_ES.jpg 969w, https:\/\/informe-anual-2022.mutualmedica.com\/wp-content\/uploads\/2023\/05\/ImpulsarME_Over_ES-480x369.jpg 480w\" sizes=\"(min-width: 0px) and (max-width: 480px) 480px, (min-width: 481px) 969px, 100vw\" \/><\/a><\/figure>\n<\/div><\/div>\n\n\n\n<div style=\"height:50px\" aria-hidden=\"true\" class=\"wp-block-spacer\"><\/div>\n<\/div>\n\n\n\n<div class=\"wp-block-column\">\n<div class=\"wp-block-cover custom-cover\" style=\"min-height:100px\"><span aria-hidden=\"true\" class=\"has-background-dim-0 wp-block-cover__gradient-background has-background-dim\"><\/span><img loading=\"lazy\" width=\"969\" height=\"744\" class=\"wp-block-cover__image-background wp-image-3083\" alt=\"\" src=\"https:\/\/informe-anual-2022.mutualmedica.com\/wp-content\/uploads\/2023\/05\/CuidarME_ES-1.jpg\" style=\"object-position:50% 50%\" data-object-fit=\"cover\" data-object-position=\"50% 50%\" srcset=\"https:\/\/informe-anual-2022.mutualmedica.com\/wp-content\/uploads\/2023\/05\/CuidarME_ES-1.jpg 969w, https:\/\/informe-anual-2022.mutualmedica.com\/wp-content\/uploads\/2023\/05\/CuidarME_ES-1-480x369.jpg 480w\" sizes=\"(min-width: 0px) and (max-width: 480px) 480px, (min-width: 481px) 969px, 100vw\" \/><div class=\"wp-block-cover__inner-container\">\n<figure class=\"wp-block-image size-full custom-image\"><a href=\"https:\/\/informe-anual-2022.mutualmedica.com\/es\/la-fundacion\/programa-cuidarme-nuestro-compromiso-con-la-salud-de-los-medicos\/\"><img loading=\"lazy\" width=\"969\" height=\"744\" src=\"https:\/\/informe-anual-2022.mutualmedica.com\/wp-content\/uploads\/2023\/05\/CuidarME_Over_ES.jpg\" alt=\"\" class=\"wp-image-3084\" srcset=\"https:\/\/informe-anual-2022.mutualmedica.com\/wp-content\/uploads\/2023\/05\/CuidarME_Over_ES.jpg 969w, https:\/\/informe-anual-2022.mutualmedica.com\/wp-content\/uploads\/2023\/05\/CuidarME_Over_ES-480x369.jpg 480w\" sizes=\"(min-width: 0px) and (max-width: 480px) 480px, (min-width: 481px) 969px, 100vw\" \/><\/a><\/figure>\n<\/div><\/div>\n\n\n\n<div style=\"height:50px\" aria-hidden=\"true\" class=\"wp-block-spacer\"><\/div>\n<\/div>\n\n\n\n<div class=\"wp-block-column\">\n<div class=\"wp-block-cover custom-cover\" style=\"min-height:100px\"><span aria-hidden=\"true\" class=\"has-background-dim-0 wp-block-cover__gradient-background has-background-dim\"><\/span><img loading=\"lazy\" width=\"969\" height=\"744\" class=\"wp-block-cover__image-background wp-image-3014\" alt=\"\" src=\"https:\/\/informe-anual-2022.mutualmedica.com\/wp-content\/uploads\/2023\/05\/ConcienciarME_ES.jpg\" style=\"object-position:50% 50%\" data-object-fit=\"cover\" data-object-position=\"50% 50%\" srcset=\"https:\/\/informe-anual-2022.mutualmedica.com\/wp-content\/uploads\/2023\/05\/ConcienciarME_ES.jpg 969w, https:\/\/informe-anual-2022.mutualmedica.com\/wp-content\/uploads\/2023\/05\/ConcienciarME_ES-480x369.jpg 480w\" sizes=\"(min-width: 0px) and (max-width: 480px) 480px, (min-width: 481px) 969px, 100vw\" \/><div class=\"wp-block-cover__inner-container\">\n<figure class=\"wp-block-image size-full custom-image\"><a href=\"https:\/\/informe-anual-2022.mutualmedica.com\/es\/la-fundacion\/programa-concienciarme-nuestro-compromiso-con-la-sociedad-y-las-personas\/\"><img loading=\"lazy\" width=\"969\" height=\"744\" src=\"https:\/\/informe-anual-2022.mutualmedica.com\/wp-content\/uploads\/2023\/05\/ConcienciarME_Over_ES.jpg\" alt=\"\" class=\"wp-image-3085\" srcset=\"https:\/\/informe-anual-2022.mutualmedica.com\/wp-content\/uploads\/2023\/05\/ConcienciarME_Over_ES.jpg 969w, https:\/\/informe-anual-2022.mutualmedica.com\/wp-content\/uploads\/2023\/05\/ConcienciarME_Over_ES-480x369.jpg 480w\" sizes=\"(min-width: 0px) and (max-width: 480px) 480px, (min-width: 481px) 969px, 100vw\" \/><\/a><\/figure>\n<\/div><\/div>\n\n\n\n<div style=\"height:50px\" aria-hidden=\"true\" class=\"wp-block-spacer\"><\/div>\n<\/div>\n<\/div>\n\n\n\n<div style=\"height:50px\" aria-hidden=\"true\" class=\"wp-block-spacer\"><\/div>\n","protected":false},"excerpt":{"rendered":"<p>El Programa Impulsar(Me) de la Fundaci\u00f3n Mutual M\u00e9dica promueve una labor de investigaci\u00f3n para generar y compartir conocimiento entre el sector m\u00e9dico. Es la investigaci\u00f3n la que permite realizar actividades intelectuales y experimentales de modo sistem\u00e1tico con el prop\u00f3sito de aumentar los conocimientos del colectivo: investigaci\u00f3n, formaci\u00f3n de excelencia y educaci\u00f3n. A trav\u00e9s del Programa [&hellip;]<\/p>\n","protected":false},"author":1,"featured_media":2908,"parent":2724,"menu_order":0,"comment_status":"closed","ping_status":"closed","template":"","meta":{"_et_pb_use_builder":"","_et_pb_old_content":"","_et_gb_content_width":""},"_links":{"self":[{"href":"https:\/\/informe-anual-2022.mutualmedica.com\/wp-json\/wp\/v2\/pages\/2728"}],"collection":[{"href":"https:\/\/informe-anual-2022.mutualmedica.com\/wp-json\/wp\/v2\/pages"}],"about":[{"href":"https:\/\/informe-anual-2022.mutualmedica.com\/wp-json\/wp\/v2\/types\/page"}],"author":[{"embeddable":true,"href":"https:\/\/informe-anual-2022.mutualmedica.com\/wp-json\/wp\/v2\/users\/1"}],"replies":[{"embeddable":true,"href":"https:\/\/informe-anual-2022.mutualmedica.com\/wp-json\/wp\/v2\/comments?post=2728"}],"version-history":[{"count":106,"href":"https:\/\/informe-anual-2022.mutualmedica.com\/wp-json\/wp\/v2\/pages\/2728\/revisions"}],"predecessor-version":[{"id":4144,"href":"https:\/\/informe-anual-2022.mutualmedica.com\/wp-json\/wp\/v2\/pages\/2728\/revisions\/4144"}],"up":[{"embeddable":true,"href":"https:\/\/informe-anual-2022.mutualmedica.com\/wp-json\/wp\/v2\/pages\/2724"}],"wp:featuredmedia":[{"embeddable":true,"href":"https:\/\/informe-anual-2022.mutualmedica.com\/wp-json\/wp\/v2\/media\/2908"}],"wp:attachment":[{"href":"https:\/\/informe-anual-2022.mutualmedica.com\/wp-json\/wp\/v2\/media?parent=2728"}],"curies":[{"name":"wp","href":"https:\/\/api.w.org\/{rel}","templated":true}]}}