{"id":2724,"date":"2023-05-15T08:30:57","date_gmt":"2023-05-15T08:30:57","guid":{"rendered":"https:\/\/informe-anual-2022.mutualmedica.com\/?page_id=2724"},"modified":"2023-06-22T14:13:02","modified_gmt":"2023-06-22T14:13:02","slug":"la-fundacion","status":"publish","type":"page","link":"https:\/\/informe-anual-2022.mutualmedica.com\/es\/la-fundacion\/","title":{"rendered":"FUNDACI\u00d3N MUTUAL M\u00c9DICA"},"content":{"rendered":"\n<hr class=\"wp-block-separator has-text-color has-background has-white-background-color has-white-color ancla-je\" id=\"informe-del-presidente\"\/>\n\n\n\n<h2>Informe del presidente de la Fundaci\u00f3n Mutual M\u00e9dica<\/h2>\n\n\n\n<figure class=\"wp-block-image size-full\"><img loading=\"lazy\" width=\"180\" height=\"92\" src=\"https:\/\/informe-anual-2022.mutualmedica.com\/wp-content\/uploads\/2023\/06\/nou-logo-fundacion.png\" alt=\"\" class=\"wp-image-3470\"\/><\/figure>\n\n\n\n<p>Estimados colegas y colaboradores:<\/p>\n\n\n\n<p>El a\u00f1o 2022 que reportamos en este informe puede considerarse un punto de evoluci\u00f3n relevante en la historia de la Fundaci\u00f3n Mutual M\u00e9dica y su vocaci\u00f3n de acompa\u00f1ar a los m\u00e9dicos a lo largo de su vida profesional.<\/p>\n\n\n\n<p>Los acontecimientos de los \u00faltimos a\u00f1os \u2014el impacto de la pandemia, la mayor concienciaci\u00f3n global sobre la importancia de la investigaci\u00f3n o la propia reconsideraci\u00f3n del rol social de los profesionales m\u00e9dicos\u2014 nos han demostrado la necesidad de permanecer siempre atentos al progreso de la sociedad en general y, particularmente, de las necesidades e inquietudes de todos los que formamos el sector. Esta atenci\u00f3n y capacidad de interpretaci\u00f3n se convierten en imprescindibles en una entidad como la nuestra, enfocada a apoyar a un colectivo que juega un papel determinante en el mantenimiento del Estado del Bienestar.<\/p>\n\n\n\n<p>La Fundaci\u00f3n Mutual M\u00e9dica naci\u00f3 en 2015 con el objetivo de desarrollar las iniciativas de Mutual M\u00e9dica en el \u00e1mbito de lo que conoc\u00edamos entonces como \u201cResponsabilidad Social Corporativa (RSC)\u201d, una denominaci\u00f3n que ha evolucionado mucho en los \u00faltimos a\u00f1os hasta integrarse en los conceptos transversales de \u201csostenibilidad\u201d y \u201ccontribuci\u00f3n al desarrollo sostenible\u201d. En este periodo, la misi\u00f3n de la Fundaci\u00f3n se ha ido redefiniendo y adaptando, al mismo tiempo que hemos ido integrando nuevas acciones y ampliando las organizaciones con las que colaboramos. Como coment\u00e1bamos, 2022 puede considerarse un a\u00f1o clave en esta adaptaci\u00f3n porque hemos presentado nuestro primer Plan Estrat\u00e9gico propio, fruto de la consulta con los grupos de inter\u00e9s y del an\u00e1lisis del valor de nuestra actividad, complementaria a los productos y servicios que ofrece Mutual M\u00e9dica<\/p>\n\n\n\n<p>El Plan Estrat\u00e9gico ha llevado a reafirmarnos en nuestro prop\u00f3sito de generar un impacto positivo en la sociedad a trav\u00e9s del apoyo a los profesionales actuales y futuros del sector. Este apoyo se concreta en los tres ejes de nuestra misi\u00f3n, tambi\u00e9n revisada y actualizada en el \u00faltimo a\u00f1o: <strong>conocimiento, innovaci\u00f3n y salud del m\u00e9dico<\/strong>. Para su desarrollo efectivo, hemos reestructurado la labor de la Fundaci\u00f3n en tres programas \u2014Impulsar(Me), Cuidar(Me) y Concienciar(Me)\u2014 que refuerzan nuestro compromiso con las diferentes etapas de la vida del m\u00e9dico.<\/p>\n\n\n\n<figure class=\"wp-block-image size-full is-resized\"><img loading=\"lazy\" src=\"https:\/\/informe-anual-2022.mutualmedica.com\/wp-content\/uploads\/2023\/06\/impulsarme.png\" alt=\"\" class=\"wp-image-3414\" width=\"164\" height=\"35\"\/><\/figure>\n\n\n\n<p>El programa <strong>Impulsar(Me)<\/strong> agrupa las acciones de promoci\u00f3n de la investigaci\u00f3n y formaci\u00f3n como canales para generar y compartir conocimiento. Frente a una visi\u00f3n m\u00e1s funcional de la I+D (orientada al desarrollo tecnol\u00f3gico o de nuevos productos), creemos firmemente en un modelo de investigaci\u00f3n dirigido a aportar valor a la profesi\u00f3n y conectar a los m\u00e9dicos j\u00f3venes con la tecnolog\u00eda y el conocimiento.<\/p>\n\n\n\n<p>Por ejemplo, en este programa englobamos las ayudas a colegios de m\u00e9dicos, hospitales y otros organismos sanitarios, con el objetivo de promocionar las actividades de formaci\u00f3n e investigaci\u00f3n de los m\u00e1s j\u00f3venes y potenciar su vertiente asistencial y cient\u00edfica. Estas ayudas permiten, por un lado, que los estudiantes puedan seguir ampliando su formaci\u00f3n y, por otro, apoyar las propias investigaciones y financiar su asistencia a congresos o la publicaci\u00f3n de art\u00edculos cient\u00edficos.<\/p>\n\n\n\n<p>Bajo el paraguas de Impulsar(Me), se integra tambi\u00e9n la convocatoria de los Premios a la Investigaci\u00f3n Mutual M\u00e9dica, donde se otorgan 3 premios: la Beca Mutual M\u00e9dica, el premio Dr. Font y el Premio TFG-Fundaci\u00f3n Mutual M\u00e9dica, que dan soporte a proyectos de investigaci\u00f3n m\u00e9dica que suponen una contribuci\u00f3n decisiva a la comunidad m\u00e9dica y a la poblaci\u00f3n en general. La dotaci\u00f3n total de todos estos premios asciende a los 60.000 euros.<\/p>\n\n\n\n<figure class=\"wp-block-image size-full is-resized\"><img loading=\"lazy\" src=\"https:\/\/informe-anual-2022.mutualmedica.com\/wp-content\/uploads\/2023\/06\/cuidarme.png\" alt=\"\" class=\"wp-image-3415\" width=\"126\" height=\"28\" srcset=\"https:\/\/informe-anual-2022.mutualmedica.com\/wp-content\/uploads\/2023\/06\/cuidarme.png 428w, https:\/\/informe-anual-2022.mutualmedica.com\/wp-content\/uploads\/2023\/06\/cuidarme-300x67.png 300w\" sizes=\"(max-width: 126px) 100vw, 126px\" \/><\/figure>\n\n\n\n<p>Por su parte, el programa <strong>Cuidar(Me)<\/strong> tiene como&nbsp;objetivo la protecci\u00f3n de la salud de los m\u00e9dicos, tras constatar la elevada incidencia de determinadas patolog\u00edas en los profesionales m\u00e1s j\u00f3venes, con especial atenci\u00f3n a la salud mental. Entre las iniciativas impulsadas en este \u00e1mbito destaca el lanzamiento del proyecto SAPEM (Servicio de Atenci\u00f3n Psicol\u00f3gica para Estudiantes de Medicina), desarrollado en colaboraci\u00f3n con la Fundaci\u00f3n para la Protecci\u00f3n Social de la Organizaci\u00f3n M\u00e9dica Colegial (OMC) y el Consejo Estatal de Estudiantes de Medicina. Este servicio ofrece apoyo psicol\u00f3gico gratuito a estudiantes, prestado por la Fundaci\u00f3n Galatea, para gestionar el estr\u00e9s prolongado producido por su actividad formativa, que suele presentar s\u00edntomas de ansiedad, apat\u00eda, irritabilidad, desbordamiento, sufrimiento psicosocial o problemas adaptativos, entre otros.<\/p>\n\n\n\n<p>Otro ejemplo pr\u00e1ctico de la contribuci\u00f3n a la salud del m\u00e9dico es la inversi\u00f3n realizada para la humanizaci\u00f3n de las \u00e1reas del Hospital de D\u00eda y zona de trasplantes del Hospital de la Paz (Madrid), la nueva sala de sedaci\u00f3n de la Unidad de Cuidados Intensivos Pedi\u00e1tricos del Hospital del Ni\u00f1o Jes\u00fas (Madrid) y el \u00c1rea de Oncolog\u00eda Pedi\u00e1trica del Hospital de la Vall d&#8217;Hebron (Barcelona). En estos casos, contribuimos al bienestar de los profesionales mediante la mejora de la calidad del entorno laboral y de los recursos disponibles para ejercer su labor.<\/p>\n\n\n\n<figure class=\"wp-block-image size-full is-resized\"><img loading=\"lazy\" src=\"https:\/\/informe-anual-2022.mutualmedica.com\/wp-content\/uploads\/2023\/06\/concienciarme.png\" alt=\"\" class=\"wp-image-3416\" width=\"195\" height=\"29\"\/><\/figure>\n\n\n\n<p>Finalmente, <strong>Concienciar(Me)<\/strong> supone una nueva l\u00ednea de trabajo para la Fundaci\u00f3n Mutual M\u00e9dica, con dos objetivos principales: concienciar al m\u00e9dico sobre el impacto que genera en la sociedad y, por otro lado, impulsar proyectos de innovaci\u00f3n y salud destinados a los ciudadanos.&nbsp;Una de las iniciativas integradas en este programa es la actividad de la Asociaci\u00f3n para la Vida Independiente, que impulsamos en 2007 con el objetivo de mejorar la vida de las personas discapacitadas o en situaci\u00f3n de dependencia. En este periodo, hemos desarrollado iniciativas de valor del Centro de Vida Independiente, un espacio de investigaci\u00f3n especializado en la adaptaci\u00f3n funcional del hogar. Su inclusi\u00f3n en Concienciar(Me) permitir\u00e1 focalizar esfuerzos y dar un renovado impulso a su actividad.<\/p>\n\n\n\n<p>Mediante las acciones de estos 3 programas, la Fundaci\u00f3n ha concedido al final del ejercicio un total de 1 M\u20ac a m\u00e1s de 90 entidades del sector m\u00e9dico.<\/p>\n\n\n\n<p>Solo queda agradecer un a\u00f1o m\u00e1s el apoyo y confianza de Mutual M\u00e9dica, as\u00ed como la implicaci\u00f3n de los colegios profesionales, hospitales, sociedades m\u00e9dicas y algunos institutos de investigaci\u00f3n y reales academias de medicina con los que hemos colaborado en 2022. Desde la Fundaci\u00f3n Mutual M\u00e9dica seguimos impulsando, con ilusiones y objetivos renovados, el desarrollo profesional y personal de los m\u00e9dicos como medio de contribuci\u00f3n al bienestar de toda la sociedad.<\/p>\n\n\n\n<p>Un cordial saludo a todos,<\/p>\n\n\n\n<p><\/p>\n\n\n\n<div class=\"wp-block-columns\">\n<div class=\"wp-block-column\" style=\"flex-basis:25%\">\n<div class=\"wp-block-image fotoRounded is-style-rounded\"><figure class=\"aligncenter size-full is-resized\"><img loading=\"lazy\" src=\"https:\/\/informe-anual-2022.mutualmedica.com\/wp-content\/uploads\/2022\/04\/Presidente_Fundacion_y_vicesecretario_CA_Dr_Alejandro_Andreu2.jpg\" alt=\"\" class=\"wp-image-844\" width=\"764\" height=\"764\" srcset=\"https:\/\/informe-anual-2022.mutualmedica.com\/wp-content\/uploads\/2022\/04\/Presidente_Fundacion_y_vicesecretario_CA_Dr_Alejandro_Andreu2.jpg 764w, https:\/\/informe-anual-2022.mutualmedica.com\/wp-content\/uploads\/2022\/04\/Presidente_Fundacion_y_vicesecretario_CA_Dr_Alejandro_Andreu2-480x480.jpg 480w\" sizes=\"(min-width: 0px) and (max-width: 480px) 480px, (min-width: 481px) 764px, 100vw\" \/><\/figure><\/div>\n\n\n\n<div class=\"wp-block-image\"><figure class=\"aligncenter size-full is-resized\"><img loading=\"lazy\" src=\"https:\/\/informe-anual-2022.mutualmedica.com\/wp-content\/uploads\/2022\/05\/image-1.png\" alt=\"\" class=\"wp-image-1147\" width=\"108\" height=\"123\"\/><\/figure><\/div>\n\n\n\n<p><strong>Dr. Alejandro Andreu Lope<br><\/strong>Presidente de la Fundaci\u00f3n Mutual M\u00e9dica<\/p>\n<\/div>\n<\/div>\n\n\n\n<hr class=\"wp-block-separator has-text-color has-background has-white-background-color has-white-color ancla-je\" id=\"patronato\"\/>\n\n\n\n<h2>Patronato<\/h2>\n\n\n\n<p>Mutual M\u00e9dica, como entidad fundadora, se reserva el cargo vitalicio de presidente del Patronato de la Fundaci\u00f3n Mutual M\u00e9dica. El Consejo de Administraci\u00f3n ha designado para este cargo al Dr. Alejandro Andreu. Tambi\u00e9n forman parte del Patronato la Dra. M. Pilar Tornos, como tesorera, el Dr. Enrique Sala, como secretario, y el Sr. Enric Tornos, como vocal.<\/p>\n\n\n\n<h3>Miembros del Patronato<\/h3>\n\n\n\n<div class=\"wp-block-columns\">\n<div class=\"wp-block-column\">\n<div class=\"wp-block-columns\">\n<div class=\"wp-block-column\">\n<figure class=\"wp-block-image size-full fotoRounded\"><img loading=\"lazy\" width=\"820\" height=\"820\" src=\"https:\/\/informe-anual-2022.mutualmedica.com\/wp-content\/uploads\/2022\/05\/Dr.-Andreu.jpg\" alt=\"\" class=\"wp-image-1151\" srcset=\"https:\/\/informe-anual-2022.mutualmedica.com\/wp-content\/uploads\/2022\/05\/Dr.-Andreu.jpg 820w, https:\/\/informe-anual-2022.mutualmedica.com\/wp-content\/uploads\/2022\/05\/Dr.-Andreu-480x480.jpg 480w\" sizes=\"(min-width: 0px) and (max-width: 480px) 480px, (min-width: 481px) 820px, 100vw\" \/><\/figure>\n\n\n\n<p class=\"has-text-align-center\"><strong>Presidente<\/strong><br>Dr. Alejandro Andreu Lope<strong> <\/strong><\/p>\n<\/div>\n\n\n\n<div class=\"wp-block-column\">\n<figure class=\"wp-block-image size-full fotoRounded\"><img loading=\"lazy\" width=\"814\" height=\"814\" src=\"https:\/\/informe-anual-2022.mutualmedica.com\/wp-content\/uploads\/2022\/05\/Dr.-Sala.jpg\" alt=\"\" class=\"wp-image-1152\" srcset=\"https:\/\/informe-anual-2022.mutualmedica.com\/wp-content\/uploads\/2022\/05\/Dr.-Sala.jpg 814w, https:\/\/informe-anual-2022.mutualmedica.com\/wp-content\/uploads\/2022\/05\/Dr.-Sala-480x480.jpg 480w\" sizes=\"(min-width: 0px) and (max-width: 480px) 480px, (min-width: 481px) 814px, 100vw\" \/><\/figure>\n\n\n\n<p class=\"has-text-align-center\"><strong>Secretario<\/strong><br>Dr. Enrique Sala O\u2019Shea <\/p>\n<\/div>\n<\/div>\n<\/div>\n\n\n\n<div class=\"wp-block-column\">\n<div class=\"wp-block-columns\">\n<div class=\"wp-block-column\">\n<figure class=\"wp-block-image size-full fotoRounded\"><img loading=\"lazy\" width=\"922\" height=\"922\" src=\"https:\/\/informe-anual-2022.mutualmedica.com\/wp-content\/uploads\/2022\/05\/Dra.-Tornos.jpg\" alt=\"\" class=\"wp-image-1153\" srcset=\"https:\/\/informe-anual-2022.mutualmedica.com\/wp-content\/uploads\/2022\/05\/Dra.-Tornos.jpg 922w, https:\/\/informe-anual-2022.mutualmedica.com\/wp-content\/uploads\/2022\/05\/Dra.-Tornos-480x480.jpg 480w\" sizes=\"(min-width: 0px) and (max-width: 480px) 480px, (min-width: 481px) 922px, 100vw\" \/><\/figure>\n\n\n\n<p class=\"has-text-align-center\"><strong>Tesorera<\/strong><br>Dra. M. Pilar Tornos Mas <\/p>\n<\/div>\n\n\n\n<div class=\"wp-block-column\">\n<figure class=\"wp-block-image size-full fotoRounded\"><img loading=\"lazy\" width=\"800\" height=\"800\" src=\"https:\/\/informe-anual-2022.mutualmedica.com\/wp-content\/uploads\/2022\/05\/Sr.-Tornos.jpg\" alt=\"\" class=\"wp-image-1154\" srcset=\"https:\/\/informe-anual-2022.mutualmedica.com\/wp-content\/uploads\/2022\/05\/Sr.-Tornos.jpg 800w, https:\/\/informe-anual-2022.mutualmedica.com\/wp-content\/uploads\/2022\/05\/Sr.-Tornos-480x480.jpg 480w\" sizes=\"(min-width: 0px) and (max-width: 480px) 480px, (min-width: 481px) 800px, 100vw\" \/><\/figure>\n\n\n\n<p class=\"has-text-align-center\"><strong>Vocal<\/strong><br>Sr. Enric Tornos Mas <br><\/p>\n<\/div>\n<\/div>\n<\/div>\n<\/div>\n\n\n\n<div class=\"wp-block-columns\">\n<div class=\"wp-block-column\">\n<h3>Direcci\u00f3n general<\/h3>\n<\/div>\n\n\n\n<div class=\"wp-block-column\"><\/div>\n<\/div>\n\n\n\n<div class=\"wp-block-columns\">\n<div class=\"wp-block-column\">\n<div class=\"wp-block-columns\">\n<div class=\"wp-block-column\">\n<figure class=\"wp-block-image size-full fotoRounded\"><img loading=\"lazy\" width=\"663\" height=\"663\" src=\"https:\/\/informe-anual-2022.mutualmedica.com\/wp-content\/uploads\/2023\/06\/Sra_Anna_Morales.jpg\" alt=\"\" class=\"wp-image-3437\" srcset=\"https:\/\/informe-anual-2022.mutualmedica.com\/wp-content\/uploads\/2023\/06\/Sra_Anna_Morales.jpg 663w, https:\/\/informe-anual-2022.mutualmedica.com\/wp-content\/uploads\/2023\/06\/Sra_Anna_Morales-480x480.jpg 480w\" sizes=\"(min-width: 0px) and (max-width: 480px) 480px, (min-width: 481px) 663px, 100vw\" \/><\/figure>\n\n\n\n<p class=\"has-text-align-center\"><strong><strong>Directora general<\/strong><\/strong><br>Sra. Anna Morales Ball\u00fas <\/p>\n<\/div>\n\n\n\n<div class=\"wp-block-column\">\n<p class=\"has-text-align-center\"><\/p>\n<\/div>\n<\/div>\n<\/div>\n\n\n\n<div class=\"wp-block-column\">\n<div class=\"wp-block-columns\">\n<div class=\"wp-block-column\">\n<p class=\"has-text-align-center\"><\/p>\n<\/div>\n\n\n\n<div class=\"wp-block-column\">\n<p class=\"has-text-align-center\"><\/p>\n<\/div>\n<\/div>\n<\/div>\n<\/div>\n\n\n\n<hr class=\"wp-block-separator has-text-color has-background has-white-background-color has-white-color ancla-je\" id=\"informe-del-presidente\"\/>\n\n\n\n<hr class=\"wp-block-separator has-text-color has-background has-white-background-color has-white-color ancla-je\" id=\"nuestro-beneficio-es-tuyo\"\/>\n\n\n\n<h2>Nuestro beneficio es tuyo<\/h2>\n\n\n\n<iframe class=\"w40\" src=\"https:\/\/www.youtube.com\/embed\/irorXf3Hf_U?rel=0\" title=\"YouTube video player\" frameborder=\"0\" allow=\"accelerometer; autoplay; clipboard-write; encrypted-media; gyroscope; picture-in-picture\" allowfullscreen=\"\"><\/iframe>\n\n\n\n<div class=\"wp-block-columns\">\n<div class=\"wp-block-column\">\n<h3>La Fundaci\u00f3n en cifras<\/h3>\n\n\n\n<p><strong>Presupuesto anual de la Fundaci\u00f3n Mutual M\u00e9dica<\/strong><\/p>\n\n\n\n<p>Durante 2022 la Fundaci\u00f3n Mutual M\u00e9dica ha destinado 800.000 \u20ac como fondos dedicados a cumplir con su objeto social. Desde 2015, cuando fue creada, esta cantidad ha ido aumentando notablemente. Todo este capital proviene de los beneficios que Mutual M\u00e9dica obtiene de su actividad aseguradora y que, al ser una mutualidad y representar los principios de la econom\u00eda circular colaborativa, puede reinvertir en acciones relacionadas con la Fundaci\u00f3n Mutual M\u00e9dica.<\/p>\n<\/div>\n\n\n\n<div class=\"wp-block-column\">\n<figure class=\"wp-block-image size-full\"><img loading=\"lazy\" width=\"1622\" height=\"1397\" src=\"https:\/\/informe-anual-2022.mutualmedica.com\/wp-content\/uploads\/2023\/06\/DESTACADO_La-fundacio-en-cifras_ES.jpg\" alt=\"\" class=\"wp-image-3496\" srcset=\"https:\/\/informe-anual-2022.mutualmedica.com\/wp-content\/uploads\/2023\/06\/DESTACADO_La-fundacio-en-cifras_ES.jpg 1622w, https:\/\/informe-anual-2022.mutualmedica.com\/wp-content\/uploads\/2023\/06\/DESTACADO_La-fundacio-en-cifras_ES-1280x1102.jpg 1280w, https:\/\/informe-anual-2022.mutualmedica.com\/wp-content\/uploads\/2023\/06\/DESTACADO_La-fundacio-en-cifras_ES-980x844.jpg 980w, https:\/\/informe-anual-2022.mutualmedica.com\/wp-content\/uploads\/2023\/06\/DESTACADO_La-fundacio-en-cifras_ES-480x413.jpg 480w\" sizes=\"(min-width: 0px) and (max-width: 480px) 480px, (min-width: 481px) and (max-width: 980px) 980px, (min-width: 981px) and (max-width: 1280px) 1280px, (min-width: 1281px) 1622px, 100vw\" \/><\/figure>\n<\/div>\n<\/div>\n\n\n\n<hr class=\"wp-block-separator has-text-color has-background has-white-background-color has-white-color ancla-je\" id=\"mision-vision-valores\"\/>\n\n\n\n<h2>Misi\u00f3n, visi\u00f3n y valores<\/h2>\n\n\n\n<p>Desde el Patronato y la nueva direcci\u00f3n de la Fundaci\u00f3n Mutual M\u00e9dica, en 2022 se definieron la misi\u00f3n y visi\u00f3n y se especificaron los valores de la Fundaci\u00f3n.<\/p>\n\n\n\n<h3>Misi\u00f3n y visi\u00f3n<\/h3>\n\n\n\n<p>Nuestra misi\u00f3n es la b\u00fasqueda permanente del bienestar del m\u00e9dico, tanto en el \u00e1mbito del cuidado personal como del crecimiento profesional.<\/p>\n\n\n\n<p>Nuestra visi\u00f3n es ser la entidad canalizadora del bienestar del m\u00e9dico.<\/p>\n\n\n\n<h3><strong>Valores<\/strong><\/h3>\n\n\n\n<div class=\"wp-block-image\"><figure class=\"aligncenter size-full is-resized\"><img loading=\"lazy\" src=\"https:\/\/informe-anual-2022.mutualmedica.com\/wp-content\/uploads\/2023\/06\/DESTACADO_Valores_ES-1.jpg\" alt=\"\" class=\"wp-image-3759\" width=\"670\" height=\"361\"\/><\/figure><\/div>\n\n\n\n<div class=\"wp-block-columns\">\n<div class=\"wp-block-column\">\n<h1 class=\"h1-mvv\" style=\"font-size:70px\"><strong>01. <\/strong><\/h1>\n\n\n\n<h4 style=\"font-size:24px\"><strong>Especializaci\u00f3n<\/strong><\/h4>\n\n\n\n<p>La <strong>atenci\u00f3n al m\u00e9dico<\/strong> es nuestra especialidad, basada en <strong>el conocimiento y la experiencia <\/strong>en las necesidades del colectivo, adquiridos gracias a una hist\u00f3rica y directa relaci\u00f3n con el profesional m\u00e9dico, as\u00ed como con las principales entidades sanitarias, hospitales, universidades, asociaciones y fundaciones.<\/p>\n<\/div>\n\n\n\n<div class=\"wp-block-column\">\n<h1 class=\"h1-mvv\" style=\"font-size:70px\"><strong>02. <\/strong><\/h1>\n\n\n\n<h4 style=\"font-size:24px\"><strong>Innovaci\u00f3n<\/strong><\/h4>\n\n\n\n<p>Promovemos el<strong> progreso, la transformaci\u00f3n y la innovaci\u00f3n <\/strong>en el \u00e1mbito m\u00e9dico. Impulsamos al colectivo m\u00e9dico a generar y compartir conocimiento a trav\u00e9s de la investigaci\u00f3n cient\u00edfico-m\u00e9dica, la integraci\u00f3n tecnol\u00f3gica y la adquisici\u00f3n de nuevas competencias.<\/p>\n<\/div>\n\n\n\n<div class=\"wp-block-column\">\n<h1 class=\"h1-mvv\" style=\"font-size:70px\"><strong>03. <\/strong><\/h1>\n\n\n\n<h4 style=\"font-size:24px\"><strong>Salud<\/strong><\/h4>\n\n\n\n<p>Integramos el prop\u00f3sito de bienestar con el compromiso de <strong>velar por la salud f\u00edsica y mental <\/strong>de los m\u00e9dicos en todas las etapas de su vida.<\/p>\n<\/div>\n<\/div>\n\n\n\n<hr class=\"wp-block-separator has-text-color has-background has-white-background-color has-white-color ancla-je\" id=\"nuestro-compromiso-con-el-bienestar-de-los-medicos\"\/>\n\n\n\n<h2><strong>Nuestro compromiso con el bienestar de los m\u00e9dicos<\/strong><\/h2>\n\n\n\n<p>Para hacer realidad este compromiso, en el plan de actuaci\u00f3n de la Fundaci\u00f3n Mutual M\u00e9dica para 2022, se definieron 3 grandes programas que engloban los diferentes proyectos que reinvierten el beneficio obtenido por Mutual M\u00e9dica en el colectivo a trav\u00e9s de la Fundaci\u00f3n Mutual M\u00e9dica:<\/p>\n\n\n\n<ul><li>Programa Impulsar(Me): engloba todos los proyectos de formaci\u00f3n e investigaci\u00f3n.<\/li><li>Programa Cuidar(Me): se centra en la salud de los m\u00e9dicos.<\/li><li>Programa Concienciar(Me): nuestro compromiso con la sociedad y las personas.<\/li><\/ul>\n\n\n\n<p>Cada uno de los programas est\u00e1 compuesto por diferentes proyectos que engloban las acciones que se han desarrollado a lo largo de 2022.<\/p>\n\n\n\n<p>A continuaci\u00f3n, explicamos cada uno de los programas y detallamos sus proyectos y acciones.<\/p>\n\n\n\n<div style=\"height:47px\" aria-hidden=\"true\" class=\"wp-block-spacer\"><\/div>\n\n\n\n<div class=\"wp-container-69f4b34b6d823 wp-block-group\"><div class=\"wp-block-group__inner-container\">\n<div class=\"wp-block-columns custom-col-fundacion\">\n<div class=\"wp-block-column\">\n<div class=\"wp-block-cover custom-cover\" style=\"min-height:100px\"><span aria-hidden=\"true\" class=\"has-background-dim-0 wp-block-cover__gradient-background has-background-dim\"><\/span><img loading=\"lazy\" width=\"969\" height=\"744\" class=\"wp-block-cover__image-background wp-image-3011\" alt=\"\" src=\"https:\/\/informe-anual-2022.mutualmedica.com\/wp-content\/uploads\/2023\/05\/ImpulsarME_ES.jpg\" style=\"object-position:50% 50%\" data-object-fit=\"cover\" data-object-position=\"50% 50%\" srcset=\"https:\/\/informe-anual-2022.mutualmedica.com\/wp-content\/uploads\/2023\/05\/ImpulsarME_ES.jpg 969w, https:\/\/informe-anual-2022.mutualmedica.com\/wp-content\/uploads\/2023\/05\/ImpulsarME_ES-480x369.jpg 480w\" sizes=\"(min-width: 0px) and (max-width: 480px) 480px, (min-width: 481px) 969px, 100vw\" \/><div class=\"wp-block-cover__inner-container\">\n<figure class=\"wp-block-image size-full custom-image\"><a href=\"https:\/\/informe-anual-2022.mutualmedica.com\/es\/la-fundacion\/programa-impulsarme\/\"><img loading=\"lazy\" width=\"969\" height=\"744\" src=\"https:\/\/informe-anual-2022.mutualmedica.com\/wp-content\/uploads\/2023\/05\/ImpulsarME_Over_ES.jpg\" alt=\"\" class=\"wp-image-3064\" srcset=\"https:\/\/informe-anual-2022.mutualmedica.com\/wp-content\/uploads\/2023\/05\/ImpulsarME_Over_ES.jpg 969w, https:\/\/informe-anual-2022.mutualmedica.com\/wp-content\/uploads\/2023\/05\/ImpulsarME_Over_ES-480x369.jpg 480w\" sizes=\"(min-width: 0px) and (max-width: 480px) 480px, (min-width: 481px) 969px, 100vw\" \/><\/a><\/figure>\n<\/div><\/div>\n\n\n\n<div style=\"height:50px\" aria-hidden=\"true\" class=\"wp-block-spacer\"><\/div>\n<\/div>\n\n\n\n<div class=\"wp-block-column\">\n<div class=\"wp-block-cover custom-cover\" style=\"min-height:100px\"><span aria-hidden=\"true\" class=\"has-background-dim-0 wp-block-cover__gradient-background has-background-dim\"><\/span><img loading=\"lazy\" width=\"969\" height=\"744\" class=\"wp-block-cover__image-background wp-image-3083\" alt=\"\" src=\"https:\/\/informe-anual-2022.mutualmedica.com\/wp-content\/uploads\/2023\/05\/CuidarME_ES-1.jpg\" style=\"object-position:50% 50%\" data-object-fit=\"cover\" data-object-position=\"50% 50%\" srcset=\"https:\/\/informe-anual-2022.mutualmedica.com\/wp-content\/uploads\/2023\/05\/CuidarME_ES-1.jpg 969w, https:\/\/informe-anual-2022.mutualmedica.com\/wp-content\/uploads\/2023\/05\/CuidarME_ES-1-480x369.jpg 480w\" sizes=\"(min-width: 0px) and (max-width: 480px) 480px, (min-width: 481px) 969px, 100vw\" \/><div class=\"wp-block-cover__inner-container\">\n<figure class=\"wp-block-image size-full custom-image\"><a href=\"https:\/\/informe-anual-2022.mutualmedica.com\/es\/la-fundacion\/programa-cuidarme-nuestro-compromiso-con-la-salud-de-los-medicos\/\"><img loading=\"lazy\" width=\"969\" height=\"744\" src=\"https:\/\/informe-anual-2022.mutualmedica.com\/wp-content\/uploads\/2023\/05\/CuidarME_Over_ES.jpg\" alt=\"\" class=\"wp-image-3084\" srcset=\"https:\/\/informe-anual-2022.mutualmedica.com\/wp-content\/uploads\/2023\/05\/CuidarME_Over_ES.jpg 969w, https:\/\/informe-anual-2022.mutualmedica.com\/wp-content\/uploads\/2023\/05\/CuidarME_Over_ES-480x369.jpg 480w\" sizes=\"(min-width: 0px) and (max-width: 480px) 480px, (min-width: 481px) 969px, 100vw\" \/><\/a><\/figure>\n<\/div><\/div>\n\n\n\n<div style=\"height:50px\" aria-hidden=\"true\" class=\"wp-block-spacer\"><\/div>\n<\/div>\n\n\n\n<div class=\"wp-block-column\">\n<div class=\"wp-block-cover custom-cover\" style=\"min-height:100px\"><span aria-hidden=\"true\" class=\"has-background-dim-0 wp-block-cover__gradient-background has-background-dim\"><\/span><img loading=\"lazy\" width=\"969\" height=\"744\" class=\"wp-block-cover__image-background wp-image-3014\" alt=\"\" src=\"https:\/\/informe-anual-2022.mutualmedica.com\/wp-content\/uploads\/2023\/05\/ConcienciarME_ES.jpg\" style=\"object-position:50% 50%\" data-object-fit=\"cover\" data-object-position=\"50% 50%\" srcset=\"https:\/\/informe-anual-2022.mutualmedica.com\/wp-content\/uploads\/2023\/05\/ConcienciarME_ES.jpg 969w, https:\/\/informe-anual-2022.mutualmedica.com\/wp-content\/uploads\/2023\/05\/ConcienciarME_ES-480x369.jpg 480w\" sizes=\"(min-width: 0px) and (max-width: 480px) 480px, (min-width: 481px) 969px, 100vw\" \/><div class=\"wp-block-cover__inner-container\">\n<figure class=\"wp-block-image size-full custom-image\"><a href=\"https:\/\/informe-anual-2022.mutualmedica.com\/es\/la-fundacion\/programa-concienciarme-nuestro-compromiso-con-la-sociedad-y-las-personas\/\"><img loading=\"lazy\" width=\"969\" height=\"744\" src=\"https:\/\/informe-anual-2022.mutualmedica.com\/wp-content\/uploads\/2023\/05\/ConcienciarME_Over_ES.jpg\" alt=\"\" class=\"wp-image-3085\" srcset=\"https:\/\/informe-anual-2022.mutualmedica.com\/wp-content\/uploads\/2023\/05\/ConcienciarME_Over_ES.jpg 969w, https:\/\/informe-anual-2022.mutualmedica.com\/wp-content\/uploads\/2023\/05\/ConcienciarME_Over_ES-480x369.jpg 480w\" sizes=\"(min-width: 0px) and (max-width: 480px) 480px, (min-width: 481px) 969px, 100vw\" \/><\/a><\/figure>\n<\/div><\/div>\n\n\n\n<div style=\"height:50px\" aria-hidden=\"true\" class=\"wp-block-spacer\"><\/div>\n<\/div>\n<\/div>\n<\/div><\/div>\n\n\n\n<div style=\"height:50px\" aria-hidden=\"true\" class=\"wp-block-spacer\"><\/div>\n","protected":false},"excerpt":{"rendered":"<p>Informe del presidente de la Fundaci\u00f3n Mutual M\u00e9dica Estimados colegas y colaboradores: El a\u00f1o 2022 que reportamos en este informe puede considerarse un punto de evoluci\u00f3n relevante en la historia de la Fundaci\u00f3n Mutual M\u00e9dica y su vocaci\u00f3n de acompa\u00f1ar a los m\u00e9dicos a lo largo de su vida profesional. Los acontecimientos de los \u00faltimos [&hellip;]<\/p>\n","protected":false},"author":1,"featured_media":2855,"parent":0,"menu_order":0,"comment_status":"closed","ping_status":"closed","template":"","meta":{"_et_pb_use_builder":"","_et_pb_old_content":"","_et_gb_content_width":""},"_links":{"self":[{"href":"https:\/\/informe-anual-2022.mutualmedica.com\/wp-json\/wp\/v2\/pages\/2724"}],"collection":[{"href":"https:\/\/informe-anual-2022.mutualmedica.com\/wp-json\/wp\/v2\/pages"}],"about":[{"href":"https:\/\/informe-anual-2022.mutualmedica.com\/wp-json\/wp\/v2\/types\/page"}],"author":[{"embeddable":true,"href":"https:\/\/informe-anual-2022.mutualmedica.com\/wp-json\/wp\/v2\/users\/1"}],"replies":[{"embeddable":true,"href":"https:\/\/informe-anual-2022.mutualmedica.com\/wp-json\/wp\/v2\/comments?post=2724"}],"version-history":[{"count":66,"href":"https:\/\/informe-anual-2022.mutualmedica.com\/wp-json\/wp\/v2\/pages\/2724\/revisions"}],"predecessor-version":[{"id":4011,"href":"https:\/\/informe-anual-2022.mutualmedica.com\/wp-json\/wp\/v2\/pages\/2724\/revisions\/4011"}],"wp:featuredmedia":[{"embeddable":true,"href":"https:\/\/informe-anual-2022.mutualmedica.com\/wp-json\/wp\/v2\/media\/2855"}],"wp:attachment":[{"href":"https:\/\/informe-anual-2022.mutualmedica.com\/wp-json\/wp\/v2\/media?parent=2724"}],"curies":[{"name":"wp","href":"https:\/\/api.w.org\/{rel}","templated":true}]}}