{"id":254,"date":"2022-04-12T09:20:02","date_gmt":"2022-04-12T09:20:02","guid":{"rendered":"https:\/\/informe-anual-2022.mutualmedica.com\/?page_id=254"},"modified":"2023-06-21T13:23:53","modified_gmt":"2023-06-21T13:23:53","slug":"informe-corp-3214","status":"publish","type":"page","link":"https:\/\/informe-anual-2022.mutualmedica.com\/es\/informe-corp-3214\/","title":{"rendered":"INFORME CORPORATIVO"},"content":{"rendered":"\n<hr class=\"wp-block-separator ancla-je\" id=\"informe-del-vicepresidente\"\/>\n\n\n\n<h2><strong>Informe del vicepresidente<\/strong><\/h2>\n\n\n\n<p>Estimados mutualistas:<\/p>\n\n\n\n<p>A la hora de explicar la actividad y objetivos de Mutual M\u00e9dica, recurrimos habitualmente a nuestros propios Estatutos Sociales, que en su art\u00edculo primero definen a la entidad como \u201cuna mutualidad de previsi\u00f3n social que ejerce una modalidad aseguradora de car\u00e1cter voluntario complementaria al sistema de Seguridad Social obligatoria\u201d.<\/p>\n\n\n\n<p>En efecto, el concepto \u201cmutualidad de previsi\u00f3n social\u201d implica una serie de caracter\u00edsticas que, m\u00e1s all\u00e1 de las obligaciones legales, marcan de forma decisiva el car\u00e1cter y los valores de Mutual M\u00e9dica. Por un lado, nos sit\u00faa en el \u00e1mbito de la econom\u00eda social y solidaria como entidad que prioriza la satisfacci\u00f3n de las personas \u2014en nuestro caso, el bienestar de los profesionales m\u00e9dicos\u2014 por encima del lucro y que act\u00faa bajo los principios de equidad, sostenibilidad y participaci\u00f3n e inclusi\u00f3n en la comunidad.<\/p>\n\n\n\n<p>Resulta de especial inter\u00e9s la idea de la participaci\u00f3n y compromiso de los mutualistas. Para ello, cabe recordar otras dos condiciones que asumimos como mutualidad de previsi\u00f3n social: la consideraci\u00f3n de todos los mutualistas como socios de la entidad \u2014solemos expresarlo mediante la acertada idea de \u201cm\u00e9dicos que cuidan de m\u00e9dicos\u201d\u2014 y la igualdad de obligaciones y derechos de todos los miembros del colectivo. Lo integramos tambi\u00e9n, de forma muy clara y simb\u00f3lica, en la definici\u00f3n de nuestro prop\u00f3sito: \u201cM\u00e9dicos que se unen para crear una red de confianza que les garantice seguridad para ellos y sus familias\u201d.<\/p>\n\n\n\n<p>La implicaci\u00f3n y el compromiso de los m\u00e9dicos es un valor que debe promoverse y reivindicarse en las dos direcciones. Por un lado, como socios de la mutualidad, pueden y deben aprovechar su derecho de participaci\u00f3n directa en la toma de decisiones mediante los canales y recursos que tienen a su disposici\u00f3n, encabezados por la asistencia y derecho de voto en la Asamblea General. En el otro sentido, Mutual M\u00e9dica tiene la obligaci\u00f3n de mantener y promover esos canales de participaci\u00f3n, que no solo garantizan la gesti\u00f3n democr\u00e1tica y transparente de la mutualidad, sino que impulsan su evoluci\u00f3n como una entidad m\u00e1s diversa, inclusiva y enfocada a las necesidades reales de los profesionales m\u00e9dicos. El desarrollo de esta implicaci\u00f3n y compromiso de los mutualistas es una de las prioridades del Consejo de Administraci\u00f3n de Mutual M\u00e9dica en la actual fase de transformaci\u00f3n de la entidad, cuyos principios explica nuestro presidente en la introducci\u00f3n a este informe. Es un objetivo de gesti\u00f3n que ha estado siempre presente en el modelo de gobernanza de la mutualidad, pero que adquiere ahora un valor extraordinario en esta fase de adaptaci\u00f3n a un entorno todav\u00eda m\u00e1s complejo e incierto, en el que todos los que formamos la entidad debemos permanecer m\u00e1s cerca que nunca. Por ello, quisiera destacar la relevancia de algunas de las acciones que hemos desarrollado en 2022 para mantener vivos e impulsar esos canales de comunicaci\u00f3n y relaci\u00f3n entre la entidad y los socios mutualistas.<\/p>\n\n\n\n<div class=\"wp-block-image d w80\"><figure class=\"aligncenter size-large\"><img loading=\"lazy\" width=\"1024\" height=\"135\" src=\"https:\/\/informe-anual-2022.mutualmedica.com\/wp-content\/uploads\/2023\/06\/destacado-1-desktopV2-1024x135.jpg\" alt=\"\" class=\"wp-image-3401\" srcset=\"https:\/\/informe-anual-2022.mutualmedica.com\/wp-content\/uploads\/2023\/06\/destacado-1-desktopV2-980x130.jpg 980w, https:\/\/informe-anual-2022.mutualmedica.com\/wp-content\/uploads\/2023\/06\/destacado-1-desktopV2-480x64.jpg 480w\" sizes=\"(min-width: 0px) and (max-width: 480px) 480px, (min-width: 481px) and (max-width: 980px) 980px, (min-width: 981px) 1024px, 100vw\" \/><\/figure><\/div>\n\n\n\n<div class=\"wp-block-image m\"><figure class=\"aligncenter size-large is-resized\"><img loading=\"lazy\" src=\"https:\/\/informe-anual-2022.mutualmedica.com\/wp-content\/uploads\/2023\/05\/destacado-1-movil-1024x469.jpg\" alt=\"\" class=\"wp-image-3334\" width=\"1024\" height=\"469\" srcset=\"https:\/\/informe-anual-2022.mutualmedica.com\/wp-content\/uploads\/2023\/05\/destacado-1-movil-1024x469.jpg 1024w, https:\/\/informe-anual-2022.mutualmedica.com\/wp-content\/uploads\/2023\/05\/destacado-1-movil-980x449.jpg 980w, https:\/\/informe-anual-2022.mutualmedica.com\/wp-content\/uploads\/2023\/05\/destacado-1-movil-480x220.jpg 480w\" sizes=\"(min-width: 0px) and (max-width: 480px) 480px, (min-width: 481px) and (max-width: 980px) 980px, (min-width: 981px) 1024px, 100vw\" \/><\/figure><\/div>\n\n\n\n<p>Primero, citar\u00eda la celebraci\u00f3n de la Asamblea General en un formato h\u00edbrido (telem\u00e1tico y presencial), que permite a los mutualistas participar desde cualquier lugar. La opci\u00f3n de la asistencia virtual da continuidad a una de las soluciones de urgencia aplicadas en los meses de pandemia y que, gracias a la generalizaci\u00f3n del uso de estas plataformas, se ha convertido en un recurso muy eficiente para implicar a un mayor n\u00famero de mutualistas Todo ello, junto con la opci\u00f3n de delegaci\u00f3n de voto, ha permitido que m\u00e1s de 1.000 mutualistas votaran las decisiones de la Asamblea en 2022.<\/p>\n\n\n\n<p>Otra novedad basada en las nuevas tecnolog\u00edas es el lanzamiento de la nueva \u00c1rea del Mutualista, con un dise\u00f1o renovado para que sea m\u00e1s amigable, accesible, visual y segura para todos. Desde este espacio 100% personalizado, se pueden consultar, en cualquier momento y desde cualquier dispositivo, los seguros activos, el detalle de las coberturas contratadas o toda la informaci\u00f3n personal en cuestiones de contrataci\u00f3n, entre otras ventajas. Desde la visi\u00f3n m\u00e1s funcional de la comunicaci\u00f3n con los mutualistas, consideramos imprescindible la renovaci\u00f3n de esta plataforma, que agiliza y facilita la gesti\u00f3n cotidiana para todos.<\/p>\n\n\n\n<p>En otro \u00e1mbito y con un enfoque m\u00e1s relacional y colaborativo, quisiera destacar algunos de los eventos y encuentros realizados a lo largo del a\u00f1o, que permiten el contacto directo con los mutualistas para compartir conocimiento y captar sus inquietudes y necesidades. Conscientes de la creciente diversidad del colectivo, en 2022 hemos organizado acciones especialmente dise\u00f1adas para cada uno de los principales grupos.<\/p>\n\n\n\n<p>Pensando en los profesionales m\u00e1s j\u00f3venes, hemos celebrado la primera edici\u00f3n del encuentro anual del nuevo talento m\u00e9dico Mutual Xperience. En un ambiente distendido, la jornada combin\u00f3 charlas de profesionales en motivaci\u00f3n y autocuidado con actividades de ocio para fomentar el encuentro entre m\u00e9dicos residentes. Adem\u00e1s, Mutual Xperience permiti\u00f3 integrar dos de los valores de Mutual M\u00e9dica: el acompa\u00f1amiento a los m\u00e9dicos desde el mismo inicio de su carrera profesional y la contribuci\u00f3n social, mediante una donaci\u00f3n a la Fundaci\u00f3n Aladina por n\u00famero de participantes.<\/p>\n\n\n\n<p>Sin duda, otro colectivo prioritario para nosotros es el de mujeres m\u00e9dicas, ya mayoritario en la entidad (53% de mutualistas), con inquietudes propias que merecen un enfoque personalizado. En 2022, hemos trabajado en darles visibilidad y reconocimiento mediante la campa\u00f1a #somosm\u00e9dicas, en la que mutualistas de la entidad han compartido su experiencia profesional, en otro ejemplo de la creciente implicaci\u00f3n de los socios en las acciones que desarrollamos. En el mismo sentido, la campa\u00f1a contra las agresiones tambi\u00e9n ha recogido casos reales de mutualistas.&nbsp;<\/p>\n\n\n\n<p>En la vocaci\u00f3n de atender a los profesionales m\u00e9dicos a lo largo de toda su vida, incluso despu\u00e9s de su jubilaci\u00f3n, desarrollamos tambi\u00e9n acciones dirigidas a los mutualistas s\u00e9nior. Entre ellas, destacar\u00eda las charlas especializadas para preparar la jubilaci\u00f3n de los m\u00e9dicos s\u00e9nior en los colegios de m\u00e9dicos o el servicio Pensium Te Gu\u00eda, que ofrece asesoramiento personalizado en el \u00e1mbito de la dependencia.<\/p>\n\n\n\n<figure class=\"wp-block-image size-large d w80\"><img loading=\"lazy\" width=\"1024\" height=\"135\" src=\"https:\/\/informe-anual-2022.mutualmedica.com\/wp-content\/uploads\/2023\/05\/destacado-2-desktop-1024x135.jpg\" alt=\"\" class=\"wp-image-3336\" srcset=\"https:\/\/informe-anual-2022.mutualmedica.com\/wp-content\/uploads\/2023\/05\/destacado-2-desktop-980x130.jpg 980w, https:\/\/informe-anual-2022.mutualmedica.com\/wp-content\/uploads\/2023\/05\/destacado-2-desktop-480x64.jpg 480w\" sizes=\"(min-width: 0px) and (max-width: 480px) 480px, (min-width: 481px) and (max-width: 980px) 980px, (min-width: 981px) 1024px, 100vw\" \/><\/figure>\n\n\n\n<figure class=\"wp-block-image size-large m\"><img loading=\"lazy\" width=\"1024\" height=\"574\" src=\"https:\/\/informe-anual-2022.mutualmedica.com\/wp-content\/uploads\/2023\/05\/destacado-2-movil-1024x574.jpg\" alt=\"\" class=\"wp-image-3337\" srcset=\"https:\/\/informe-anual-2022.mutualmedica.com\/wp-content\/uploads\/2023\/05\/destacado-2-movil-1024x574.jpg 1024w, https:\/\/informe-anual-2022.mutualmedica.com\/wp-content\/uploads\/2023\/05\/destacado-2-movil-980x549.jpg 980w, https:\/\/informe-anual-2022.mutualmedica.com\/wp-content\/uploads\/2023\/05\/destacado-2-movil-480x269.jpg 480w\" sizes=\"(min-width: 0px) and (max-width: 480px) 480px, (min-width: 481px) and (max-width: 980px) 980px, (min-width: 981px) 1024px, 100vw\" \/><\/figure>\n\n\n\n<p>Con car\u00e1cter m\u00e1s transversal, quisiera citar dos encuentros celebrados en colaboraci\u00f3n con los colegios de m\u00e9dicos espa\u00f1oles. El XI Encuentro del \u00d3rgano Colegial Asesor (OCA) de Mutual M\u00e9dica, que cont\u00f3 con la participaci\u00f3n de 42 colegios, tuvo el objetivo de recoger la situaci\u00f3n del sector y desarrollar productos acordes a sus demandas, con especial relevancia al papel de la Comisi\u00f3n de Seguros y Prestaciones como organismo encargado de valorar los riesgos y necesidades de los m\u00e9dicos. En 2022 tambi\u00e9n dimos continuidad al Encuentro de Ejecutivos de Colegios de M\u00e9dicos (EJECOM), que en su cuarta edici\u00f3n cont\u00f3 con la asistencia de 30 gerentes y directivos de los colegios de m\u00e9dicos. En este caso, pusimos un foco especial en la preocupaci\u00f3n por el estr\u00e9s de la profesi\u00f3n, una cuesti\u00f3n que estamos abordando desde todos los \u00e1mbitos de actuaci\u00f3n de Mutual M\u00e9dica.<\/p>\n\n\n\n<p>Les animo a consultar en las siguientes p\u00e1ginas de este informe el detalle de todas estas acciones y el resto de iniciativas que hemos desarrollado a lo largo del a\u00f1o. Recuerden tambi\u00e9n que disponen de diversos sistemas de contacto con Mutual M\u00e9dica para resolver dudas o transmitirnos sus comentarios sobre la actividad de la mutualidad o cualquier otra cuesti\u00f3n de su inter\u00e9s. Como he tratado de transmitirles en estas palabras, la comunicaci\u00f3n y el di\u00e1logo constantes con los mutualistas es una de las claves que deben impulsar el progreso de Mutual M\u00e9dica como entidad de referencia entre los profesionales m\u00e9dicos. Muchas gracias por su inter\u00e9s y confianza.<\/p>\n\n\n\n<figure class=\"wp-block-image size-full is-resized fotoRounded\"><img loading=\"lazy\" src=\"https:\/\/informe-anual-2022.mutualmedica.com\/wp-content\/uploads\/2022\/05\/Vicepresidente_Dr.-Jose_Ignacio_Catalanq.jpg\" alt=\"\" class=\"wp-image-1366\" width=\"188\" height=\"188\"\/><\/figure>\n\n\n\n<figure class=\"wp-block-image size-full is-resized\"><img loading=\"lazy\" src=\"https:\/\/informe-anual-2022.mutualmedica.com\/wp-content\/uploads\/2022\/05\/8-firma-vicepresidente-Jose-Ignacio-Catalan2.jpg\" alt=\"\" class=\"wp-image-1469\" width=\"155\" height=\"109\"\/><\/figure>\n\n\n\n<p><strong>Dr. Jos\u00e9 Ignacio Catal\u00e1n<\/strong> <br>Vicepresidente de Mutual M\u00e9dica<\/p>\n\n\n\n\n\n<hr class=\"wp-block-separator ancla-je\" id=\"acontecimientos-destacados\"\/>\n\n\n\n<h2><strong>Acontecimientos destacados<\/strong><\/h2>\n\n\n\n<h3><strong>Mutualidad de referencia en la previsi\u00f3n social del m\u00e9dico <\/strong><\/h3>\n\n\n\n<h4>XI encuentro del \u00d3rgano Colegial Asesor de Mutual M\u00e9dica con la participaci\u00f3n de 42 colegios de m\u00e9dicos espa\u00f1oles<\/h4>\n\n\n\n<div class=\"wp-block-columns\">\n<div class=\"wp-block-column\" style=\"flex-basis:50%\">\n<p>El pasado d\u00eda 7 de mayo de 2022, tuvo lugar en Madrid el XI Encuentro del \u00d3rgano Colegial Asesor (OCA), en el que participaron 42 colegios de m\u00e9dicos espa\u00f1oles. El \u00d3rgano Colegial Asesor est\u00e1 formado por el Consejo de Administraci\u00f3n de Mutual M\u00e9dica y los representantes de 52 colegios de m\u00e9dicos de toda Espa\u00f1a, con los que la mutualidad tiene acuerdos de colaboraci\u00f3n. Durante la reuni\u00f3n, se analizaron las necesidades aseguradoras del colectivo m\u00e9dico en el \u00e1mbito profesional y personal.<\/p>\n\n\n\n<p>En el evento, que se consolida como el encuentro anual de referencia para los colegios de m\u00e9dicos, se dio especial relevancia al papel de la Comisi\u00f3n de Seguros y Prestaciones, un organismo exclusivo de Mutual M\u00e9dica encargado de valorar los riesgos y necesidades de los m\u00e9dicos para desarrollar productos acordes a sus demandas. <\/p>\n<\/div>\n\n\n\n<div class=\"wp-block-column\" style=\"flex-basis:50%\">\n<figure class=\"wp-block-image size-full\"><img loading=\"lazy\" width=\"1024\" height=\"526\" src=\"https:\/\/informe-anual-2022.mutualmedica.com\/wp-content\/uploads\/2023\/05\/Oca.jpg\" alt=\"\" class=\"wp-image-3180\" srcset=\"https:\/\/informe-anual-2022.mutualmedica.com\/wp-content\/uploads\/2023\/05\/Oca.jpg 1024w, https:\/\/informe-anual-2022.mutualmedica.com\/wp-content\/uploads\/2023\/05\/Oca-980x503.jpg 980w, https:\/\/informe-anual-2022.mutualmedica.com\/wp-content\/uploads\/2023\/05\/Oca-480x247.jpg 480w\" sizes=\"(min-width: 0px) and (max-width: 480px) 480px, (min-width: 481px) and (max-width: 980px) 980px, (min-width: 981px) 1024px, 100vw\" \/><\/figure>\n<\/div>\n<\/div>\n\n\n\n<p><\/p>\n\n\n\n<h4>IV Encuentro de Ejecutivos de Colegios de M\u00e9dicos en Madrid<\/h4>\n\n\n\n<div class=\"wp-block-columns\">\n<div class=\"wp-block-column\" style=\"flex-basis:50%\">\n<p>La IV edici\u00f3n del Encuentro de Ejecutivos de Colegios de M\u00e9dicos (EJECOM) tuvo lugar en Madrid el pasado 30 de septiembre y cont\u00f3 con la asistencia de 30 gerentes y directivos de colegios de m\u00e9dicos, quienes tuvieron la oportunidad de conocer de primera mano la actualidad de la mutualidad de los m\u00e9dicos, los seguros que est\u00e1 ofertando y hacia d\u00f3nde se dirige la entidad en el futuro.<\/p>\n\n\n\n<p>El proceso de transformaci\u00f3n digital en el que est\u00e1 inmersa la entidad, la apuesta por la atracci\u00f3n y retenci\u00f3n del talento, la adaptaci\u00f3n de los seguros a las necesidades propias de los m\u00e9dicos y la normativa del sector que enmarca a Mutual M\u00e9dica fueron los asuntos que se trataron durante la reuni\u00f3n. Adem\u00e1s, los representantes de los colegios de m\u00e9dicos compartieron sus experiencias y trasladaron sus necesidades y sus dudas a los ponentes del acto, destacando su preocupaci\u00f3n por el estr\u00e9s que est\u00e1 experimentando la profesi\u00f3n m\u00e9dica.<\/p>\n\n\n\n<p>EJECOM es una iniciativa que surgi\u00f3 en 2018 en el seno del \u00d3rgano Colegial Asesor \u2014reuni\u00f3n de los presidentes de los colegios de m\u00e9dicos y el Consejo de Administraci\u00f3n de Mutual M\u00e9dica\u2014.<\/p>\n<\/div>\n\n\n\n<div class=\"wp-block-column\" style=\"flex-basis:50%\">\n<figure class=\"wp-block-image size-full\"><img loading=\"lazy\" width=\"1024\" height=\"526\" src=\"https:\/\/informe-anual-2022.mutualmedica.com\/wp-content\/uploads\/2023\/05\/Ejecom.jpg\" alt=\"\" class=\"wp-image-3183\" srcset=\"https:\/\/informe-anual-2022.mutualmedica.com\/wp-content\/uploads\/2023\/05\/Ejecom.jpg 1024w, https:\/\/informe-anual-2022.mutualmedica.com\/wp-content\/uploads\/2023\/05\/Ejecom-980x503.jpg 980w, https:\/\/informe-anual-2022.mutualmedica.com\/wp-content\/uploads\/2023\/05\/Ejecom-480x247.jpg 480w\" sizes=\"(min-width: 0px) and (max-width: 480px) 480px, (min-width: 481px) and (max-width: 980px) 980px, (min-width: 981px) 1024px, 100vw\" \/><\/figure>\n<\/div>\n<\/div>\n\n\n\n<p><\/p>\n\n\n\n<h4>Asamblea General 2022 de Mutual M\u00e9dica<\/h4>\n\n\n\n<div class=\"wp-block-columns\">\n<div class=\"wp-block-column\" style=\"flex-basis:50%\">\n<p>Alrededor de 1.100 mutualistas participaron en la Asamblea General del a\u00f1o 2022, celebrada en formato mixto. Asimismo, entre los proyectos aprobados cabe destacar la modificaci\u00f3n de los reglamentos de los seguros de incapacidad para la inclusi\u00f3n de trastornos y enfermedades mentales, as\u00ed como entidades nosol\u00f3gicas, sin pruebas diagn\u00f3sticas objetivables y que deriven en una incapacidad temporal. <\/p>\n\n\n\n<p>Anteriormente, estas patolog\u00edas estaban cubiertas a partir del momento en que se reconoc\u00eda la invalidez permanente y absoluta. Estas mejoras entraron en vigor en enero de 2023.<\/p>\n\n\n\n<p>Durante la reuni\u00f3n, se aprobaron las Cuentas Anuales de la mutualidad y se abordaron los temas m\u00e1s relevantes de 2022.<\/p>\n\n\n\n<p><\/p>\n<\/div>\n\n\n\n<div class=\"wp-block-column\" style=\"flex-basis:50%\">\n<figure class=\"wp-block-image size-full\"><img loading=\"lazy\" width=\"1024\" height=\"526\" src=\"https:\/\/informe-anual-2022.mutualmedica.com\/wp-content\/uploads\/2023\/05\/assamblea.jpg\" alt=\"\" class=\"wp-image-3185\" srcset=\"https:\/\/informe-anual-2022.mutualmedica.com\/wp-content\/uploads\/2023\/05\/assamblea.jpg 1024w, https:\/\/informe-anual-2022.mutualmedica.com\/wp-content\/uploads\/2023\/05\/assamblea-980x503.jpg 980w, https:\/\/informe-anual-2022.mutualmedica.com\/wp-content\/uploads\/2023\/05\/assamblea-480x247.jpg 480w\" sizes=\"(min-width: 0px) and (max-width: 480px) 480px, (min-width: 481px) and (max-width: 980px) 980px, (min-width: 981px) 1024px, 100vw\" \/><\/figure>\n<\/div>\n<\/div>\n\n\n\n<h4>Se celebr\u00f3 el Primer Mutual Xperience<\/h4>\n\n\n\n<div class=\"wp-block-columns are-vertically-aligned-top\">\n<div class=\"wp-block-column is-vertically-aligned-top\">\n<p>La primera edici\u00f3n del Mutual Xperience se celebr\u00f3 durante mayo de 2022. Es un encuentro anual que reuni\u00f3 a m\u00e9dicos j\u00f3venes en Madrid y cuyo objetivo es potenciar el <em>networking <\/em>entre los m\u00e9dicos j\u00f3venes, dinamizar actividades y dar a conocer Mutual M\u00e9dica.<\/p>\n<\/div>\n\n\n\n<div class=\"wp-block-column is-vertically-aligned-top\">\n<figure class=\"wp-block-image size-full\"><a href=\"https:\/\/www.youtube.com\/watch?v=NNaLOMg3Ffk\" target=\"_blank\" rel=\"noopener\"><img loading=\"lazy\" width=\"612\" height=\"354\" src=\"https:\/\/informe-anual-2022.mutualmedica.com\/wp-content\/uploads\/2023\/05\/Mutual-Xperience_video-22.jpg\" alt=\"\" class=\"wp-image-3329\" srcset=\"https:\/\/informe-anual-2022.mutualmedica.com\/wp-content\/uploads\/2023\/05\/Mutual-Xperience_video-22.jpg 612w, https:\/\/informe-anual-2022.mutualmedica.com\/wp-content\/uploads\/2023\/05\/Mutual-Xperience_video-22-480x278.jpg 480w\" sizes=\"(min-width: 0px) and (max-width: 480px) 480px, (min-width: 481px) 612px, 100vw\" \/><\/a><\/figure>\n<\/div>\n<\/div>\n\n\n\n<h4>El mutualismo es compromiso<\/h4>\n\n\n\n<div class=\"wp-block-columns are-vertically-aligned-top\">\n<div class=\"wp-block-column is-vertically-aligned-top\">\n<p>En 2022 se mantuvo la campa\u00f1a para dar a conocer el mutualismo entre el colectivo m\u00e9dico, bas\u00e1ndose en los principios de la econom\u00eda colaborativa. Para ello, se elabor\u00f3 un tutorial que te lo explica en poco m\u00e1s de un minuto.<\/p>\n<\/div>\n\n\n\n<div class=\"wp-block-column is-vertically-aligned-top\">\n<figure class=\"wp-block-image size-full is-resized\"><a href=\"https:\/\/www.youtube.com\/watch?v=iqpq9OQwDw0\" target=\"_blank\" rel=\"noopener\"><img loading=\"lazy\" src=\"https:\/\/informe-anual-2022.mutualmedica.com\/wp-content\/uploads\/2023\/05\/Compromiso_video-2.jpg\" alt=\"\" class=\"wp-image-3234\" width=\"612\" height=\"354\" srcset=\"https:\/\/informe-anual-2022.mutualmedica.com\/wp-content\/uploads\/2023\/05\/Compromiso_video-2.jpg 612w, https:\/\/informe-anual-2022.mutualmedica.com\/wp-content\/uploads\/2023\/05\/Compromiso_video-2-480x278.jpg 480w\" sizes=\"(min-width: 0px) and (max-width: 480px) 480px, (min-width: 481px) 612px, 100vw\" \/><\/a><\/figure>\n<\/div>\n<\/div>\n\n\n\n<div class=\"wp-container-69f4b34013285 wp-block-group\"><div class=\"wp-block-group__inner-container\">\n<div class=\"wp-block-columns\">\n<div class=\"wp-block-column\">\n<h4>M\u00e9dicos cooperantes compartieron su experiencia<\/h4>\n<\/div>\n<\/div>\n\n\n\n<div class=\"wp-block-columns are-vertically-aligned-top\">\n<div class=\"wp-block-column is-vertically-aligned-top\">\n<p>El colectivo m\u00e9dico es uno de los m\u00e1s demandados para la realizaci\u00f3n de proyectos, como cooperantes o como voluntarios, en los pa\u00edses m\u00e1s necesitados. Mutual M\u00e9dica te protege durante tu estancia mientras realizas estas labores humanitarias.<\/p>\n\n\n\n<p>Mutual M\u00e9dica entrevist\u00f3 a diferentes m\u00e9dicos que tienen en com\u00fan el hecho de haber dedicado su conocimiento y su trabajo a proyectos de cooperaci\u00f3n internacional o voluntariado humanitario.<\/p>\n\n\n\n<p><\/p>\n<\/div>\n\n\n\n<div class=\"wp-block-column is-vertically-aligned-top\">\n<figure class=\"wp-block-image size-full\"><img loading=\"lazy\" width=\"612\" height=\"354\" src=\"https:\/\/informe-anual-2022.mutualmedica.com\/wp-content\/uploads\/2023\/05\/Somos-cooperantes-1.jpg\" alt=\"\" class=\"wp-image-3231\" srcset=\"https:\/\/informe-anual-2022.mutualmedica.com\/wp-content\/uploads\/2023\/05\/Somos-cooperantes-1.jpg 612w, https:\/\/informe-anual-2022.mutualmedica.com\/wp-content\/uploads\/2023\/05\/Somos-cooperantes-1-480x278.jpg 480w\" sizes=\"(min-width: 0px) and (max-width: 480px) 480px, (min-width: 481px) 612px, 100vw\" \/><\/figure>\n<\/div>\n<\/div>\n\n\n\n<h4>Somos m\u00e9dicas<\/h4>\n\n\n\n<div class=\"wp-block-columns are-vertically-aligned-top\">\n<div class=\"wp-block-column is-vertically-aligned-top\">\n<p>Con motivo de la celebraci\u00f3n del D\u00eda Internacional de la Mujer Trabajadora, durante el mes de marzo de 2022 se puso en marcha una campa\u00f1a que daba a conocer la profesi\u00f3n m\u00e9dica desde el punto de vista de las doctoras de diferentes perfiles. Para ello se realizaron diferentes entrevistas en formato de v\u00eddeo.<\/p>\n\n\n\n<p><\/p>\n<\/div>\n\n\n\n<div class=\"wp-block-column is-vertically-aligned-top\">\n<figure class=\"wp-block-image size-full\"><a href=\"https:\/\/www.youtube.com\/playlist?list=PL7aiTW0-K3M7Zgtp7KyEZXc4L2z6Qjt8L\" target=\"_blank\" rel=\"noopener\"><img loading=\"lazy\" width=\"612\" height=\"354\" src=\"https:\/\/informe-anual-2022.mutualmedica.com\/wp-content\/uploads\/2023\/05\/Somos-medicas_-12.jpg\" alt=\"\" class=\"wp-image-3331\" srcset=\"https:\/\/informe-anual-2022.mutualmedica.com\/wp-content\/uploads\/2023\/05\/Somos-medicas_-12.jpg 612w, https:\/\/informe-anual-2022.mutualmedica.com\/wp-content\/uploads\/2023\/05\/Somos-medicas_-12-480x278.jpg 480w\" sizes=\"(min-width: 0px) and (max-width: 480px) 480px, (min-width: 481px) 612px, 100vw\" \/><\/a><\/figure>\n<\/div>\n<\/div>\n<\/div><\/div>\n\n\n\n<div class=\"wp-container-69f4b34013609 wp-block-group\"><div class=\"wp-block-group__inner-container\">\n<h4>Mutual M\u00e9dica, la mutualidad de los m\u00e9dicos, se adhiere a los principios para la inversi\u00f3n responsable (PRI), promovidos por las Naciones Unidas<\/h4>\n\n\n\n<div class=\"wp-block-columns\">\n<div class=\"wp-block-column\" style=\"flex-basis:50%\">\n<p>Mutual M\u00e9dica, la mutualidad de los m\u00e9dicos, aprob\u00f3 la adhesi\u00f3n a los Principios para la Inversi\u00f3n Responsable (PRI) de las Naciones Unidas, priorizando las inversiones sostenibles e incorporando factores ambientales, sociales y de gobierno corporativo (ASG) en su estrategia y en sus decisiones de inversi\u00f3n.<\/p>\n\n\n\n<p>A nivel social, Mutual M\u00e9dica se compromete a desarrollar una cultura organizacional que implemente una pol\u00edtica de apoyo a los Derechos Humanos, evitando, de esta manera, la complicidad en violaciones de estos. Igualmente, se apoya los principios contenidos en la Declaraci\u00f3n Universal de los Derechos Humanos y en los convenios fundamentales de la OIT (Organizaci\u00f3n Internacional de Trabajo) sobre normas laborales.<\/p>\n<\/div>\n\n\n\n<div class=\"wp-block-column is-vertically-aligned-center\" style=\"flex-basis:50%\">\n<figure class=\"wp-block-image size-full\"><img loading=\"lazy\" width=\"1024\" height=\"526\" src=\"https:\/\/informe-anual-2022.mutualmedica.com\/wp-content\/uploads\/2023\/05\/iStock-827214662_2.jpg\" alt=\"\" class=\"wp-image-2898\" srcset=\"https:\/\/informe-anual-2022.mutualmedica.com\/wp-content\/uploads\/2023\/05\/iStock-827214662_2.jpg 1024w, https:\/\/informe-anual-2022.mutualmedica.com\/wp-content\/uploads\/2023\/05\/iStock-827214662_2-980x503.jpg 980w, https:\/\/informe-anual-2022.mutualmedica.com\/wp-content\/uploads\/2023\/05\/iStock-827214662_2-480x247.jpg 480w\" sizes=\"(min-width: 0px) and (max-width: 480px) 480px, (min-width: 481px) and (max-width: 980px) 980px, (min-width: 981px) 1024px, 100vw\" \/><\/figure>\n<\/div>\n<\/div>\n\n\n\n<p>Con este fin y adhiri\u00e9ndose a los PRI, el departamento de inversiones de Mutual M\u00e9dica elabor\u00f3 un listado de pa\u00edses donde no invertir\u00e1 por riesgo extremo en materia de violaci\u00f3n de Derechos Humanos. Este listado se elabor\u00f3 bas\u00e1ndose en los informes anuales de <em>Human Rights and Rule of Law Index, Social Progress Index <\/em>y<em> Democracy Index<\/em>.<\/p>\n\n\n\n<p>Con respecto al gobierno corporativo, la entidad decidi\u00f3 integrar los riesgos ASG en su sistema de gobierno, revisado y aprobado por el Consejo de Administraci\u00f3n de forma anual.<\/p>\n<\/div><\/div>\n\n\n\n<div class=\"wp-container-69f4b340139ca wp-block-group\"><div class=\"wp-block-group__inner-container\">\n<div class=\"wp-block-columns\">\n<div class=\"wp-block-column\">\n<h4>Jornadas In Company<\/h4>\n<\/div>\n<\/div>\n\n\n\n<div class=\"wp-block-columns\">\n<div class=\"wp-block-column is-vertically-aligned-top\">\n<p>El equipo de Mutual M\u00e9dica al completo se reuni\u00f3 el pasado mes de septiembre en su encuentro bianual, que en esta ocasi\u00f3n se celebr\u00f3 en Lloret de Mar. Fue un evento en el cual se debatieron temas de inter\u00e9s sobre el mutualismo y se dieron a conocer los nuevos valores de la entidad, con la participaci\u00f3n de todos los empleados y directivos.<\/p>\n<\/div>\n\n\n\n<div class=\"wp-block-column\">\n<figure class=\"wp-block-image size-full\"><img loading=\"lazy\" width=\"612\" height=\"354\" src=\"https:\/\/informe-anual-2022.mutualmedica.com\/wp-content\/uploads\/2023\/05\/FOTO_GRUPO_MM_2022_002.jpg\" alt=\"\" class=\"wp-image-3237\" srcset=\"https:\/\/informe-anual-2022.mutualmedica.com\/wp-content\/uploads\/2023\/05\/FOTO_GRUPO_MM_2022_002.jpg 612w, https:\/\/informe-anual-2022.mutualmedica.com\/wp-content\/uploads\/2023\/05\/FOTO_GRUPO_MM_2022_002-480x278.jpg 480w\" sizes=\"(min-width: 0px) and (max-width: 480px) 480px, (min-width: 481px) 612px, 100vw\" \/><\/figure>\n<\/div>\n<\/div>\n\n\n\n<h4>La comunicaci\u00f3n en los colegios de m\u00e9dicos, eje del XV Congreso RESCOM en C\u00e1ceres<\/h4>\n\n\n\n<div class=\"wp-block-columns\">\n<div class=\"wp-block-column is-vertically-aligned-top\">\n<p>El Colegio de M\u00e9dicos de C\u00e1ceres acogi\u00f3 el XV Congreso Nacional de Responsables de Comunicaci\u00f3n de los Colegios de M\u00e9dicos (RESCOM). Este encuentro reuni\u00f3 a los responsables de Comunicaci\u00f3n de los colegios de m\u00e9dicos, as\u00ed como de los consejos auton\u00f3micos y del Consejo General de Colegios de M\u00e9dicos (CGCOM), con el objetivo de adquirir nuevos conocimientos y competencias y hacer una puesta en com\u00fan en defensa de la profesi\u00f3n, de los m\u00e9dicos y los pacientes, y de la sanidad. Mutual M\u00e9dica particip\u00f3 y colabor\u00f3 con este encuentro, como lo viene haciendo desde los inicios.<\/p>\n<\/div>\n\n\n\n<div class=\"wp-block-column\">\n<figure class=\"wp-block-image size-full\"><img loading=\"lazy\" width=\"1024\" height=\"626\" src=\"https:\/\/informe-anual-2022.mutualmedica.com\/wp-content\/uploads\/2023\/05\/rescoms.jpg\" alt=\"\" class=\"wp-image-3279\" srcset=\"https:\/\/informe-anual-2022.mutualmedica.com\/wp-content\/uploads\/2023\/05\/rescoms.jpg 1024w, https:\/\/informe-anual-2022.mutualmedica.com\/wp-content\/uploads\/2023\/05\/rescoms-980x599.jpg 980w, https:\/\/informe-anual-2022.mutualmedica.com\/wp-content\/uploads\/2023\/05\/rescoms-480x293.jpg 480w\" sizes=\"(min-width: 0px) and (max-width: 480px) 480px, (min-width: 481px) and (max-width: 980px) 980px, (min-width: 981px) 1024px, 100vw\" \/><\/figure>\n<\/div>\n<\/div>\n<\/div><\/div>\n\n\n\n<p><\/p>\n\n\n\n\n\n<hr class=\"wp-block-separator ancla-je\" id=\"mutual-medica-en-la-prensa\"\/>\n\n\n\n<h2><strong>Mutual M\u00e9dica en la prensa<\/strong><\/h2>\n\n\n\n<p>En 2022, Mutual M\u00e9dica obtuvo 474 impactos en medios de comunicaci\u00f3n, alcanzando una audiencia de 788 M. La mayor\u00eda de las publicaciones son en la prensa generalista (45%), seguido de prensa del sector de la salud (24%) y prensa del sector de los seguros (13%), que incluye tambi\u00e9n los boletines y revistas de los colegios de m\u00e9dicos. En cuanto a formatos, la predominancia es <em>online<\/em> (98%).<\/p>\n\n\n\n<p>Por otra parte, los medios digitales han publicado el 89% del total de impactos, mientras que la prensa impresa representa el 10% del total, por delante de televisi\u00f3n y radio.<\/p>\n\n\n\n<figure class=\"wp-block-table aligncenter is-style-stripes w50\"><table><tbody><tr><td>Impactos totales<\/td><td>474<\/td><\/tr><tr><td>Valor \u20ac<\/td><td>1 M<\/td><\/tr><tr><td>Audiencia alcanzada<\/td><td>788 M<\/td><\/tr><\/tbody><\/table><\/figure>\n\n\n\n\n\n<div style=\"height:50px\" aria-hidden=\"true\" class=\"wp-block-spacer\"><\/div>\n\n\n\n<figure class=\"wp-block-video w70 d\"><video autoplay muted src=\"https:\/\/informe-anual-2022.mutualmedica.com\/wp-content\/uploads\/2023\/05\/08-01-distribucion-de-publicaciones.mp4\" playsinline><\/video><\/figure>\n\n\n\n<div class=\"wp-block-image m\"><figure class=\"aligncenter size-large is-resized\"><img loading=\"lazy\" src=\"https:\/\/informe-anual-2022.mutualmedica.com\/wp-content\/uploads\/2023\/05\/Distribucion-de-publicaciones-por-ambito-de-actuacion-del-medio_movil-829x1024.jpg\" alt=\"\" class=\"wp-image-2812\" width=\"622\" height=\"768\"\/><\/figure><\/div>\n\n\n\n<h3>Distribuci\u00f3n de publicaciones por tipo de medio<\/h3>\n\n\n\n<figure class=\"wp-block-image size-large w50\"><img loading=\"lazy\" width=\"1024\" height=\"462\" src=\"https:\/\/informe-anual-2022.mutualmedica.com\/wp-content\/uploads\/2023\/05\/Distribucion-de-publicaciones-por-tipo-de-medio-1024x462.jpg\" alt=\"\" class=\"wp-image-2817\" title=\"w60\" srcset=\"https:\/\/informe-anual-2022.mutualmedica.com\/wp-content\/uploads\/2023\/05\/Distribucion-de-publicaciones-por-tipo-de-medio-980x443.jpg 980w, https:\/\/informe-anual-2022.mutualmedica.com\/wp-content\/uploads\/2023\/05\/Distribucion-de-publicaciones-por-tipo-de-medio-480x217.jpg 480w\" sizes=\"(min-width: 0px) and (max-width: 480px) 480px, (min-width: 481px) and (max-width: 980px) 980px, (min-width: 981px) 1024px, 100vw\" \/><\/figure>\n\n\n\n<h3><strong>\u00bfD\u00f3nde hemos aparecido?<\/strong><\/h3>\n\n\n\n<h4 class=\"v2\">Televisi\u00f3n<\/h4>\n\n\n\n<figure class=\"wp-block-image size-full\"><img loading=\"lazy\" width=\"826\" height=\"110\" src=\"https:\/\/informe-anual-2022.mutualmedica.com\/wp-content\/uploads\/2022\/04\/image-77.png\" alt=\"\" class=\"wp-image-521\" srcset=\"https:\/\/informe-anual-2022.mutualmedica.com\/wp-content\/uploads\/2022\/04\/image-77.png 826w, https:\/\/informe-anual-2022.mutualmedica.com\/wp-content\/uploads\/2022\/04\/image-77-480x64.png 480w\" sizes=\"(min-width: 0px) and (max-width: 480px) 480px, (min-width: 481px) 826px, 100vw\" \/><\/figure>\n\n\n\n<div style=\"height:50px\" aria-hidden=\"true\" class=\"wp-block-spacer\"><\/div>\n\n\n\n<h4 class=\"v2\">Prensa general nacional y regional<\/h4>\n\n\n\n<figure class=\"wp-block-image size-large\"><img loading=\"lazy\" width=\"1024\" height=\"334\" src=\"https:\/\/informe-anual-2022.mutualmedica.com\/wp-content\/uploads\/2023\/05\/Prensa-general-y-Regional-1024x334.jpg\" alt=\"\" class=\"wp-image-2820\" srcset=\"https:\/\/informe-anual-2022.mutualmedica.com\/wp-content\/uploads\/2023\/05\/Prensa-general-y-Regional-980x320.jpg 980w, https:\/\/informe-anual-2022.mutualmedica.com\/wp-content\/uploads\/2023\/05\/Prensa-general-y-Regional-480x157.jpg 480w\" sizes=\"(min-width: 0px) and (max-width: 480px) 480px, (min-width: 481px) and (max-width: 980px) 980px, (min-width: 981px) 1024px, 100vw\" \/><\/figure>\n\n\n\n<div style=\"height:50px\" aria-hidden=\"true\" class=\"wp-block-spacer\"><\/div>\n\n\n\n<h4 class=\"v2\">Medios digitales<\/h4>\n\n\n\n<figure class=\"wp-block-image size-large\"><img loading=\"lazy\" width=\"1024\" height=\"472\" src=\"https:\/\/informe-anual-2022.mutualmedica.com\/wp-content\/uploads\/2023\/05\/Medios-digitales-1024x472.jpg\" alt=\"\" class=\"wp-image-2821\" srcset=\"https:\/\/informe-anual-2022.mutualmedica.com\/wp-content\/uploads\/2023\/05\/Medios-digitales-980x451.jpg 980w, https:\/\/informe-anual-2022.mutualmedica.com\/wp-content\/uploads\/2023\/05\/Medios-digitales-480x221.jpg 480w\" sizes=\"(min-width: 0px) and (max-width: 480px) 480px, (min-width: 481px) and (max-width: 980px) 980px, (min-width: 981px) 1024px, 100vw\" \/><\/figure>\n\n\n\n<div style=\"height:50px\" aria-hidden=\"true\" class=\"wp-block-spacer\"><\/div>\n\n\n\n<h4 class=\"v2\">Radio y televisi\u00f3n<\/h4>\n\n\n\n<figure class=\"wp-block-image size-large\"><img loading=\"lazy\" width=\"1024\" height=\"279\" src=\"https:\/\/informe-anual-2022.mutualmedica.com\/wp-content\/uploads\/2023\/05\/Radio-y-tv-1024x279.jpg\" alt=\"\" class=\"wp-image-2823\" srcset=\"https:\/\/informe-anual-2022.mutualmedica.com\/wp-content\/uploads\/2023\/05\/Radio-y-tv-980x268.jpg 980w, https:\/\/informe-anual-2022.mutualmedica.com\/wp-content\/uploads\/2023\/05\/Radio-y-tv-480x131.jpg 480w\" sizes=\"(min-width: 0px) and (max-width: 480px) 480px, (min-width: 481px) and (max-width: 980px) 980px, (min-width: 981px) 1024px, 100vw\" \/><\/figure>\n\n\n\n<div style=\"height:50px\" aria-hidden=\"true\" class=\"wp-block-spacer\"><\/div>\n\n\n\n<h4 class=\"v2\">Diarios econ\u00f3micos<\/h4>\n\n\n\n<figure class=\"wp-block-image size-large\"><img loading=\"lazy\" width=\"1024\" height=\"85\" src=\"https:\/\/informe-anual-2022.mutualmedica.com\/wp-content\/uploads\/2023\/05\/Diarios-economicos-1024x85.jpg\" alt=\"\" class=\"wp-image-2824\" srcset=\"https:\/\/informe-anual-2022.mutualmedica.com\/wp-content\/uploads\/2023\/05\/Diarios-economicos-980x81.jpg 980w, https:\/\/informe-anual-2022.mutualmedica.com\/wp-content\/uploads\/2023\/05\/Diarios-economicos-480x40.jpg 480w\" sizes=\"(min-width: 0px) and (max-width: 480px) 480px, (min-width: 481px) and (max-width: 980px) 980px, (min-width: 981px) 1024px, 100vw\" \/><\/figure>\n\n\n\n<div style=\"height:50px\" aria-hidden=\"true\" class=\"wp-block-spacer\"><\/div>\n\n\n\n<h4 class=\"v2\">Medios especializados<\/h4>\n\n\n\n<figure class=\"wp-block-image size-large\"><img loading=\"lazy\" width=\"1024\" height=\"441\" src=\"https:\/\/informe-anual-2022.mutualmedica.com\/wp-content\/uploads\/2023\/05\/Especializados-1024x441.jpg\" alt=\"\" class=\"wp-image-2825\" srcset=\"https:\/\/informe-anual-2022.mutualmedica.com\/wp-content\/uploads\/2023\/05\/Especializados-980x422.jpg 980w, https:\/\/informe-anual-2022.mutualmedica.com\/wp-content\/uploads\/2023\/05\/Especializados-480x207.jpg 480w\" sizes=\"(min-width: 0px) and (max-width: 480px) 480px, (min-width: 481px) and (max-width: 980px) 980px, (min-width: 981px) 1024px, 100vw\" \/><\/figure>\n","protected":false},"excerpt":{"rendered":"<p>Informe del vicepresidente Estimados mutualistas: A la hora de explicar la actividad y objetivos de Mutual M\u00e9dica, recurrimos habitualmente a nuestros propios Estatutos Sociales, que en su art\u00edculo primero definen a la entidad como \u201cuna mutualidad de previsi\u00f3n social que ejerce una modalidad aseguradora de car\u00e1cter voluntario complementaria al sistema de Seguridad Social obligatoria\u201d. En [&hellip;]<\/p>\n","protected":false},"author":1,"featured_media":2861,"parent":0,"menu_order":0,"comment_status":"closed","ping_status":"closed","template":"","meta":{"_et_pb_use_builder":"","_et_pb_old_content":"","_et_gb_content_width":""},"_links":{"self":[{"href":"https:\/\/informe-anual-2022.mutualmedica.com\/wp-json\/wp\/v2\/pages\/254"}],"collection":[{"href":"https:\/\/informe-anual-2022.mutualmedica.com\/wp-json\/wp\/v2\/pages"}],"about":[{"href":"https:\/\/informe-anual-2022.mutualmedica.com\/wp-json\/wp\/v2\/types\/page"}],"author":[{"embeddable":true,"href":"https:\/\/informe-anual-2022.mutualmedica.com\/wp-json\/wp\/v2\/users\/1"}],"replies":[{"embeddable":true,"href":"https:\/\/informe-anual-2022.mutualmedica.com\/wp-json\/wp\/v2\/comments?post=254"}],"version-history":[{"count":126,"href":"https:\/\/informe-anual-2022.mutualmedica.com\/wp-json\/wp\/v2\/pages\/254\/revisions"}],"predecessor-version":[{"id":3904,"href":"https:\/\/informe-anual-2022.mutualmedica.com\/wp-json\/wp\/v2\/pages\/254\/revisions\/3904"}],"wp:featuredmedia":[{"embeddable":true,"href":"https:\/\/informe-anual-2022.mutualmedica.com\/wp-json\/wp\/v2\/media\/2861"}],"wp:attachment":[{"href":"https:\/\/informe-anual-2022.mutualmedica.com\/wp-json\/wp\/v2\/media?parent=254"}],"curies":[{"name":"wp","href":"https:\/\/api.w.org\/{rel}","templated":true}]}}